{"id":22425,"date":"2024-01-25T10:57:33","date_gmt":"2024-01-25T09:57:33","guid":{"rendered":"https:\/\/www.villaggiosanfrancesco.com\/warunki\/"},"modified":"2026-03-19T13:22:58","modified_gmt":"2026-03-19T12:22:58","slug":"warunki","status":"publish","type":"page","link":"https:\/\/www.villaggiosanfrancesco.com\/pl\/warunki\/","title":{"rendered":"Warunki"},"content":{"rendered":"<div  id=\"condizioni\" class=\"grids-section grids-is-advanced alignfull\" style=\"--_gs-gap-desktop:0px 0px;--_gs-m-desktop:0 0 0 0;--_gs-p-desktop:0 0 0 0;--_gs-bg-desktop:transparent none;--_gs-bg-xp-desktop:0px;--_gs-zi-desktop:auto;--_gs-d-desktop:block;--_gs-mw-desktop:calc(100% - 0 - 0);--_gs-gap-tablet:0px 0px;--_gs-m-tablet:0 0 0 0;--_gs-p-tablet:0 0 0 0;--_gs-bg-tablet:transparent none;--_gs-bg-xp-tablet:0px;--_gs-zi-tablet:auto;--_gs-d-tablet:block;--_gs-mw-tablet:calc(100% - 0 - 0);--_gs-gap-mobile:0px 0px;--_gs-m-mobile:0 0 0 0;--_gs-p-mobile:0 0 0 0;--_gs-bg-mobile:transparent none;--_gs-bg-xp-mobile:0px;--_gs-zi-mobile:auto;--_gs-d-mobile:block;--_gs-mw-mobile:calc(100% - 0 - 0);--_gs-columns:12;--_gs-rows:6\"><div class=\"grids-s-w_i\">\n<div class=\"grids-area\" style=\"--_ga-column:2\/12;--_ga-row:1\/3;--_ga-m-desktop:0 0 0 0;--_ga-p-desktop:0 0 0 0;--_ga-bg-desktop:transparent none;--_ga-zi-desktop:auto;--_ga-d-desktop:flex;--_ga-mw-desktop:calc(100% - 0 - 0);--_ga-m-tablet:0 0 0 0;--_ga-p-tablet:0 0 0 0;--_ga-bg-tablet:transparent none;--_ga-zi-tablet:auto;--_ga-d-tablet:flex;--_ga-mw-tablet:calc(100% - 0 - 0);--_ga-m-mobile:0 0 0 0;--_ga-p-mobile:0 0 0 0;--_ga-bg-mobile:transparent none;--_ga-zi-mobile:auto;--_ga-d-mobile:flex;--_ga-mw-mobile:calc(100% - 0 - 0)\">\n\n<h2 class=\"wp-block-heading has-text-align-left\">Warunki rezerwacji i anulowania<\/h2>\n\n\n\n<p>Nale\u017cy <strong>zarezerwowa\u0107 z wyprzedzeniem<\/strong> wynajem jednostki mieszkalnej lub miejsca na polu kempingowym.<br>Rezerwacje mo\u017cna dokonywa\u0107 za po\u015brednictwem <strong>naszej strony internetowej, e-maila lub telefonu<\/strong>.<br>W celu <strong>potwierdzenia rezerwacji<\/strong> wymagana jest zaliczka w wysoko\u015bci <strong>50%<\/strong> ca\u0142kowitej kwoty, wliczaj\u0105c ewentualne op\u0142aty administracyjne.<br>Po otrzymaniu zaliczki go\u015bcie otrzymaj\u0105 <strong>e-mail z potwierdzeniem rezerwacji<\/strong> wraz z warunkami pobytu.<\/p>\n\n\n\n<ul class=\"wp-block-list\">\n<li><a href=\"#prenotazione\">Warunki rezerwacji<\/a><\/li>\n\n\n\n<li><a href=\"#soggiorno-minimo\">Minimalna d\u0142ugo\u015b\u0107 pobytu<\/a><\/li>\n\n\n\n<li><a href=\"#assegnazione\">Przydzia\u0142 apartament\u00f3w<\/a><\/li>\n\n\n\n<li><a href=\"#prenotazione-acsi\">Rezerwacja parceli z ACSI lub ADAC<\/a><\/li>\n\n\n\n<li><a href=\"#cancellazione\">Warunki anulowania<\/a><\/li>\n\n\n\n<li><a href=\"#pagamento\">Metody p\u0142atno\u015bci<\/a><\/li>\n<\/ul>\n\n<\/div>\n<\/div><\/div>\n\n<div  class=\"grids-section grids-is-stretch\" style=\"--_gs-gap-desktop:0px 0px;--_gs-m-desktop:0 0 0 0;--_gs-p-desktop:25px 50px 25px 50px;--_gs-bg-desktop:#f4c567 none;--_gs-bg-xp-desktop:0px;--_gs-zi-desktop:auto;--_gs-d-desktop:block;--_gs-mw-desktop:calc(100% - 0 - 0);--_gs-gap-tablet:0px 0px;--_gs-m-tablet:0 0 0 0;--_gs-p-tablet:25px 50px 25px 50px;--_gs-bg-tablet:#f4c567 none;--_gs-bg-xp-tablet:0px;--_gs-zi-tablet:auto;--_gs-d-tablet:block;--_gs-mw-tablet:calc(100% - 0 - 0);--_gs-gap-mobile:0px 0px;--_gs-m-mobile:0 0 0 0;--_gs-p-mobile:25px 50px 25px 50px;--_gs-bg-mobile:#f4c567 none;--_gs-bg-xp-mobile:0px;--_gs-zi-mobile:auto;--_gs-d-mobile:block;--_gs-mw-mobile:calc(100% - 0 - 0);--_gs-columns:1;--_gs-rows:1\"><div class=\"grids-s-w_i\">\n<div class=\"grids-area\" style=\"--_ga-column:1\/2;--_ga-row:1\/2;--_ga-va:center;--_ga-m-desktop:0 0 0 0;--_ga-p-desktop:0 0 0 0;--_ga-bg-desktop:transparent none;--_ga-zi-desktop:auto;--_ga-d-desktop:flex;--_ga-mw-desktop:calc(100% - 0 - 0);--_ga-m-tablet:0 0 0 0;--_ga-p-tablet:0 0 0 0;--_ga-bg-tablet:transparent none;--_ga-zi-tablet:auto;--_ga-d-tablet:flex;--_ga-mw-tablet:calc(100% - 0 - 0);--_ga-m-mobile:0 0 0 0;--_ga-p-mobile:0 0 0 0;--_ga-bg-mobile:transparent none;--_ga-zi-mobile:auto;--_ga-d-mobile:flex;--_ga-mw-mobile:calc(100% - 0 - 0)\">\n\n<p class=\"has-text-align-center\"><strong>Op\u00f3\u017anienia w przyje\u017adzie musz\u0105 by\u0107 niezw\u0142ocznie zg\u0142aszane<\/strong> do Villaggio San Francesco i w ka\u017cdym przypadku, podobnie jak w przypadku wcze\u015bniejszych wyjazd\u00f3w, poci\u0105gaj\u0105 za sob\u0105 konieczno\u015b\u0107 zap\u0142aty za ca\u0142y zarezerwowany okres.<\/p>\n\n<\/div>\n<\/div><\/div>\n\n<div  id=\"prenotazione\" class=\"grids-section grids-is-advanced alignfull\" style=\"--_gs-gap-desktop:0px 0px;--_gs-m-desktop:0 0 0 0;--_gs-p-desktop:0 0 0 0;--_gs-bg-desktop:transparent none;--_gs-bg-xp-desktop:0px;--_gs-zi-desktop:auto;--_gs-d-desktop:none;--_gs-mw-desktop:calc(100% - 0 - 0);--_gs-gap-tablet:0px 0px;--_gs-m-tablet:0 0 0 0;--_gs-p-tablet:0 0 0 0;--_gs-bg-tablet:transparent none;--_gs-bg-xp-tablet:0px;--_gs-zi-tablet:auto;--_gs-d-tablet:none;--_gs-mw-tablet:calc(100% - 0 - 0);--_gs-gap-mobile:0px 0px;--_gs-m-mobile:0 0 0 0;--_gs-p-mobile:0 0 0 0;--_gs-bg-mobile:transparent none;--_gs-bg-xp-mobile:0px;--_gs-zi-mobile:auto;--_gs-d-mobile:none;--_gs-mw-mobile:calc(100% - 0 - 0);--_gs-columns:12;--_gs-rows:6\"><div class=\"grids-s-w_i\">\n<div class=\"grids-area\" style=\"--_ga-column:2\/12;--_ga-row:1\/3;--_ga-m-desktop:0 0 0 0;--_ga-p-desktop:0 0 0 0;--_ga-bg-desktop:transparent none;--_ga-zi-desktop:auto;--_ga-d-desktop:flex;--_ga-mw-desktop:calc(100% - 0 - 0);--_ga-m-tablet:0 0 0 0;--_ga-p-tablet:0 0 0 0;--_ga-bg-tablet:transparent none;--_ga-zi-tablet:auto;--_ga-d-tablet:flex;--_ga-mw-tablet:calc(100% - 0 - 0);--_ga-m-mobile:0 0 0 0;--_ga-p-mobile:0 0 0 0;--_ga-bg-mobile:transparent none;--_ga-zi-mobile:auto;--_ga-d-mobile:flex;--_ga-mw-mobile:calc(100% - 0 - 0)\">\n\n<h2 class=\"wp-block-heading has-text-align-left\">Warunki rezerwacji 2025<\/h2>\n\n\n\n<p>Dyrekcja zastrzega sobie prawo do przydzielenia lub zmiany numeru zakwaterowania lub parceli w zale\u017cno\u015bci od potrzeb.<\/p>\n\n\n\n<p>Mo\u017cliwe jest, za op\u0142at\u0105, zarezerwowanie konkretnego numeru parceli, ale nie dotyczy to zakwaterowania.<\/p>\n\n\n\n<ul class=\"wp-block-list\">\n<li><strong>Koszt rezerwacji konkretnego numeru parceli<\/strong> (nie podlega zwrotowi):\n<ul class=\"wp-block-list\">\n<li>100 \u20ac za pobyty z przyjazdem mi\u0119dzy otwarciem a 30 czerwca oraz mi\u0119dzy 1 wrze\u015bnia a zamkni\u0119ciem.<\/li>\n\n\n\n<li>200 \u20ac za pobyty z przyjazdem mi\u0119dzy 1 lipca a 31 sierpnia.<\/li>\n<\/ul>\n<\/li>\n<\/ul>\n\n\n\n<p>Preferencje zostan\u0105 zarejestrowane w systemie, ale nie s\u0105 gwarantowane; Dyrekcja zastrzega sobie prawo do przydzielenia lub zmiany numeru zakwaterowania lub parceli w zale\u017cno\u015bci od potrzeb.<\/p>\n\n<\/div>\n<\/div><\/div>\n\n<div  id=\"prenotazione\" class=\"grids-section grids-is-advanced alignfull\" style=\"--_gs-gap-desktop:0px 0px;--_gs-m-desktop:0 0 0 0;--_gs-p-desktop:0 0 0 0;--_gs-bg-desktop:transparent none;--_gs-bg-xp-desktop:0px;--_gs-zi-desktop:auto;--_gs-d-desktop:block;--_gs-mw-desktop:calc(100% - 0 - 0);--_gs-gap-tablet:0px 0px;--_gs-m-tablet:0 0 0 0;--_gs-p-tablet:0 0 0 0;--_gs-bg-tablet:transparent none;--_gs-bg-xp-tablet:0px;--_gs-zi-tablet:auto;--_gs-d-tablet:block;--_gs-mw-tablet:calc(100% - 0 - 0);--_gs-gap-mobile:0px 0px;--_gs-m-mobile:0 0 0 0;--_gs-p-mobile:0 0 0 0;--_gs-bg-mobile:transparent none;--_gs-bg-xp-mobile:0px;--_gs-zi-mobile:auto;--_gs-d-mobile:block;--_gs-mw-mobile:calc(100% - 0 - 0);--_gs-columns:12;--_gs-rows:6\"><div class=\"grids-s-w_i\">\n<div class=\"grids-area\" style=\"--_ga-column:2\/12;--_ga-row:1\/3;--_ga-m-desktop:0 0 0 0;--_ga-p-desktop:0 0 0 0;--_ga-bg-desktop:transparent none;--_ga-zi-desktop:auto;--_ga-d-desktop:flex;--_ga-mw-desktop:calc(100% - 0 - 0);--_ga-m-tablet:0 0 0 0;--_ga-p-tablet:0 0 0 0;--_ga-bg-tablet:transparent none;--_ga-zi-tablet:auto;--_ga-d-tablet:flex;--_ga-mw-tablet:calc(100% - 0 - 0);--_ga-m-mobile:0 0 0 0;--_ga-p-mobile:0 0 0 0;--_ga-bg-mobile:transparent none;--_ga-zi-mobile:auto;--_ga-d-mobile:flex;--_ga-mw-mobile:calc(100% - 0 - 0)\">\n\n<h2 class=\"wp-block-heading has-text-align-left\">Warunki rezerwacji 2026<\/h2>\n\n\n\n<p><strong>Przydzia\u0142 zakwaterowania i parceli<\/strong><br>Nie przewiduje si\u0119 rezerwacji konkretnego numeru zakwaterowania lub parceli.<br>Przydzia\u0142u dokonuje wy\u0142\u0105cznie Dyrekcja na podstawie potrzeb organizacyjnych.<\/p>\n\n<\/div>\n<\/div><\/div>\n\n<div  id=\"soggiorno-minimo\" class=\"grids-section grids-is-advanced\" style=\"--_gs-gap-desktop:0px 0px;--_gs-m-desktop:0 0 0 0;--_gs-p-desktop:0 0 0 0;--_gs-bg-desktop:transparent none;--_gs-bg-xp-desktop:0px;--_gs-zi-desktop:auto;--_gs-d-desktop:block;--_gs-mw-desktop:calc(100% - 0 - 0);--_gs-gap-tablet:0px 0px;--_gs-m-tablet:0 0 0 0;--_gs-p-tablet:0 0 0 0;--_gs-bg-tablet:transparent none;--_gs-bg-xp-tablet:0px;--_gs-zi-tablet:auto;--_gs-d-tablet:block;--_gs-mw-tablet:calc(100% - 0 - 0);--_gs-gap-mobile:0px 0px;--_gs-m-mobile:0 0 0 0;--_gs-p-mobile:0 0 0 0;--_gs-bg-mobile:transparent none;--_gs-bg-xp-mobile:0px;--_gs-zi-mobile:auto;--_gs-d-mobile:block;--_gs-mw-mobile:calc(100% - 0 - 0);--_gs-columns:12;--_gs-rows:6\"><div class=\"grids-s-w_i\">\n<div class=\"grids-area\" style=\"--_ga-column:2\/12;--_ga-row:1\/2;--_ga-m-desktop:0 0 0 0;--_ga-p-desktop:0 0 0 0;--_ga-bg-desktop:transparent none;--_ga-zi-desktop:auto;--_ga-d-desktop:flex;--_ga-mw-desktop:calc(100% - 0 - 0);--_ga-m-tablet:0 0 0 0;--_ga-p-tablet:0 0 0 0;--_ga-bg-tablet:transparent none;--_ga-zi-tablet:auto;--_ga-d-tablet:flex;--_ga-mw-tablet:calc(100% - 0 - 0);--_ga-m-mobile:0 0 0 0;--_ga-p-mobile:0 0 0 0;--_ga-bg-mobile:transparent none;--_ga-zi-mobile:auto;--_ga-d-mobile:flex;--_ga-mw-mobile:calc(100% - 0 - 0)\">\n\n<h2 class=\"wp-block-heading has-text-align-left\"><br>Minimalna d\u0142ugo\u015b\u0107 pobytu 2026<\/h2>\n\n\n\n<p>Warunki<strong> minimalnego pobytu<\/strong> w <strong>2026 r.<\/strong> s\u0105 nast\u0119puj\u0105ce:<\/p>\n\n\n\n<ul class=\"wp-block-list\">\n<li><strong>Od 29\/04 do 16\/05 oraz od 12\/09 do 30\/09<\/strong>: minimum 2 noce<\/li>\n\n\n\n<li><strong>Od 16\/05 do 25\/07 oraz od 22\/08 do 12\/09<\/strong>: minimum 5 nocy<\/li>\n\n\n\n<li><strong>Od 25\/07 do 22\/08<\/strong>: minimum 7 nocy (dni przyjazdu i wyjazdu z g\u00f3ry ustalone w zale\u017cno\u015bci od zakwaterowania)<\/li>\n<\/ul>\n\n<\/div>\n<\/div><\/div>\n\n<div  id=\"condizione-di-prenotazione\" class=\"grids-section grids-is-advanced alignfull\" style=\"--_gs-gap-desktop:0px 0px;--_gs-m-desktop:0 0 0 0;--_gs-p-desktop:0 0 0 0;--_gs-bg-desktop:transparent none;--_gs-bg-xp-desktop:0px;--_gs-zi-desktop:auto;--_gs-d-desktop:block;--_gs-mw-desktop:calc(100% - 0 - 0);--_gs-gap-tablet:0px 0px;--_gs-m-tablet:0 0 0 0;--_gs-p-tablet:0 0 0 0;--_gs-bg-tablet:transparent none;--_gs-bg-xp-tablet:0px;--_gs-zi-tablet:auto;--_gs-d-tablet:block;--_gs-mw-tablet:calc(100% - 0 - 0);--_gs-gap-mobile:0px 0px;--_gs-m-mobile:0 0 0 0;--_gs-p-mobile:0 0 0 0;--_gs-bg-mobile:transparent none;--_gs-bg-xp-mobile:0px;--_gs-zi-mobile:auto;--_gs-d-mobile:block;--_gs-mw-mobile:calc(100% - 0 - 0);--_gs-columns:12;--_gs-rows:6\"><div class=\"grids-s-w_i\">\n<div class=\"grids-area 2025\" style=\"--_ga-column:2\/12;--_ga-row:1\/3;--_ga-m-desktop:0 0 0 0;--_ga-p-desktop:0 0 0 0;--_ga-bg-desktop:transparent none;--_ga-zi-desktop:auto;--_ga-d-desktop:flex;--_ga-mw-desktop:calc(100% - 0 - 0);--_ga-m-tablet:0 0 0 0;--_ga-p-tablet:0 0 0 0;--_ga-bg-tablet:transparent none;--_ga-zi-tablet:auto;--_ga-d-tablet:flex;--_ga-mw-tablet:calc(100% - 0 - 0);--_ga-m-mobile:0 0 0 0;--_ga-p-mobile:0 0 0 0;--_ga-bg-mobile:transparent none;--_ga-zi-mobile:auto;--_ga-d-mobile:flex;--_ga-mw-mobile:calc(100% - 0 - 0)\">\n\n<h2 class=\"wp-block-heading has-text-align-left\"><br>Pobyty wyj\u0105tkowe (wysoki sezon)<\/h2>\n\n\n\n<p>W wysokim sezonie minimalny pobyt wynosi 7 nocy.<br>Dni przyjazdu i wyjazdu zale\u017c\u0105 od wybranego zakwaterowania:<\/p>\n\n\n\n<ul class=\"wp-block-list\">\n<li><strong>Przyjazd tylko w pi\u0105tki:<\/strong>\n<ul class=\"wp-block-list\">\n<li>Lodge Premium Sea Breeze<\/li>\n\n\n\n<li>Holiday Home Accessible<\/li>\n\n\n\n<li>Holiday Home 6<\/li>\n\n\n\n<li>Holiday Home Midi<span id=\"docs-internal-guid-2d108432-7fff-cb83-9ae9-5577707792b5\"><div><span style=\"font-size: 11pt; font-family: Arial, sans-serif; background-color: transparent; font-weight: 700; font-variant-numeric: normal; font-variant-east-asian: normal; font-variant-alternates: normal; font-variant-position: normal; vertical-align: baseline;\"><\/span><\/div><\/span><\/li>\n<\/ul>\n<\/li>\n<\/ul>\n\n\n\n<ul class=\"wp-block-list\">\n<li><strong><strong>Przyjazd i wyjazd tylko w sobot\u0119<\/strong><\/strong>\n<ul class=\"wp-block-list\">\n<li>Holiday Home Comfort Plus Accessible<\/li>\n\n\n\n<li>Holiday Home Comfort Plus Residence<\/li>\n\n\n\n<li>Holiday Home Mini<\/li>\n\n\n\n<li>Holiday Home 5<\/li>\n\n\n\n<li>Holiday Home Green Oak<\/li>\n\n\n\n<li>Holiday Home Green Oak Accessible<\/li>\n\n\n\n<li>Lodge Prestige Roses<\/li>\n\n\n\n<li>Lodge 4 Accessible<\/li>\n\n\n\n<li>Lodge 5<\/li>\n\n\n\n<li>Holiday Home Mini Deluxe<\/li>\n\n\n\n<li>Piazzola Belvedere<span id=\"docs-internal-guid-2d108432-7fff-cb83-9ae9-5577707792b5\"><div><span style=\"font-size: 11pt; font-family: Arial, sans-serif; background-color: transparent; font-weight: 700; font-variant-numeric: normal; font-variant-east-asian: normal; font-variant-alternates: normal; font-variant-position: normal; vertical-align: baseline;\"><\/span><\/div><\/span><\/li>\n<\/ul>\n<\/li>\n<\/ul>\n\n\n\n<ul class=\"wp-block-list\">\n<li><strong><strong>Przyjazd i wyjazd tylko w niedziel\u0119<\/strong><\/strong>\n<ul class=\"wp-block-list\">\n<li>Holiday Home Kids<\/li>\n\n\n\n<li>Lodge Deluxe Sea View<\/li>\n\n\n\n<li>Lodge Deluxe Sea View Suite<\/li>\n\n\n\n<li>Holiday Home Comfort<\/li>\n\n\n\n<li>Piazzola Premium Sea Breeze<span id=\"docs-internal-guid-2d108432-7fff-cb83-9ae9-5577707792b5\"><div><span style=\"font-size: 11pt; font-family: Arial, sans-serif; background-color: transparent; font-weight: 700; font-variant-numeric: normal; font-variant-east-asian: normal; font-variant-alternates: normal; font-variant-position: normal; vertical-align: baseline;\"><\/span><\/div><\/span><\/li>\n<\/ul>\n<\/li>\n<\/ul>\n\n\n\n<ul class=\"wp-block-list\">\n<li><strong><strong><strong>Przyjazd i wyjazd tylko w poniedzia\u0142ek<\/strong><\/strong><\/strong>\n<ul class=\"wp-block-list\">\n<li>Lodge Prestige Lilac<span id=\"docs-internal-guid-2d108432-7fff-cb83-9ae9-5577707792b5\"><div><span style=\"font-size: 11pt; font-family: Arial, sans-serif; background-color: transparent; font-weight: 700; font-variant-numeric: normal; font-variant-east-asian: normal; font-variant-alternates: normal; font-variant-position: normal; vertical-align: baseline;\"><\/span><\/div><\/span><\/li>\n<\/ul>\n<\/li>\n<\/ul>\n\n\n\n<ul class=\"wp-block-list\">\n<li><strong><strong>Strefa Wolna \u2013 przyjazdy mo\u017cliwe codziennie (z okre\u015blonymi wy\u0142\u0105czeniami)<\/strong><\/strong>\n<ul class=\"wp-block-list\">\n<li>Holiday Home Blue Ivy (z wy\u0142\u0105czeniem soboty)<\/li>\n\n\n\n<li>Holiday Home Deluxe (z wy\u0142\u0105czeniem soboty i niedzieli)<\/li>\n\n\n\n<li>Holiday Home Deluxe Accessible (z wy\u0142\u0105czeniem soboty i niedzieli)<\/li>\n\n\n\n<li>Lodge Prestige Daisy (z wy\u0142\u0105czeniem soboty i niedzieli)<\/li>\n\n\n\n<li>Holiday Home 4 (z wy\u0142\u0105czeniem pi\u0105tku, soboty i niedzieli)<\/li>\n\n\n\n<li>Piazzola Belvedere Flexi (z wy\u0142\u0105czeniem soboty)<\/li>\n\n\n\n<li>Villino (przyjazd\/wyjazd w dowolny dzie\u0144 tygodnia)<span id=\"docs-internal-guid-2d108432-7fff-cb83-9ae9-5577707792b5\"><div><span style=\"font-size: 11pt; font-family: Arial, sans-serif; background-color: transparent; font-weight: 700; font-variant-numeric: normal; font-variant-east-asian: normal; font-variant-alternates: normal; font-variant-position: normal; vertical-align: baseline;\"><\/span><\/div><\/span><\/li>\n<\/ul>\n<\/li>\n<\/ul>\n\n<\/div>\n<\/div><\/div>\n\n<div  id=\"soggiorno-minimo\" class=\"grids-section grids-is-advanced\" style=\"--_gs-gap-desktop:0px 0px;--_gs-m-desktop:0 0 0 0;--_gs-p-desktop:0 0 0 0;--_gs-bg-desktop:transparent none;--_gs-bg-xp-desktop:0px;--_gs-zi-desktop:auto;--_gs-d-desktop:block;--_gs-mw-desktop:calc(100% - 0 - 0);--_gs-gap-tablet:0px 0px;--_gs-m-tablet:0 0 0 0;--_gs-p-tablet:0 0 0 0;--_gs-bg-tablet:transparent none;--_gs-bg-xp-tablet:0px;--_gs-zi-tablet:auto;--_gs-d-tablet:block;--_gs-mw-tablet:calc(100% - 0 - 0);--_gs-gap-mobile:0px 0px;--_gs-m-mobile:0 0 0 0;--_gs-p-mobile:0 0 0 0;--_gs-bg-mobile:transparent none;--_gs-bg-xp-mobile:0px;--_gs-zi-mobile:auto;--_gs-d-mobile:block;--_gs-mw-mobile:calc(100% - 0 - 0);--_gs-columns:12;--_gs-rows:6\"><div class=\"grids-s-w_i\">\n<div class=\"grids-area\" style=\"--_ga-column:2\/12;--_ga-row:1\/2;--_ga-m-desktop:0 0 0 0;--_ga-p-desktop:0 0 0 0;--_ga-bg-desktop:transparent none;--_ga-zi-desktop:auto;--_ga-d-desktop:flex;--_ga-mw-desktop:calc(100% - 0 - 0);--_ga-m-tablet:0 0 0 0;--_ga-p-tablet:0 0 0 0;--_ga-bg-tablet:transparent none;--_ga-zi-tablet:auto;--_ga-d-tablet:flex;--_ga-mw-tablet:calc(100% - 0 - 0);--_ga-m-mobile:0 0 0 0;--_ga-p-mobile:0 0 0 0;--_ga-bg-mobile:transparent none;--_ga-zi-mobile:auto;--_ga-d-mobile:flex;--_ga-mw-mobile:calc(100% - 0 - 0)\">\n\n<h2 class=\"wp-block-heading has-text-align-left\">Godziny wyjazdu<\/h2>\n\n\n\n<p>\u2022 <strong>Parcela<\/strong>: do godziny 12:00<br>\u2022 <strong>Zakwaterowanie<\/strong>: do godziny 10:00<\/p>\n\n<\/div>\n<\/div><\/div>\n\n<div  id=\"prenotazione-acsi\" class=\"grids-section grids-is-advanced\" style=\"--_gs-gap-desktop:0px 0px;--_gs-m-desktop:0 0 0 0;--_gs-p-desktop:0 0 0 0;--_gs-bg-desktop:transparent none;--_gs-bg-xp-desktop:0px;--_gs-zi-desktop:auto;--_gs-d-desktop:block;--_gs-mw-desktop:calc(100% - 0 - 0);--_gs-gap-tablet:0px 0px;--_gs-m-tablet:0 0 0 0;--_gs-p-tablet:0 0 0 0;--_gs-bg-tablet:transparent none;--_gs-bg-xp-tablet:0px;--_gs-zi-tablet:auto;--_gs-d-tablet:block;--_gs-mw-tablet:calc(100% - 0 - 0);--_gs-gap-mobile:0px 0px;--_gs-m-mobile:0 0 0 0;--_gs-p-mobile:0 0 0 0;--_gs-bg-mobile:transparent none;--_gs-bg-xp-mobile:0px;--_gs-zi-mobile:auto;--_gs-d-mobile:block;--_gs-mw-mobile:calc(100% - 0 - 0);--_gs-columns:12;--_gs-rows:6\"><div class=\"grids-s-w_i\">\n<div class=\"grids-area\" style=\"--_ga-column:2\/4;--_ga-row:1\/2;--_ga-m-desktop:0 0 0 0;--_ga-p-desktop:0 0 0 0;--_ga-bg-desktop:transparent none;--_ga-zi-desktop:auto;--_ga-d-desktop:flex;--_ga-mw-desktop:calc(100% - 0 - 0);--_ga-m-tablet:0 0 0 0;--_ga-p-tablet:0 0 0 0;--_ga-bg-tablet:transparent none;--_ga-zi-tablet:auto;--_ga-d-tablet:flex;--_ga-mw-tablet:calc(100% - 0 - 0);--_ga-m-mobile:0 0 0 0;--_ga-p-mobile:0 0 0 0;--_ga-bg-mobile:transparent none;--_ga-zi-mobile:auto;--_ga-d-mobile:flex;--_ga-mw-mobile:calc(100% - 0 - 0)\">\n<div class=\"wp-block-image\">\n<figure class=\"alignleft size-thumbnail\"><img decoding=\"async\" width=\"150\" height=\"150\" src=\"https:\/\/www.villaggiosanfrancesco.com\/wp-content\/uploads\/2023\/10\/wired-outline-931-camping-trailer-150x150.png\" alt=\"\" class=\"wp-image-19225\" style=\"object-fit:cover\" srcset=\"https:\/\/www.villaggiosanfrancesco.com\/wp-content\/uploads\/2023\/10\/wired-outline-931-camping-trailer-150x150.png 150w, https:\/\/www.villaggiosanfrancesco.com\/wp-content\/uploads\/2023\/10\/wired-outline-931-camping-trailer-300x300.png 300w, https:\/\/www.villaggiosanfrancesco.com\/wp-content\/uploads\/2023\/10\/wired-outline-931-camping-trailer.png 400w\" sizes=\"(max-width: 150px) 100vw, 150px\" \/><\/figure><\/div>\n<\/div>\n\n<div class=\"grids-area\" style=\"--_ga-column:4\/12;--_ga-row:1\/2;--_ga-m-desktop:0 0 0 0;--_ga-p-desktop:0 0 0 0;--_ga-bg-desktop:transparent none;--_ga-zi-desktop:auto;--_ga-d-desktop:flex;--_ga-mw-desktop:calc(100% - 0 - 0);--_ga-m-tablet:0 0 0 0;--_ga-p-tablet:0 0 0 0;--_ga-bg-tablet:transparent none;--_ga-zi-tablet:auto;--_ga-d-tablet:flex;--_ga-mw-tablet:calc(100% - 0 - 0);--_ga-m-mobile:0 0 0 0;--_ga-p-mobile:0 0 0 0;--_ga-bg-mobile:transparent none;--_ga-zi-mobile:auto;--_ga-d-mobile:flex;--_ga-mw-mobile:calc(100% - 0 - 0)\">\n\n<h2 class=\"wp-block-heading\">Rezerwacja parceli z ACSI lub ADAC<\/h2>\n\n\n\n<p>Rezerwuj\u0105c w taryfie zni\u017ckowej poprzez kart\u0119 ACSI lub ADAC, mo\u017cna wybra\u0107 jedn\u0105 z naszych parcel Belvedere.<br>Nie ma mo\u017cliwo\u015bci wyboru konkretnego numeru parceli.<\/p>\n\n<\/div>\n<\/div><\/div>\n\n<div  id=\"cancellazione\" class=\"grids-section grids-is-advanced\" style=\"--_gs-gap-desktop:0px 0px;--_gs-m-desktop:0 0 0 0;--_gs-p-desktop:0 0 0 0;--_gs-bg-desktop:transparent none;--_gs-bg-xp-desktop:0px;--_gs-zi-desktop:auto;--_gs-d-desktop:block;--_gs-mw-desktop:calc(100% - 0 - 0);--_gs-gap-tablet:0px 0px;--_gs-m-tablet:0 0 0 0;--_gs-p-tablet:0 0 0 0;--_gs-bg-tablet:transparent none;--_gs-bg-xp-tablet:0px;--_gs-zi-tablet:auto;--_gs-d-tablet:block;--_gs-mw-tablet:calc(100% - 0 - 0);--_gs-gap-mobile:0px 0px;--_gs-m-mobile:0 0 0 0;--_gs-p-mobile:0 0 0 0;--_gs-bg-mobile:transparent none;--_gs-bg-xp-mobile:0px;--_gs-zi-mobile:auto;--_gs-d-mobile:block;--_gs-mw-mobile:calc(100% - 0 - 0);--_gs-columns:12;--_gs-rows:6\"><div class=\"grids-s-w_i\">\n<div class=\"grids-area\" style=\"--_ga-column:2\/12;--_ga-row:1\/2;--_ga-m-desktop:0 0 0 0;--_ga-p-desktop:0 0 0 0;--_ga-bg-desktop:transparent none;--_ga-zi-desktop:auto;--_ga-d-desktop:flex;--_ga-mw-desktop:calc(100% - 0 - 0);--_ga-m-tablet:0 0 0 0;--_ga-p-tablet:0 0 0 0;--_ga-bg-tablet:transparent none;--_ga-zi-tablet:auto;--_ga-d-tablet:flex;--_ga-mw-tablet:calc(100% - 0 - 0);--_ga-m-mobile:0 0 0 0;--_ga-p-mobile:0 0 0 0;--_ga-bg-mobile:transparent none;--_ga-zi-mobile:auto;--_ga-d-mobile:flex;--_ga-mw-mobile:calc(100% - 0 - 0)\">\n\n<h2 class=\"wp-block-heading has-text-align-left\"><br>Warunki anulacji 2026<\/h2>\n\n\n\n<p>Anulacja lub zmiana rezerwacji musi by\u0107 dokonana na pi\u015bmie za pomoc\u0105 listu poleconego, faksu lub e-maila.<\/p>\n\n\n\n<ul class=\"wp-block-list\">\n<li><strong>Terminy anulacji<\/strong>:\n<ul class=\"wp-block-list\">\n<li>Mi\u0119dzy otwarciem a 30 czerwca: co najmniej 10 dni przed przyjazdem.<\/li>\n\n\n\n<li>Mi\u0119dzy 1 lipca a 31 sierpnia: co najmniej 15 dni przed przyjazdem<\/li>\n\n\n\n<li>Od 1 wrze\u015bnia do zamkni\u0119cia: co najmniej 10 dni przed przyjazdem<\/li>\n<\/ul>\n<\/li>\n<\/ul>\n\n\n\n<p>Je\u017celi anulacja nast\u0105pi w przewidzianych terminach, zaliczka zostanie zwr\u00f3cona w ca\u0142o\u015bci.<br>W przeciwnym razie wp\u0142acona kwota zostanie zatrzymana jako kara umowna.<br>Dat\u0105 odniesienia jest data stempla pocztowego (dla list\u00f3w) lub data otrzymania (e-mail).<br>Zwrot mo\u017ce trwa\u0107 od 15 do 45 dni roboczych.<\/p>\n\n\n\n<p><strong>Wa\u017cna informacja dotycz\u0105ca us\u0142ug dodatkowych:<\/strong><br>us\u0142ugi zarezerwowane z wyprzedzeniem (p\u00f3\u0142wy\u017cywienie, \u015bniadanie, serwis pla\u017cowy) podlegaj\u0105 tym samym warunkom anulacji co zakwaterowanie.<\/p>\n\n<\/div>\n<\/div><\/div>\n\n<div  class=\"grids-section grids-is-stretch\" style=\"--_gs-gap-desktop:0px 0px;--_gs-m-desktop:0 0 0 0;--_gs-p-desktop:25px 50px 25px 50px;--_gs-bg-desktop:#f4c567 none;--_gs-bg-xp-desktop:0px;--_gs-zi-desktop:auto;--_gs-d-desktop:block;--_gs-mw-desktop:calc(100% - 0 - 0);--_gs-gap-tablet:0px 0px;--_gs-m-tablet:0 0 0 0;--_gs-p-tablet:25px 50px 25px 50px;--_gs-bg-tablet:#f4c567 none;--_gs-bg-xp-tablet:0px;--_gs-zi-tablet:auto;--_gs-d-tablet:block;--_gs-mw-tablet:calc(100% - 0 - 0);--_gs-gap-mobile:0px 0px;--_gs-m-mobile:0 0 0 0;--_gs-p-mobile:25px 50px 25px 50px;--_gs-bg-mobile:#f4c567 none;--_gs-bg-xp-mobile:0px;--_gs-zi-mobile:auto;--_gs-d-mobile:block;--_gs-mw-mobile:calc(100% - 0 - 0);--_gs-columns:1;--_gs-rows:1\"><div class=\"grids-s-w_i\">\n<div class=\"grids-area\" style=\"--_ga-column:1\/2;--_ga-row:1\/2;--_ga-va:center;--_ga-m-desktop:0 0 0 0;--_ga-p-desktop:0 0 0 0;--_ga-bg-desktop:transparent none;--_ga-zi-desktop:auto;--_ga-d-desktop:flex;--_ga-mw-desktop:calc(100% - 0 - 0);--_ga-m-tablet:0 0 0 0;--_ga-p-tablet:0 0 0 0;--_ga-bg-tablet:transparent none;--_ga-zi-tablet:auto;--_ga-d-tablet:flex;--_ga-mw-tablet:calc(100% - 0 - 0);--_ga-m-mobile:0 0 0 0;--_ga-p-mobile:0 0 0 0;--_ga-bg-mobile:transparent none;--_ga-zi-mobile:auto;--_ga-d-mobile:flex;--_ga-mw-mobile:calc(100% - 0 - 0)\">\n\n<h2 class=\"wp-block-heading has-text-align-center\">Bezp\u0142atne anulowanie rezerwacji do jednego dnia przed przyjazdem<\/h2>\n\n\n\n<p class=\"has-text-align-center\">Anulowanie rezerwacji jest bezp\u0142atne do dnia poprzedzaj\u0105cego przyjazd <strong>wy\u0142\u0105cznie<\/strong> na podstawie decyzji kierownictwa i z wa\u017cnych powod\u00f3w.<\/p>\n\n\n\n<div class=\"wp-block-buttons is-content-justification-center is-layout-flex wp-container-core-buttons-is-layout-16018d1d wp-block-buttons-is-layout-flex\">\n<div class=\"wp-block-button is-style-outline is-style-outline--2\"><a class=\"wp-block-button__link has-white-background-color has-text-color has-background wp-element-button\" href=\"https:\/\/forms.office.com\/e\/ByC561jLg2\" style=\"color:#f5b709\" target=\"_blank\" rel=\"noreferrer noopener\">Formularz anulowania<\/a><\/div>\n<\/div>\n\n<\/div>\n<\/div><\/div>\n\n<div  id=\"pagamento\" class=\"grids-section grids-is-advanced alignfull\" style=\"--_gs-gap-desktop:0px 0px;--_gs-m-desktop:0 0 0 0;--_gs-p-desktop:0 0 0 0;--_gs-bg-desktop:transparent none;--_gs-bg-xp-desktop:0px;--_gs-zi-desktop:auto;--_gs-d-desktop:block;--_gs-mw-desktop:calc(100% - 0 - 0);--_gs-gap-tablet:0px 0px;--_gs-m-tablet:0 0 0 0;--_gs-p-tablet:0 0 0 0;--_gs-bg-tablet:transparent none;--_gs-bg-xp-tablet:0px;--_gs-zi-tablet:auto;--_gs-d-tablet:block;--_gs-mw-tablet:calc(100% - 0 - 0);--_gs-gap-mobile:0px 0px;--_gs-m-mobile:0 0 0 0;--_gs-p-mobile:0 0 0 0;--_gs-bg-mobile:transparent none;--_gs-bg-xp-mobile:0px;--_gs-zi-mobile:auto;--_gs-d-mobile:block;--_gs-mw-mobile:calc(100% - 0 - 0);--_gs-columns:12;--_gs-rows:6\"><div class=\"grids-s-w_i\">\n<div class=\"grids-area\" style=\"--_ga-column:2\/12;--_ga-row:1\/3;--_ga-m-desktop:0 0 0 0;--_ga-p-desktop:0 0 0 0;--_ga-bg-desktop:transparent none;--_ga-zi-desktop:auto;--_ga-d-desktop:flex;--_ga-mw-desktop:calc(100% - 0 - 0);--_ga-m-tablet:0 0 0 0;--_ga-p-tablet:0 0 0 0;--_ga-bg-tablet:transparent none;--_ga-zi-tablet:auto;--_ga-d-tablet:flex;--_ga-mw-tablet:calc(100% - 0 - 0);--_ga-m-mobile:0 0 0 0;--_ga-p-mobile:0 0 0 0;--_ga-bg-mobile:transparent none;--_ga-zi-mobile:auto;--_ga-d-mobile:flex;--_ga-mw-mobile:calc(100% - 0 - 0)\">\n\n<h2 class=\"wp-block-heading has-text-align-left\">Metody p\u0142atno\u015bci<\/h2>\n\n\n\n<p>Akceptowane:<br>\u2022 <strong>Got\u00f3wka<\/strong> (do limitu prawnego \u20ac4.999,99)<br><strong>\u2022 Karta debetowa<br><\/strong>\u2022 Karty kredytowe <strong>Visa<\/strong> i <strong>Mastercard<\/strong><br><strong>Nie akceptujemy: czek\u00f3w, American Express, Paypal.<\/strong><\/p>\n\n\n\n<div style=\"height:50px\" aria-hidden=\"true\" class=\"wp-block-spacer\"><\/div>\n\n\n\n<h2 class=\"wp-block-heading has-text-align-left\">Podatek turystyczny<\/h2>\n\n\n\n<p>Cena podana w potwierdzeniu nie obejmuje podatku turystycznego, p\u0142atnego na miejscu:<\/p>\n\n\n\n<ul class=\"wp-block-list\">\n<li><strong>\u20ac2,00<\/strong> za osob\u0119 za dzie\u0144 (maks. 10 nocy) \u2013 wioska i kemping<\/li>\n\n\n\n<li><strong>\u20ac1,70<\/strong> za osob\u0119 za dzie\u0144 (maks. 10 nocy) \u2013 rezydencja<\/li>\n<\/ul>\n\n\n\n<p>Zwolnione: dzieci <strong>0\u20135,99<\/strong> lat.<br>Op\u0142ata manipulacyjna nie podlega zwrotowi.<br>Ceny mog\u0105 ulec zmianie w przypadku modyfikacji stawek VAT ustalonych przez pa\u0144stwo.<\/p>\n\n\n\n<h2 class=\"wp-block-heading has-text-align-left\">Warunki obs\u0142ugi na pla\u017cy<\/h2>\n\n\n\n<p>Rezerwacja us\u0142ugi pla\u017cowej podlega tym samym <a href=\"#cancellazione\">warunkom zwrotu koszt\u00f3w, co rezerwacja zakwaterowania<\/a>.<\/p>\n\n\n\n<p>Wspomniana us\u0142uga nie podlega zwrotowi ze wzgl\u0119du na niekorzystne warunki atmosferyczne uniemo\u017cliwiaj\u0105ce korzystanie z pla\u017cy w zarezerwowanym terminie.<\/p>\n\n\n\n<p>Rezerwacj\u0119 miejsca na pla\u017cy uznaje si\u0119 za potwierdzon\u0105 po dokonaniu p\u0142atno\u015bci.<\/p>\n\n\n\n<h2 class=\"wp-block-heading has-text-align-left\" id=\"mezza-pensione\">Warunki dotycz\u0105ce us\u0142ugi Zakwaterowanie ze \u015bniadaniem<\/h2>\n\n\n\n<p>W przypadku niekt\u00f3rych rodzaj\u00f3w zakwaterowania wspomniana us\u0142uga jest wliczona w cen\u0119 lub istnieje <strong>mo\u017cliwo\u015b\u0107 rezerwacji tej us\u0142ugi<\/strong> (zakwaterowanie + \u015bniadanie).<\/p>\n\n\n\n<p>Us\u0142uga Zakwaterowanie ze \u015bniadaniem jest oferowana <strong>w Restauracji Tukan i w Restauracji Maxim<\/strong> i jest \u015bwiadczona do <strong>wyczerpania zapas\u00f3w<\/strong>.<\/p>\n\n\n\n<p>Aby uzyska\u0107 wi\u0119cej informacji na temat r\u00f3\u017cnych rodzaj\u00f3w zakwaterowania, <strong><a href=\"https:\/\/www.villaggiosanfrancesco.com\/wp-content\/uploads\/2024\/05\/condizioni-mezza-pensione-villaggio-san-francesco.pdf\" target=\"_blank\" rel=\"noreferrer noopener\">odwied\u017a w\u0142a\u015bciw\u0105 stron\u0119<\/a><\/strong>.<\/p>\n\n\n\n<h2 class=\"wp-block-heading has-text-align-left\">Oficjalny regulamin o\u015brodka San Francesco<\/h2>\n\n\n\n<p><strong>Regulamin o\u015brodka<\/strong> i dalsze informacje na temat warunk\u00f3w wynajmu s\u0105 dost\u0119pne pod poni\u017cszym linkiem: <a href=\"https:\/\/www.villaggiosanfrancesco.com\/wp-content\/uploads\/2024\/02\/SF-REGOLAMENTO-PL.pdf\" target=\"_blank\" rel=\"noreferrer noopener\">Regulamin San Francesco<\/a>.<\/p>\n\n<\/div>\n<\/div><\/div>","protected":false},"excerpt":{"rendered":"","protected":false},"author":1,"featured_media":21613,"parent":0,"menu_order":0,"comment_status":"closed","ping_status":"closed","template":"","meta":{"_acf_changed":false,"advgb_blocks_editor_width":"","advgb_blocks_columns_visual_guide":"","footnotes":""},"class_list":["post-22425","page","type-page","status-publish","has-post-thumbnail","hentry","entry"],"acf":[],"yoast_head":"<!-- This site is optimized with the Yoast SEO plugin v26.0 - https:\/\/yoast.com\/wordpress\/plugins\/seo\/ -->\n<title>Warunki | O\u015brodek wakacyjny Villaggio San Francesco<\/title>\n<meta name=\"description\" content=\"Rezerwacji mo\u017cna dokona\u0107 za po\u015brednictwem naszej strony internetowej, poczty elektronicznej lub telefonicznie. Konieczna jest wcze\u015bniejsza rezerwacja. Skontaktuj si\u0119 z nami!\" \/>\n<meta name=\"robots\" content=\"index, follow, max-snippet:-1, max-image-preview:large, max-video-preview:-1\" \/>\n<link rel=\"canonical\" href=\"https:\/\/www.villaggiosanfrancesco.com\/pl\/warunki\/\" \/>\n<meta property=\"og:locale\" content=\"pl_PL\" \/>\n<meta property=\"og:type\" content=\"article\" \/>\n<meta property=\"og:title\" content=\"Warunki | O\u015brodek wakacyjny Villaggio San Francesco\" \/>\n<meta property=\"og:description\" content=\"Rezerwacji mo\u017cna dokona\u0107 za po\u015brednictwem naszej strony internetowej, poczty elektronicznej lub telefonicznie. Konieczna jest wcze\u015bniejsza rezerwacja. Skontaktuj si\u0119 z nami!\" \/>\n<meta property=\"og:url\" content=\"https:\/\/www.villaggiosanfrancesco.com\/pl\/warunki\/\" \/>\n<meta property=\"og:site_name\" content=\"Villaggio San Francesco\" \/>\n<meta property=\"article:publisher\" content=\"https:\/\/www.facebook.com\/VillaggioSanFrancesco\/\" \/>\n<meta property=\"article:modified_time\" content=\"2026-03-19T12:22:58+00:00\" \/>\n<meta property=\"og:image\" content=\"https:\/\/www.villaggiosanfrancesco.com\/wp-content\/uploads\/2022\/08\/banner_cancellazione_villaggio_san_francesco.jpg\" \/>\n\t<meta property=\"og:image:width\" content=\"1920\" \/>\n\t<meta property=\"og:image:height\" content=\"1000\" \/>\n\t<meta property=\"og:image:type\" content=\"image\/jpeg\" \/>\n<meta name=\"twitter:card\" content=\"summary_large_image\" \/>\n<meta name=\"twitter:label1\" content=\"Szacowany czas czytania\" \/>\n\t<meta name=\"twitter:data1\" content=\"5 minut\" \/>\n<script type=\"application\/ld+json\" class=\"yoast-schema-graph\">{\"@context\":\"https:\/\/schema.org\",\"@graph\":[{\"@type\":\"WebPage\",\"@id\":\"https:\/\/www.villaggiosanfrancesco.com\/pl\/warunki\/\",\"url\":\"https:\/\/www.villaggiosanfrancesco.com\/pl\/warunki\/\",\"name\":\"Warunki | O\u015brodek wakacyjny Villaggio San Francesco\",\"isPartOf\":{\"@id\":\"https:\/\/www.villaggiosanfrancesco.com\/pl\/#website\"},\"primaryImageOfPage\":{\"@id\":\"https:\/\/www.villaggiosanfrancesco.com\/pl\/warunki\/#primaryimage\"},\"image\":{\"@id\":\"https:\/\/www.villaggiosanfrancesco.com\/pl\/warunki\/#primaryimage\"},\"thumbnailUrl\":\"https:\/\/www.villaggiosanfrancesco.com\/wp-content\/uploads\/2022\/08\/banner_cancellazione_villaggio_san_francesco.jpg\",\"datePublished\":\"2024-01-25T09:57:33+00:00\",\"dateModified\":\"2026-03-19T12:22:58+00:00\",\"description\":\"Rezerwacji mo\u017cna dokona\u0107 za po\u015brednictwem naszej strony internetowej, poczty elektronicznej lub telefonicznie. Konieczna jest wcze\u015bniejsza rezerwacja. Skontaktuj si\u0119 z nami!\",\"breadcrumb\":{\"@id\":\"https:\/\/www.villaggiosanfrancesco.com\/pl\/warunki\/#breadcrumb\"},\"inLanguage\":\"pl-PL\",\"potentialAction\":[{\"@type\":\"ReadAction\",\"target\":[\"https:\/\/www.villaggiosanfrancesco.com\/pl\/warunki\/\"]}]},{\"@type\":\"ImageObject\",\"inLanguage\":\"pl-PL\",\"@id\":\"https:\/\/www.villaggiosanfrancesco.com\/pl\/warunki\/#primaryimage\",\"url\":\"https:\/\/www.villaggiosanfrancesco.com\/wp-content\/uploads\/2022\/08\/banner_cancellazione_villaggio_san_francesco.jpg\",\"contentUrl\":\"https:\/\/www.villaggiosanfrancesco.com\/wp-content\/uploads\/2022\/08\/banner_cancellazione_villaggio_san_francesco.jpg\",\"width\":1920,\"height\":1000},{\"@type\":\"BreadcrumbList\",\"@id\":\"https:\/\/www.villaggiosanfrancesco.com\/pl\/warunki\/#breadcrumb\",\"itemListElement\":[{\"@type\":\"ListItem\",\"position\":1,\"name\":\"Home\",\"item\":\"https:\/\/www.villaggiosanfrancesco.com\/pl\/\"},{\"@type\":\"ListItem\",\"position\":2,\"name\":\"Warunki\"}]},{\"@type\":\"WebSite\",\"@id\":\"https:\/\/www.villaggiosanfrancesco.com\/pl\/#website\",\"url\":\"https:\/\/www.villaggiosanfrancesco.com\/pl\/\",\"name\":\"Villaggio San Francesco\",\"description\":\"Caorle, VENEZIA\",\"publisher\":{\"@id\":\"https:\/\/www.villaggiosanfrancesco.com\/pl\/#organization\"},\"potentialAction\":[{\"@type\":\"SearchAction\",\"target\":{\"@type\":\"EntryPoint\",\"urlTemplate\":\"https:\/\/www.villaggiosanfrancesco.com\/pl\/?s={search_term_string}\"},\"query-input\":{\"@type\":\"PropertyValueSpecification\",\"valueRequired\":true,\"valueName\":\"search_term_string\"}}],\"inLanguage\":\"pl-PL\"},{\"@type\":\"Organization\",\"@id\":\"https:\/\/www.villaggiosanfrancesco.com\/pl\/#organization\",\"name\":\"Villaggio San Francesco\",\"url\":\"https:\/\/www.villaggiosanfrancesco.com\/pl\/\",\"logo\":{\"@type\":\"ImageObject\",\"inLanguage\":\"pl-PL\",\"@id\":\"https:\/\/www.villaggiosanfrancesco.com\/pl\/#\/schema\/logo\/image\/\",\"url\":\"https:\/\/www.villaggiosanfrancesco.com\/wp-content\/uploads\/2023\/03\/Logo-Villaggio-San-Francesco-Caorle-1.png\",\"contentUrl\":\"https:\/\/www.villaggiosanfrancesco.com\/wp-content\/uploads\/2023\/03\/Logo-Villaggio-San-Francesco-Caorle-1.png\",\"width\":1206,\"height\":356,\"caption\":\"Villaggio San Francesco\"},\"image\":{\"@id\":\"https:\/\/www.villaggiosanfrancesco.com\/pl\/#\/schema\/logo\/image\/\"},\"sameAs\":[\"https:\/\/www.facebook.com\/VillaggioSanFrancesco\/\",\"https:\/\/www.instagram.com\/villaggiosanfrancesco\/\",\"https:\/\/www.youtube.com\/channel\/UClXJoJulrb1UANfZodeHn-g\",\"https:\/\/www.tiktok.com\/@sanfrancescoresort\"]}]}<\/script>\n<!-- \/ Yoast SEO plugin. -->","yoast_head_json":{"title":"Warunki | O\u015brodek wakacyjny Villaggio San Francesco","description":"Rezerwacji mo\u017cna dokona\u0107 za po\u015brednictwem naszej strony internetowej, poczty elektronicznej lub telefonicznie. Konieczna jest wcze\u015bniejsza rezerwacja. Skontaktuj si\u0119 z nami!","robots":{"index":"index","follow":"follow","max-snippet":"max-snippet:-1","max-image-preview":"max-image-preview:large","max-video-preview":"max-video-preview:-1"},"canonical":"https:\/\/www.villaggiosanfrancesco.com\/pl\/warunki\/","og_locale":"pl_PL","og_type":"article","og_title":"Warunki | O\u015brodek wakacyjny Villaggio San Francesco","og_description":"Rezerwacji mo\u017cna dokona\u0107 za po\u015brednictwem naszej strony internetowej, poczty elektronicznej lub telefonicznie. Konieczna jest wcze\u015bniejsza rezerwacja. Skontaktuj si\u0119 z nami!","og_url":"https:\/\/www.villaggiosanfrancesco.com\/pl\/warunki\/","og_site_name":"Villaggio San Francesco","article_publisher":"https:\/\/www.facebook.com\/VillaggioSanFrancesco\/","article_modified_time":"2026-03-19T12:22:58+00:00","og_image":[{"width":1920,"height":1000,"url":"https:\/\/www.villaggiosanfrancesco.com\/wp-content\/uploads\/2022\/08\/banner_cancellazione_villaggio_san_francesco.jpg","type":"image\/jpeg"}],"twitter_card":"summary_large_image","twitter_misc":{"Szacowany czas czytania":"5 minut"},"schema":{"@context":"https:\/\/schema.org","@graph":[{"@type":"WebPage","@id":"https:\/\/www.villaggiosanfrancesco.com\/pl\/warunki\/","url":"https:\/\/www.villaggiosanfrancesco.com\/pl\/warunki\/","name":"Warunki | O\u015brodek wakacyjny Villaggio San Francesco","isPartOf":{"@id":"https:\/\/www.villaggiosanfrancesco.com\/pl\/#website"},"primaryImageOfPage":{"@id":"https:\/\/www.villaggiosanfrancesco.com\/pl\/warunki\/#primaryimage"},"image":{"@id":"https:\/\/www.villaggiosanfrancesco.com\/pl\/warunki\/#primaryimage"},"thumbnailUrl":"https:\/\/www.villaggiosanfrancesco.com\/wp-content\/uploads\/2022\/08\/banner_cancellazione_villaggio_san_francesco.jpg","datePublished":"2024-01-25T09:57:33+00:00","dateModified":"2026-03-19T12:22:58+00:00","description":"Rezerwacji mo\u017cna dokona\u0107 za po\u015brednictwem naszej strony internetowej, poczty elektronicznej lub telefonicznie. Konieczna jest wcze\u015bniejsza rezerwacja. Skontaktuj si\u0119 z nami!","breadcrumb":{"@id":"https:\/\/www.villaggiosanfrancesco.com\/pl\/warunki\/#breadcrumb"},"inLanguage":"pl-PL","potentialAction":[{"@type":"ReadAction","target":["https:\/\/www.villaggiosanfrancesco.com\/pl\/warunki\/"]}]},{"@type":"ImageObject","inLanguage":"pl-PL","@id":"https:\/\/www.villaggiosanfrancesco.com\/pl\/warunki\/#primaryimage","url":"https:\/\/www.villaggiosanfrancesco.com\/wp-content\/uploads\/2022\/08\/banner_cancellazione_villaggio_san_francesco.jpg","contentUrl":"https:\/\/www.villaggiosanfrancesco.com\/wp-content\/uploads\/2022\/08\/banner_cancellazione_villaggio_san_francesco.jpg","width":1920,"height":1000},{"@type":"BreadcrumbList","@id":"https:\/\/www.villaggiosanfrancesco.com\/pl\/warunki\/#breadcrumb","itemListElement":[{"@type":"ListItem","position":1,"name":"Home","item":"https:\/\/www.villaggiosanfrancesco.com\/pl\/"},{"@type":"ListItem","position":2,"name":"Warunki"}]},{"@type":"WebSite","@id":"https:\/\/www.villaggiosanfrancesco.com\/pl\/#website","url":"https:\/\/www.villaggiosanfrancesco.com\/pl\/","name":"Villaggio San Francesco","description":"Caorle, VENEZIA","publisher":{"@id":"https:\/\/www.villaggiosanfrancesco.com\/pl\/#organization"},"potentialAction":[{"@type":"SearchAction","target":{"@type":"EntryPoint","urlTemplate":"https:\/\/www.villaggiosanfrancesco.com\/pl\/?s={search_term_string}"},"query-input":{"@type":"PropertyValueSpecification","valueRequired":true,"valueName":"search_term_string"}}],"inLanguage":"pl-PL"},{"@type":"Organization","@id":"https:\/\/www.villaggiosanfrancesco.com\/pl\/#organization","name":"Villaggio San Francesco","url":"https:\/\/www.villaggiosanfrancesco.com\/pl\/","logo":{"@type":"ImageObject","inLanguage":"pl-PL","@id":"https:\/\/www.villaggiosanfrancesco.com\/pl\/#\/schema\/logo\/image\/","url":"https:\/\/www.villaggiosanfrancesco.com\/wp-content\/uploads\/2023\/03\/Logo-Villaggio-San-Francesco-Caorle-1.png","contentUrl":"https:\/\/www.villaggiosanfrancesco.com\/wp-content\/uploads\/2023\/03\/Logo-Villaggio-San-Francesco-Caorle-1.png","width":1206,"height":356,"caption":"Villaggio San Francesco"},"image":{"@id":"https:\/\/www.villaggiosanfrancesco.com\/pl\/#\/schema\/logo\/image\/"},"sameAs":["https:\/\/www.facebook.com\/VillaggioSanFrancesco\/","https:\/\/www.instagram.com\/villaggiosanfrancesco\/","https:\/\/www.youtube.com\/channel\/UClXJoJulrb1UANfZodeHn-g","https:\/\/www.tiktok.com\/@sanfrancescoresort"]}]}},"coauthors":[],"author_meta":{"author_link":"https:\/\/www.villaggiosanfrancesco.com\/pl\/news\/author\/admin\/","display_name":"admin"},"relative_dates":{"created":"Posted 2 lata ago","modified":"Updated 1 miesi\u0105c ago"},"absolute_dates":{"created":"Posted on 25 stycznia, 2024","modified":"Updated on 19 marca, 2026"},"absolute_dates_time":{"created":"Posted on 25 stycznia, 2024 10:57 am","modified":"Updated on 19 marca, 2026 1:22 pm"},"featured_img_caption":"","featured_img":"https:\/\/www.villaggiosanfrancesco.com\/wp-content\/uploads\/2022\/08\/banner_cancellazione_villaggio_san_francesco-1568x817.jpg","series_order":"","_links":{"self":[{"href":"https:\/\/www.villaggiosanfrancesco.com\/pl\/wp-json\/wp\/v2\/pages\/22425","targetHints":{"allow":["GET"]}}],"collection":[{"href":"https:\/\/www.villaggiosanfrancesco.com\/pl\/wp-json\/wp\/v2\/pages"}],"about":[{"href":"https:\/\/www.villaggiosanfrancesco.com\/pl\/wp-json\/wp\/v2\/types\/page"}],"author":[{"embeddable":true,"href":"https:\/\/www.villaggiosanfrancesco.com\/pl\/wp-json\/wp\/v2\/users\/1"}],"replies":[{"embeddable":true,"href":"https:\/\/www.villaggiosanfrancesco.com\/pl\/wp-json\/wp\/v2\/comments?post=22425"}],"version-history":[{"count":0,"href":"https:\/\/www.villaggiosanfrancesco.com\/pl\/wp-json\/wp\/v2\/pages\/22425\/revisions"}],"wp:featuredmedia":[{"embeddable":true,"href":"https:\/\/www.villaggiosanfrancesco.com\/pl\/wp-json\/wp\/v2\/media\/21613"}],"wp:attachment":[{"href":"https:\/\/www.villaggiosanfrancesco.com\/pl\/wp-json\/wp\/v2\/media?parent=22425"}],"curies":[{"name":"wp","href":"https:\/\/api.w.org\/{rel}","templated":true}]}}