{"id":22126,"date":"2024-01-25T10:56:50","date_gmt":"2024-01-25T09:56:50","guid":{"rendered":"https:\/\/www.villaggiosanfrancesco.com\/polityka-prywatnosci-dzialania-zwiazane-z-profilowaniem\/"},"modified":"2024-02-24T16:05:27","modified_gmt":"2024-02-24T15:05:27","slug":"polityka-prywatnosci-dzialania-zwiazane-z-profilowaniem","status":"publish","type":"page","link":"https:\/\/www.villaggiosanfrancesco.com\/pl\/polityka-prywatnosci-dzialania-zwiazane-z-profilowaniem\/","title":{"rendered":"Polityka prywatno\u015bci &#8211; dzia\u0142ania zwi\u0105zane z profilowaniem"},"content":{"rendered":"<div  class=\"grids-section grids-is-advanced alignfull\" style=\"--_gs-gap-desktop:0px 0px;--_gs-m-desktop:0 0 0 0;--_gs-p-desktop:0 0 0 0;--_gs-bg-desktop:transparent none;--_gs-bg-xp-desktop:0px;--_gs-zi-desktop:auto;--_gs-d-desktop:block;--_gs-mw-desktop:calc(100% - 0 - 0);--_gs-gap-tablet:0px 0px;--_gs-m-tablet:0 0 0 0;--_gs-p-tablet:0 0 0 0;--_gs-bg-tablet:transparent none;--_gs-bg-xp-tablet:0px;--_gs-zi-tablet:auto;--_gs-d-tablet:block;--_gs-mw-tablet:calc(100% - 0 - 0);--_gs-gap-mobile:0px 0px;--_gs-m-mobile:0 0 0 0;--_gs-p-mobile:0 0 0 0;--_gs-bg-mobile:transparent none;--_gs-bg-xp-mobile:0px;--_gs-zi-mobile:auto;--_gs-d-mobile:block;--_gs-mw-mobile:calc(100% - 0 - 0);--_gs-columns:12;--_gs-rows:6\"><div class=\"grids-s-w_i\">\n<div class=\"grids-area\" style=\"--_ga-column:2\/12;--_ga-row:1\/7;--_ga-m-desktop:0 0 0 0;--_ga-p-desktop:0 0 0 0;--_ga-bg-desktop:transparent none;--_ga-zi-desktop:auto;--_ga-d-desktop:flex;--_ga-mw-desktop:calc(100% - 0 - 0);--_ga-m-tablet:0 0 0 0;--_ga-p-tablet:0 0 0 0;--_ga-bg-tablet:transparent none;--_ga-zi-tablet:auto;--_ga-d-tablet:flex;--_ga-mw-tablet:calc(100% - 0 - 0);--_ga-m-mobile:0 0 0 0;--_ga-p-mobile:0 0 0 0;--_ga-bg-mobile:transparent none;--_ga-zi-mobile:auto;--_ga-d-mobile:flex;--_ga-mw-mobile:calc(100% - 0 - 0)\">\n\n<h2 class=\"wp-block-heading\">Informacje dotycz\u0105ce przetwarzania danych osobowych<\/h2>\n\n\n\n<h3 class=\"wp-block-heading\">1. Administrator danych<\/h3>\n\n\n\n<p>Administratorem danych osobowych jest sp\u00f3\u0142ka <strong>Biasuzzi S.p.A. &#8211; Dzia\u0142 Turystyki<\/strong> (zwana dalej r\u00f3wnie\u017c &#8222;Administratorem danych&#8221;), z siedzib\u0105 w Ponzano Veneto (TV), via Morganella Ovest n. i mo\u017cna si\u0119 z nim skontaktowa\u0107 w sprawach dotycz\u0105cych ochrony danych pod adresem e-mail <a href=\"mailto:privacy@biasuzzispa.com\">privacy@biasuzzispa.com<\/a>.<br\/>Aby zaoferowa\u0107 swoim klientom szerszy i bardziej kompletny zakres us\u0142ug turystycznych, Biasuzzi S.p.A. &#8211; Dzia\u0142 Turystyki zawar\u0142 umow\u0119 biznesow\u0105 ze sp\u00f3\u0142k\u0105 Industrial Project d.o.o. (zwan\u0105 dalej r\u00f3wnie\u017c &#8222;Joint Venture&#8221;), kt\u00f3ra ma siedzib\u0119 w Fazana (HR) przy ulicy Dragonja nr. 115, kt\u00f3rej udost\u0119pnia dane osobowe w celu zarz\u0105dzania programem zbierania punkt\u00f3w &#8222;BiCard&#8221;. Prowadz\u0105c wy\u017cej wymienione dzia\u0142ania, Biasuzzi S.p.A. &#8211; Dzia\u0142 Turystyki i Industrial Project d.o.o. dzia\u0142aj\u0105 jako wsp\u00f3\u0142administratorzy danych (w poni\u017cszej nocie informacyjnej, gdy u\u017cywane jest wyra\u017cenie &#8222;Wsp\u00f3\u0142administratorzy danych&#8221;, odniesienie b\u0119dzie zatem dotyczy\u0142o \u0142\u0105cznie Biasuzzi S.p.A. &#8211; Dzia\u0142 Turystyki i Industrial Project d.o.o.). Zgodnie z postanowieniami art. 26 RODO, obie sp\u00f3\u0142ki zawar\u0142y umow\u0119 reguluj\u0105c\u0105 ich role i obowi\u0105zki wobec zainteresowanych os\u00f3b, kt\u00f3rej wyci\u0105g mo\u017cna uzyska\u0107 od Biasuzzi S.p.A. &#8211; Dzia\u0142 Turystyki pod adresami wskazanymi powy\u017cej.<\/p>\n\n\n\n<h3 class=\"wp-block-heading\">2. Kategorie gromadzonych danych osobowych<\/h3>\n\n\n\n<p>Przetwarzane b\u0119d\u0105 nast\u0119puj\u0105ce kategorie danych osobowych: dane osobowe u\u017cytkownika, dane kontaktowe, informacje o wcze\u015bniejszych zakupach i wykorzystywanych us\u0142ugach.<\/p>\n\n\n\n<h3 class=\"wp-block-heading\">3. Cel, podstawa prawna i okres przechowywania<\/h3>\n\n\n\n<p>Dane osobowe b\u0119d\u0105 przetwarzane przez Biasuzzi S.p.A. &#8211; Tourism Division and Industrial Project d.o.o. w celach i na warunkach okre\u015blonych poni\u017cej.<\/p>\n\n\n\n<h4 class=\"wp-block-heading\">Cel<\/h4>\n\n\n\n<p>Personalizacja ofert handlowych: prowadzenie, r\u00f3wnie\u017c za pomoc\u0105 narz\u0119dzi elektronicznych, dzia\u0142a\u0144 maj\u0105cych na celu analiz\u0119 zachowa\u0144 i nawyk\u00f3w konsumpcyjnych konkretnych klient\u00f3w w celu poprawy \u015bwiadczonych us\u0142ug i kierowania do nich ofert handlowych, kt\u00f3re s\u0105 dla nich naprawd\u0119 interesuj\u0105ce.<\/p>\n\n\n\n<h4 class=\"wp-block-heading\">Podstawa prawna<\/h4>\n\n\n\n<p>Zgoda osoby zainteresowanej.<\/p>\n\n\n\n<h4 class=\"wp-block-heading\">Okres przechowywania<\/h4>\n\n\n\n<p>Przez dwana\u015bcie miesi\u0119cy lub do odwo\u0142ania zgody, w zale\u017cno\u015bci od tego, co nast\u0105pi wcze\u015bniej.<\/p>\n\n\n\n<h3 class=\"wp-block-heading\">4. Wydzia\u0142 zgody i ewentualna odmowa<\/h3>\n\n\n\n<p>Przetwarzanie danych opiera si\u0119 na zgodzie klienta, kt\u00f3rej klient mo\u017ce udzieli\u0107 lub odm\u00f3wi\u0107 i ewentualnie odwo\u0142a\u0107 w dowolnym momencie, z jedyn\u0105 konsekwencj\u0105, w przypadku odmowy lub odwo\u0142ania, nieotrzymywania komunikat\u00f3w promocyjnych spersonalizowanych na podstawie jego zakup\u00f3w i preferencji.<\/p>\n\n\n\n<h3 class=\"wp-block-heading\">5. Sposoby przetwarzania<\/h3>\n\n\n\n<p>Biasuzzi S.p.A. &#8211; Dzia\u0142 Turystyki przyj\u0105\u0142 okre\u015blone \u015brodki bezpiecze\u0144stwa, aby zapobiec utracie danych osobowych, ich niezgodnemu z prawem lub nieprawid\u0142owemu wykorzystaniu oraz nieuprawnionemu dost\u0119powi do nich.<\/p>\n\n\n\n<h3 class=\"wp-block-heading\">6. Zautomatyzowany proces podejmowania decyzji<\/h3>\n\n\n\n<p>Administrator danych przygotuje spersonalizowan\u0105 komunikacj\u0119, analizuj\u0105c, r\u00f3wnie\u017c za pomoc\u0105 zautomatyzowanych narz\u0119dzi, produkty i us\u0142ugi zam\u00f3wione przez osob\u0119, kt\u00f3rej dane dotycz\u0105, w celu zidentyfikowania i okre\u015blenia jej gust\u00f3w, preferencji, nawyk\u00f3w, potrzeb i wybor\u00f3w konsumpcyjnych.<\/p>\n\n\n\n<h3 class=\"wp-block-heading\">7. Kategorie odbiorc\u00f3w danych osobowych<\/h3>\n\n\n\n<p>W celu realizacji cel\u00f3w okre\u015blonych powy\u017cej Administrator Danych mo\u017ce przekazywa\u0107 zebrane dane wymienionym poni\u017cej kategoriom podmiot\u00f3w: dostawcom us\u0142ug IT, takich jak us\u0142ugi internetowe i przetwarzanie w chmurze; podmiotom prowadz\u0105cym dzia\u0142alno\u015b\u0107 w zakresie obs\u0142ugi klienta; profesjonalnym firmom i innym podmiotom \u015bwiadcz\u0105cym us\u0142ugi pomocy, doradztwa i komunikacji; zewn\u0119trznym specjalistom. W razie potrzeby odbiorcy danych zostan\u0105 wyznaczeni jako podmioty przetwarzaj\u0105ce dane zgodnie z postanowieniami art. 6 ust. 1 lit. a) RODO. 28 RODO.<\/p>\n\n\n\n<h3 class=\"wp-block-heading\">8. Przekazywanie danych do pa\u0144stw trzecich<\/h3>\n\n\n\n<p>Dane osobowe przetwarzane przez Administratora mog\u0105 by\u0107 przekazywane sp\u00f3\u0142kom z siedzib\u0105 w Stanach Zjednoczonych Ameryki (USA) dla realizacji cel\u00f3w wskazanych powy\u017cej. Przekazanie to nast\u0105pi wy\u0142\u0105cznie po podpisaniu mi\u0119dzy Biasuzzi S.p.A. &#8211; Dzia\u0142 Turystyki a firmami otrzymuj\u0105cymi dane standardowych um\u00f3w (S.C.C.) przyj\u0119tych przez Komisj\u0119 Unii Europejskiej (art. 46 ust. II lit. C i D RODO).<\/p>\n\n\n\n<h3 class=\"wp-block-heading\">9. Prawa zainteresowanych os\u00f3b<\/h3>\n\n\n\n<p>W odniesieniu do przekazanych danych osobowych osoby, kt\u00f3rych dane dotycz\u0105, maj\u0105 prawo w dowolnym momencie za\u017c\u0105da\u0107: potwierdzenia, czy dotycz\u0105ce ich dane osobowe s\u0105 przetwarzane, a je\u015bli tak, uzyskania dost\u0119pu do danych i ich kopii (art. 15 RODO); sprostowania wszelkich niedok\u0142adnych danych osobowych lub uzupe\u0142nienia niekompletnych danych (art. 16 RODO); w przypadkach wyra\u017anie przewidzianych w przepisach, usuni\u0119cia danych (art. 17 RODO), przenoszenia danych (art. 20 RODO), ograniczenia ich przetwarzania (art. 20 RODO). 16 RODO); w przypadkach wyra\u017anie przewidzianych w przepisach, usuni\u0119cia danych (art. 17 RODO), przenoszenia danych (art. 20 RODO), ograniczenia ich przetwarzania (art. 18 RODO) oraz sprzeciwu wobec przetwarzania danych po wycofaniu zgody (art. 21 RODO).<br\/>Aby skorzysta\u0107 z tych praw, zainteresowane strony mog\u0105 przes\u0142a\u0107 swoje wnioski poczt\u0105 elektroniczn\u0105 do Administratora na adres <a href=\"mailto:privacy@biasuzzispa.com\">privacy@biasuzzispa.com<\/a>. Zainteresowane strony mog\u0105 r\u00f3wnie\u017c skorzysta\u0107 z adres\u00f3w pocztowych wskazanych w pkt 1 niniejszego arkusza informacyjnego.<br\/>Je\u015bli osoby, kt\u00f3rych dane dotycz\u0105, uwa\u017caj\u0105, \u017ce ich prawa wynikaj\u0105ce z przepis\u00f3w o ochronie danych zosta\u0142y naruszone, mog\u0105 z\u0142o\u017cy\u0107 skarg\u0119 do organu nadzorczego<a href=\"http:\/\/www.garanteprivacy.it\" target=\"_blank\" rel=\"noreferrer noopener\">(www.garanteprivacy.it<\/a>) zgodnie z art. 6 ust. 1 lit. a) RODO. 77 RODO.<\/p>\n\n<\/div>\n<\/div><\/div>","protected":false},"excerpt":{"rendered":"","protected":false},"author":1,"featured_media":21724,"parent":0,"menu_order":0,"comment_status":"closed","ping_status":"closed","template":"","meta":{"_acf_changed":false,"advgb_blocks_editor_width":"","advgb_blocks_columns_visual_guide":"","footnotes":""},"class_list":["post-22126","page","type-page","status-publish","has-post-thumbnail","hentry","entry"],"acf":[],"yoast_head":"<!-- This site is optimized with the Yoast SEO plugin v26.0 - https:\/\/yoast.com\/wordpress\/plugins\/seo\/ -->\n<title>Polityka prywatno\u015bci - dzia\u0142ania zwi\u0105zane z profilowaniem - Villaggio San Francesco<\/title>\n<meta name=\"robots\" content=\"index, follow, max-snippet:-1, max-image-preview:large, max-video-preview:-1\" \/>\n<link rel=\"canonical\" href=\"https:\/\/www.villaggiosanfrancesco.com\/pl\/polityka-prywatnosci-dzialania-zwiazane-z-profilowaniem\/\" \/>\n<meta property=\"og:locale\" content=\"pl_PL\" \/>\n<meta property=\"og:type\" content=\"article\" \/>\n<meta property=\"og:title\" content=\"Polityka prywatno\u015bci - dzia\u0142ania zwi\u0105zane z profilowaniem - Villaggio San Francesco\" \/>\n<meta property=\"og:url\" content=\"https:\/\/www.villaggiosanfrancesco.com\/pl\/polityka-prywatnosci-dzialania-zwiazane-z-profilowaniem\/\" \/>\n<meta property=\"og:site_name\" content=\"Villaggio San Francesco\" \/>\n<meta property=\"article:publisher\" content=\"https:\/\/www.facebook.com\/VillaggioSanFrancesco\/\" \/>\n<meta property=\"article:modified_time\" content=\"2024-02-24T15:05:27+00:00\" \/>\n<meta property=\"og:image\" content=\"https:\/\/www.villaggiosanfrancesco.com\/wp-content\/uploads\/2022\/08\/reception_VillaggioSanFrancesco.jpg\" \/>\n\t<meta property=\"og:image:width\" content=\"2000\" \/>\n\t<meta property=\"og:image:height\" content=\"870\" \/>\n\t<meta property=\"og:image:type\" content=\"image\/jpeg\" \/>\n<meta name=\"twitter:card\" content=\"summary_large_image\" \/>\n<meta name=\"twitter:label1\" content=\"Szacowany czas czytania\" \/>\n\t<meta name=\"twitter:data1\" content=\"4 minuty\" \/>\n<script type=\"application\/ld+json\" class=\"yoast-schema-graph\">{\"@context\":\"https:\/\/schema.org\",\"@graph\":[{\"@type\":\"WebPage\",\"@id\":\"https:\/\/www.villaggiosanfrancesco.com\/pl\/polityka-prywatnosci-dzialania-zwiazane-z-profilowaniem\/\",\"url\":\"https:\/\/www.villaggiosanfrancesco.com\/pl\/polityka-prywatnosci-dzialania-zwiazane-z-profilowaniem\/\",\"name\":\"Polityka prywatno\u015bci - dzia\u0142ania zwi\u0105zane z profilowaniem - Villaggio San Francesco\",\"isPartOf\":{\"@id\":\"https:\/\/www.villaggiosanfrancesco.com\/pl\/#website\"},\"primaryImageOfPage\":{\"@id\":\"https:\/\/www.villaggiosanfrancesco.com\/pl\/polityka-prywatnosci-dzialania-zwiazane-z-profilowaniem\/#primaryimage\"},\"image\":{\"@id\":\"https:\/\/www.villaggiosanfrancesco.com\/pl\/polityka-prywatnosci-dzialania-zwiazane-z-profilowaniem\/#primaryimage\"},\"thumbnailUrl\":\"https:\/\/www.villaggiosanfrancesco.com\/wp-content\/uploads\/2022\/08\/reception_VillaggioSanFrancesco.jpg\",\"datePublished\":\"2024-01-25T09:56:50+00:00\",\"dateModified\":\"2024-02-24T15:05:27+00:00\",\"breadcrumb\":{\"@id\":\"https:\/\/www.villaggiosanfrancesco.com\/pl\/polityka-prywatnosci-dzialania-zwiazane-z-profilowaniem\/#breadcrumb\"},\"inLanguage\":\"pl-PL\",\"potentialAction\":[{\"@type\":\"ReadAction\",\"target\":[\"https:\/\/www.villaggiosanfrancesco.com\/pl\/polityka-prywatnosci-dzialania-zwiazane-z-profilowaniem\/\"]}]},{\"@type\":\"ImageObject\",\"inLanguage\":\"pl-PL\",\"@id\":\"https:\/\/www.villaggiosanfrancesco.com\/pl\/polityka-prywatnosci-dzialania-zwiazane-z-profilowaniem\/#primaryimage\",\"url\":\"https:\/\/www.villaggiosanfrancesco.com\/wp-content\/uploads\/2022\/08\/reception_VillaggioSanFrancesco.jpg\",\"contentUrl\":\"https:\/\/www.villaggiosanfrancesco.com\/wp-content\/uploads\/2022\/08\/reception_VillaggioSanFrancesco.jpg\",\"width\":2000,\"height\":870},{\"@type\":\"BreadcrumbList\",\"@id\":\"https:\/\/www.villaggiosanfrancesco.com\/pl\/polityka-prywatnosci-dzialania-zwiazane-z-profilowaniem\/#breadcrumb\",\"itemListElement\":[{\"@type\":\"ListItem\",\"position\":1,\"name\":\"Home\",\"item\":\"https:\/\/www.villaggiosanfrancesco.com\/pl\/\"},{\"@type\":\"ListItem\",\"position\":2,\"name\":\"Polityka prywatno\u015bci &#8211; dzia\u0142ania zwi\u0105zane z profilowaniem\"}]},{\"@type\":\"WebSite\",\"@id\":\"https:\/\/www.villaggiosanfrancesco.com\/pl\/#website\",\"url\":\"https:\/\/www.villaggiosanfrancesco.com\/pl\/\",\"name\":\"Villaggio San Francesco\",\"description\":\"Caorle, VENEZIA\",\"publisher\":{\"@id\":\"https:\/\/www.villaggiosanfrancesco.com\/pl\/#organization\"},\"potentialAction\":[{\"@type\":\"SearchAction\",\"target\":{\"@type\":\"EntryPoint\",\"urlTemplate\":\"https:\/\/www.villaggiosanfrancesco.com\/pl\/?s={search_term_string}\"},\"query-input\":{\"@type\":\"PropertyValueSpecification\",\"valueRequired\":true,\"valueName\":\"search_term_string\"}}],\"inLanguage\":\"pl-PL\"},{\"@type\":\"Organization\",\"@id\":\"https:\/\/www.villaggiosanfrancesco.com\/pl\/#organization\",\"name\":\"Villaggio San Francesco\",\"url\":\"https:\/\/www.villaggiosanfrancesco.com\/pl\/\",\"logo\":{\"@type\":\"ImageObject\",\"inLanguage\":\"pl-PL\",\"@id\":\"https:\/\/www.villaggiosanfrancesco.com\/pl\/#\/schema\/logo\/image\/\",\"url\":\"https:\/\/www.villaggiosanfrancesco.com\/wp-content\/uploads\/2023\/03\/Logo-Villaggio-San-Francesco-Caorle-1.png\",\"contentUrl\":\"https:\/\/www.villaggiosanfrancesco.com\/wp-content\/uploads\/2023\/03\/Logo-Villaggio-San-Francesco-Caorle-1.png\",\"width\":1206,\"height\":356,\"caption\":\"Villaggio San Francesco\"},\"image\":{\"@id\":\"https:\/\/www.villaggiosanfrancesco.com\/pl\/#\/schema\/logo\/image\/\"},\"sameAs\":[\"https:\/\/www.facebook.com\/VillaggioSanFrancesco\/\",\"https:\/\/www.instagram.com\/villaggiosanfrancesco\/\",\"https:\/\/www.youtube.com\/channel\/UClXJoJulrb1UANfZodeHn-g\",\"https:\/\/www.tiktok.com\/@sanfrancescoresort\"]}]}<\/script>\n<!-- \/ Yoast SEO plugin. -->","yoast_head_json":{"title":"Polityka prywatno\u015bci - dzia\u0142ania zwi\u0105zane z profilowaniem - Villaggio San Francesco","robots":{"index":"index","follow":"follow","max-snippet":"max-snippet:-1","max-image-preview":"max-image-preview:large","max-video-preview":"max-video-preview:-1"},"canonical":"https:\/\/www.villaggiosanfrancesco.com\/pl\/polityka-prywatnosci-dzialania-zwiazane-z-profilowaniem\/","og_locale":"pl_PL","og_type":"article","og_title":"Polityka prywatno\u015bci - dzia\u0142ania zwi\u0105zane z profilowaniem - Villaggio San Francesco","og_url":"https:\/\/www.villaggiosanfrancesco.com\/pl\/polityka-prywatnosci-dzialania-zwiazane-z-profilowaniem\/","og_site_name":"Villaggio San Francesco","article_publisher":"https:\/\/www.facebook.com\/VillaggioSanFrancesco\/","article_modified_time":"2024-02-24T15:05:27+00:00","og_image":[{"width":2000,"height":870,"url":"https:\/\/www.villaggiosanfrancesco.com\/wp-content\/uploads\/2022\/08\/reception_VillaggioSanFrancesco.jpg","type":"image\/jpeg"}],"twitter_card":"summary_large_image","twitter_misc":{"Szacowany czas czytania":"4 minuty"},"schema":{"@context":"https:\/\/schema.org","@graph":[{"@type":"WebPage","@id":"https:\/\/www.villaggiosanfrancesco.com\/pl\/polityka-prywatnosci-dzialania-zwiazane-z-profilowaniem\/","url":"https:\/\/www.villaggiosanfrancesco.com\/pl\/polityka-prywatnosci-dzialania-zwiazane-z-profilowaniem\/","name":"Polityka prywatno\u015bci - dzia\u0142ania zwi\u0105zane z profilowaniem - Villaggio San Francesco","isPartOf":{"@id":"https:\/\/www.villaggiosanfrancesco.com\/pl\/#website"},"primaryImageOfPage":{"@id":"https:\/\/www.villaggiosanfrancesco.com\/pl\/polityka-prywatnosci-dzialania-zwiazane-z-profilowaniem\/#primaryimage"},"image":{"@id":"https:\/\/www.villaggiosanfrancesco.com\/pl\/polityka-prywatnosci-dzialania-zwiazane-z-profilowaniem\/#primaryimage"},"thumbnailUrl":"https:\/\/www.villaggiosanfrancesco.com\/wp-content\/uploads\/2022\/08\/reception_VillaggioSanFrancesco.jpg","datePublished":"2024-01-25T09:56:50+00:00","dateModified":"2024-02-24T15:05:27+00:00","breadcrumb":{"@id":"https:\/\/www.villaggiosanfrancesco.com\/pl\/polityka-prywatnosci-dzialania-zwiazane-z-profilowaniem\/#breadcrumb"},"inLanguage":"pl-PL","potentialAction":[{"@type":"ReadAction","target":["https:\/\/www.villaggiosanfrancesco.com\/pl\/polityka-prywatnosci-dzialania-zwiazane-z-profilowaniem\/"]}]},{"@type":"ImageObject","inLanguage":"pl-PL","@id":"https:\/\/www.villaggiosanfrancesco.com\/pl\/polityka-prywatnosci-dzialania-zwiazane-z-profilowaniem\/#primaryimage","url":"https:\/\/www.villaggiosanfrancesco.com\/wp-content\/uploads\/2022\/08\/reception_VillaggioSanFrancesco.jpg","contentUrl":"https:\/\/www.villaggiosanfrancesco.com\/wp-content\/uploads\/2022\/08\/reception_VillaggioSanFrancesco.jpg","width":2000,"height":870},{"@type":"BreadcrumbList","@id":"https:\/\/www.villaggiosanfrancesco.com\/pl\/polityka-prywatnosci-dzialania-zwiazane-z-profilowaniem\/#breadcrumb","itemListElement":[{"@type":"ListItem","position":1,"name":"Home","item":"https:\/\/www.villaggiosanfrancesco.com\/pl\/"},{"@type":"ListItem","position":2,"name":"Polityka prywatno\u015bci &#8211; dzia\u0142ania zwi\u0105zane z profilowaniem"}]},{"@type":"WebSite","@id":"https:\/\/www.villaggiosanfrancesco.com\/pl\/#website","url":"https:\/\/www.villaggiosanfrancesco.com\/pl\/","name":"Villaggio San Francesco","description":"Caorle, VENEZIA","publisher":{"@id":"https:\/\/www.villaggiosanfrancesco.com\/pl\/#organization"},"potentialAction":[{"@type":"SearchAction","target":{"@type":"EntryPoint","urlTemplate":"https:\/\/www.villaggiosanfrancesco.com\/pl\/?s={search_term_string}"},"query-input":{"@type":"PropertyValueSpecification","valueRequired":true,"valueName":"search_term_string"}}],"inLanguage":"pl-PL"},{"@type":"Organization","@id":"https:\/\/www.villaggiosanfrancesco.com\/pl\/#organization","name":"Villaggio San Francesco","url":"https:\/\/www.villaggiosanfrancesco.com\/pl\/","logo":{"@type":"ImageObject","inLanguage":"pl-PL","@id":"https:\/\/www.villaggiosanfrancesco.com\/pl\/#\/schema\/logo\/image\/","url":"https:\/\/www.villaggiosanfrancesco.com\/wp-content\/uploads\/2023\/03\/Logo-Villaggio-San-Francesco-Caorle-1.png","contentUrl":"https:\/\/www.villaggiosanfrancesco.com\/wp-content\/uploads\/2023\/03\/Logo-Villaggio-San-Francesco-Caorle-1.png","width":1206,"height":356,"caption":"Villaggio San Francesco"},"image":{"@id":"https:\/\/www.villaggiosanfrancesco.com\/pl\/#\/schema\/logo\/image\/"},"sameAs":["https:\/\/www.facebook.com\/VillaggioSanFrancesco\/","https:\/\/www.instagram.com\/villaggiosanfrancesco\/","https:\/\/www.youtube.com\/channel\/UClXJoJulrb1UANfZodeHn-g","https:\/\/www.tiktok.com\/@sanfrancescoresort"]}]}},"coauthors":[],"author_meta":{"author_link":"https:\/\/www.villaggiosanfrancesco.com\/pl\/news\/author\/admin\/","display_name":"admin"},"relative_dates":{"created":"Posted 2 lata ago","modified":"Updated 2 lata ago"},"absolute_dates":{"created":"Posted on 25 stycznia, 2024","modified":"Updated on 24 lutego, 2024"},"absolute_dates_time":{"created":"Posted on 25 stycznia, 2024 10:56 am","modified":"Updated on 24 lutego, 2024 4:05 pm"},"featured_img_caption":"","featured_img":"https:\/\/www.villaggiosanfrancesco.com\/wp-content\/uploads\/2022\/08\/reception_VillaggioSanFrancesco-1568x682.jpg","series_order":"","_links":{"self":[{"href":"https:\/\/www.villaggiosanfrancesco.com\/pl\/wp-json\/wp\/v2\/pages\/22126","targetHints":{"allow":["GET"]}}],"collection":[{"href":"https:\/\/www.villaggiosanfrancesco.com\/pl\/wp-json\/wp\/v2\/pages"}],"about":[{"href":"https:\/\/www.villaggiosanfrancesco.com\/pl\/wp-json\/wp\/v2\/types\/page"}],"author":[{"embeddable":true,"href":"https:\/\/www.villaggiosanfrancesco.com\/pl\/wp-json\/wp\/v2\/users\/1"}],"replies":[{"embeddable":true,"href":"https:\/\/www.villaggiosanfrancesco.com\/pl\/wp-json\/wp\/v2\/comments?post=22126"}],"version-history":[{"count":0,"href":"https:\/\/www.villaggiosanfrancesco.com\/pl\/wp-json\/wp\/v2\/pages\/22126\/revisions"}],"wp:featuredmedia":[{"embeddable":true,"href":"https:\/\/www.villaggiosanfrancesco.com\/pl\/wp-json\/wp\/v2\/media\/21724"}],"wp:attachment":[{"href":"https:\/\/www.villaggiosanfrancesco.com\/pl\/wp-json\/wp\/v2\/media?parent=22126"}],"curies":[{"name":"wp","href":"https:\/\/api.w.org\/{rel}","templated":true}]}}