{"id":22004,"date":"2024-01-25T10:56:17","date_gmt":"2024-01-25T09:56:17","guid":{"rendered":"https:\/\/www.villaggiosanfrancesco.com\/apartament-villino\/"},"modified":"2025-02-21T10:54:15","modified_gmt":"2025-02-21T09:54:15","slug":"apartament-villino","status":"publish","type":"page","link":"https:\/\/www.villaggiosanfrancesco.com\/pl\/zakwaterowanie\/apartament-villino\/","title":{"rendered":"Holiday Home &amp; Villini"},"content":{"rendered":"<div  class=\"grids-section row-elenchi grids-is-advanced alignfull\" style=\"--_gs-gap-desktop:0px 0px;--_gs-m-desktop:0 0 0 0;--_gs-p-desktop:0 0 0 0;--_gs-bg-desktop:transparent none;--_gs-bg-xp-desktop:0px;--_gs-zi-desktop:auto;--_gs-d-desktop:block;--_gs-mw-desktop:calc(100% - 0 - 0);--_gs-gap-tablet:0px 0px;--_gs-m-tablet:0 0 0 0;--_gs-p-tablet:0 0 0 0;--_gs-bg-tablet:transparent none;--_gs-bg-xp-tablet:0px;--_gs-zi-tablet:auto;--_gs-d-tablet:block;--_gs-mw-tablet:calc(100% - 0 - 0);--_gs-gap-mobile:0px 0px;--_gs-m-mobile:0 0 0 0;--_gs-p-mobile:0 0 0 0;--_gs-bg-mobile:transparent none;--_gs-bg-xp-mobile:0px;--_gs-zi-mobile:auto;--_gs-d-mobile:block;--_gs-mw-mobile:calc(100% - 0 - 0);--_gs-columns:12;--_gs-rows:6\"><div class=\"grids-s-w_i\">\n<div class=\"grids-area\" style=\"--_ga-column:2\/12;--_ga-row:1\/3;--_ga-m-desktop:0 0 0 0;--_ga-p-desktop:0 0 0 0;--_ga-bg-desktop:transparent none;--_ga-zi-desktop:auto;--_ga-d-desktop:flex;--_ga-mw-desktop:calc(100% - 0 - 0);--_ga-m-tablet:0 0 0 0;--_ga-p-tablet:0 0 0 0;--_ga-bg-tablet:transparent none;--_ga-zi-tablet:auto;--_ga-d-tablet:flex;--_ga-mw-tablet:calc(100% - 0 - 0);--_ga-m-mobile:0 0 0 0;--_ga-p-mobile:0 0 0 0;--_ga-bg-mobile:transparent none;--_ga-zi-mobile:auto;--_ga-d-mobile:flex;--_ga-mw-mobile:calc(100% - 0 - 0)\">\n\n<h2 class=\"wp-block-heading has-text-align-center\">R\u00f3\u017cne typy apartament\u00f3w do wyboru, aby zapewni\u0107 Ci najlepsze wakacje!<\/h2>\n\n\n\n<p>Dla <strong>2, 3, 4, a nawet 8 os\u00f3b lub solo.<\/strong> Dlaczego nie? Villaggio San Francesco ma <strong>rozwi\u0105zanie szyte na miar\u0119 dla Ciebie<\/strong>! Z <strong>prywatnym tarasem<\/strong>, jedn\u0105 lub dwoma \u0142azienkami, zlokalizowane w domach szeregowych. Apartamenty s\u0105 idealne dla tych, kt\u00f3rzy wol\u0105 sp\u0119dzi\u0107 wakacje w <strong>murowanym<\/strong> domu. Na naszym kempingu znajdziesz idealne rozwi\u0105zanie dla siebie, zaledwie rzut kamieniem od Caorle i Wenecji.<\/p>\n\n\n\n<div style=\"height:60px\" aria-hidden=\"true\" class=\"wp-block-spacer\"><\/div>\n\n\n\n<h2 class=\"wp-block-heading\">Du\u017cy wyb\u00f3r, aby zaspokoi\u0107 potrzeby ka\u017cdego<\/h2>\n\n<\/div>\n<\/div><\/div>\n\n\t<div class=\"slider-novita-container-wrapper\" id=\"swiperSliderNovita1\">\n\t\t<div class=\"swiper-wrapper\">\n\t\t\t\t\t\t\t\t\t\t\t<div class=\"single-slide-novita swiper-slide\">\n\t\t\t\t\t<div class=\"single-slider-novita-image\">\n\t\t\t\t\t\t\t\t\t\t\t\t\t<span class=\"label\">NOWO\u015a\u0106!<\/span>\n\t\t\t\t\t\t\n\t\t\t\t\t\t<figure class=\"full-width\" style=\"background-color: #8e9090;\">\n\t\t\t\t\t\t\t<img decoding=\"async\" src=\"https:\/\/www.villaggiosanfrancesco.com\/wp-content\/uploads\/2025\/01\/00_villaggio-san-francesco_render-UA_cucina-vista-divano_5-b.webp\" width=\"1280\" height=\"960\" \/>\n\t\t\t\t\t\t<\/figure>\n\t\t\t\t\t<\/div>\n\t\t\t\t\t<div class=\"single-slider-novita-background\"><\/div>\n\t\t\t\t\t<div class=\"single-slider-novita-content\">\n\t\t\t\t\t\t<h2>Holiday Home Deluxe<\/h2>\n<p>Lubisz nowo\u015bci? Wypr\u00f3buj Holiday Home Deluxe, super <strong>design i najlepsze us\u0142ugi<\/strong>!<\/p>\n\t\t\t\t\t<\/div>\n\t\t\t\t<\/div>\n\t\t\t\t\n\t\t\t\t\t<\/div>\n\t\t<div class=\"swiper-pagination\"><\/div>\n\t<\/div>\n\n\t\n\n\n\n<div  class=\"grids-section grids-is-advanced alignfull\" style=\"--_gs-gap-desktop:0px 0px;--_gs-m-desktop:0 0 0 0;--_gs-p-desktop:0 0 0 0;--_gs-bg-desktop:transparent none;--_gs-bg-xp-desktop:0px;--_gs-zi-desktop:auto;--_gs-d-desktop:block;--_gs-mw-desktop:calc(100% - 0 - 0);--_gs-gap-tablet:0px 0px;--_gs-m-tablet:0 0 0 0;--_gs-p-tablet:0 0 0 0;--_gs-bg-tablet:transparent none;--_gs-bg-xp-tablet:0px;--_gs-zi-tablet:auto;--_gs-d-tablet:block;--_gs-mw-tablet:calc(100% - 0 - 0);--_gs-gap-mobile:0px 0px;--_gs-m-mobile:0 0 0 0;--_gs-p-mobile:0 0 0 0;--_gs-bg-mobile:transparent none;--_gs-bg-xp-mobile:0px;--_gs-zi-mobile:auto;--_gs-d-mobile:block;--_gs-mw-mobile:calc(100% - 0 - 0);--_gs-columns:12;--_gs-rows:6\"><div class=\"grids-s-w_i\">\n<div class=\"grids-area\" style=\"--_ga-column:2\/12;--_ga-row:1\/7;--_ga-m-desktop:0 0 0 0;--_ga-p-desktop:0 0 0 0;--_ga-bg-desktop:transparent none;--_ga-zi-desktop:auto;--_ga-d-desktop:flex;--_ga-mw-desktop:calc(100% - 0 - 0);--_ga-m-tablet:0 0 0 0;--_ga-p-tablet:0 0 0 0;--_ga-bg-tablet:transparent none;--_ga-zi-tablet:auto;--_ga-d-tablet:flex;--_ga-mw-tablet:calc(100% - 0 - 0);--_ga-m-mobile:0 0 0 0;--_ga-p-mobile:0 0 0 0;--_ga-bg-mobile:transparent none;--_ga-zi-mobile:auto;--_ga-d-mobile:flex;--_ga-mw-mobile:calc(100% - 0 - 0)\">\n\n<div style=\"height:50px\" aria-hidden=\"true\" class=\"wp-block-spacer\"><\/div>\n\n\n\n<div id=\"ammodationsList_2\" class=\"accommodations-list-container\" style=\"--accommodations-list-container-columns: 3\">\n\t\t\t\t\t<div class=\"accommodations-list-container-single \" onclick=\"window.open('https:\/\/www.villaggiosanfrancesco.com\/pl\/accommodations\/accessible\/holiday-home-comfort-plus-accessible\/')\">\n\t\t\t\t\t\t\t\t\t<span class=\"label\">\n\t\t\t\t\t\tWi\u0119kszy komfort\t\t\t\t\t<\/span>\n\t\t\t\t\t\t\t\t\n\t\t\t\t\t\t\t\t\t<a href=\"https:\/\/www.villaggiosanfrancesco.com\/pl\/accommodations\/accessible\/holiday-home-comfort-plus-accessible\/\" class=\"accommodations-list-container-single-img\" title=\"Holiday Home Comfort Plus Accessible\" target=\"_blank\">\n\t\t\t\t\t\t<figure class=\"full-width\" style=\"background-color: #c5c1be;\">\n\t\t\t\t\t\t\t<img decoding=\"async\" src=\"https:\/\/www.villaggiosanfrancesco.com\/wp-content\/uploads\/2022\/06\/Apartment_Superior_Plus_soggiorno_con_vista_Villaggio_San_Francesco.jpg\" width=\"1800\" height=\"1200\" \/>\n\t\t\t\t\t\t<\/figure>\n\t\t\t\t\t<\/a>\n\t\t\t\t\t\t\t\t\n\t\t\t\t<a href=\"https:\/\/www.villaggiosanfrancesco.com\/pl\/accommodations\/accessible\/holiday-home-comfort-plus-accessible\/\" class=\"accommodations-list-container-single-title\" title=\"Holiday Home Comfort Plus Accessible\" target=\"_blank\">\n\t\t\t\t\t<h3>Holiday Home Comfort Plus Accessible<\/h3>\n\t\t\t\t<\/a>\n\n\t\t\t\t<div class=\"accommodations-list-container-single-features\">\n\t\t\t\t\t\t\t\t\t\t\t\t\t\t\t\t\t\t\t\t\t\t\t<span class=\"feature-box feature-box-occupancy\">\n\t\t\t\t\t\t\t\t<i class=\"fa-regular fa-people-group\"><\/i>\n\t\t\t\t\t\t\t\t<span>7 os\u00f3b<\/span>\n\t\t\t\t\t\t\t<\/span>\n\t\t\t\t\t\t\t\t\t\t\t\t\t\t\t\t\t\t\t\t\t\t<span class=\"feature-box\" title=\"dost\u0119pny\">\n\t\t\t\t\t\t\t<i class=\"fa-regular fa-wheelchair\"><\/i>\n\t\t\t\t\t\t<\/span>\n\t\t\t\t\t\n\t\t\t\t\t\t\t\t\t\t\t<span class=\"feature-box\" title=\"zwierz\u0119ta dozwolone\">\n\t\t\t\t\t\t\t<i class=\"fa-regular fa-dog\"><\/i>\n\t\t\t\t\t\t<\/span>\n\t\t\t\t\t\n\t\t\t\t\t\n\t\t\t\t<\/div>\n\n\t\t\t\t<div class=\"accommodations-list-container-single-short-description\">\n\t\t\t\t\t\u0141atwo dost\u0119pny\t\t\t\t<\/div>\n\n\t\t\t\t<a href=\"https:\/\/www.villaggiosanfrancesco.com\/pl\/accommodations\/accessible\/holiday-home-comfort-plus-accessible\/\" title=\"Holiday Home Comfort Plus Accessible\" class=\"btn accommodations-list-container-single-button\" target=\"_blank\">\n\t\t\t\t\todkrywa\u0107\t\t\t\t<\/a>\n\t\t\t<\/div>\n\t\t\t\t\t\t<div class=\"accommodations-list-container-single \" onclick=\"window.open('https:\/\/www.villaggiosanfrancesco.com\/pl\/accommodations\/apartament-villino\/holiday-home-comfort\/')\">\n\t\t\t\t\t\t\t\t\t<span class=\"label\">\n\t\t\t\t\t\tPolecane przez nas\t\t\t\t\t<\/span>\n\t\t\t\t\t\t\t\t\n\t\t\t\t\t\t\t\t\t<a href=\"https:\/\/www.villaggiosanfrancesco.com\/pl\/accommodations\/apartament-villino\/holiday-home-comfort\/\" class=\"accommodations-list-container-single-img\" title=\"Holiday Home Comfort\" target=\"_blank\">\n\t\t\t\t\t\t<figure class=\"full-width\" style=\"background-color: #889890;\">\n\t\t\t\t\t\t\t<img decoding=\"async\" src=\"https:\/\/www.villaggiosanfrancesco.com\/wp-content\/uploads\/2022\/06\/Apartment_Superior_esterno_Villaggio_San_Francesco.jpg\" width=\"1800\" height=\"1200\" \/>\n\t\t\t\t\t\t<\/figure>\n\t\t\t\t\t<\/a>\n\t\t\t\t\t\t\t\t\n\t\t\t\t<a href=\"https:\/\/www.villaggiosanfrancesco.com\/pl\/accommodations\/apartament-villino\/holiday-home-comfort\/\" class=\"accommodations-list-container-single-title\" title=\"Holiday Home Comfort\" target=\"_blank\">\n\t\t\t\t\t<h3>Holiday Home Comfort<\/h3>\n\t\t\t\t<\/a>\n\n\t\t\t\t<div class=\"accommodations-list-container-single-features\">\n\t\t\t\t\t\t\t\t\t\t\t\t\t\t\t\t\t\t\t\t\t\t\t<span class=\"feature-box feature-box-occupancy\">\n\t\t\t\t\t\t\t\t<i class=\"fa-regular fa-people-group\"><\/i>\n\t\t\t\t\t\t\t\t<span>5 os\u00f3b<\/span>\n\t\t\t\t\t\t\t<\/span>\n\t\t\t\t\t\t\t\t\t\t\t\t\t\t\t\t\n\t\t\t\t\t\t\t\t\t\t\t<span class=\"feature-box\" title=\"zwierz\u0119ta dozwolone\">\n\t\t\t\t\t\t\t<i class=\"fa-regular fa-dog\"><\/i>\n\t\t\t\t\t\t<\/span>\n\t\t\t\t\t\n\t\t\t\t\t\n\t\t\t\t<\/div>\n\n\t\t\t\t<div class=\"accommodations-list-container-single-short-description\">\n\t\t\t\t\tZ widokiem na wysadzany drzewami dziedziniec\t\t\t\t<\/div>\n\n\t\t\t\t<a href=\"https:\/\/www.villaggiosanfrancesco.com\/pl\/accommodations\/apartament-villino\/holiday-home-comfort\/\" title=\"Holiday Home Comfort\" class=\"btn accommodations-list-container-single-button\" target=\"_blank\">\n\t\t\t\t\todkrywa\u0107\t\t\t\t<\/a>\n\t\t\t<\/div>\n\t\t\t\t\t\t<div class=\"accommodations-list-container-single \" onclick=\"window.open('https:\/\/www.villaggiosanfrancesco.com\/pl\/accommodations\/apartament-villino\/holiday-home-deluxe\/')\">\n\t\t\t\t\t\t\t\t\t<span class=\"label\">\n\t\t\t\t\t\tNowo\u015b\u0107\t\t\t\t\t<\/span>\n\t\t\t\t\t\t\t\t\n\t\t\t\t\t\t\t\t\t<a href=\"https:\/\/www.villaggiosanfrancesco.com\/pl\/accommodations\/apartament-villino\/holiday-home-deluxe\/\" class=\"accommodations-list-container-single-img\" title=\"Holiday Home Deluxe\" target=\"_blank\">\n\t\t\t\t\t\t<figure class=\"full-width\" style=\"background-color: #949491;\">\n\t\t\t\t\t\t\t<img decoding=\"async\" src=\"https:\/\/www.villaggiosanfrancesco.com\/wp-content\/uploads\/2025\/01\/Deluxe-9.webp\" width=\"1920\" height=\"1280\" \/>\n\t\t\t\t\t\t<\/figure>\n\t\t\t\t\t<\/a>\n\t\t\t\t\t\t\t\t\n\t\t\t\t<a href=\"https:\/\/www.villaggiosanfrancesco.com\/pl\/accommodations\/apartament-villino\/holiday-home-deluxe\/\" class=\"accommodations-list-container-single-title\" title=\"Holiday Home Deluxe\" target=\"_blank\">\n\t\t\t\t\t<h3>Holiday Home Deluxe<\/h3>\n\t\t\t\t<\/a>\n\n\t\t\t\t<div class=\"accommodations-list-container-single-features\">\n\t\t\t\t\t\t\t\t\t\t\t\t\t\t\t\t\t\t\t\t\t\t\t<span class=\"feature-box feature-box-occupancy\">\n\t\t\t\t\t\t\t\t<i class=\"fa-regular fa-people-group\"><\/i>\n\t\t\t\t\t\t\t\t<span>6 os\u00f3b<\/span>\n\t\t\t\t\t\t\t<\/span>\n\t\t\t\t\t\t\t\t\t\t\t\t\t\t\t\t\n\t\t\t\t\t\t\t\t\t\t\t<span class=\"feature-box\" title=\"zwierz\u0119ta dozwolone\">\n\t\t\t\t\t\t\t<i class=\"fa-regular fa-dog\"><\/i>\n\t\t\t\t\t\t<\/span>\n\t\t\t\t\t\n\t\t\t\t\t\n\t\t\t\t<\/div>\n\n\t\t\t\t<div class=\"accommodations-list-container-single-short-description\">\n\t\t\t\t\tZ widokiem na wysadzany drzewami dziedziniec\t\t\t\t<\/div>\n\n\t\t\t\t<a href=\"https:\/\/www.villaggiosanfrancesco.com\/pl\/accommodations\/apartament-villino\/holiday-home-deluxe\/\" title=\"Holiday Home Deluxe\" class=\"btn accommodations-list-container-single-button\" target=\"_blank\">\n\t\t\t\t\todkrywa\u0107\t\t\t\t<\/a>\n\t\t\t<\/div>\n\t\t\t\t\t\t<div class=\"accommodations-list-container-single \" onclick=\"window.open('https:\/\/www.villaggiosanfrancesco.com\/pl\/accommodations\/apartament-villino\/holiday-home-midi\/')\">\n\t\t\t\t\t\t\t\t\n\t\t\t\t\t\t\t\t\t<a href=\"https:\/\/www.villaggiosanfrancesco.com\/pl\/accommodations\/apartament-villino\/holiday-home-midi\/\" class=\"accommodations-list-container-single-img\" title=\"Holiday Home Midi\" target=\"_blank\">\n\t\t\t\t\t\t<figure class=\"full-width\" style=\"background-color: #cbb5a2;\">\n\t\t\t\t\t\t\t<img decoding=\"async\" src=\"https:\/\/www.villaggiosanfrancesco.com\/wp-content\/uploads\/2022\/06\/Apartment_Midi_zona_giorno_Villaggio_San_Francesco.jpg\" width=\"1800\" height=\"1200\" \/>\n\t\t\t\t\t\t<\/figure>\n\t\t\t\t\t<\/a>\n\t\t\t\t\t\t\t\t\n\t\t\t\t<a href=\"https:\/\/www.villaggiosanfrancesco.com\/pl\/accommodations\/apartament-villino\/holiday-home-midi\/\" class=\"accommodations-list-container-single-title\" title=\"Holiday Home Midi\" target=\"_blank\">\n\t\t\t\t\t<h3>Holiday Home Midi<\/h3>\n\t\t\t\t<\/a>\n\n\t\t\t\t<div class=\"accommodations-list-container-single-features\">\n\t\t\t\t\t\t\t\t\t\t\t\t\t\t\t\t\t\t\t\t\t\t\t<span class=\"feature-box feature-box-occupancy\">\n\t\t\t\t\t\t\t\t<i class=\"fa-regular fa-people-group\"><\/i>\n\t\t\t\t\t\t\t\t<span>3 os\u00f3b<\/span>\n\t\t\t\t\t\t\t<\/span>\n\t\t\t\t\t\t\t\t\t\t\t\t\t\t\t\t\n\t\t\t\t\t\t\t\t\t\t\t<span class=\"feature-box\" title=\"zwierz\u0119ta dozwolone\">\n\t\t\t\t\t\t\t<i class=\"fa-regular fa-dog\"><\/i>\n\t\t\t\t\t\t<\/span>\n\t\t\t\t\t\n\t\t\t\t\t\n\t\t\t\t<\/div>\n\n\t\t\t\t<div class=\"accommodations-list-container-single-short-description\">\n\t\t\t\t\tObiekty noclegowe po\u0142o\u017cone na parterze lub na pierwszym pi\u0119trze\t\t\t\t<\/div>\n\n\t\t\t\t<a href=\"https:\/\/www.villaggiosanfrancesco.com\/pl\/accommodations\/apartament-villino\/holiday-home-midi\/\" title=\"Holiday Home Midi\" class=\"btn accommodations-list-container-single-button\" target=\"_blank\">\n\t\t\t\t\todkrywa\u0107\t\t\t\t<\/a>\n\t\t\t<\/div>\n\t\t\t\t\t\t<div class=\"accommodations-list-container-single \" onclick=\"window.open('https:\/\/www.villaggiosanfrancesco.com\/pl\/accommodations\/apartament-villino\/holiday-home-mini\/')\">\n\t\t\t\t\t\t\t\t\n\t\t\t\t\t\t\t\t\t<a href=\"https:\/\/www.villaggiosanfrancesco.com\/pl\/accommodations\/apartament-villino\/holiday-home-mini\/\" class=\"accommodations-list-container-single-img\" title=\"Holiday Home Mini\" target=\"_blank\">\n\t\t\t\t\t\t<figure class=\"full-width\" style=\"background-color: #b8bbba;\">\n\t\t\t\t\t\t\t<img decoding=\"async\" src=\"https:\/\/www.villaggiosanfrancesco.com\/wp-content\/uploads\/2022\/06\/apartment-mini-villaggio-san-francesco-caorle.jpg\" width=\"1920\" height=\"1000\" \/>\n\t\t\t\t\t\t<\/figure>\n\t\t\t\t\t<\/a>\n\t\t\t\t\t\t\t\t\n\t\t\t\t<a href=\"https:\/\/www.villaggiosanfrancesco.com\/pl\/accommodations\/apartament-villino\/holiday-home-mini\/\" class=\"accommodations-list-container-single-title\" title=\"Holiday Home Mini\" target=\"_blank\">\n\t\t\t\t\t<h3>Holiday Home Mini<\/h3>\n\t\t\t\t<\/a>\n\n\t\t\t\t<div class=\"accommodations-list-container-single-features\">\n\t\t\t\t\t\t\t\t\t\t\t\t\t\t\t\t\t\t\t\t\t\t\t<span class=\"feature-box feature-box-occupancy\">\n\t\t\t\t\t\t\t\t<i class=\"fa-regular fa-people-group\"><\/i>\n\t\t\t\t\t\t\t\t<span>3 os\u00f3b<\/span>\n\t\t\t\t\t\t\t<\/span>\n\t\t\t\t\t\t\t\t\t\t\t\t\t\t\t\t\n\t\t\t\t\t\n\t\t\t\t\t\t\t\t\t\t\t\t\t\t\t\t\n\t\t\t\t<\/div>\n\n\t\t\t\t<div class=\"accommodations-list-container-single-short-description\">\n\t\t\t\t\tW cz\u0119\u015bci Penelope\t\t\t\t<\/div>\n\n\t\t\t\t<a href=\"https:\/\/www.villaggiosanfrancesco.com\/pl\/accommodations\/apartament-villino\/holiday-home-mini\/\" title=\"Holiday Home Mini\" class=\"btn accommodations-list-container-single-button\" target=\"_blank\">\n\t\t\t\t\todkrywa\u0107\t\t\t\t<\/a>\n\t\t\t<\/div>\n\t\t\t\t\t\t<div class=\"accommodations-list-container-single \" onclick=\"window.open('https:\/\/www.villaggiosanfrancesco.com\/pl\/accommodations\/apartament-villino\/holiday-home-mini-deluxe\/')\">\n\t\t\t\t\t\t\t\t\t<span class=\"label\">\n\t\t\t\t\t\tNowo\u015b\u0107\t\t\t\t\t<\/span>\n\t\t\t\t\t\t\t\t\n\t\t\t\t\t\t\t\t\t<a href=\"https:\/\/www.villaggiosanfrancesco.com\/pl\/accommodations\/apartament-villino\/holiday-home-mini-deluxe\/\" class=\"accommodations-list-container-single-img\" title=\"Holiday Home Mini Deluxe\" target=\"_blank\">\n\t\t\t\t\t\t<figure class=\"full-width\" style=\"background-color: #b18e66;\">\n\t\t\t\t\t\t\t<img decoding=\"async\" src=\"https:\/\/www.villaggiosanfrancesco.com\/wp-content\/uploads\/2025\/10\/Moderno-interno-di-una-lodge-al-San-Francesco-Village.webp\" width=\"1920\" height=\"1080\" \/>\n\t\t\t\t\t\t<\/figure>\n\t\t\t\t\t<\/a>\n\t\t\t\t\t\t\t\t\n\t\t\t\t<a href=\"https:\/\/www.villaggiosanfrancesco.com\/pl\/accommodations\/apartament-villino\/holiday-home-mini-deluxe\/\" class=\"accommodations-list-container-single-title\" title=\"Holiday Home Mini Deluxe\" target=\"_blank\">\n\t\t\t\t\t<h3>Holiday Home Mini Deluxe<\/h3>\n\t\t\t\t<\/a>\n\n\t\t\t\t<div class=\"accommodations-list-container-single-features\">\n\t\t\t\t\t\t\t\t\t\t\t\t\t\t\t\t\t\t\t\t\t\t\t<span class=\"feature-box feature-box-occupancy\">\n\t\t\t\t\t\t\t\t<i class=\"fa-regular fa-people-group\"><\/i>\n\t\t\t\t\t\t\t\t<span>3 os\u00f3b<\/span>\n\t\t\t\t\t\t\t<\/span>\n\t\t\t\t\t\t\t\t\t\t\t\t\t\t\t\t\n\t\t\t\t\t\n\t\t\t\t\t\t\t\t\t\t\t\t\t\t\t\t\n\t\t\t\t<\/div>\n\n\t\t\t\t<div class=\"accommodations-list-container-single-short-description\">\n\t\t\t\t\tW cz\u0119\u015bci Belvedere\t\t\t\t<\/div>\n\n\t\t\t\t<a href=\"https:\/\/www.villaggiosanfrancesco.com\/pl\/accommodations\/apartament-villino\/holiday-home-mini-deluxe\/\" title=\"Holiday Home Mini Deluxe\" class=\"btn accommodations-list-container-single-button\" target=\"_blank\">\n\t\t\t\t\todkrywa\u0107\t\t\t\t<\/a>\n\t\t\t<\/div>\n\t\t\t\t\t\t<div class=\"accommodations-list-container-single \" onclick=\"window.open('https:\/\/www.villaggiosanfrancesco.com\/pl\/accommodations\/apartament-villino\/villino\/')\">\n\t\t\t\t\t\t\t\t\n\t\t\t\t\t\t\t\t\t<a href=\"https:\/\/www.villaggiosanfrancesco.com\/pl\/accommodations\/apartament-villino\/villino\/\" class=\"accommodations-list-container-single-img\" title=\"Villino\" target=\"_blank\">\n\t\t\t\t\t\t<figure class=\"full-width\" style=\"background-color: #9a9490;\">\n\t\t\t\t\t\t\t<img decoding=\"async\" src=\"https:\/\/www.villaggiosanfrancesco.com\/wp-content\/uploads\/2022\/06\/Villino_soggiorno_e_cucina_Villaggio_San_Francesco.jpg\" width=\"1800\" height=\"1200\" \/>\n\t\t\t\t\t\t<\/figure>\n\t\t\t\t\t<\/a>\n\t\t\t\t\t\t\t\t\n\t\t\t\t<a href=\"https:\/\/www.villaggiosanfrancesco.com\/pl\/accommodations\/apartament-villino\/villino\/\" class=\"accommodations-list-container-single-title\" title=\"Villino\" target=\"_blank\">\n\t\t\t\t\t<h3>Villino<\/h3>\n\t\t\t\t<\/a>\n\n\t\t\t\t<div class=\"accommodations-list-container-single-features\">\n\t\t\t\t\t\t\t\t\t\t\t\t\t\t\t\t\t\t\t\t\t\t\t<span class=\"feature-box feature-box-occupancy\">\n\t\t\t\t\t\t\t\t<i class=\"fa-regular fa-people-group\"><\/i>\n\t\t\t\t\t\t\t\t<span>5 os\u00f3b<\/span>\n\t\t\t\t\t\t\t<\/span>\n\t\t\t\t\t\t\t\t\t\t\t\t\t\t\t\t\n\t\t\t\t\t\t\t\t\t\t\t<span class=\"feature-box\" title=\"zwierz\u0119ta dozwolone\">\n\t\t\t\t\t\t\t<i class=\"fa-regular fa-dog\"><\/i>\n\t\t\t\t\t\t<\/span>\n\t\t\t\t\t\n\t\t\t\t\t\n\t\t\t\t<\/div>\n\n\t\t\t\t<div class=\"accommodations-list-container-single-short-description\">\n\t\t\t\t\tPo\u0142o\u017cony w zielonej okolicy\t\t\t\t<\/div>\n\n\t\t\t\t<a href=\"https:\/\/www.villaggiosanfrancesco.com\/pl\/accommodations\/apartament-villino\/villino\/\" title=\"Villino\" class=\"btn accommodations-list-container-single-button\" target=\"_blank\">\n\t\t\t\t\todkrywa\u0107\t\t\t\t<\/a>\n\t\t\t<\/div>\n\t\t\t\t\t\t<div class=\"accommodations-list-container-single \" onclick=\"window.open('https:\/\/www.villaggiosanfrancesco.com\/pl\/accommodations\/apartament-villino\/holiday-home-4\/')\">\n\t\t\t\t\t\t\t\t\n\t\t\t\t\t\t\t\t\t<a href=\"https:\/\/www.villaggiosanfrancesco.com\/pl\/accommodations\/apartament-villino\/holiday-home-4\/\" class=\"accommodations-list-container-single-img\" title=\"Holiday Home 4\" target=\"_blank\">\n\t\t\t\t\t\t<figure class=\"full-width\" style=\"background-color: #827d5b;\">\n\t\t\t\t\t\t\t<img decoding=\"async\" src=\"https:\/\/www.villaggiosanfrancesco.com\/wp-content\/uploads\/2025\/01\/holiday-home-4-6.webp\" width=\"1824\" height=\"1216\" \/>\n\t\t\t\t\t\t<\/figure>\n\t\t\t\t\t<\/a>\n\t\t\t\t\t\t\t\t\n\t\t\t\t<a href=\"https:\/\/www.villaggiosanfrancesco.com\/pl\/accommodations\/apartament-villino\/holiday-home-4\/\" class=\"accommodations-list-container-single-title\" title=\"Holiday Home 4\" target=\"_blank\">\n\t\t\t\t\t<h3>Holiday Home 4<\/h3>\n\t\t\t\t<\/a>\n\n\t\t\t\t<div class=\"accommodations-list-container-single-features\">\n\t\t\t\t\t\t\t\t\t\t\t\t\t\t\t\t\t\t\t\t\t\t\t<span class=\"feature-box feature-box-occupancy\">\n\t\t\t\t\t\t\t\t<i class=\"fa-regular fa-people-group\"><\/i>\n\t\t\t\t\t\t\t\t<span>4 os\u00f3b<\/span>\n\t\t\t\t\t\t\t<\/span>\n\t\t\t\t\t\t\t\t\t\t\t\t\t\t\t\t\n\t\t\t\t\t\t\t\t\t\t\t<span class=\"feature-box\" title=\"zwierz\u0119ta dozwolone\">\n\t\t\t\t\t\t\t<i class=\"fa-regular fa-dog\"><\/i>\n\t\t\t\t\t\t<\/span>\n\t\t\t\t\t\n\t\t\t\t\t\n\t\t\t\t<\/div>\n\n\t\t\t\t<div class=\"accommodations-list-container-single-short-description\">\n\t\t\t\t\tPojemno\u015b\u0107: 4 osoby\t\t\t\t<\/div>\n\n\t\t\t\t<a href=\"https:\/\/www.villaggiosanfrancesco.com\/pl\/accommodations\/apartament-villino\/holiday-home-4\/\" title=\"Holiday Home 4\" class=\"btn accommodations-list-container-single-button\" target=\"_blank\">\n\t\t\t\t\todkrywa\u0107\t\t\t\t<\/a>\n\t\t\t<\/div>\n\t\t\t\t\t\t<div class=\"accommodations-list-container-single \" onclick=\"window.open('https:\/\/www.villaggiosanfrancesco.com\/pl\/accommodations\/apartament-villino\/holiday-home-5\/')\">\n\t\t\t\t\t\t\t\t\n\t\t\t\t\t\t\t\t\t<a href=\"https:\/\/www.villaggiosanfrancesco.com\/pl\/accommodations\/apartament-villino\/holiday-home-5\/\" class=\"accommodations-list-container-single-img\" title=\"Holiday Home 5\" target=\"_blank\">\n\t\t\t\t\t\t<figure class=\"full-width\" style=\"background-color: #575f4f;\">\n\t\t\t\t\t\t\t<img decoding=\"async\" src=\"https:\/\/www.villaggiosanfrancesco.com\/wp-content\/uploads\/2022\/06\/Apartment_Standard_esterno_Villaggio_San_Francesco.jpg\" width=\"1800\" height=\"1200\" \/>\n\t\t\t\t\t\t<\/figure>\n\t\t\t\t\t<\/a>\n\t\t\t\t\t\t\t\t\n\t\t\t\t<a href=\"https:\/\/www.villaggiosanfrancesco.com\/pl\/accommodations\/apartament-villino\/holiday-home-5\/\" class=\"accommodations-list-container-single-title\" title=\"Holiday Home 5\" target=\"_blank\">\n\t\t\t\t\t<h3>Holiday Home 5<\/h3>\n\t\t\t\t<\/a>\n\n\t\t\t\t<div class=\"accommodations-list-container-single-features\">\n\t\t\t\t\t\t\t\t\t\t\t\t\t\t\t\t\t\t\t\t\t\t\t<span class=\"feature-box feature-box-occupancy\">\n\t\t\t\t\t\t\t\t<i class=\"fa-regular fa-people-group\"><\/i>\n\t\t\t\t\t\t\t\t<span>5 os\u00f3b<\/span>\n\t\t\t\t\t\t\t<\/span>\n\t\t\t\t\t\t\t\t\t\t\t\t\t\t\t\t\n\t\t\t\t\t\t\t\t\t\t\t<span class=\"feature-box\" title=\"zwierz\u0119ta dozwolone\">\n\t\t\t\t\t\t\t<i class=\"fa-regular fa-dog\"><\/i>\n\t\t\t\t\t\t<\/span>\n\t\t\t\t\t\n\t\t\t\t\t\n\t\t\t\t<\/div>\n\n\t\t\t\t<div class=\"accommodations-list-container-single-short-description\">\n\t\t\t\t\tPojemno\u015b\u0107: 5 osoby\t\t\t\t<\/div>\n\n\t\t\t\t<a href=\"https:\/\/www.villaggiosanfrancesco.com\/pl\/accommodations\/apartament-villino\/holiday-home-5\/\" title=\"Holiday Home 5\" class=\"btn accommodations-list-container-single-button\" target=\"_blank\">\n\t\t\t\t\todkrywa\u0107\t\t\t\t<\/a>\n\t\t\t<\/div>\n\t\t\t\t\t\t<div class=\"accommodations-list-container-single \" onclick=\"window.open('https:\/\/www.villaggiosanfrancesco.com\/pl\/accommodations\/apartament-villino\/holiday-home-kids\/')\">\n\t\t\t\t\t\t\t\t\t<span class=\"label\">\n\t\t\t\t\t\tIDEALNE DLA M\u0141ODYCH RODZIN\t\t\t\t\t<\/span>\n\t\t\t\t\t\t\t\t\n\t\t\t\t\t\t\t\t\t<a href=\"https:\/\/www.villaggiosanfrancesco.com\/pl\/accommodations\/apartament-villino\/holiday-home-kids\/\" class=\"accommodations-list-container-single-img\" title=\"Holiday Home Kids\" target=\"_blank\">\n\t\t\t\t\t\t<figure class=\"full-width\" style=\"background-color: #717658;\">\n\t\t\t\t\t\t\t<img decoding=\"async\" src=\"https:\/\/www.villaggiosanfrancesco.com\/wp-content\/uploads\/2025\/01\/HOLIDAY-HOME-RESIDENCE-5-10.webp\" width=\"1824\" height=\"1216\" \/>\n\t\t\t\t\t\t<\/figure>\n\t\t\t\t\t<\/a>\n\t\t\t\t\t\t\t\t\n\t\t\t\t<a href=\"https:\/\/www.villaggiosanfrancesco.com\/pl\/accommodations\/apartament-villino\/holiday-home-kids\/\" class=\"accommodations-list-container-single-title\" title=\"Holiday Home Kids\" target=\"_blank\">\n\t\t\t\t\t<h3>Holiday Home Kids<\/h3>\n\t\t\t\t<\/a>\n\n\t\t\t\t<div class=\"accommodations-list-container-single-features\">\n\t\t\t\t\t\t\t\t\t\t\t\t\t\t\t\t\t\t\t\t\t\t\t<span class=\"feature-box feature-box-occupancy\">\n\t\t\t\t\t\t\t\t<i class=\"fa-regular fa-people-group\"><\/i>\n\t\t\t\t\t\t\t\t<span>5 os\u00f3b<\/span>\n\t\t\t\t\t\t\t<\/span>\n\t\t\t\t\t\t\t\t\t\t\t\t\t\t\t\t\n\t\t\t\t\t\n\t\t\t\t\t\n\t\t\t\t<\/div>\n\n\t\t\t\t<div class=\"accommodations-list-container-single-short-description\">\n\t\t\t\t\tZabawa na \u015bwie\u017cym powietrzu dla najm\u0142odszych\t\t\t\t<\/div>\n\n\t\t\t\t<a href=\"https:\/\/www.villaggiosanfrancesco.com\/pl\/accommodations\/apartament-villino\/holiday-home-kids\/\" title=\"Holiday Home Kids\" class=\"btn accommodations-list-container-single-button\" target=\"_blank\">\n\t\t\t\t\todkrywa\u0107\t\t\t\t<\/a>\n\t\t\t<\/div>\n\t\t\t\t\t\t<div class=\"accommodations-list-container-single \" onclick=\"window.open('https:\/\/www.villaggiosanfrancesco.com\/pl\/accommodations\/apartament-villino\/holiday-home-6\/')\">\n\t\t\t\t\t\t\t\t\n\t\t\t\t\t\t\t\t\t<a href=\"https:\/\/www.villaggiosanfrancesco.com\/pl\/accommodations\/apartament-villino\/holiday-home-6\/\" class=\"accommodations-list-container-single-img\" title=\"Holiday Home 6\" target=\"_blank\">\n\t\t\t\t\t\t<figure class=\"full-width\" style=\"background-color: #bdbba3;\">\n\t\t\t\t\t\t\t<img decoding=\"async\" src=\"https:\/\/www.villaggiosanfrancesco.com\/wp-content\/uploads\/2025\/01\/holiday-home-6-1.webp\" width=\"1824\" height=\"1216\" \/>\n\t\t\t\t\t\t<\/figure>\n\t\t\t\t\t<\/a>\n\t\t\t\t\t\t\t\t\n\t\t\t\t<a href=\"https:\/\/www.villaggiosanfrancesco.com\/pl\/accommodations\/apartament-villino\/holiday-home-6\/\" class=\"accommodations-list-container-single-title\" title=\"Holiday Home 6\" target=\"_blank\">\n\t\t\t\t\t<h3>Holiday Home 6<\/h3>\n\t\t\t\t<\/a>\n\n\t\t\t\t<div class=\"accommodations-list-container-single-features\">\n\t\t\t\t\t\t\t\t\t\t\t\t\t\t\t\t\t\t\t\t\t\t\t<span class=\"feature-box feature-box-occupancy\">\n\t\t\t\t\t\t\t\t<i class=\"fa-regular fa-people-group\"><\/i>\n\t\t\t\t\t\t\t\t<span>6 os\u00f3b<\/span>\n\t\t\t\t\t\t\t<\/span>\n\t\t\t\t\t\t\t\t\t\t\t\t\t\t\t\t\n\t\t\t\t\t\t\t\t\t\t\t<span class=\"feature-box\" title=\"zwierz\u0119ta dozwolone\">\n\t\t\t\t\t\t\t<i class=\"fa-regular fa-dog\"><\/i>\n\t\t\t\t\t\t<\/span>\n\t\t\t\t\t\n\t\t\t\t\t\n\t\t\t\t<\/div>\n\n\t\t\t\t<div class=\"accommodations-list-container-single-short-description\">\n\t\t\t\t\tPojemno\u015b\u0107: 6 osoby\t\t\t\t<\/div>\n\n\t\t\t\t<a href=\"https:\/\/www.villaggiosanfrancesco.com\/pl\/accommodations\/apartament-villino\/holiday-home-6\/\" title=\"Holiday Home 6\" class=\"btn accommodations-list-container-single-button\" target=\"_blank\">\n\t\t\t\t\todkrywa\u0107\t\t\t\t<\/a>\n\t\t\t<\/div>\n\t\t\t\t\t\t<div class=\"accommodations-list-container-single \" onclick=\"window.open('https:\/\/www.villaggiosanfrancesco.com\/pl\/accommodations\/apartament-villino\/holiday-home-residence-plus-mozliwosc-rezerwacji-tylko-ze-zwierzetami\/')\">\n\t\t\t\t\t\t\t\t\n\t\t\t\t\t\t\t\t\t<a href=\"https:\/\/www.villaggiosanfrancesco.com\/pl\/accommodations\/apartament-villino\/holiday-home-residence-plus-mozliwosc-rezerwacji-tylko-ze-zwierzetami\/\" class=\"accommodations-list-container-single-img\" title=\"Holiday Home Residence Plus\" target=\"_blank\">\n\t\t\t\t\t\t<figure class=\"full-width\" style=\"background-color: #88785d;\">\n\t\t\t\t\t\t\t<img decoding=\"async\" src=\"https:\/\/www.villaggiosanfrancesco.com\/wp-content\/uploads\/2022\/06\/Apartment_Comfort_Pet_tavolo_esterno_Villaggio_San_Francesco.jpg\" width=\"1800\" height=\"1200\" \/>\n\t\t\t\t\t\t<\/figure>\n\t\t\t\t\t<\/a>\n\t\t\t\t\t\t\t\t\n\t\t\t\t<a href=\"https:\/\/www.villaggiosanfrancesco.com\/pl\/accommodations\/apartament-villino\/holiday-home-residence-plus-mozliwosc-rezerwacji-tylko-ze-zwierzetami\/\" class=\"accommodations-list-container-single-title\" title=\"Holiday Home Residence Plus\" target=\"_blank\">\n\t\t\t\t\t<h3>Holiday Home Residence Plus<\/h3>\n\t\t\t\t<\/a>\n\n\t\t\t\t<div class=\"accommodations-list-container-single-features\">\n\t\t\t\t\t\t\t\t\t\t\t\t\t\t\t\t\t\t\t\t\t\t\t<span class=\"feature-box feature-box-occupancy\">\n\t\t\t\t\t\t\t\t<i class=\"fa-regular fa-people-group\"><\/i>\n\t\t\t\t\t\t\t\t<span>8 os\u00f3b<\/span>\n\t\t\t\t\t\t\t<\/span>\n\t\t\t\t\t\t\t\t\t\t\t\t\t\t\t\t\n\t\t\t\t\t\t\t\t\t\t\t<span class=\"feature-box\" title=\"zwierz\u0119ta dozwolone\">\n\t\t\t\t\t\t\t<i class=\"fa-regular fa-dog\"><\/i>\n\t\t\t\t\t\t<\/span>\n\t\t\t\t\t\n\t\t\t\t\t\n\t\t\t\t<\/div>\n\n\t\t\t\t<div class=\"accommodations-list-container-single-short-description\">\n\t\t\t\t\tZanurzony w naturze\t\t\t\t<\/div>\n\n\t\t\t\t<a href=\"https:\/\/www.villaggiosanfrancesco.com\/pl\/accommodations\/apartament-villino\/holiday-home-residence-plus-mozliwosc-rezerwacji-tylko-ze-zwierzetami\/\" title=\"Holiday Home Residence Plus\" class=\"btn accommodations-list-container-single-button\" target=\"_blank\">\n\t\t\t\t\todkrywa\u0107\t\t\t\t<\/a>\n\t\t\t<\/div>\n\t\t\t\t\t\t<div class=\"accommodations-list-container-single \" onclick=\"window.open('https:\/\/www.villaggiosanfrancesco.com\/pl\/accommodations\/apartament-villino\/holiday-home-residence-blue-ivy\/')\">\n\t\t\t\t\t\t\t\t\t<span class=\"label\">\n\t\t\t\t\t\tPIERWSZE PI\u0118TRO LUB DWA PI\u0118TRA\t\t\t\t\t<\/span>\n\t\t\t\t\t\t\t\t\n\t\t\t\t\t\t\t\t\t<a href=\"https:\/\/www.villaggiosanfrancesco.com\/pl\/accommodations\/apartament-villino\/holiday-home-residence-blue-ivy\/\" class=\"accommodations-list-container-single-img\" title=\"Holiday Home Blue Ivy\" target=\"_blank\">\n\t\t\t\t\t\t<figure class=\"full-width\" style=\"background-color: #979263;\">\n\t\t\t\t\t\t\t<img decoding=\"async\" src=\"https:\/\/www.villaggiosanfrancesco.com\/wp-content\/uploads\/2025\/01\/blue-ivy-primo-piano.webp\" width=\"1824\" height=\"1216\" \/>\n\t\t\t\t\t\t<\/figure>\n\t\t\t\t\t<\/a>\n\t\t\t\t\t\t\t\t\n\t\t\t\t<a href=\"https:\/\/www.villaggiosanfrancesco.com\/pl\/accommodations\/apartament-villino\/holiday-home-residence-blue-ivy\/\" class=\"accommodations-list-container-single-title\" title=\"Holiday Home Blue Ivy\" target=\"_blank\">\n\t\t\t\t\t<h3>Holiday Home Blue Ivy<\/h3>\n\t\t\t\t<\/a>\n\n\t\t\t\t<div class=\"accommodations-list-container-single-features\">\n\t\t\t\t\t\t\t\t\t\t\t\t\t\t\t\t\t\t\t\t\t\t\t<span class=\"feature-box feature-box-occupancy\">\n\t\t\t\t\t\t\t\t<i class=\"fa-regular fa-people-group\"><\/i>\n\t\t\t\t\t\t\t\t<span>5 os\u00f3b<\/span>\n\t\t\t\t\t\t\t<\/span>\n\t\t\t\t\t\t\t\t\t\t\t\t\t\t\t\t\n\t\t\t\t\t\t\t\t\t\t\t<span class=\"feature-box\" title=\"zwierz\u0119ta dozwolone\">\n\t\t\t\t\t\t\t<i class=\"fa-regular fa-dog\"><\/i>\n\t\t\t\t\t\t<\/span>\n\t\t\t\t\t\n\t\t\t\t\t\t\t\t\t\t\t\t\t\t\t\t\t\t<span class=\"feature-box\" title=\"Dwupoziomowa rezydencja\">\n\t\t\t\t\t\t\t\t<i class=\"fa-duotone fa-regular fa-stairs\"><\/i>\t\t\t\t\t\t\t<\/span>\n\t\t\t\t\t\t\t\t\t\t\t\n\t\t\t\t<\/div>\n\n\t\t\t\t<div class=\"accommodations-list-container-single-short-description\">\n\t\t\t\t\t\u017byj wysoko, podw\u00f3jny komfort!\t\t\t\t<\/div>\n\n\t\t\t\t<a href=\"https:\/\/www.villaggiosanfrancesco.com\/pl\/accommodations\/apartament-villino\/holiday-home-residence-blue-ivy\/\" title=\"Holiday Home Blue Ivy\" class=\"btn accommodations-list-container-single-button\" target=\"_blank\">\n\t\t\t\t\todkrywa\u0107\t\t\t\t<\/a>\n\t\t\t<\/div>\n\t\t\t\t\t\t<div class=\"accommodations-list-container-single \" onclick=\"window.open('https:\/\/www.villaggiosanfrancesco.com\/pl\/accommodations\/apartament-villino\/holiday-home-residence-green-oak\/')\">\n\t\t\t\t\t\t\t\t\n\t\t\t\t\t\t\t\t\t<a href=\"https:\/\/www.villaggiosanfrancesco.com\/pl\/accommodations\/apartament-villino\/holiday-home-residence-green-oak\/\" class=\"accommodations-list-container-single-img\" title=\"Holiday Home Green Oak\" target=\"_blank\">\n\t\t\t\t\t\t<figure class=\"full-width\" style=\"background-color: #646460;\">\n\t\t\t\t\t\t\t<img decoding=\"async\" src=\"https:\/\/www.villaggiosanfrancesco.com\/wp-content\/uploads\/2022\/06\/villaggio-san-francesco-caorle-apartmen-comfort-pet-banner.jpg\" width=\"2000\" height=\"1000\" \/>\n\t\t\t\t\t\t<\/figure>\n\t\t\t\t\t<\/a>\n\t\t\t\t\t\t\t\t\n\t\t\t\t<a href=\"https:\/\/www.villaggiosanfrancesco.com\/pl\/accommodations\/apartament-villino\/holiday-home-residence-green-oak\/\" class=\"accommodations-list-container-single-title\" title=\"Holiday Home Green Oak\" target=\"_blank\">\n\t\t\t\t\t<h3>Holiday Home Green Oak<\/h3>\n\t\t\t\t<\/a>\n\n\t\t\t\t<div class=\"accommodations-list-container-single-features\">\n\t\t\t\t\t\t\t\t\t\t\t\t\t\t\t\t\t\t\t\t\t\t\t<span class=\"feature-box feature-box-occupancy\">\n\t\t\t\t\t\t\t\t<i class=\"fa-regular fa-people-group\"><\/i>\n\t\t\t\t\t\t\t\t<span>5 os\u00f3b<\/span>\n\t\t\t\t\t\t\t<\/span>\n\t\t\t\t\t\t\t\t\t\t\t\t\t\t\t\t\n\t\t\t\t\t\t\t\t\t\t\t<span class=\"feature-box\" title=\"zwierz\u0119ta dozwolone\">\n\t\t\t\t\t\t\t<i class=\"fa-regular fa-dog\"><\/i>\n\t\t\t\t\t\t<\/span>\n\t\t\t\t\t\n\t\t\t\t\t\n\t\t\t\t<\/div>\n\n\t\t\t\t<div class=\"accommodations-list-container-single-short-description\">\n\t\t\t\t\tZielona oaza na parterze.\t\t\t\t<\/div>\n\n\t\t\t\t<a href=\"https:\/\/www.villaggiosanfrancesco.com\/pl\/accommodations\/apartament-villino\/holiday-home-residence-green-oak\/\" title=\"Holiday Home Green Oak\" class=\"btn accommodations-list-container-single-button\" target=\"_blank\">\n\t\t\t\t\todkrywa\u0107\t\t\t\t<\/a>\n\t\t\t<\/div>\n\t\t\t\n\t<\/div>\n\n\n\n<\/div>\n<\/div><\/div>","protected":false},"excerpt":{"rendered":"","protected":false},"author":1,"featured_media":22006,"parent":22169,"menu_order":0,"comment_status":"closed","ping_status":"closed","template":"","meta":{"_acf_changed":false,"advgb_blocks_editor_width":"","advgb_blocks_columns_visual_guide":"","footnotes":""},"class_list":["post-22004","page","type-page","status-publish","has-post-thumbnail","hentry","entry"],"acf":[],"yoast_head":"<!-- This site is optimized with the Yoast SEO plugin v26.0 - https:\/\/yoast.com\/wordpress\/plugins\/seo\/ -->\n<title>Apartamenty i domki | O\u015brodek wakacyjny Villaggio San Francesco Apartamenty<\/title>\n<meta name=\"description\" content=\"R\u00f3\u017cne rodzaje apartament\u00f3w do wyboru na najlepsze wakacje w Villaggio San Francesco.\" \/>\n<meta name=\"robots\" content=\"index, follow, max-snippet:-1, max-image-preview:large, max-video-preview:-1\" \/>\n<link rel=\"canonical\" href=\"https:\/\/www.villaggiosanfrancesco.com\/pl\/zakwaterowanie\/apartament-villino\/\" \/>\n<meta property=\"og:locale\" content=\"pl_PL\" \/>\n<meta property=\"og:type\" content=\"article\" \/>\n<meta property=\"og:title\" content=\"Apartamenty i domki | O\u015brodek wakacyjny Villaggio San Francesco Apartamenty\" \/>\n<meta property=\"og:description\" content=\"R\u00f3\u017cne rodzaje apartament\u00f3w do wyboru na najlepsze wakacje w Villaggio San Francesco.\" \/>\n<meta property=\"og:url\" content=\"https:\/\/www.villaggiosanfrancesco.com\/pl\/zakwaterowanie\/apartament-villino\/\" \/>\n<meta property=\"og:site_name\" content=\"Villaggio San Francesco\" \/>\n<meta property=\"article:publisher\" content=\"https:\/\/www.facebook.com\/VillaggioSanFrancesco\/\" \/>\n<meta property=\"article:modified_time\" content=\"2025-02-21T09:54:15+00:00\" \/>\n<meta property=\"og:image\" content=\"https:\/\/www.villaggiosanfrancesco.com\/wp-content\/uploads\/2022\/09\/apartment_villaggio_san_francesco.jpg\" \/>\n\t<meta property=\"og:image:width\" content=\"1920\" \/>\n\t<meta property=\"og:image:height\" content=\"1000\" \/>\n\t<meta property=\"og:image:type\" content=\"image\/jpeg\" \/>\n<meta name=\"twitter:card\" content=\"summary_large_image\" \/>\n<meta name=\"twitter:label1\" content=\"Szacowany czas czytania\" \/>\n\t<meta name=\"twitter:data1\" content=\"1 minuta\" \/>\n<script type=\"application\/ld+json\" class=\"yoast-schema-graph\">{\"@context\":\"https:\/\/schema.org\",\"@graph\":[{\"@type\":\"WebPage\",\"@id\":\"https:\/\/www.villaggiosanfrancesco.com\/pl\/zakwaterowanie\/apartament-villino\/\",\"url\":\"https:\/\/www.villaggiosanfrancesco.com\/pl\/zakwaterowanie\/apartament-villino\/\",\"name\":\"Apartamenty i domki | O\u015brodek wakacyjny Villaggio San Francesco Apartamenty\",\"isPartOf\":{\"@id\":\"https:\/\/www.villaggiosanfrancesco.com\/pl\/#website\"},\"primaryImageOfPage\":{\"@id\":\"https:\/\/www.villaggiosanfrancesco.com\/pl\/zakwaterowanie\/apartament-villino\/#primaryimage\"},\"image\":{\"@id\":\"https:\/\/www.villaggiosanfrancesco.com\/pl\/zakwaterowanie\/apartament-villino\/#primaryimage\"},\"thumbnailUrl\":\"https:\/\/www.villaggiosanfrancesco.com\/wp-content\/uploads\/2022\/09\/apartment_villaggio_san_francesco.jpg\",\"datePublished\":\"2024-01-25T09:56:17+00:00\",\"dateModified\":\"2025-02-21T09:54:15+00:00\",\"description\":\"R\u00f3\u017cne rodzaje apartament\u00f3w do wyboru na najlepsze wakacje w Villaggio San Francesco.\",\"breadcrumb\":{\"@id\":\"https:\/\/www.villaggiosanfrancesco.com\/pl\/zakwaterowanie\/apartament-villino\/#breadcrumb\"},\"inLanguage\":\"pl-PL\",\"potentialAction\":[{\"@type\":\"ReadAction\",\"target\":[\"https:\/\/www.villaggiosanfrancesco.com\/pl\/zakwaterowanie\/apartament-villino\/\"]}]},{\"@type\":\"ImageObject\",\"inLanguage\":\"pl-PL\",\"@id\":\"https:\/\/www.villaggiosanfrancesco.com\/pl\/zakwaterowanie\/apartament-villino\/#primaryimage\",\"url\":\"https:\/\/www.villaggiosanfrancesco.com\/wp-content\/uploads\/2022\/09\/apartment_villaggio_san_francesco.jpg\",\"contentUrl\":\"https:\/\/www.villaggiosanfrancesco.com\/wp-content\/uploads\/2022\/09\/apartment_villaggio_san_francesco.jpg\",\"width\":1920,\"height\":1000},{\"@type\":\"BreadcrumbList\",\"@id\":\"https:\/\/www.villaggiosanfrancesco.com\/pl\/zakwaterowanie\/apartament-villino\/#breadcrumb\",\"itemListElement\":[{\"@type\":\"ListItem\",\"position\":1,\"name\":\"Home\",\"item\":\"https:\/\/www.villaggiosanfrancesco.com\/pl\/\"},{\"@type\":\"ListItem\",\"position\":2,\"name\":\"Zakwaterowanie\",\"item\":\"https:\/\/www.villaggiosanfrancesco.com\/pl\/zakwaterowanie\/\"},{\"@type\":\"ListItem\",\"position\":3,\"name\":\"Holiday Home &amp; Villini\"}]},{\"@type\":\"WebSite\",\"@id\":\"https:\/\/www.villaggiosanfrancesco.com\/pl\/#website\",\"url\":\"https:\/\/www.villaggiosanfrancesco.com\/pl\/\",\"name\":\"Villaggio San Francesco\",\"description\":\"Caorle, VENEZIA\",\"publisher\":{\"@id\":\"https:\/\/www.villaggiosanfrancesco.com\/pl\/#organization\"},\"potentialAction\":[{\"@type\":\"SearchAction\",\"target\":{\"@type\":\"EntryPoint\",\"urlTemplate\":\"https:\/\/www.villaggiosanfrancesco.com\/pl\/?s={search_term_string}\"},\"query-input\":{\"@type\":\"PropertyValueSpecification\",\"valueRequired\":true,\"valueName\":\"search_term_string\"}}],\"inLanguage\":\"pl-PL\"},{\"@type\":\"Organization\",\"@id\":\"https:\/\/www.villaggiosanfrancesco.com\/pl\/#organization\",\"name\":\"Villaggio San Francesco\",\"url\":\"https:\/\/www.villaggiosanfrancesco.com\/pl\/\",\"logo\":{\"@type\":\"ImageObject\",\"inLanguage\":\"pl-PL\",\"@id\":\"https:\/\/www.villaggiosanfrancesco.com\/pl\/#\/schema\/logo\/image\/\",\"url\":\"https:\/\/www.villaggiosanfrancesco.com\/wp-content\/uploads\/2023\/03\/Logo-Villaggio-San-Francesco-Caorle-1.png\",\"contentUrl\":\"https:\/\/www.villaggiosanfrancesco.com\/wp-content\/uploads\/2023\/03\/Logo-Villaggio-San-Francesco-Caorle-1.png\",\"width\":1206,\"height\":356,\"caption\":\"Villaggio San Francesco\"},\"image\":{\"@id\":\"https:\/\/www.villaggiosanfrancesco.com\/pl\/#\/schema\/logo\/image\/\"},\"sameAs\":[\"https:\/\/www.facebook.com\/VillaggioSanFrancesco\/\",\"https:\/\/www.instagram.com\/villaggiosanfrancesco\/\",\"https:\/\/www.youtube.com\/channel\/UClXJoJulrb1UANfZodeHn-g\",\"https:\/\/www.tiktok.com\/@sanfrancescoresort\"]}]}<\/script>\n<!-- \/ Yoast SEO plugin. -->","yoast_head_json":{"title":"Apartamenty i domki | O\u015brodek wakacyjny Villaggio San Francesco Apartamenty","description":"R\u00f3\u017cne rodzaje apartament\u00f3w do wyboru na najlepsze wakacje w Villaggio San Francesco.","robots":{"index":"index","follow":"follow","max-snippet":"max-snippet:-1","max-image-preview":"max-image-preview:large","max-video-preview":"max-video-preview:-1"},"canonical":"https:\/\/www.villaggiosanfrancesco.com\/pl\/zakwaterowanie\/apartament-villino\/","og_locale":"pl_PL","og_type":"article","og_title":"Apartamenty i domki | O\u015brodek wakacyjny Villaggio San Francesco Apartamenty","og_description":"R\u00f3\u017cne rodzaje apartament\u00f3w do wyboru na najlepsze wakacje w Villaggio San Francesco.","og_url":"https:\/\/www.villaggiosanfrancesco.com\/pl\/zakwaterowanie\/apartament-villino\/","og_site_name":"Villaggio San Francesco","article_publisher":"https:\/\/www.facebook.com\/VillaggioSanFrancesco\/","article_modified_time":"2025-02-21T09:54:15+00:00","og_image":[{"width":1920,"height":1000,"url":"https:\/\/www.villaggiosanfrancesco.com\/wp-content\/uploads\/2022\/09\/apartment_villaggio_san_francesco.jpg","type":"image\/jpeg"}],"twitter_card":"summary_large_image","twitter_misc":{"Szacowany czas czytania":"1 minuta"},"schema":{"@context":"https:\/\/schema.org","@graph":[{"@type":"WebPage","@id":"https:\/\/www.villaggiosanfrancesco.com\/pl\/zakwaterowanie\/apartament-villino\/","url":"https:\/\/www.villaggiosanfrancesco.com\/pl\/zakwaterowanie\/apartament-villino\/","name":"Apartamenty i domki | O\u015brodek wakacyjny Villaggio San Francesco Apartamenty","isPartOf":{"@id":"https:\/\/www.villaggiosanfrancesco.com\/pl\/#website"},"primaryImageOfPage":{"@id":"https:\/\/www.villaggiosanfrancesco.com\/pl\/zakwaterowanie\/apartament-villino\/#primaryimage"},"image":{"@id":"https:\/\/www.villaggiosanfrancesco.com\/pl\/zakwaterowanie\/apartament-villino\/#primaryimage"},"thumbnailUrl":"https:\/\/www.villaggiosanfrancesco.com\/wp-content\/uploads\/2022\/09\/apartment_villaggio_san_francesco.jpg","datePublished":"2024-01-25T09:56:17+00:00","dateModified":"2025-02-21T09:54:15+00:00","description":"R\u00f3\u017cne rodzaje apartament\u00f3w do wyboru na najlepsze wakacje w Villaggio San Francesco.","breadcrumb":{"@id":"https:\/\/www.villaggiosanfrancesco.com\/pl\/zakwaterowanie\/apartament-villino\/#breadcrumb"},"inLanguage":"pl-PL","potentialAction":[{"@type":"ReadAction","target":["https:\/\/www.villaggiosanfrancesco.com\/pl\/zakwaterowanie\/apartament-villino\/"]}]},{"@type":"ImageObject","inLanguage":"pl-PL","@id":"https:\/\/www.villaggiosanfrancesco.com\/pl\/zakwaterowanie\/apartament-villino\/#primaryimage","url":"https:\/\/www.villaggiosanfrancesco.com\/wp-content\/uploads\/2022\/09\/apartment_villaggio_san_francesco.jpg","contentUrl":"https:\/\/www.villaggiosanfrancesco.com\/wp-content\/uploads\/2022\/09\/apartment_villaggio_san_francesco.jpg","width":1920,"height":1000},{"@type":"BreadcrumbList","@id":"https:\/\/www.villaggiosanfrancesco.com\/pl\/zakwaterowanie\/apartament-villino\/#breadcrumb","itemListElement":[{"@type":"ListItem","position":1,"name":"Home","item":"https:\/\/www.villaggiosanfrancesco.com\/pl\/"},{"@type":"ListItem","position":2,"name":"Zakwaterowanie","item":"https:\/\/www.villaggiosanfrancesco.com\/pl\/zakwaterowanie\/"},{"@type":"ListItem","position":3,"name":"Holiday Home &amp; Villini"}]},{"@type":"WebSite","@id":"https:\/\/www.villaggiosanfrancesco.com\/pl\/#website","url":"https:\/\/www.villaggiosanfrancesco.com\/pl\/","name":"Villaggio San Francesco","description":"Caorle, VENEZIA","publisher":{"@id":"https:\/\/www.villaggiosanfrancesco.com\/pl\/#organization"},"potentialAction":[{"@type":"SearchAction","target":{"@type":"EntryPoint","urlTemplate":"https:\/\/www.villaggiosanfrancesco.com\/pl\/?s={search_term_string}"},"query-input":{"@type":"PropertyValueSpecification","valueRequired":true,"valueName":"search_term_string"}}],"inLanguage":"pl-PL"},{"@type":"Organization","@id":"https:\/\/www.villaggiosanfrancesco.com\/pl\/#organization","name":"Villaggio San Francesco","url":"https:\/\/www.villaggiosanfrancesco.com\/pl\/","logo":{"@type":"ImageObject","inLanguage":"pl-PL","@id":"https:\/\/www.villaggiosanfrancesco.com\/pl\/#\/schema\/logo\/image\/","url":"https:\/\/www.villaggiosanfrancesco.com\/wp-content\/uploads\/2023\/03\/Logo-Villaggio-San-Francesco-Caorle-1.png","contentUrl":"https:\/\/www.villaggiosanfrancesco.com\/wp-content\/uploads\/2023\/03\/Logo-Villaggio-San-Francesco-Caorle-1.png","width":1206,"height":356,"caption":"Villaggio San Francesco"},"image":{"@id":"https:\/\/www.villaggiosanfrancesco.com\/pl\/#\/schema\/logo\/image\/"},"sameAs":["https:\/\/www.facebook.com\/VillaggioSanFrancesco\/","https:\/\/www.instagram.com\/villaggiosanfrancesco\/","https:\/\/www.youtube.com\/channel\/UClXJoJulrb1UANfZodeHn-g","https:\/\/www.tiktok.com\/@sanfrancescoresort"]}]}},"coauthors":[],"author_meta":{"author_link":"https:\/\/www.villaggiosanfrancesco.com\/pl\/news\/author\/admin\/","display_name":"admin"},"relative_dates":{"created":"Posted 2 lata ago","modified":"Updated 1 rok ago"},"absolute_dates":{"created":"Posted on 25 stycznia, 2024","modified":"Updated on 21 lutego, 2025"},"absolute_dates_time":{"created":"Posted on 25 stycznia, 2024 10:56 am","modified":"Updated on 21 lutego, 2025 10:54 am"},"featured_img_caption":"","featured_img":"https:\/\/www.villaggiosanfrancesco.com\/wp-content\/uploads\/2022\/09\/apartment_villaggio_san_francesco-1568x817.jpg","series_order":"","_links":{"self":[{"href":"https:\/\/www.villaggiosanfrancesco.com\/pl\/wp-json\/wp\/v2\/pages\/22004","targetHints":{"allow":["GET"]}}],"collection":[{"href":"https:\/\/www.villaggiosanfrancesco.com\/pl\/wp-json\/wp\/v2\/pages"}],"about":[{"href":"https:\/\/www.villaggiosanfrancesco.com\/pl\/wp-json\/wp\/v2\/types\/page"}],"author":[{"embeddable":true,"href":"https:\/\/www.villaggiosanfrancesco.com\/pl\/wp-json\/wp\/v2\/users\/1"}],"replies":[{"embeddable":true,"href":"https:\/\/www.villaggiosanfrancesco.com\/pl\/wp-json\/wp\/v2\/comments?post=22004"}],"version-history":[{"count":0,"href":"https:\/\/www.villaggiosanfrancesco.com\/pl\/wp-json\/wp\/v2\/pages\/22004\/revisions"}],"up":[{"embeddable":true,"href":"https:\/\/www.villaggiosanfrancesco.com\/pl\/wp-json\/wp\/v2\/pages\/22169"}],"wp:featuredmedia":[{"embeddable":true,"href":"https:\/\/www.villaggiosanfrancesco.com\/pl\/wp-json\/wp\/v2\/media\/22006"}],"wp:attachment":[{"href":"https:\/\/www.villaggiosanfrancesco.com\/pl\/wp-json\/wp\/v2\/media?parent=22004"}],"curies":[{"name":"wp","href":"https:\/\/api.w.org\/{rel}","templated":true}]}}