{"id":21811,"date":"2024-01-25T10:55:23","date_gmt":"2024-01-25T09:55:23","guid":{"rendered":"https:\/\/www.villaggiosanfrancesco.com\/caorle-i-jego-laguna\/"},"modified":"2024-02-22T21:37:34","modified_gmt":"2024-02-22T20:37:34","slug":"caorle-i-jego-laguna","status":"publish","type":"page","link":"https:\/\/www.villaggiosanfrancesco.com\/pl\/caorle-i-jego-laguna\/","title":{"rendered":"Caorle i jego laguna"},"content":{"rendered":"<div  class=\"grids-section row-elenchi grids-is-advanced alignfull\" style=\"--_gs-gap-desktop:0px 0px;--_gs-m-desktop:0 0 0 0;--_gs-p-desktop:0 0 0 0;--_gs-bg-desktop:transparent none;--_gs-bg-xp-desktop:0px;--_gs-zi-desktop:auto;--_gs-d-desktop:block;--_gs-mw-desktop:calc(100% - 0 - 0);--_gs-gap-tablet:0px 0px;--_gs-m-tablet:0 0 0 0;--_gs-p-tablet:0 0 0 0;--_gs-bg-tablet:transparent none;--_gs-bg-xp-tablet:0px;--_gs-zi-tablet:auto;--_gs-d-tablet:block;--_gs-mw-tablet:calc(100% - 0 - 0);--_gs-gap-mobile:0px 0px;--_gs-m-mobile:0 0 0 0;--_gs-p-mobile:0 0 0 0;--_gs-bg-mobile:transparent none;--_gs-bg-xp-mobile:0px;--_gs-zi-mobile:auto;--_gs-d-mobile:block;--_gs-mw-mobile:calc(100% - 0 - 0);--_gs-columns:12;--_gs-rows:6\"><div class=\"grids-s-w_i\">\n<div class=\"grids-area\" style=\"--_ga-column:2\/12;--_ga-row:1\/3;--_ga-m-desktop:0 0 0 0;--_ga-p-desktop:0 0 0 0;--_ga-bg-desktop:transparent none;--_ga-zi-desktop:auto;--_ga-d-desktop:flex;--_ga-mw-desktop:calc(100% - 0 - 0);--_ga-m-tablet:0 0 0 0;--_ga-p-tablet:0 0 0 0;--_ga-bg-tablet:transparent none;--_ga-zi-tablet:auto;--_ga-d-tablet:flex;--_ga-mw-tablet:calc(100% - 0 - 0);--_ga-m-mobile:0 0 0 0;--_ga-p-mobile:0 0 0 0;--_ga-bg-mobile:transparent none;--_ga-zi-mobile:auto;--_ga-d-mobile:flex;--_ga-mw-mobile:calc(100% - 0 - 0)\">\n\n<h2 class=\"wp-block-heading has-text-align-center advgb-dyn-c7e6f169\">Odkryj nasz o\u015brodek w Caorle i odwied\u017a najpi\u0119kniejsze i najciekawsze miejsca w Wenecji Euganejskiej i okolicach!<\/h2>\n\n\n\n<p>Obiekt Centro Vacanze Villaggio San Francesco po\u0142o\u017cony jest w samym sercu miejscowo\u015bci Caorle w Wenecji Euganejskiej. Podczas <strong>wakacji<\/strong> warto wi\u0119c przeznaczy\u0107 p\u00f3\u0142 dnia na <strong>zwiedzanie Caorle i jego laguny<\/strong>: Caorle jest bez w\u0105tpienia jednym z najpi\u0119kniejszych i najbardziej charakterystycznych miast na wybrze\u017cu weneckim, cz\u0119sto por\u00f3wnywanym do Wenecji ze wzgl\u0119du na swoje po\u0142o\u017cenie geograficzne i architektur\u0119.<\/p>\n\n\n\n<h3 class=\"wp-block-heading has-text-align-center advgb-dyn-aa61139f\"><strong>Jak dojecha\u0107 do Caorle z Villaggio San Francesco<\/strong><\/h3>\n\n\n\n<p>Z San Francesco Village mo\u017cna \u0142atwo dotrze\u0107 do miasta Caorle na <strong>rowerze<\/strong>, korzystaj\u0105c ze \u015bcie\u017cki rowerowej o d\u0142ugo\u015bci niespe\u0142na <strong>dziesi\u0119ciu kilometr\u00f3w<\/strong>, kt\u00f3ra biegnie <strong>nieprzerwanie<\/strong> od wyj\u015bcia z wioski do historycznego centrum Caorle.<\/p>\n\n\n\n<p>Mo\u017cesz te\u017c przyjecha\u0107<strong> samochodem<\/strong>, pami\u0119taj\u0105c o zaparkowaniu go, zw\u0142aszcza je\u015bli podr\u00f3\u017cujesz latem, na jednym z przestronnych parking\u00f3w przy wje\u017adzie do miasta. Odcinek drogi jest tak\u017ce obs\u0142ugiwany przez cz\u0119ste po\u0142\u0105czenia autobusowe.<\/p>\n\n\n\n<p>Aby zwiedzi\u0107 Caorle z Villaggio San Francesco, najlepiej skorzysta\u0107 z jednego z przewodnik\u00f3w, dost\u0119pnych r\u00f3wnie\u017c w <strong>punkcie informacyjnym wewn\u0105trz kurortu<\/strong>. Je\u015bli chwilowo tego zabraknie, w centrum miasta znajduje si\u0119 <strong>biuro IAT<\/strong> (informacji turystycznej), dobrze wyposa\u017cone w wieloj\u0119zyczne przewodniki.<\/p>\n\n\n\n<h3 class=\"wp-block-heading has-text-align-center advgb-dyn-56e7f985\"><strong>ODWIED\u0179 MIASTO CAORLE<\/strong><\/h3>\n\n\n\n<p>Miasto Caorle sk\u0142ada\u0142o si\u0119 niegdy\u015b z czterech g\u0142\u00f3wnych wysp, a deptaki, po kt\u00f3rych tury\u015bci mog\u0105 dzi\u015b bezpiecznie spacerowa\u0107, by\u0142y niegdy\u015b kana\u0142ami, kt\u00f3re je dzieli\u0142y, a kt\u00f3re zosta\u0142y zasypane w XVII wieku z powodu powa\u017cnych problem\u00f3w sanitarnych, jakie stwarza\u0142y.<\/p>\n\n<\/div>\n<\/div><\/div><div  class=\"grids-section grids-is-advanced alignfull\" style=\"--_gs-gap-desktop:0px 0px;--_gs-m-desktop:0 0 0 0;--_gs-p-desktop:0 0 0 0;--_gs-bg-desktop:transparent none;--_gs-bg-xp-desktop:0px;--_gs-zi-desktop:auto;--_gs-d-desktop:block;--_gs-mw-desktop:calc(100% - 0 - 0);--_gs-gap-tablet:0px 0px;--_gs-m-tablet:0 0 0 0;--_gs-p-tablet:0 0 0 0;--_gs-bg-tablet:transparent none;--_gs-bg-xp-tablet:0px;--_gs-zi-tablet:auto;--_gs-d-tablet:block;--_gs-mw-tablet:calc(100% - 0 - 0);--_gs-gap-mobile:0px 0px;--_gs-m-mobile:0 0 0 0;--_gs-p-mobile:0 0 0 0;--_gs-bg-mobile:transparent none;--_gs-bg-xp-mobile:0px;--_gs-zi-mobile:auto;--_gs-d-mobile:block;--_gs-mw-mobile:calc(100% - 0 - 0);--_gs-columns:12;--_gs-rows:6\"><div class=\"grids-s-w_i\">\n<div class=\"grids-area\" style=\"--_ga-column:2\/12;--_ga-row:1\/3;--_ga-m-desktop:0 0 0 0;--_ga-p-desktop:0 0 0 0;--_ga-bg-desktop:transparent none;--_ga-zi-desktop:auto;--_ga-d-desktop:flex;--_ga-mw-desktop:calc(100% - 0 - 0);--_ga-m-tablet:0 0 0 0;--_ga-p-tablet:0 0 0 0;--_ga-bg-tablet:transparent none;--_ga-zi-tablet:auto;--_ga-d-tablet:flex;--_ga-mw-tablet:calc(100% - 0 - 0);--_ga-m-mobile:0 0 0 0;--_ga-p-mobile:0 0 0 0;--_ga-bg-mobile:transparent none;--_ga-zi-mobile:auto;--_ga-d-mobile:flex;--_ga-mw-mobile:calc(100% - 0 - 0)\">\n\n<h2 class=\"wp-block-heading has-text-align-center advgb-dyn-20a1f797\">Co zobaczy\u0107 w Caorle<\/h2>\n\n<\/div>\n\n<div class=\"grids-area\" style=\"--_ga-column:2\/12;--_ga-row:3\/7;--_ga-m-desktop:0 0 0 0;--_ga-p-desktop:0 0 0 0;--_ga-bg-desktop:transparent none;--_ga-zi-desktop:auto;--_ga-d-desktop:flex;--_ga-mw-desktop:calc(100% - 0 - 0);--_ga-m-tablet:0 0 0 0;--_ga-p-tablet:0 0 0 0;--_ga-bg-tablet:transparent none;--_ga-zi-tablet:auto;--_ga-d-tablet:flex;--_ga-mw-tablet:calc(100% - 0 - 0);--_ga-m-mobile:0 0 0 0;--_ga-p-mobile:0 0 0 0;--_ga-bg-mobile:transparent none;--_ga-zi-mobile:auto;--_ga-d-mobile:flex;--_ga-mw-mobile:calc(100% - 0 - 0)\">\n    <div id=\"sliderImgText_2\" class=\"slider-img-text-container-wrapper slides-view-auto\">\n        <div class=\"swiper-wrapper\">\n                                            <div class=\"single-slide-img-text swiper-slide\">\n                    <figure class=\"full-width\" style=\"background-color: #8c9f90;\">\n                        <img decoding=\"async\" src=\"https:\/\/www.villaggiosanfrancesco.com\/wp-content\/uploads\/2022\/10\/centro-storico-caorle-villaggio-san-francesco.jpg\" width=\"1200\" height=\"840\" \/>\n                    <\/figure>\n\n                                            <h2>Il centro storico<\/h2>\n                    \n                                            <div class=\"single-slide-img-text-content\">\n                            <p>Il <strong>centro storico di Caorle<\/strong>, conosciuto anche come il salotto buono della citt\u00e0, rappresenta una passeggiata emozionante tra\u00a0<strong>case secolari dipinte di vivacissimi colori<\/strong>.<\/p>\n                        <\/div>\n                                    <\/div>\n                                            <div class=\"single-slide-img-text swiper-slide\">\n                    <figure class=\"full-width\" style=\"background-color: #aea891;\">\n                        <img decoding=\"async\" src=\"https:\/\/www.villaggiosanfrancesco.com\/wp-content\/uploads\/2022\/10\/duomo-santo-stefano-a-caorle-villaggio-san-francesco.jpg\" width=\"1200\" height=\"801\" \/>\n                    <\/figure>\n\n                                            <h2>Il Duomo<\/h2>\n                    \n                                            <div class=\"single-slide-img-text-content\">\n                            <p>Entrate nel <strong>Duomo<\/strong> costruito nell\u2019anno Mille, e fino ad un paio di secoli fa sede vescovile; all\u2019interno, dietro l\u2019altar maggiore, \u00e8 custodito uno dei maggiori gioielli dell\u2019arte bizantina: una <strong>\u201cPala d\u2019Oro\u201d<\/strong>, in realt\u00e0 di argento sbalzato, formata da 6 tavole e risalente a qualche anno prima della fine del 1500. Secondo la leggenda la Pala \u00e8 stata donata a Caorle dalla <strong>Regina Cornaro<\/strong> perch\u00e9 proprio davanti alle coste della citt\u00e0, venne salvata da un naufragio.<\/p>\n                        <\/div>\n                                    <\/div>\n                                            <div class=\"single-slide-img-text swiper-slide\">\n                    <figure class=\"full-width\" style=\"background-color: #b9b7ab;\">\n                        <img decoding=\"async\" src=\"https:\/\/www.villaggiosanfrancesco.com\/wp-content\/uploads\/2022\/10\/campanile-duomo-santo-stefano-caorle.jpg\" width=\"1200\" height=\"801\" \/>\n                    <\/figure>\n\n                                            <h2>Il campanile<\/h2>\n                    \n                                            <div class=\"single-slide-img-text-content\">\n                            <p>All\u2019esterno, il <strong>maestoso campanile cilindrico<\/strong>, rappresenta una delle curiosit\u00e0 architettoniche di ogni tempo. La sua costruzione \u00e8 di qualche decennio posteriore al duomo. \u00c8 possibile entrarci \u2013 con visite guidate \u2013 nelle ore serali ed ammirare la citt\u00e0 dall\u2019alto.<\/p>\n                        <\/div>\n                                    <\/div>\n                                            <div class=\"single-slide-img-text swiper-slide\">\n                    <figure class=\"full-width\" style=\"background-color: #a0b8ba;\">\n                        <img decoding=\"async\" src=\"https:\/\/www.villaggiosanfrancesco.com\/wp-content\/uploads\/2022\/10\/diga-foranea-caorle-villaggio-san-francesco.jpg\" width=\"1200\" height=\"801\" \/>\n                    <\/figure>\n\n                                            <h2>La Diga Foranea<\/h2>\n                    \n                                            <div class=\"single-slide-img-text-content\">\n                            <p>Altra passeggiata da fare durante la tua vacanza nel nostro Villaggio a Caorle \u00e8 sulla<strong>\u00a0diga foranea<\/strong>\u00a0che per moltissimi secoli ha separato l\u2019abitato dal mare: \u00e8 definita dai residenti \u201c<strong>la pi\u00f9 bella passeggiata sull\u2019Alto Adriatico<\/strong>\u201d. Ed \u00e8 anche un \u201c<strong>Museo a cielo aperto<\/strong>\u201d; infatti i massi che la costituiscono vengono regolarmente scolpiti da artisti di fama mondiale.<\/p>\n                        <\/div>\n                                    <\/div>\n                    <\/div>\n\n                    <div class=\"slider-list-navigation\">\n                <div class=\"swiper-button-next\"><\/div>\n                <div class=\"swiper-button-prev\"><\/div>\n            <\/div>\n            <\/div>\n\n            <script type=\"text\/javascript\">\n            jQuery(document).ready(function () {\n                var sliderImgText_2 = new Swiper ('#sliderImgText_2.slider-img-text-container-wrapper', {\n                    slidesPerView: 'auto',\n                    spaceBetween: 50,\n                    observer: true,\n                    observeParents: true,\n                    navigation: {\n                        nextEl: '#sliderImgText_2 .slider-list-navigation .swiper-button-next',\n                        prevEl: '#sliderImgText_2 .slider-list-navigation .swiper-button-prev',\n                    }\n                });\n            });\n        <\/script>\n    \n\n\n\n\n<div style=\"height:50px\" aria-hidden=\"true\" class=\"wp-block-spacer\"><\/div>\n\n<\/div>\n<\/div><\/div>\t<div id=\"boxTextSlider_3\" class=\"box-text-slider-container-wrapper  \" style=\"background-image: url(https:\/\/www.villaggiosanfrancesco.com\/wp-content\/uploads\/2022\/08\/casoni-caorle.jpg);--box-text-bck-color: #000000;--box-text-color: #ffffff;\">\n\n\t\t<div class=\"box-text-slider_content\">\n\t\t\t<h3>Laguna Caorle<\/h3>\n<h2>Spacer po Casoni w Caorle<\/h2>\n<p>Koniecznie odwied\u017a lagun\u0119 Caorle. Mo\u017cna do niego dotrze\u0107 rowerem, jad\u0105c do dzielnicy Falconera, gdzie stoj\u0105 s\u0142ynne<strong>&#8222;Casoni di Caorle<\/strong>&#8222;, drewniane i trzcinowe domy, w kt\u00f3rych <strong>rybacy z Caorle mieszkali przez tysi\u0105clecia<\/strong>.<\/p>\n\t\t<\/div>\n\n\t\t\t\t\t<div class=\"box-text-slider_slider\">\n\t\t\t\t<div class=\"swiper-wrapper\">\n\t\t\t\t\t\t\t\t\t\t\t\t\t\t\t\t\t<div class=\"box-text-slider_slider_slide swiper-slide\">\n\n\t\t\t\t\t\t\t\t\t\t\t\t\t\t\t<figure class=\"full-width\" style=\"background-color: #687b84;\">\n\t\t\t\t\t\t\t\t\t<img decoding=\"async\" src=\"https:\/\/www.villaggiosanfrancesco.com\/wp-content\/uploads\/2023\/01\/casone-di-caorle-isola-dei-pescatori.jpg\" alt=\"\" title=\"casone-di-caorle-isola-dei-pescatori\" \/>\n\t\t\t\t\t\t\t\t<\/figure>\n\t\t\t\t\t\t\t\n\t\t\t\t\t\t\t\n\t\t\t\t\t\t\t\t\t\t\t\t\t\t\t\t\t<div class=\"box-text-slider_slider_slide_title\">\n\t\t\t\t\t\t\t\t\t\tWyspa rybacka i Casoni w Caorle\t\t\t\t\t\t\t\t\t\t\t\t\t\t\t\t\n\t\t\t\t\t\t\t\t<\/div>\n\t\t\t\t\t\t\t\t\t\t\t\t\t<\/div>\n\t\t\t\t\t\t\n\t\t\t\t\t\t\t\t\t<\/div>\n\t\t\t\t\n\t\t\t\t\t\t\t<\/div>\n\t\t\t<\/div>\n\n\t\n\n<div  class=\"grids-section row-slider-text-changer grids-is-advanced alignfull\" style=\"--_gs-gap-desktop:0px 0px;--_gs-m-desktop:0 0 0 0;--_gs-p-desktop:0 0 0 0;--_gs-bg-desktop:transparent none;--_gs-bg-xp-desktop:0px;--_gs-zi-desktop:auto;--_gs-d-desktop:block;--_gs-mw-desktop:calc(100% - 0 - 0);--_gs-gap-tablet:0px 0px;--_gs-m-tablet:0 0 0 0;--_gs-p-tablet:0 0 0 0;--_gs-bg-tablet:transparent none;--_gs-bg-xp-tablet:0px;--_gs-zi-tablet:auto;--_gs-d-tablet:block;--_gs-mw-tablet:calc(100% - 0 - 0);--_gs-gap-mobile:0px 0px;--_gs-m-mobile:0 0 0 0;--_gs-p-mobile:0 0 0 0;--_gs-bg-mobile:transparent none;--_gs-bg-xp-mobile:0px;--_gs-zi-mobile:auto;--_gs-d-mobile:block;--_gs-mw-mobile:calc(100% - 0 - 0);--_gs-columns:12;--_gs-rows:6\"><div class=\"grids-s-w_i\">\n<div class=\"grids-area\" style=\"--_ga-column:2\/12;--_ga-row:1\/7;--_ga-m-desktop:0 0 0 0;--_ga-p-desktop:0 0 0 0;--_ga-bg-desktop:transparent none;--_ga-zi-desktop:auto;--_ga-d-desktop:flex;--_ga-mw-desktop:calc(100% - 0 - 0);--_ga-m-tablet:0 0 0 0;--_ga-p-tablet:0 0 0 0;--_ga-bg-tablet:transparent none;--_ga-zi-tablet:auto;--_ga-d-tablet:flex;--_ga-mw-tablet:calc(100% - 0 - 0);--_ga-m-mobile:0 0 0 0;--_ga-p-mobile:0 0 0 0;--_ga-bg-mobile:transparent none;--_ga-zi-mobile:auto;--_ga-d-mobile:flex;--_ga-mw-mobile:calc(100% - 0 - 0)\">\n\n<p class=\"has-text-align-center\">Ostatnia uwaga. Caorle to miasto rybak\u00f3w, a ryby przygotowywane w miejskich restauracjach s\u0105 najlepszymi, jakie mo\u017cna zje\u015b\u0107 nad Adriatykiem: nie przegap okazji, aby spr\u00f3bowa\u0107 wyj\u0105tkowych potraw, owoc\u00f3w pokole\u0144 kucharzy, kt\u00f3rzy w minionych stuleciach gotowali na pok\u0142adzie swoich \u0142odzi rybackich, a dzi\u015b przenie\u015bli si\u0119 na sta\u0142y l\u0105d. Do\u015bwiadczenie, kt\u00f3re sprawi, \u017ce Twoje wakacje w Caorle b\u0119d\u0105 wyj\u0105tkowe!<\/p>\n\n\n\n<div style=\"height:50px\" aria-hidden=\"true\" class=\"wp-block-spacer\"><\/div>\n\n\n\n<div class=\"wp-block-buttons is-layout-flex wp-block-buttons-is-layout-flex\"><\/div>\n\n<\/div>\n<\/div><\/div><div  class=\"grids-section background-with-box grids-is-advanced alignfull\" style=\"--_gs-gap-desktop:0px 0px;--_gs-m-desktop:0 0 0 0;--_gs-p-desktop:0 0 0 0;--_gs-bg-desktop:transparent url(https:\/\/www.villaggiosanfrancesco.com\/wp-content\/uploads\/2022\/10\/villaggio-san-francesco-caorle-banner-preview.jpg) no-repeat 50% 50%  \/ cover;--_gs-bg-xp-desktop:0px;--_gs-zi-desktop:auto;--_gs-d-desktop:block;--_gs-mw-desktop:calc(100% - 0 - 0);--_gs-gap-tablet:0px 0px;--_gs-m-tablet:0 0 0 0;--_gs-p-tablet:0 0 0 0;--_gs-bg-tablet:transparent url(https:\/\/www.villaggiosanfrancesco.com\/wp-content\/uploads\/2022\/10\/villaggio-san-francesco-caorle-banner-preview.jpg) no-repeat 50% 50%  \/ cover;--_gs-bg-xp-tablet:0px;--_gs-zi-tablet:auto;--_gs-d-tablet:block;--_gs-mw-tablet:calc(100% - 0 - 0);--_gs-gap-mobile:0px 0px;--_gs-m-mobile:0 0 0 0;--_gs-p-mobile:0 0 0 0;--_gs-bg-mobile:transparent url(https:\/\/www.villaggiosanfrancesco.com\/wp-content\/uploads\/2022\/10\/villaggio-san-francesco-caorle-banner-preview.jpg) no-repeat 50% 50%  \/ cover;--_gs-bg-xp-mobile:0px;--_gs-zi-mobile:auto;--_gs-d-mobile:block;--_gs-mw-mobile:calc(100% - 0 - 0);--_gs-columns:12;--_gs-rows:6\"><div class=\"grids-s-w_i\">\n<div class=\"grids-area\" style=\"--_ga-column:4\/10;--_ga-row:2\/6;--_ga-m-desktop:0 0 0 0;--_ga-p-desktop:0 0 0 0;--_ga-bg-desktop:transparent none;--_ga-zi-desktop:auto;--_ga-d-desktop:flex;--_ga-mw-desktop:calc(100% - 0 - 0);--_ga-m-tablet:0 0 0 0;--_ga-p-tablet:0 0 0 0;--_ga-bg-tablet:transparent none;--_ga-zi-tablet:auto;--_ga-d-tablet:flex;--_ga-mw-tablet:calc(100% - 0 - 0);--_ga-m-mobile:0 0 0 0;--_ga-p-mobile:0 0 0 0;--_ga-bg-mobile:transparent none;--_ga-zi-mobile:auto;--_ga-d-mobile:flex;--_ga-mw-mobile:calc(100% - 0 - 0)\">\n\n<h3 class=\"wp-block-heading has-text-align-center text-bck-rainbow block-center advgb-dyn-e508173e\">OFERTY I CENY W SAN FRANCESCO VILLAGE<\/h3>\n\n\n\n<h2 class=\"wp-block-heading has-text-align-center advgb-dyn-0e983db0\">Zawsze jest odpowiedni czas na rezerwacj\u0119 wakacji<\/h2>\n\n\n\n<p class=\"has-text-align-center\">Dzi\u0119ki naszym ofertom w <strong>o\u015brodku wakacyjnym<\/strong>, pobyt w <strong>Caorle<\/strong><br\/>b\u0119dzie jeszcze przyjemniejszy.<\/p>\n\n\n\n<div class=\"wp-block-buttons is-content-justification-center is-layout-flex wp-container-core-buttons-is-layout-16018d1d wp-block-buttons-is-layout-flex\">\n<div class=\"wp-block-button aligncenter advgb-dyn-1248f7c5\"><a class=\"wp-block-button__link wp-element-button\" href=\"https:\/\/www.villaggiosanfrancesco.com\/pl\/oferty-i-promocje\/\">CENY I OFERTY<\/a><\/div>\n<\/div>\n\n<\/div>\n<\/div><\/div><div  class=\"grids-section grids-is-advanced alignwide\" style=\"--_gs-gap-desktop:0px 0px;--_gs-m-desktop:0 0 0 0;--_gs-p-desktop:0 0 0 0;--_gs-bg-desktop:transparent none;--_gs-bg-xp-desktop:0px;--_gs-zi-desktop:auto;--_gs-d-desktop:block;--_gs-mw-desktop:calc(100% - 0 - 0);--_gs-gap-tablet:0px 0px;--_gs-m-tablet:0 0 0 0;--_gs-p-tablet:0 0 0 0;--_gs-bg-tablet:transparent none;--_gs-bg-xp-tablet:0px;--_gs-zi-tablet:auto;--_gs-d-tablet:block;--_gs-mw-tablet:calc(100% - 0 - 0);--_gs-gap-mobile:0px 0px;--_gs-m-mobile:0 0 0 0;--_gs-p-mobile:0 0 0 0;--_gs-bg-mobile:transparent none;--_gs-bg-xp-mobile:0px;--_gs-zi-mobile:auto;--_gs-d-mobile:block;--_gs-mw-mobile:calc(100% - 0 - 0);--_gs-columns:12;--_gs-rows:6\"><div class=\"grids-s-w_i\">\n<div class=\"grids-area\" style=\"--_ga-column:2\/12;--_ga-row:1\/7;--_ga-m-desktop:0 0 0 0;--_ga-p-desktop:0 0 0 0;--_ga-bg-desktop:transparent none;--_ga-zi-desktop:auto;--_ga-d-desktop:flex;--_ga-mw-desktop:calc(100% - 0 - 0);--_ga-m-tablet:0 0 0 0;--_ga-p-tablet:0 0 0 0;--_ga-bg-tablet:transparent none;--_ga-zi-tablet:auto;--_ga-d-tablet:flex;--_ga-mw-tablet:calc(100% - 0 - 0);--_ga-m-mobile:0 0 0 0;--_ga-p-mobile:0 0 0 0;--_ga-bg-mobile:transparent none;--_ga-zi-mobile:auto;--_ga-d-mobile:flex;--_ga-mw-mobile:calc(100% - 0 - 0)\">\n\n\n\n<\/div>\n<\/div><\/div>","protected":false},"excerpt":{"rendered":"","protected":false},"author":1,"featured_media":21816,"parent":0,"menu_order":0,"comment_status":"closed","ping_status":"closed","template":"","meta":{"_acf_changed":false,"advgb_blocks_editor_width":"","advgb_blocks_columns_visual_guide":"","footnotes":""},"class_list":["post-21811","page","type-page","status-publish","has-post-thumbnail","hentry","entry"],"acf":[],"yoast_head":"<!-- This site is optimized with the Yoast SEO plugin v26.0 - https:\/\/yoast.com\/wordpress\/plugins\/seo\/ -->\n<title>Zwiedzanie Caorle i jego laguny | Villaggio San Francesco<\/title>\n<meta name=\"description\" content=\"Odwied\u017a lagun\u0119 i miasto Caorle na rowerze lub pieszo i nie przegap najpi\u0119kniejszych miejsc w Wenecji Euganejskiej.\" \/>\n<meta name=\"robots\" content=\"index, follow, max-snippet:-1, max-image-preview:large, max-video-preview:-1\" \/>\n<link rel=\"canonical\" href=\"https:\/\/www.villaggiosanfrancesco.com\/pl\/caorle-i-jego-laguna\/\" \/>\n<meta property=\"og:locale\" content=\"pl_PL\" \/>\n<meta property=\"og:type\" content=\"article\" \/>\n<meta property=\"og:title\" content=\"Zwiedzanie Caorle i jego laguny | Villaggio San Francesco\" \/>\n<meta property=\"og:description\" content=\"Odwied\u017a lagun\u0119 i miasto Caorle na rowerze lub pieszo i nie przegap najpi\u0119kniejszych miejsc w Wenecji Euganejskiej.\" \/>\n<meta property=\"og:url\" content=\"https:\/\/www.villaggiosanfrancesco.com\/pl\/caorle-i-jego-laguna\/\" \/>\n<meta property=\"og:site_name\" content=\"Villaggio San Francesco\" \/>\n<meta property=\"article:publisher\" content=\"https:\/\/www.facebook.com\/VillaggioSanFrancesco\/\" \/>\n<meta property=\"article:modified_time\" content=\"2024-02-22T20:37:34+00:00\" \/>\n<meta property=\"og:image\" content=\"https:\/\/www.villaggiosanfrancesco.com\/wp-content\/uploads\/2023\/01\/caorle.jpg\" \/>\n\t<meta property=\"og:image:width\" content=\"1200\" \/>\n\t<meta property=\"og:image:height\" content=\"800\" \/>\n\t<meta property=\"og:image:type\" content=\"image\/jpeg\" \/>\n<meta name=\"twitter:card\" content=\"summary_large_image\" \/>\n<meta name=\"twitter:label1\" content=\"Szacowany czas czytania\" \/>\n\t<meta name=\"twitter:data1\" content=\"2 minuty\" \/>\n<script type=\"application\/ld+json\" class=\"yoast-schema-graph\">{\"@context\":\"https:\/\/schema.org\",\"@graph\":[{\"@type\":\"WebPage\",\"@id\":\"https:\/\/www.villaggiosanfrancesco.com\/pl\/caorle-i-jego-laguna\/\",\"url\":\"https:\/\/www.villaggiosanfrancesco.com\/pl\/caorle-i-jego-laguna\/\",\"name\":\"Zwiedzanie Caorle i jego laguny | Villaggio San Francesco\",\"isPartOf\":{\"@id\":\"https:\/\/www.villaggiosanfrancesco.com\/pl\/#website\"},\"primaryImageOfPage\":{\"@id\":\"https:\/\/www.villaggiosanfrancesco.com\/pl\/caorle-i-jego-laguna\/#primaryimage\"},\"image\":{\"@id\":\"https:\/\/www.villaggiosanfrancesco.com\/pl\/caorle-i-jego-laguna\/#primaryimage\"},\"thumbnailUrl\":\"https:\/\/www.villaggiosanfrancesco.com\/wp-content\/uploads\/2023\/01\/caorle.jpg\",\"datePublished\":\"2024-01-25T09:55:23+00:00\",\"dateModified\":\"2024-02-22T20:37:34+00:00\",\"description\":\"Odwied\u017a lagun\u0119 i miasto Caorle na rowerze lub pieszo i nie przegap najpi\u0119kniejszych miejsc w Wenecji Euganejskiej.\",\"breadcrumb\":{\"@id\":\"https:\/\/www.villaggiosanfrancesco.com\/pl\/caorle-i-jego-laguna\/#breadcrumb\"},\"inLanguage\":\"pl-PL\",\"potentialAction\":[{\"@type\":\"ReadAction\",\"target\":[\"https:\/\/www.villaggiosanfrancesco.com\/pl\/caorle-i-jego-laguna\/\"]}]},{\"@type\":\"ImageObject\",\"inLanguage\":\"pl-PL\",\"@id\":\"https:\/\/www.villaggiosanfrancesco.com\/pl\/caorle-i-jego-laguna\/#primaryimage\",\"url\":\"https:\/\/www.villaggiosanfrancesco.com\/wp-content\/uploads\/2023\/01\/caorle.jpg\",\"contentUrl\":\"https:\/\/www.villaggiosanfrancesco.com\/wp-content\/uploads\/2023\/01\/caorle.jpg\",\"width\":1200,\"height\":800},{\"@type\":\"BreadcrumbList\",\"@id\":\"https:\/\/www.villaggiosanfrancesco.com\/pl\/caorle-i-jego-laguna\/#breadcrumb\",\"itemListElement\":[{\"@type\":\"ListItem\",\"position\":1,\"name\":\"Home\",\"item\":\"https:\/\/www.villaggiosanfrancesco.com\/pl\/\"},{\"@type\":\"ListItem\",\"position\":2,\"name\":\"Caorle i jego laguna\"}]},{\"@type\":\"WebSite\",\"@id\":\"https:\/\/www.villaggiosanfrancesco.com\/pl\/#website\",\"url\":\"https:\/\/www.villaggiosanfrancesco.com\/pl\/\",\"name\":\"Villaggio San Francesco\",\"description\":\"Caorle, VENEZIA\",\"publisher\":{\"@id\":\"https:\/\/www.villaggiosanfrancesco.com\/pl\/#organization\"},\"potentialAction\":[{\"@type\":\"SearchAction\",\"target\":{\"@type\":\"EntryPoint\",\"urlTemplate\":\"https:\/\/www.villaggiosanfrancesco.com\/pl\/?s={search_term_string}\"},\"query-input\":{\"@type\":\"PropertyValueSpecification\",\"valueRequired\":true,\"valueName\":\"search_term_string\"}}],\"inLanguage\":\"pl-PL\"},{\"@type\":\"Organization\",\"@id\":\"https:\/\/www.villaggiosanfrancesco.com\/pl\/#organization\",\"name\":\"Villaggio San Francesco\",\"url\":\"https:\/\/www.villaggiosanfrancesco.com\/pl\/\",\"logo\":{\"@type\":\"ImageObject\",\"inLanguage\":\"pl-PL\",\"@id\":\"https:\/\/www.villaggiosanfrancesco.com\/pl\/#\/schema\/logo\/image\/\",\"url\":\"https:\/\/www.villaggiosanfrancesco.com\/wp-content\/uploads\/2023\/03\/Logo-Villaggio-San-Francesco-Caorle-1.png\",\"contentUrl\":\"https:\/\/www.villaggiosanfrancesco.com\/wp-content\/uploads\/2023\/03\/Logo-Villaggio-San-Francesco-Caorle-1.png\",\"width\":1206,\"height\":356,\"caption\":\"Villaggio San Francesco\"},\"image\":{\"@id\":\"https:\/\/www.villaggiosanfrancesco.com\/pl\/#\/schema\/logo\/image\/\"},\"sameAs\":[\"https:\/\/www.facebook.com\/VillaggioSanFrancesco\/\",\"https:\/\/www.instagram.com\/villaggiosanfrancesco\/\",\"https:\/\/www.youtube.com\/channel\/UClXJoJulrb1UANfZodeHn-g\",\"https:\/\/www.tiktok.com\/@sanfrancescoresort\"]}]}<\/script>\n<!-- \/ Yoast SEO plugin. -->","yoast_head_json":{"title":"Zwiedzanie Caorle i jego laguny | Villaggio San Francesco","description":"Odwied\u017a lagun\u0119 i miasto Caorle na rowerze lub pieszo i nie przegap najpi\u0119kniejszych miejsc w Wenecji Euganejskiej.","robots":{"index":"index","follow":"follow","max-snippet":"max-snippet:-1","max-image-preview":"max-image-preview:large","max-video-preview":"max-video-preview:-1"},"canonical":"https:\/\/www.villaggiosanfrancesco.com\/pl\/caorle-i-jego-laguna\/","og_locale":"pl_PL","og_type":"article","og_title":"Zwiedzanie Caorle i jego laguny | Villaggio San Francesco","og_description":"Odwied\u017a lagun\u0119 i miasto Caorle na rowerze lub pieszo i nie przegap najpi\u0119kniejszych miejsc w Wenecji Euganejskiej.","og_url":"https:\/\/www.villaggiosanfrancesco.com\/pl\/caorle-i-jego-laguna\/","og_site_name":"Villaggio San Francesco","article_publisher":"https:\/\/www.facebook.com\/VillaggioSanFrancesco\/","article_modified_time":"2024-02-22T20:37:34+00:00","og_image":[{"width":1200,"height":800,"url":"https:\/\/www.villaggiosanfrancesco.com\/wp-content\/uploads\/2023\/01\/caorle.jpg","type":"image\/jpeg"}],"twitter_card":"summary_large_image","twitter_misc":{"Szacowany czas czytania":"2 minuty"},"schema":{"@context":"https:\/\/schema.org","@graph":[{"@type":"WebPage","@id":"https:\/\/www.villaggiosanfrancesco.com\/pl\/caorle-i-jego-laguna\/","url":"https:\/\/www.villaggiosanfrancesco.com\/pl\/caorle-i-jego-laguna\/","name":"Zwiedzanie Caorle i jego laguny | Villaggio San Francesco","isPartOf":{"@id":"https:\/\/www.villaggiosanfrancesco.com\/pl\/#website"},"primaryImageOfPage":{"@id":"https:\/\/www.villaggiosanfrancesco.com\/pl\/caorle-i-jego-laguna\/#primaryimage"},"image":{"@id":"https:\/\/www.villaggiosanfrancesco.com\/pl\/caorle-i-jego-laguna\/#primaryimage"},"thumbnailUrl":"https:\/\/www.villaggiosanfrancesco.com\/wp-content\/uploads\/2023\/01\/caorle.jpg","datePublished":"2024-01-25T09:55:23+00:00","dateModified":"2024-02-22T20:37:34+00:00","description":"Odwied\u017a lagun\u0119 i miasto Caorle na rowerze lub pieszo i nie przegap najpi\u0119kniejszych miejsc w Wenecji Euganejskiej.","breadcrumb":{"@id":"https:\/\/www.villaggiosanfrancesco.com\/pl\/caorle-i-jego-laguna\/#breadcrumb"},"inLanguage":"pl-PL","potentialAction":[{"@type":"ReadAction","target":["https:\/\/www.villaggiosanfrancesco.com\/pl\/caorle-i-jego-laguna\/"]}]},{"@type":"ImageObject","inLanguage":"pl-PL","@id":"https:\/\/www.villaggiosanfrancesco.com\/pl\/caorle-i-jego-laguna\/#primaryimage","url":"https:\/\/www.villaggiosanfrancesco.com\/wp-content\/uploads\/2023\/01\/caorle.jpg","contentUrl":"https:\/\/www.villaggiosanfrancesco.com\/wp-content\/uploads\/2023\/01\/caorle.jpg","width":1200,"height":800},{"@type":"BreadcrumbList","@id":"https:\/\/www.villaggiosanfrancesco.com\/pl\/caorle-i-jego-laguna\/#breadcrumb","itemListElement":[{"@type":"ListItem","position":1,"name":"Home","item":"https:\/\/www.villaggiosanfrancesco.com\/pl\/"},{"@type":"ListItem","position":2,"name":"Caorle i jego laguna"}]},{"@type":"WebSite","@id":"https:\/\/www.villaggiosanfrancesco.com\/pl\/#website","url":"https:\/\/www.villaggiosanfrancesco.com\/pl\/","name":"Villaggio San Francesco","description":"Caorle, VENEZIA","publisher":{"@id":"https:\/\/www.villaggiosanfrancesco.com\/pl\/#organization"},"potentialAction":[{"@type":"SearchAction","target":{"@type":"EntryPoint","urlTemplate":"https:\/\/www.villaggiosanfrancesco.com\/pl\/?s={search_term_string}"},"query-input":{"@type":"PropertyValueSpecification","valueRequired":true,"valueName":"search_term_string"}}],"inLanguage":"pl-PL"},{"@type":"Organization","@id":"https:\/\/www.villaggiosanfrancesco.com\/pl\/#organization","name":"Villaggio San Francesco","url":"https:\/\/www.villaggiosanfrancesco.com\/pl\/","logo":{"@type":"ImageObject","inLanguage":"pl-PL","@id":"https:\/\/www.villaggiosanfrancesco.com\/pl\/#\/schema\/logo\/image\/","url":"https:\/\/www.villaggiosanfrancesco.com\/wp-content\/uploads\/2023\/03\/Logo-Villaggio-San-Francesco-Caorle-1.png","contentUrl":"https:\/\/www.villaggiosanfrancesco.com\/wp-content\/uploads\/2023\/03\/Logo-Villaggio-San-Francesco-Caorle-1.png","width":1206,"height":356,"caption":"Villaggio San Francesco"},"image":{"@id":"https:\/\/www.villaggiosanfrancesco.com\/pl\/#\/schema\/logo\/image\/"},"sameAs":["https:\/\/www.facebook.com\/VillaggioSanFrancesco\/","https:\/\/www.instagram.com\/villaggiosanfrancesco\/","https:\/\/www.youtube.com\/channel\/UClXJoJulrb1UANfZodeHn-g","https:\/\/www.tiktok.com\/@sanfrancescoresort"]}]}},"coauthors":[],"author_meta":{"author_link":"https:\/\/www.villaggiosanfrancesco.com\/pl\/news\/author\/admin\/","display_name":"admin"},"relative_dates":{"created":"Posted 2 lata ago","modified":"Updated 2 lata ago"},"absolute_dates":{"created":"Posted on 25 stycznia, 2024","modified":"Updated on 22 lutego, 2024"},"absolute_dates_time":{"created":"Posted on 25 stycznia, 2024 10:55 am","modified":"Updated on 22 lutego, 2024 9:37 pm"},"featured_img_caption":"","featured_img":"https:\/\/www.villaggiosanfrancesco.com\/wp-content\/uploads\/2023\/01\/caorle.jpg","series_order":"","_links":{"self":[{"href":"https:\/\/www.villaggiosanfrancesco.com\/pl\/wp-json\/wp\/v2\/pages\/21811","targetHints":{"allow":["GET"]}}],"collection":[{"href":"https:\/\/www.villaggiosanfrancesco.com\/pl\/wp-json\/wp\/v2\/pages"}],"about":[{"href":"https:\/\/www.villaggiosanfrancesco.com\/pl\/wp-json\/wp\/v2\/types\/page"}],"author":[{"embeddable":true,"href":"https:\/\/www.villaggiosanfrancesco.com\/pl\/wp-json\/wp\/v2\/users\/1"}],"replies":[{"embeddable":true,"href":"https:\/\/www.villaggiosanfrancesco.com\/pl\/wp-json\/wp\/v2\/comments?post=21811"}],"version-history":[{"count":0,"href":"https:\/\/www.villaggiosanfrancesco.com\/pl\/wp-json\/wp\/v2\/pages\/21811\/revisions"}],"wp:featuredmedia":[{"embeddable":true,"href":"https:\/\/www.villaggiosanfrancesco.com\/pl\/wp-json\/wp\/v2\/media\/21816"}],"wp:attachment":[{"href":"https:\/\/www.villaggiosanfrancesco.com\/pl\/wp-json\/wp\/v2\/media?parent=21811"}],"curies":[{"name":"wp","href":"https:\/\/api.w.org\/{rel}","templated":true}]}}