{"id":21807,"date":"2024-01-25T10:55:21","date_gmt":"2024-01-25T09:55:21","guid":{"rendered":"https:\/\/www.villaggiosanfrancesco.com\/witamy-w-naszym-klubie\/"},"modified":"2025-10-31T16:20:17","modified_gmt":"2025-10-31T15:20:17","slug":"witamy-w-naszym-klubie","status":"publish","type":"page","link":"https:\/\/www.villaggiosanfrancesco.com\/pl\/witamy-w-naszym-klubie\/","title":{"rendered":"Witamy w naszym klubie"},"content":{"rendered":"<div  class=\"grids-section row-elenchi grids-is-advanced alignfull\" style=\"--_gs-gap-desktop:0px 0px;--_gs-m-desktop:0 0 0 0;--_gs-p-desktop:0 0 0 0;--_gs-bg-desktop:transparent none;--_gs-bg-xp-desktop:0px;--_gs-zi-desktop:auto;--_gs-d-desktop:block;--_gs-mw-desktop:calc(100% - 0 - 0);--_gs-gap-tablet:0px 0px;--_gs-m-tablet:0 0 0 0;--_gs-p-tablet:0 0 0 0;--_gs-bg-tablet:transparent none;--_gs-bg-xp-tablet:0px;--_gs-zi-tablet:auto;--_gs-d-tablet:block;--_gs-mw-tablet:calc(100% - 0 - 0);--_gs-gap-mobile:0px 0px;--_gs-m-mobile:0 0 0 0;--_gs-p-mobile:0 0 0 0;--_gs-bg-mobile:transparent none;--_gs-bg-xp-mobile:0px;--_gs-zi-mobile:auto;--_gs-d-mobile:block;--_gs-mw-mobile:calc(100% - 0 - 0);--_gs-columns:12;--_gs-rows:6\"><div class=\"grids-s-w_i\">\n<div class=\"grids-area\" style=\"--_ga-column:2\/12;--_ga-row:1\/3;--_ga-m-desktop:0 0 0 0;--_ga-p-desktop:0 0 0 0;--_ga-bg-desktop:transparent none;--_ga-zi-desktop:auto;--_ga-d-desktop:flex;--_ga-mw-desktop:calc(100% - 0 - 0);--_ga-m-tablet:0 0 0 0;--_ga-p-tablet:0 0 0 0;--_ga-bg-tablet:transparent none;--_ga-zi-tablet:auto;--_ga-d-tablet:flex;--_ga-mw-tablet:calc(100% - 0 - 0);--_ga-m-mobile:0 0 0 0;--_ga-p-mobile:0 0 0 0;--_ga-bg-mobile:transparent none;--_ga-zi-mobile:auto;--_ga-d-mobile:flex;--_ga-mw-mobile:calc(100% - 0 - 0)\">\n\n<h2 class=\"wp-block-heading has-text-align-center\">Drogi Go\u015bciu,<br>Witamy w naszej spo\u0142eczno\u015bci Bi Holiday!<\/h2>\n\n\n\n<p><strong>Go\u015bcinno\u015b\u0107 to nasza praca<\/strong>, nasza pasja, nasz spos\u00f3b bycia.<\/p>\n\n\n\n<p>Od <strong>ponad 40 lat priorytetem mojej rodziny jest zapewnienie niezapomnianych wakacji<\/strong>, z wygodami domu, ale w innym, przyjemnym otoczeniu, a przede wszystkim zaprojektowanym w odpowiedzi na Twoje potrzeby.<\/p>\n\n\n\n<p>\u017byczymy Ci, aby te dni, kt\u00f3re sp\u0119dzisz w naszym towarzystwie, by\u0142y uczuciami i do\u015bwiadczeniami, o kt\u00f3rych warto opowiedzie\u0107, poniewa\u017c zosta\u0142y prze\u017cyte!<\/p>\n\n\n\n<p>To b\u0119dzie nasze powitanie w Villaggio San Francesco, w Caorle, w Wenecji.<\/p>\n\n\n\n<p><strong>Twoja opinia jest dla nas kluczowa<\/strong>! Ch\u0119tnie wys\u0142uchamy Twoich opinii, aby Twoja nast\u0119pna wizyta by\u0142a jeszcze bardziej Twoja!<\/p>\n\n\n\n<p>Weso\u0142ych \u015awi\u0105t.<\/p>\n\n\n\n<h2 class=\"wp-block-heading has-text-align-center\">Informacje dotycz\u0105ce podr\u00f3\u017cy<\/h2>\n\n\n\n<div class=\"wp-block-buttons is-layout-flex wp-block-buttons-is-layout-flex\">\n<div class=\"wp-block-button aligncenter\"><a class=\"wp-block-button__link wp-element-button\" href=\"https:\/\/www.villaggiosanfrancesco.com\/wp-content\/uploads\/2022\/10\/SF-REGOLAMENTO-IT.pdf\" target=\"_blank\" rel=\"noreferrer noopener\">POBIERZ REGULAMIN<\/a><\/div>\n<\/div>\n\n<\/div>\n<\/div><\/div>\n\n<div  class=\"grids-section row-information grids-is-advanced alignfull\" style=\"--_gs-gap-desktop:0px 0px;--_gs-m-desktop:0 0 0 0;--_gs-p-desktop:0 0 0 0;--_gs-bg-desktop:#00a8bb none;--_gs-bg-xp-desktop:0px;--_gs-zi-desktop:auto;--_gs-d-desktop:block;--_gs-mw-desktop:calc(100% - 0 - 0);--_gs-gap-tablet:0px 0px;--_gs-m-tablet:0 0 0 0;--_gs-p-tablet:0 0 0 0;--_gs-bg-tablet:#00a8bb none;--_gs-bg-xp-tablet:0px;--_gs-zi-tablet:auto;--_gs-d-tablet:block;--_gs-mw-tablet:calc(100% - 0 - 0);--_gs-gap-mobile:0px 0px;--_gs-m-mobile:0 0 0 0;--_gs-p-mobile:0 0 0 0;--_gs-bg-mobile:#00a8bb none;--_gs-bg-xp-mobile:0px;--_gs-zi-mobile:auto;--_gs-d-mobile:block;--_gs-mw-mobile:calc(100% - 0 - 0);--_gs-columns:12;--_gs-rows:6\"><div class=\"grids-s-w_i\">\n<div class=\"grids-area\" style=\"--_ga-column:1\/4;--_ga-row:1\/7;--_ga-va:center;--_ga-m-desktop:0 0 0 0;--_ga-p-desktop:0 0 0 0;--_ga-bg-desktop:transparent none;--_ga-zi-desktop:auto;--_ga-d-desktop:flex;--_ga-mw-desktop:calc(100% - 0 - 0);--_ga-m-tablet:0 0 0 0;--_ga-p-tablet:0 0 0 0;--_ga-bg-tablet:transparent none;--_ga-zi-tablet:auto;--_ga-d-tablet:flex;--_ga-mw-tablet:calc(100% - 0 - 0);--_ga-m-mobile:0 0 0 0;--_ga-p-mobile:0 0 0 0;--_ga-bg-mobile:transparent none;--_ga-zi-mobile:auto;--_ga-d-mobile:flex;--_ga-mw-mobile:calc(100% - 0 - 0)\"><\/div>\n\n<div class=\"grids-area\" style=\"--_ga-column:4\/10;--_ga-row:1\/7;--_ga-va:center;--_ga-m-desktop:0 0 0 0;--_ga-p-desktop:0 0 0 0;--_ga-bg-desktop:transparent none;--_ga-zi-desktop:auto;--_ga-d-desktop:flex;--_ga-mw-desktop:calc(100% - 0 - 0);--_ga-m-tablet:0 0 0 0;--_ga-p-tablet:0 0 0 0;--_ga-bg-tablet:transparent none;--_ga-zi-tablet:auto;--_ga-d-tablet:flex;--_ga-mw-tablet:calc(100% - 0 - 0);--_ga-m-mobile:0 0 0 0;--_ga-p-mobile:0 0 0 0;--_ga-bg-mobile:transparent none;--_ga-zi-mobile:auto;--_ga-d-mobile:flex;--_ga-mw-mobile:calc(100% - 0 - 0)\">\n\n<h2 class=\"wp-block-heading has-text-align-center\">Zameldowanie i wymeldowanie<\/h2>\n\n\n\n<p class=\"has-text-align-center\">Zameldowanie w <strong>zakwaterowaniu<\/strong> jest <strong>gwarantowane od godziny 17:00, <\/strong>dla <strong>parceli od godziny 12:00<\/strong>. Podczas oczekiwania na zakwaterowanie b\u0119dziesz m\u00f3g\u0142 korzysta\u0107 z us\u0142ug kurortu.<\/p>\n\n\n\n<p class=\"has-text-align-center\"><strong>Czas wyjazdu z parceli<\/strong> jest od <strong>07:00<\/strong> do <strong>12<\/strong>:00, a z <strong>zakwaterowania<\/strong> od 07:00 do 10:00. Klucze nale\u017cy zwr\u00f3ci\u0107 do recepcji.<\/p>\n\n\n\n<div class=\"wp-block-buttons is-layout-flex wp-block-buttons-is-layout-flex\"><\/div>\n\n<\/div>\n\n<div class=\"grids-area\" style=\"--_ga-column:10\/13;--_ga-row:1\/7;--_ga-va:center;--_ga-m-desktop:0 0 0 0;--_ga-p-desktop:0 0 0 0;--_ga-bg-desktop:transparent none;--_ga-zi-desktop:auto;--_ga-d-desktop:flex;--_ga-mw-desktop:calc(100% - 0 - 0);--_ga-m-tablet:0 0 0 0;--_ga-p-tablet:0 0 0 0;--_ga-bg-tablet:transparent none;--_ga-zi-tablet:auto;--_ga-d-tablet:flex;--_ga-mw-tablet:calc(100% - 0 - 0);--_ga-m-mobile:0 0 0 0;--_ga-p-mobile:0 0 0 0;--_ga-bg-mobile:transparent none;--_ga-zi-mobile:auto;--_ga-d-mobile:flex;--_ga-mw-mobile:calc(100% - 0 - 0)\"><\/div>\n<\/div><\/div>\n\n<div  class=\"grids-section row-elenchi grids-is-advanced alignfull\" style=\"--_gs-gap-desktop:0px 0px;--_gs-m-desktop:0 0 0 0;--_gs-p-desktop:0 0 0 0;--_gs-bg-desktop:transparent none;--_gs-bg-xp-desktop:0px;--_gs-zi-desktop:auto;--_gs-d-desktop:block;--_gs-mw-desktop:calc(100% - 0 - 0);--_gs-gap-tablet:0px 0px;--_gs-m-tablet:0 0 0 0;--_gs-p-tablet:0 0 0 0;--_gs-bg-tablet:transparent none;--_gs-bg-xp-tablet:0px;--_gs-zi-tablet:auto;--_gs-d-tablet:block;--_gs-mw-tablet:calc(100% - 0 - 0);--_gs-gap-mobile:0px 0px;--_gs-m-mobile:0 0 0 0;--_gs-p-mobile:0 0 0 0;--_gs-bg-mobile:transparent none;--_gs-bg-xp-mobile:0px;--_gs-zi-mobile:auto;--_gs-d-mobile:block;--_gs-mw-mobile:calc(100% - 0 - 0);--_gs-columns:12;--_gs-rows:6\"><div class=\"grids-s-w_i\">\n<div class=\"grids-area\" style=\"--_ga-column:2\/12;--_ga-row:1\/3;--_ga-m-desktop:0 0 0 0;--_ga-p-desktop:0 0 0 0;--_ga-bg-desktop:transparent none;--_ga-zi-desktop:auto;--_ga-d-desktop:flex;--_ga-mw-desktop:calc(100% - 0 - 0);--_ga-m-tablet:0 0 0 0;--_ga-p-tablet:0 0 0 0;--_ga-bg-tablet:transparent none;--_ga-zi-tablet:auto;--_ga-d-tablet:flex;--_ga-mw-tablet:calc(100% - 0 - 0);--_ga-m-mobile:0 0 0 0;--_ga-p-mobile:0 0 0 0;--_ga-bg-mobile:transparent none;--_ga-zi-mobile:auto;--_ga-d-mobile:flex;--_ga-mw-mobile:calc(100% - 0 - 0)\">\n\n<div style=\"height:50px\" aria-hidden=\"true\" class=\"wp-block-spacer\"><\/div>\n\n\n\n<h2 class=\"wp-block-heading has-text-align-center\">Metody p\u0142atno\u015bci<\/h2>\n\n\n\n<p><strong>Pozosta\u0142\u0105 cz\u0119\u015b\u0107 op\u0142aty za pobyt<\/strong> nale\u017cy uregulowa\u0107 <strong>w ci\u0105gu 3 dni od przyjazdu<\/strong>. Zgodnie z dekretem podatkowym 2019: pr\u00f3g dla p\u0142atno\u015bci got\u00f3wkowych wynosi 1 999,95 euro<\/p>\n\n\n\n<p>P\u0142atno\u015bci nale\u017cy dokona\u0107 w recepcji lub w kasie za pomoc\u0105 <strong>karty kredytowej lub debetowej<\/strong>. American Express nie jest dozwolony. W przypadku pyta\u0144 nale\u017cy uda\u0107 si\u0119 do kasjera.<\/p>\n\n\n\n<div style=\"height:50px\" aria-hidden=\"true\" class=\"wp-block-spacer\"><\/div>\n\n\n\n<h2 class=\"wp-block-heading has-text-align-center\">Harmonogram ciszy (sjesty)<\/h2>\n\n\n\n<p><strong><strong>13:00 &#8211; 15:00 codziennie poza sobot\u0105<\/strong><br><strong>24:00 &#8211; 07:00 codziennie<\/strong><\/strong><\/p>\n\n\n\n<p>Nale\u017cy pami\u0119ta\u0107, \u017ce samochody i motocykle nie mog\u0105 wje\u017cd\u017ca\u0107 \/ wyje\u017cd\u017ca\u0107 i porusza\u0107 si\u0119 po o\u015brodku w tych godzinach. Nale\u017cy unika\u0107 wszelkich czynno\u015bci, kt\u00f3re mog\u0105 przeszkadza\u0107 innym go\u015bciom.<\/p>\n\n\n\n<div style=\"height:50px\" aria-hidden=\"true\" class=\"wp-block-spacer\"><\/div>\n\n\n\n<h2 class=\"wp-block-heading has-text-align-center\">Us\u0142uga sprz\u0105tania<\/h2>\n\n\n\n<p>Po\u015bciel i r\u0119czniki <strong>zmieniane<\/strong> s\u0105 w <strong>pi\u0105tkowe poranki w godzinach 08:30-11:<\/strong> 00 przy pobycie trwaj\u0105cym co najmniej 2 tygodnie. Pozostaw zu\u017cyt\u0105 po\u015bciel na stoliku na zewn\u0119trznym tarasie.<\/p>\n\n\n\n<div style=\"height:50px\" aria-hidden=\"true\" class=\"wp-block-spacer\"><\/div>\n\n<\/div>\n<\/div><\/div>\n\n<div  class=\"grids-section row-information grids-is-advanced alignfull\" style=\"--_gs-gap-desktop:0px 0px;--_gs-m-desktop:0 0 0 0;--_gs-p-desktop:0 0 0 0;--_gs-bg-desktop:#64b95b none;--_gs-bg-xp-desktop:0px;--_gs-zi-desktop:auto;--_gs-d-desktop:block;--_gs-mw-desktop:calc(100% - 0 - 0);--_gs-gap-tablet:0px 0px;--_gs-m-tablet:0 0 0 0;--_gs-p-tablet:0 0 0 0;--_gs-bg-tablet:#64b95b none;--_gs-bg-xp-tablet:0px;--_gs-zi-tablet:auto;--_gs-d-tablet:block;--_gs-mw-tablet:calc(100% - 0 - 0);--_gs-gap-mobile:0px 0px;--_gs-m-mobile:0 0 0 0;--_gs-p-mobile:0 0 0 0;--_gs-bg-mobile:#64b95b none;--_gs-bg-xp-mobile:0px;--_gs-zi-mobile:auto;--_gs-d-mobile:block;--_gs-mw-mobile:calc(100% - 0 - 0);--_gs-columns:12;--_gs-rows:6\"><div class=\"grids-s-w_i\">\n<div class=\"grids-area\" style=\"--_ga-column:1\/4;--_ga-row:1\/7;--_ga-va:center;--_ga-m-desktop:0 0 0 0;--_ga-p-desktop:0 0 0 0;--_ga-bg-desktop:transparent none;--_ga-zi-desktop:auto;--_ga-d-desktop:flex;--_ga-mw-desktop:calc(100% - 0 - 0);--_ga-m-tablet:0 0 0 0;--_ga-p-tablet:0 0 0 0;--_ga-bg-tablet:transparent none;--_ga-zi-tablet:auto;--_ga-d-tablet:flex;--_ga-mw-tablet:calc(100% - 0 - 0);--_ga-m-mobile:0 0 0 0;--_ga-p-mobile:0 0 0 0;--_ga-bg-mobile:transparent none;--_ga-zi-mobile:auto;--_ga-d-mobile:flex;--_ga-mw-mobile:calc(100% - 0 - 0)\"><\/div>\n\n<div class=\"grids-area\" style=\"--_ga-column:4\/10;--_ga-row:1\/7;--_ga-va:center;--_ga-m-desktop:0 0 0 0;--_ga-p-desktop:0 0 0 0;--_ga-bg-desktop:transparent none;--_ga-zi-desktop:auto;--_ga-d-desktop:flex;--_ga-mw-desktop:calc(100% - 0 - 0);--_ga-m-tablet:0 0 0 0;--_ga-p-tablet:0 0 0 0;--_ga-bg-tablet:transparent none;--_ga-zi-tablet:auto;--_ga-d-tablet:flex;--_ga-mw-tablet:calc(100% - 0 - 0);--_ga-m-mobile:0 0 0 0;--_ga-p-mobile:0 0 0 0;--_ga-bg-mobile:transparent none;--_ga-zi-mobile:auto;--_ga-d-mobile:flex;--_ga-mw-mobile:calc(100% - 0 - 0)\">\n\n<h2 class=\"wp-block-heading has-text-align-center has-white-color has-text-color\">Przydatne telefony<\/h2>\n\n\n\n<div class=\"wp-block-group\"><div class=\"wp-block-group__inner-container is-layout-constrained wp-block-group-is-layout-constrained\">\n<p class=\"has-text-align-center\"><strong>Telefony SOS zaznaczone na mapie awaryjnej<\/strong> s\u0105 dost\u0119pne dla go\u015bci w celu zg\u0142aszania <strong>wewn\u0119trznych sytuacji awaryjnych<\/strong>.<\/p>\n\n\n\n<p class=\"has-text-align-center\"><strong>Numer alarmowy<\/strong><\/p>\n\n\n\n<div class=\"wp-block-group\"><div class=\"wp-block-group__inner-container is-layout-constrained wp-block-group-is-layout-constrained\">\n<h3 class=\"wp-block-heading has-text-align-center\">112<\/h3>\n\n\n\n<p class=\"has-text-align-center\"><strong>Recepcja<\/strong><\/p>\n\n\n\n<p class=\"has-text-align-center\">W razie potrzeby mo\u017cna skontaktowa\u0107 si\u0119 z ca\u0142odobow\u0105 recepcj\u0105 lub zadzwoni\u0107 pod numer <a href=\"tel:+390421298310\">+39 0421 298310<\/a>.<\/p>\n<\/div><\/div>\n<\/div><\/div>\n\n\n\n<div class=\"wp-block-buttons is-layout-flex wp-block-buttons-is-layout-flex\"><\/div>\n\n<\/div>\n\n<div class=\"grids-area\" style=\"--_ga-column:10\/13;--_ga-row:1\/7;--_ga-va:center;--_ga-m-desktop:0 0 0 0;--_ga-p-desktop:0 0 0 0;--_ga-bg-desktop:transparent none;--_ga-zi-desktop:auto;--_ga-d-desktop:flex;--_ga-mw-desktop:calc(100% - 0 - 0);--_ga-m-tablet:0 0 0 0;--_ga-p-tablet:0 0 0 0;--_ga-bg-tablet:transparent none;--_ga-zi-tablet:auto;--_ga-d-tablet:flex;--_ga-mw-tablet:calc(100% - 0 - 0);--_ga-m-mobile:0 0 0 0;--_ga-p-mobile:0 0 0 0;--_ga-bg-mobile:transparent none;--_ga-zi-mobile:auto;--_ga-d-mobile:flex;--_ga-mw-mobile:calc(100% - 0 - 0)\"><\/div>\n<\/div><\/div>\n\n<div  class=\"grids-section grids-is-advanced alignwide\" style=\"--_gs-gap-desktop:0px 0px;--_gs-m-desktop:0 0 0 0;--_gs-p-desktop:0 0 0 0;--_gs-bg-desktop:transparent none;--_gs-bg-xp-desktop:0px;--_gs-zi-desktop:auto;--_gs-d-desktop:block;--_gs-mw-desktop:calc(100% - 0 - 0);--_gs-gap-tablet:0px 0px;--_gs-m-tablet:0 0 0 0;--_gs-p-tablet:0 0 0 0;--_gs-bg-tablet:transparent none;--_gs-bg-xp-tablet:0px;--_gs-zi-tablet:auto;--_gs-d-tablet:block;--_gs-mw-tablet:calc(100% - 0 - 0);--_gs-gap-mobile:0px 0px;--_gs-m-mobile:0 0 0 0;--_gs-p-mobile:0 0 0 0;--_gs-bg-mobile:transparent none;--_gs-bg-xp-mobile:0px;--_gs-zi-mobile:auto;--_gs-d-mobile:block;--_gs-mw-mobile:calc(100% - 0 - 0);--_gs-columns:12;--_gs-rows:6\"><div class=\"grids-s-w_i\">\n<div class=\"grids-area\" style=\"--_ga-column:2\/12;--_ga-row:1\/7;--_ga-m-desktop:0 0 0 0;--_ga-p-desktop:0 0 0 0;--_ga-bg-desktop:transparent none;--_ga-zi-desktop:auto;--_ga-d-desktop:flex;--_ga-mw-desktop:calc(100% - 0 - 0);--_ga-m-tablet:0 0 0 0;--_ga-p-tablet:0 0 0 0;--_ga-bg-tablet:transparent none;--_ga-zi-tablet:auto;--_ga-d-tablet:flex;--_ga-mw-tablet:calc(100% - 0 - 0);--_ga-m-mobile:0 0 0 0;--_ga-p-mobile:0 0 0 0;--_ga-bg-mobile:transparent none;--_ga-zi-mobile:auto;--_ga-d-mobile:flex;--_ga-mw-mobile:calc(100% - 0 - 0)\">\n\n<div style=\"height:100px\" aria-hidden=\"true\" class=\"wp-block-spacer\"><\/div>\n\n\n\n<h3 class=\"wp-block-heading\"><strong>FAQ<\/strong><\/h3>\n\n\n\n<ul class=\"wp-block-list\">\n<li><a href=\"#generali\">Informacje og\u00f3lne<\/a><\/li>\n\n\n\n<li><a href=\"#animali\">Informacje dla os\u00f3b podr\u00f3\u017cuj\u0105cych ze zwierz\u0119tami<\/a><\/li>\n\n\n\n<li><a href=\"#alloggi\">Informacje o zakwaterowaniu<\/a><\/li>\n\n\n\n<li><a href=\"#campeggio\">Informacje o kempingu<\/a><\/li>\n<\/ul>\n\n\n\n<div style=\"height:30px\" aria-hidden=\"true\" class=\"wp-block-spacer\"><\/div>\n\n\n\n<h2 class=\"wp-block-heading\" id=\"generali\">Informacje og\u00f3lne<\/h2>\n\n\n\n<div class=\"wp-block-advgb-accordions advgb-accordions-3acea485-c886-4c2f-b1e4-14b1fd94299e advgb-accordion-wrapper\">\n<div class=\"wp-block-advgb-accordion-item advgb-accordion-item\" style=\"margin-bottom:15px\"><div class=\"advgb-accordion-header\" style=\"background-color:#FFFFFF;color:#000000;border-style:solid;border-width:1px;border-radius:2px\"><span class=\"advgb-accordion-header-icon accordion-state\"><svg class=\"advgb-icon-closed\" fill=\"#fff\" xmlns=\"http:\/\/www.w3.org\/2000\/svg\" width=\"24\" height=\"24\" viewBox=\"0 0 24 24\"><path fill=\"none\" d=\"M0,0h24v24H0V0z\"><\/path><path d=\"M12,2C6.48,2,2,6.48,2,12s4.48,10,10,10s10-4.48,10-10S17.52,2,12,2z M17,13h-4v4h-2v-4H7v-2h4V7h2v4h4V13z\"><\/path><\/svg><svg class=\"advgb-icon-opened\" fill=\"#fff\" xmlns=\"http:\/\/www.w3.org\/2000\/svg\" width=\"24\" height=\"24\" viewBox=\"0 0 24 24\"><path fill=\"none\" d=\"M0,0h24v24H0V0z\"><\/path><path d=\"M12,2C6.48,2,2,6.48,2,12s4.48,10,10,10s10-4.48,10-10S17.52,2,12,2z M17,13H7v-2h10V13z\"><\/path><\/svg><\/span><h4 class=\"advgb-accordion-header-title\" style=\"color:inherit\">Come posso disdire una prenotazione?<\/h4><\/div><div class=\"advgb-accordion-body\" style=\"border-style:solid !important;border-width:1px !important;border-color:undefined !important;border-top:none !important;border-radius:2px !important\">\n<p>Wniosek o anulowanie musi zosta\u0107 przes\u0142any na pi\u015bmie (e-mailem lub listem poleconym) w wyznaczonym terminie.<\/p>\n<\/div><\/div>\n\n\n\n<div class=\"wp-block-advgb-accordion-item advgb-accordion-item\" style=\"margin-bottom:15px\"><div class=\"advgb-accordion-header\" style=\"background-color:#FFFFFF;color:#000000;border-style:solid;border-width:1px;border-radius:2px\"><span class=\"advgb-accordion-header-icon\"><svg fill=\"#fff\" xmlns=\"http:\/\/www.w3.org\/2000\/svg\" width=\"24\" height=\"24\" viewBox=\"0 0 24 24\"><path fill=\"none\" d=\"M0,0h24v24H0V0z\"><\/path><path d=\"M12,5.83L15.17,9l1.41-1.41L12,3L7.41,7.59L8.83,9L12,5.83z M12,18.17L8.83,15l-1.41,1.41L12,21l4.59-4.59L15.17,15 L12,18.17z\"><\/path><\/svg><\/span><h4 class=\"advgb-accordion-header-title\" style=\"color:inherit\">Czy Wi-Fi jest bezp\u0142atne?<\/h4><\/div><div class=\"advgb-accordion-body\" style=\"border-style:solid !important;border-width:1px !important;border-color:undefined !important;border-top:none !important;border-radius:2px !important\">\n\n<p>Tak, us\u0142uga Wi-Fi <strong>jest bezp\u0142atna<\/strong>.<\/p>\n\n<\/div><\/div>\n\n\n\n<div class=\"wp-block-advgb-accordion-item advgb-accordion-item\" style=\"margin-bottom:15px\"><div class=\"advgb-accordion-header\" style=\"background-color:#FFFFFF;color:#000000;border-style:solid;border-width:1px;border-radius:2px\"><span class=\"advgb-accordion-header-icon\"><svg fill=\"#fff\" xmlns=\"http:\/\/www.w3.org\/2000\/svg\" width=\"24\" height=\"24\" viewBox=\"0 0 24 24\"><path fill=\"none\" d=\"M0,0h24v24H0V0z\"><\/path><path d=\"M12,5.83L15.17,9l1.41-1.41L12,3L7.41,7.59L8.83,9L12,5.83z M12,18.17L8.83,15l-1.41,1.41L12,21l4.59-4.59L15.17,15 L12,18.17z\"><\/path><\/svg><\/span><h4 class=\"advgb-accordion-header-title\" style=\"color:inherit\">Czy klimatyzacja jest bezp\u0142atna?<\/h4><\/div><div class=\"advgb-accordion-body\" style=\"border-style:solid !important;border-width:1px !important;border-color:undefined !important;border-top:none !important;border-radius:2px !important\">\n\n<p>Wi\u0119kszo\u015b\u0107 naszych jednostek <strong>obejmuje 30-godzinn\u0105 klimatyzacj\u0119<\/strong>. Je\u015bli nie okre\u015blono, 30 godzin jest zawsze wliczone.<\/p>\n\n<\/div><\/div>\n\n\n\n<div class=\"wp-block-advgb-accordion-item advgb-accordion-item\" style=\"margin-bottom:15px\"><div class=\"advgb-accordion-header\" style=\"background-color:#FFFFFF;color:#000000;border-style:solid;border-width:1px;border-radius:2px\"><span class=\"advgb-accordion-header-icon\"><svg fill=\"#fff\" xmlns=\"http:\/\/www.w3.org\/2000\/svg\" width=\"24\" height=\"24\" viewBox=\"0 0 24 24\"><path fill=\"none\" d=\"M0,0h24v24H0V0z\"><\/path><path d=\"M12,5.83L15.17,9l1.41-1.41L12,3L7.41,7.59L8.83,9L12,5.83z M12,18.17L8.83,15l-1.41,1.41L12,21l4.59-4.59L15.17,15 L12,18.17z\"><\/path><\/svg><\/span><h4 class=\"advgb-accordion-header-title\" style=\"color:inherit\">Czy po\u015bciel jest wliczona w cen\u0119?<\/h4><\/div><div class=\"advgb-accordion-body\" style=\"border-style:solid !important;border-width:1px !important;border-color:undefined !important;border-top:none !important;border-radius:2px !important\">\n\n<p>W cen\u0119 zakwaterowania <strong>wliczono<\/strong> zestaw r\u0119cznik\u00f3w i po\u015bcieli. Pierwsze komplety s\u0105 zawsze wliczone w cen\u0119, w przypadku pobyt\u00f3w d\u0142u\u017cszych ni\u017c 2 tygodnie r\u00f3wnie\u017c zmiana w czasie pobytu.<\/p>\n\n<\/div><\/div>\n\n\n\n<div class=\"wp-block-advgb-accordion-item advgb-accordion-item\" style=\"margin-bottom:15px\"><div class=\"advgb-accordion-header\" style=\"background-color:#FFFFFF;color:#000000;border-style:solid;border-width:1px;border-radius:2px\"><span class=\"advgb-accordion-header-icon\"><svg fill=\"#fff\" xmlns=\"http:\/\/www.w3.org\/2000\/svg\" width=\"24\" height=\"24\" viewBox=\"0 0 24 24\"><path fill=\"none\" d=\"M0,0h24v24H0V0z\"><\/path><path d=\"M12,5.83L15.17,9l1.41-1.41L12,3L7.41,7.59L8.83,9L12,5.83z M12,18.17L8.83,15l-1.41,1.41L12,21l4.59-4.59L15.17,15 L12,18.17z\"><\/path><\/svg><\/span><h4 class=\"advgb-accordion-header-title\" style=\"color:inherit\">Czy mog\u0119 korzysta\u0107 z grilla na terenie o\u015brodka?<\/h4><\/div><div class=\"advgb-accordion-body\" style=\"border-style:solid !important;border-width:1px !important;border-color:undefined !important;border-top:none !important;border-radius:2px !important\">\n\n<p>Grilla mo\u017cna u\u017cywa\u0107 pod warunkiem, \u017ce jest on <strong>elektryczny lub gazowy<\/strong> z butl\u0105 o <strong>maksymalnej wadze 5 kg<\/strong>. Grille na drewno lub w\u0119giel drzewny nie mog\u0105 by\u0107 u\u017cywane.<\/p>\n\n\n<ul class=\"wp-block-list\">\n\n<li><\/li>\n\n<\/ul>\n\n<\/div><\/div>\n\n\n\n<div class=\"wp-block-advgb-accordion-item advgb-accordion-item\" style=\"margin-bottom:15px\"><div class=\"advgb-accordion-header\" style=\"background-color:#FFFFFF;color:#000000;border-style:solid;border-width:1px;border-radius:2px\"><span class=\"advgb-accordion-header-icon\"><svg fill=\"#fff\" xmlns=\"http:\/\/www.w3.org\/2000\/svg\" width=\"24\" height=\"24\" viewBox=\"0 0 24 24\"><path fill=\"none\" d=\"M0,0h24v24H0V0z\"><\/path><path d=\"M12,5.83L15.17,9l1.41-1.41L12,3L7.41,7.59L8.83,9L12,5.83z M12,18.17L8.83,15l-1.41,1.41L12,21l4.59-4.59L15.17,15 L12,18.17z\"><\/path><\/svg><\/span><h4 class=\"advgb-accordion-header-title\" style=\"color:inherit\">Czy mo\u017cna wypo\u017cyczy\u0107 rowery?<\/h4><\/div><div class=\"advgb-accordion-body\" style=\"border-style:solid !important;border-width:1px !important;border-color:undefined !important;border-top:none !important;border-radius:2px !important\">\n\n<p>Tak, jest to mo\u017cliwe na bazarze znajduj\u0105cym si\u0119 obok recepcji.<\/p>\n\n<\/div><\/div>\n\n\n\n<div class=\"wp-block-advgb-accordion-item advgb-accordion-item\" style=\"margin-bottom:15px\"><div class=\"advgb-accordion-header\" style=\"background-color:#FFFFFF;color:#000000;border-style:solid;border-width:1px;border-radius:2px\"><span class=\"advgb-accordion-header-icon\"><svg fill=\"#fff\" xmlns=\"http:\/\/www.w3.org\/2000\/svg\" width=\"24\" height=\"24\" viewBox=\"0 0 24 24\"><path fill=\"none\" d=\"M0,0h24v24H0V0z\"><\/path><path d=\"M12,5.83L15.17,9l1.41-1.41L12,3L7.41,7.59L8.83,9L12,5.83z M12,18.17L8.83,15l-1.41,1.41L12,21l4.59-4.59L15.17,15 L12,18.17z\"><\/path><\/svg><\/span><h4 class=\"advgb-accordion-header-title\" style=\"color:inherit\">Czy jest stacja \u0142adowania samochod\u00f3w elektrycznych?<\/h4><\/div><div class=\"advgb-accordion-body\" style=\"border-style:solid !important;border-width:1px !important;border-color:undefined !important;border-top:none !important;border-radius:2px !important\">\n\n<p>Po przyje\u017adzie znajdziesz zupe\u0142nie nowe stacje \u0142adowania <strong>PALINA z TYPOWYMI 2 gniazdami<\/strong> do \u0142adowania samochod\u00f3w i 3 dodatkowymi punktami \u0142adowania rower\u00f3w elektrycznych.<\/p>\n\n<\/div><\/div>\n\n\n\n<div class=\"wp-block-advgb-accordion-item advgb-accordion-item\" style=\"margin-bottom:15px\"><div class=\"advgb-accordion-header\" style=\"background-color:#FFFFFF;color:#000000;border-style:solid;border-width:1px;border-radius:2px\"><span class=\"advgb-accordion-header-icon\"><svg fill=\"#fff\" xmlns=\"http:\/\/www.w3.org\/2000\/svg\" width=\"24\" height=\"24\" viewBox=\"0 0 24 24\"><path fill=\"none\" d=\"M0,0h24v24H0V0z\"><\/path><path d=\"M12,5.83L15.17,9l1.41-1.41L12,3L7.41,7.59L8.83,9L12,5.83z M12,18.17L8.83,15l-1.41,1.41L12,21l4.59-4.59L15.17,15 L12,18.17z\"><\/path><\/svg><\/span><h4 class=\"advgb-accordion-header-title\" style=\"color:inherit\">Czy mog\u0119 mie\u0107 drugi samoch\u00f3d?<\/h4><\/div><div class=\"advgb-accordion-body\" style=\"border-style:solid !important;border-width:1px !important;border-color:undefined !important;border-top:none !important;border-radius:2px !important\">\n\n<p>Parkowanie <strong>drugiego samochodu<\/strong> na terenie o\u015brodka jest us\u0142ug\u0105 <strong>p\u0142atn\u0105<\/strong>. Drugi samoch\u00f3d musi by\u0107 koniecznie zaparkowany na wsp\u00f3lnym parkingu znajduj\u0105cym si\u0119 w pobli\u017cu biura informacji. Posiadanie drugiego samochodu na terenie o\u015brodka nie zawsze jest mo\u017cliwe ze wzgl\u0119du na ograniczon\u0105 dost\u0119pno\u015b\u0107.<\/p>\n\n<\/div><\/div>\n<\/div>\n\n<\/div>\n<\/div><\/div>\n\n<div  class=\"grids-section grids-is-advanced alignwide\" style=\"--_gs-gap-desktop:0px 0px;--_gs-m-desktop:0 0 0 0;--_gs-p-desktop:0 0 0 0;--_gs-bg-desktop:transparent none;--_gs-bg-xp-desktop:0px;--_gs-zi-desktop:auto;--_gs-d-desktop:block;--_gs-mw-desktop:calc(100% - 0 - 0);--_gs-gap-tablet:0px 0px;--_gs-m-tablet:0 0 0 0;--_gs-p-tablet:0 0 0 0;--_gs-bg-tablet:transparent none;--_gs-bg-xp-tablet:0px;--_gs-zi-tablet:auto;--_gs-d-tablet:block;--_gs-mw-tablet:calc(100% - 0 - 0);--_gs-gap-mobile:0px 0px;--_gs-m-mobile:0 0 0 0;--_gs-p-mobile:0 0 0 0;--_gs-bg-mobile:transparent none;--_gs-bg-xp-mobile:0px;--_gs-zi-mobile:auto;--_gs-d-mobile:block;--_gs-mw-mobile:calc(100% - 0 - 0);--_gs-columns:12;--_gs-rows:6\"><div class=\"grids-s-w_i\">\n<div class=\"grids-area\" style=\"--_ga-column:2\/12;--_ga-row:1\/7;--_ga-m-desktop:0 0 0 0;--_ga-p-desktop:0 0 0 0;--_ga-bg-desktop:transparent none;--_ga-zi-desktop:auto;--_ga-d-desktop:flex;--_ga-mw-desktop:calc(100% - 0 - 0);--_ga-m-tablet:0 0 0 0;--_ga-p-tablet:0 0 0 0;--_ga-bg-tablet:transparent none;--_ga-zi-tablet:auto;--_ga-d-tablet:flex;--_ga-mw-tablet:calc(100% - 0 - 0);--_ga-m-mobile:0 0 0 0;--_ga-p-mobile:0 0 0 0;--_ga-bg-mobile:transparent none;--_ga-zi-mobile:auto;--_ga-d-mobile:flex;--_ga-mw-mobile:calc(100% - 0 - 0)\">\n\n<h2 class=\"wp-block-heading\" id=\"animali\">Informacje dla os\u00f3b podr\u00f3\u017cuj\u0105cych ze zwierz\u0119tami<\/h2>\n\n\n\n<div class=\"wp-block-advgb-accordions advgb-accordions-21a948d0-0492-4029-b14f-dd3f331c26ec advgb-accordion-wrapper\">\n<div class=\"wp-block-advgb-accordion-item advgb-accordion-item\" style=\"margin-bottom:15px\"><div class=\"advgb-accordion-header\" style=\"background-color:#FFFFFF;color:#000000;border-style:solid;border-width:1px;border-radius:2px\"><span class=\"advgb-accordion-header-icon\"><svg fill=\"#fff\" xmlns=\"http:\/\/www.w3.org\/2000\/svg\" width=\"24\" height=\"24\" viewBox=\"0 0 24 24\"><path fill=\"none\" d=\"M0,0h24v24H0V0z\"><\/path><path d=\"M12,5.83L15.17,9l1.41-1.41L12,3L7.41,7.59L8.83,9L12,5.83z M12,18.17L8.83,15l-1.41,1.41L12,21l4.59-4.59L15.17,15 L12,18.17z\"><\/path><\/svg><\/span><h4 class=\"advgb-accordion-header-title\" style=\"color:inherit\">Czy mo\u017cliwe jest przebywanie ze zwierz\u0119ciem w dowolnym miejscu?<\/h4><\/div><div class=\"advgb-accordion-body\" style=\"border-style:solid !important;border-width:1px !important;border-color:undefined !important;border-top:none !important;border-radius:2px !important\">\n\n<p>Nie, s\u0105<strong> wyznaczone strefy i<\/strong> rodzaje zakwaterowania. <strong>Nie wszystkie parcele i rodzaje zakwaterowania s\u0105 przeznaczone do zakwaterowania ze zwierz\u0119ciem<\/strong>. Z tego powodu wa\u017cne jest, aby zadeklarowa\u0107 obecno\u015b\u0107 psa lub kota (zwierz\u0119cia domowego) podczas rezerwacji.<\/p>\n\n<\/div><\/div>\n\n\n\n<div class=\"wp-block-advgb-accordion-item advgb-accordion-item\" style=\"margin-bottom:15px\"><div class=\"advgb-accordion-header\" style=\"background-color:#FFFFFF;color:#000000;border-style:solid;border-width:1px;border-radius:2px\"><span class=\"advgb-accordion-header-icon\"><svg fill=\"#fff\" xmlns=\"http:\/\/www.w3.org\/2000\/svg\" width=\"24\" height=\"24\" viewBox=\"0 0 24 24\"><path fill=\"none\" d=\"M0,0h24v24H0V0z\"><\/path><path d=\"M12,5.83L15.17,9l1.41-1.41L12,3L7.41,7.59L8.83,9L12,5.83z M12,18.17L8.83,15l-1.41,1.41L12,21l4.59-4.59L15.17,15 L12,18.17z\"><\/path><\/svg><\/span><h4 class=\"advgb-accordion-header-title\" style=\"color:inherit\">Czy mog\u0119 wej\u015b\u0107 na pla\u017c\u0119 z psem?<\/h4><\/div><div class=\"advgb-accordion-body\" style=\"border-style:solid !important;border-width:1px !important;border-color:undefined !important;border-top:none !important;border-radius:2px !important\">\n\n<p>Pla\u017ca przeznaczona dla os\u00f3b ze zwierz\u0119tami to pla\u017ca BiDog, na kt\u00f3r\u0105 mo\u017cna dosta\u0107 si\u0119 za dodatkow\u0105 op\u0142at\u0105 po wcze\u015bniejszej <strong>rezerwacji<\/strong>. K\u0105piel jest dozwolona od 13:00 do 15:00 oraz od 18:00 do 10:00 rano nast\u0119pnego dnia.<\/p>\n\n<\/div><\/div>\n<\/div>\n\n<\/div>\n<\/div><\/div>\n\n<div  class=\"grids-section grids-is-advanced alignwide\" style=\"--_gs-gap-desktop:0px 0px;--_gs-m-desktop:0 0 0 0;--_gs-p-desktop:0 0 0 0;--_gs-bg-desktop:transparent none;--_gs-bg-xp-desktop:0px;--_gs-zi-desktop:auto;--_gs-d-desktop:block;--_gs-mw-desktop:calc(100% - 0 - 0);--_gs-gap-tablet:0px 0px;--_gs-m-tablet:0 0 0 0;--_gs-p-tablet:0 0 0 0;--_gs-bg-tablet:transparent none;--_gs-bg-xp-tablet:0px;--_gs-zi-tablet:auto;--_gs-d-tablet:block;--_gs-mw-tablet:calc(100% - 0 - 0);--_gs-gap-mobile:0px 0px;--_gs-m-mobile:0 0 0 0;--_gs-p-mobile:0 0 0 0;--_gs-bg-mobile:transparent none;--_gs-bg-xp-mobile:0px;--_gs-zi-mobile:auto;--_gs-d-mobile:block;--_gs-mw-mobile:calc(100% - 0 - 0);--_gs-columns:12;--_gs-rows:6\"><div class=\"grids-s-w_i\">\n<div class=\"grids-area\" style=\"--_ga-column:2\/12;--_ga-row:1\/7;--_ga-m-desktop:0 0 0 0;--_ga-p-desktop:0 0 0 0;--_ga-bg-desktop:transparent none;--_ga-zi-desktop:auto;--_ga-d-desktop:flex;--_ga-mw-desktop:calc(100% - 0 - 0);--_ga-m-tablet:0 0 0 0;--_ga-p-tablet:0 0 0 0;--_ga-bg-tablet:transparent none;--_ga-zi-tablet:auto;--_ga-d-tablet:flex;--_ga-mw-tablet:calc(100% - 0 - 0);--_ga-m-mobile:0 0 0 0;--_ga-p-mobile:0 0 0 0;--_ga-bg-mobile:transparent none;--_ga-zi-mobile:auto;--_ga-d-mobile:flex;--_ga-mw-mobile:calc(100% - 0 - 0)\">\n\n<h2 class=\"wp-block-heading\" id=\"alloggi\">Informacje o zakwaterowaniu<\/h2>\n\n\n\n<div class=\"wp-block-advgb-accordions advgb-accordions-dce6acd8-faec-403d-87fe-460bc32e80f2 advgb-accordion-wrapper\">\n<div class=\"wp-block-advgb-accordion-item advgb-accordion-item\" style=\"margin-bottom:15px\"><div class=\"advgb-accordion-header\" style=\"background-color:#FFFFFF;color:#000000;border-style:solid;border-width:1px;border-radius:2px\"><span class=\"advgb-accordion-header-icon\"><svg fill=\"#fff\" xmlns=\"http:\/\/www.w3.org\/2000\/svg\" width=\"24\" height=\"24\" viewBox=\"0 0 24 24\"><path fill=\"none\" d=\"M0,0h24v24H0V0z\"><\/path><path d=\"M12,5.83L15.17,9l1.41-1.41L12,3L7.41,7.59L8.83,9L12,5.83z M12,18.17L8.83,15l-1.41,1.41L12,21l4.59-4.59L15.17,15 L12,18.17z\"><\/path><\/svg><\/span><h4 class=\"advgb-accordion-header-title\" style=\"color:inherit\">O kt\u00f3rej godzinie mog\u0119 wej\u015b\u0107 do zakwaterowania?<\/h4><\/div><div class=\"advgb-accordion-body\" style=\"border-style:solid !important;border-width:1px !important;border-color:undefined !important;border-top:none !important;border-radius:2px !important\">\n\n<p>Zameldowanie do zakwaterowa\u0144 jest gwarantowane od godziny 17.00. Podczas oczekiwania na zakwaterowanie nadal b\u0119dziesz m\u00f3g\u0142 korzysta\u0107 z us\u0142ug kurortu.<\/p>\n\n<\/div><\/div>\n\n\n\n<div class=\"wp-block-advgb-accordion-item advgb-accordion-item\" style=\"margin-bottom:15px\"><div class=\"advgb-accordion-header\" style=\"background-color:#FFFFFF;color:#000000;border-style:solid;border-width:1px;border-radius:2px\"><span class=\"advgb-accordion-header-icon\"><svg fill=\"#fff\" xmlns=\"http:\/\/www.w3.org\/2000\/svg\" width=\"24\" height=\"24\" viewBox=\"0 0 24 24\"><path fill=\"none\" d=\"M0,0h24v24H0V0z\"><\/path><path d=\"M12,5.83L15.17,9l1.41-1.41L12,3L7.41,7.59L8.83,9L12,5.83z M12,18.17L8.83,15l-1.41,1.41L12,21l4.59-4.59L15.17,15 L12,18.17z\"><\/path><\/svg><\/span><h4 class=\"advgb-accordion-header-title\" style=\"color:inherit\">O kt\u00f3rej godzinie nale\u017cy opu\u015bci\u0107 zakwaterowanie?<\/h4><\/div><div class=\"advgb-accordion-body\" style=\"border-style:solid !important;border-width:1px !important;border-color:undefined !important;border-top:none !important;border-radius:2px !important\">\n\n<p>Zakwaterowanie nale\u017cy opu\u015bci\u0107 do godziny 10 rano.<\/p>\n\n<\/div><\/div>\n\n\n\n<div class=\"wp-block-advgb-accordion-item advgb-accordion-item\" style=\"margin-bottom:15px\"><div class=\"advgb-accordion-header\" style=\"background-color:#FFFFFF;color:#000000;border-style:solid;border-width:1px;border-radius:2px\"><span class=\"advgb-accordion-header-icon\"><svg fill=\"#fff\" xmlns=\"http:\/\/www.w3.org\/2000\/svg\" width=\"24\" height=\"24\" viewBox=\"0 0 24 24\"><path fill=\"none\" d=\"M0,0h24v24H0V0z\"><\/path><path d=\"M12,5.83L15.17,9l1.41-1.41L12,3L7.41,7.59L8.83,9L12,5.83z M12,18.17L8.83,15l-1.41,1.41L12,21l4.59-4.59L15.17,15 L12,18.17z\"><\/path><\/svg><\/span><h4 class=\"advgb-accordion-header-title\" style=\"color:inherit\">Czy mo\u017cna mie\u0107 \u0142\u00f3\u017ceczko dzieci\u0119ce?<\/h4><\/div><div class=\"advgb-accordion-body\" style=\"border-style:solid !important;border-width:1px !important;border-color:undefined !important;border-top:none !important;border-radius:2px !important\">\n\n<p>\u0141\u00f3\u017ceczko dzieci\u0119ce mo\u017cna wypo\u017cyczy\u0107 za op\u0142at\u0105 w wysoko\u015bci 5 \u20ac za noc. Us\u0142uga jest dost\u0119pna do wyczerpania zapas\u00f3w.<\/p>\n\n<\/div><\/div>\n<\/div>\n\n<\/div>\n<\/div><\/div>\n\n<div  class=\"grids-section grids-is-advanced alignwide\" style=\"--_gs-gap-desktop:0px 0px;--_gs-m-desktop:0 0 0 0;--_gs-p-desktop:0 0 0 0;--_gs-bg-desktop:transparent none;--_gs-bg-xp-desktop:0px;--_gs-zi-desktop:auto;--_gs-d-desktop:block;--_gs-mw-desktop:calc(100% - 0 - 0);--_gs-gap-tablet:0px 0px;--_gs-m-tablet:0 0 0 0;--_gs-p-tablet:0 0 0 0;--_gs-bg-tablet:transparent none;--_gs-bg-xp-tablet:0px;--_gs-zi-tablet:auto;--_gs-d-tablet:block;--_gs-mw-tablet:calc(100% - 0 - 0);--_gs-gap-mobile:0px 0px;--_gs-m-mobile:0 0 0 0;--_gs-p-mobile:0 0 0 0;--_gs-bg-mobile:transparent none;--_gs-bg-xp-mobile:0px;--_gs-zi-mobile:auto;--_gs-d-mobile:block;--_gs-mw-mobile:calc(100% - 0 - 0);--_gs-columns:12;--_gs-rows:6\"><div class=\"grids-s-w_i\">\n<div class=\"grids-area\" style=\"--_ga-column:2\/12;--_ga-row:1\/7;--_ga-m-desktop:0 0 0 0;--_ga-p-desktop:0 0 0 0;--_ga-bg-desktop:transparent none;--_ga-zi-desktop:auto;--_ga-d-desktop:flex;--_ga-mw-desktop:calc(100% - 0 - 0);--_ga-m-tablet:0 0 0 0;--_ga-p-tablet:0 0 0 0;--_ga-bg-tablet:transparent none;--_ga-zi-tablet:auto;--_ga-d-tablet:flex;--_ga-mw-tablet:calc(100% - 0 - 0);--_ga-m-mobile:0 0 0 0;--_ga-p-mobile:0 0 0 0;--_ga-bg-mobile:transparent none;--_ga-zi-mobile:auto;--_ga-d-mobile:flex;--_ga-mw-mobile:calc(100% - 0 - 0)\">\n\n<h2 class=\"wp-block-heading\" id=\"campeggio\">Informacje o kempingu<\/h2>\n\n\n\n<div class=\"wp-block-advgb-accordions advgb-accordions-3dc1fa36-179f-4e49-a0d2-61326d800c06 advgb-accordion-wrapper\">\n<div class=\"wp-block-advgb-accordion-item advgb-accordion-item\" style=\"margin-bottom:15px\"><div class=\"advgb-accordion-header\" style=\"background-color:#FFFFFF;color:#000000;border-style:solid;border-width:1px;border-radius:2px\"><span class=\"advgb-accordion-header-icon\"><svg fill=\"#fff\" xmlns=\"http:\/\/www.w3.org\/2000\/svg\" width=\"24\" height=\"24\" viewBox=\"0 0 24 24\"><path fill=\"none\" d=\"M0,0h24v24H0V0z\"><\/path><path d=\"M12,5.83L15.17,9l1.41-1.41L12,3L7.41,7.59L8.83,9L12,5.83z M12,18.17L8.83,15l-1.41,1.41L12,21l4.59-4.59L15.17,15 L12,18.17z\"><\/path><\/svg><\/span><h4 class=\"advgb-accordion-header-title\" style=\"color:inherit\">W jakich godzinach mog\u0119 uzyska\u0107 dost\u0119p do parceli?<\/h4><\/div><div class=\"advgb-accordion-body\" style=\"border-style:solid !important;border-width:1px !important;border-color:undefined !important;border-top:none !important;border-radius:2px !important\">\n\n<p>Z parceli mo\u017cna korzysta\u0107 od godziny 12:00.<\/p>\n\n<\/div><\/div>\n\n\n\n<div class=\"wp-block-advgb-accordion-item advgb-accordion-item\" style=\"margin-bottom:15px\"><div class=\"advgb-accordion-header\" style=\"background-color:#FFFFFF;color:#000000;border-style:solid;border-width:1px;border-radius:2px\"><span class=\"advgb-accordion-header-icon\"><svg fill=\"#fff\" xmlns=\"http:\/\/www.w3.org\/2000\/svg\" width=\"24\" height=\"24\" viewBox=\"0 0 24 24\"><path fill=\"none\" d=\"M0,0h24v24H0V0z\"><\/path><path d=\"M12,5.83L15.17,9l1.41-1.41L12,3L7.41,7.59L8.83,9L12,5.83z M12,18.17L8.83,15l-1.41,1.41L12,21l4.59-4.59L15.17,15 L12,18.17z\"><\/path><\/svg><\/span><h4 class=\"advgb-accordion-header-title\" style=\"color:inherit\">O kt\u00f3rej godzinie nale\u017cy opu\u015bci\u0107 parcel\u0119?<\/h4><\/div><div class=\"advgb-accordion-body\" style=\"border-style:solid !important;border-width:1px !important;border-color:undefined !important;border-top:none !important;border-radius:2px !important\">\n\n<p>Z parceli mo\u017cna korzysta\u0107 od godziny 12:00.<\/p>\n\n<\/div><\/div>\n\n\n\n<div class=\"wp-block-advgb-accordion-item advgb-accordion-item\" style=\"margin-bottom:15px\"><div class=\"advgb-accordion-header\" style=\"background-color:#FFFFFF;color:#000000;border-style:solid;border-width:1px;border-radius:2px\"><span class=\"advgb-accordion-header-icon\"><svg fill=\"#fff\" xmlns=\"http:\/\/www.w3.org\/2000\/svg\" width=\"24\" height=\"24\" viewBox=\"0 0 24 24\"><path fill=\"none\" d=\"M0,0h24v24H0V0z\"><\/path><path d=\"M12,5.83L15.17,9l1.41-1.41L12,3L7.41,7.59L8.83,9L12,5.83z M12,18.17L8.83,15l-1.41,1.41L12,21l4.59-4.59L15.17,15 L12,18.17z\"><\/path><\/svg><\/span><h4 class=\"advgb-accordion-header-title\" style=\"color:inherit\">Czy konieczna jest wcze\u015bniejsza rezerwacja parceli?<\/h4><\/div><div class=\"advgb-accordion-body\" style=\"border-style:solid !important;border-width:1px !important;border-color:undefined !important;border-top:none !important;border-radius:2px !important\">\n\n<p>Wcze\u015bniejsza rezerwacja nie jest obowi\u0105zkowa, ale jest zalecana.<\/p>\n\n<\/div><\/div>\n\n\n\n<div class=\"wp-block-advgb-accordion-item advgb-accordion-item\" style=\"margin-bottom:15px\"><div class=\"advgb-accordion-header\" style=\"background-color:#FFFFFF;color:#000000;border-style:solid;border-width:1px;border-radius:2px\"><span class=\"advgb-accordion-header-icon\"><svg fill=\"#fff\" xmlns=\"http:\/\/www.w3.org\/2000\/svg\" width=\"24\" height=\"24\" viewBox=\"0 0 24 24\"><path fill=\"none\" d=\"M0,0h24v24H0V0z\"><\/path><path d=\"M12,5.83L15.17,9l1.41-1.41L12,3L7.41,7.59L8.83,9L12,5.83z M12,18.17L8.83,15l-1.41,1.41L12,21l4.59-4.59L15.17,15 L12,18.17z\"><\/path><\/svg><\/span><h4 class=\"advgb-accordion-header-title\" style=\"color:inherit\">Co mog\u0119 zainstalowa\u0107 na parceli?<\/h4><\/div><div class=\"advgb-accordion-body\" style=\"border-style:solid !important;border-width:1px !important;border-color:undefined !important;border-top:none !important;border-radius:2px !important\">\n\n<p>Na ka\u017cdej parceli mo\u017ce znajdowa\u0107 si\u0119 <strong>tylko jedna przyczepa kempingowa<\/strong> <strong>lub<\/strong>, alternatywnie, jeden samoch\u00f3d <strong>kempingowy lub namiot<\/strong> oraz jeden pojazd (samoch\u00f3d lub motocykl).<\/p>\n\n\n<p>Ewentualna instalacja &#8222;dodatkowego&#8221;, ma\u0142ego <strong>namiotu<\/strong>(kanadyjskiego, igloo itp.) jest dozwolona wy\u0142\u0105cznie po uzyskaniu<strong>zgody kierownictwa<\/strong>.<\/p>\n\n<\/div><\/div>\n\n\n\n<div class=\"wp-block-advgb-accordion-item advgb-accordion-item\" style=\"margin-bottom:15px\"><div class=\"advgb-accordion-header\" style=\"background-color:#FFFFFF;color:#000000;border-style:solid;border-width:1px;border-radius:2px\"><span class=\"advgb-accordion-header-icon\"><svg fill=\"#fff\" xmlns=\"http:\/\/www.w3.org\/2000\/svg\" width=\"24\" height=\"24\" viewBox=\"0 0 24 24\"><path fill=\"none\" d=\"M0,0h24v24H0V0z\"><\/path><path d=\"M12,5.83L15.17,9l1.41-1.41L12,3L7.41,7.59L8.83,9L12,5.83z M12,18.17L8.83,15l-1.41,1.41L12,21l4.59-4.59L15.17,15 L12,18.17z\"><\/path><\/svg><\/span><h4 class=\"advgb-accordion-header-title\" style=\"color:inherit\">Czy mog\u0119 powiesi\u0107 hamak na drzewie?<\/h4><\/div><div class=\"advgb-accordion-body\" style=\"border-style:solid !important;border-width:1px !important;border-color:undefined !important;border-top:none !important;border-radius:2px !important\">\n\n<p>Nie, nie mo\u017cna wiesza\u0107 przedmiot\u00f3w (kabli, sznurk\u00f3w) na drzewach.<\/p>\n\n<\/div><\/div>\n<\/div>\n\n<\/div>\n<\/div><\/div>\n\n<div  class=\"grids-section row-elenchi grids-is-advanced alignfull\" style=\"--_gs-gap-desktop:0px 0px;--_gs-m-desktop:0 0 0 0;--_gs-p-desktop:0 0 0 0;--_gs-bg-desktop:transparent none;--_gs-bg-xp-desktop:0px;--_gs-zi-desktop:auto;--_gs-d-desktop:block;--_gs-mw-desktop:calc(100% - 0 - 0);--_gs-gap-tablet:0px 0px;--_gs-m-tablet:0 0 0 0;--_gs-p-tablet:0 0 0 0;--_gs-bg-tablet:transparent none;--_gs-bg-xp-tablet:0px;--_gs-zi-tablet:auto;--_gs-d-tablet:block;--_gs-mw-tablet:calc(100% - 0 - 0);--_gs-gap-mobile:0px 0px;--_gs-m-mobile:0 0 0 0;--_gs-p-mobile:0 0 0 0;--_gs-bg-mobile:transparent none;--_gs-bg-xp-mobile:0px;--_gs-zi-mobile:auto;--_gs-d-mobile:block;--_gs-mw-mobile:calc(100% - 0 - 0);--_gs-columns:12;--_gs-rows:6\"><div class=\"grids-s-w_i\">\n<div class=\"grids-area\" style=\"--_ga-column:2\/12;--_ga-row:1\/3;--_ga-m-desktop:0 0 0 0;--_ga-p-desktop:0 0 0 0;--_ga-bg-desktop:transparent none;--_ga-zi-desktop:auto;--_ga-d-desktop:flex;--_ga-mw-desktop:calc(100% - 0 - 0);--_ga-m-tablet:0 0 0 0;--_ga-p-tablet:0 0 0 0;--_ga-bg-tablet:transparent none;--_ga-zi-tablet:auto;--_ga-d-tablet:flex;--_ga-mw-tablet:calc(100% - 0 - 0);--_ga-m-mobile:0 0 0 0;--_ga-p-mobile:0 0 0 0;--_ga-bg-mobile:transparent none;--_ga-zi-mobile:auto;--_ga-d-mobile:flex;--_ga-mw-mobile:calc(100% - 0 - 0)\">\n\n<h2 class=\"wp-block-heading has-text-align-center\">Dla bezpiecze\u0144stwa<\/h2>\n\n\n\n<div style=\"height:50px\" aria-hidden=\"true\" class=\"wp-block-spacer\"><\/div>\n\n\n\n<h2 class=\"wp-block-heading has-text-align-center\">Odka\u017canie i zwalczanie szkodnik\u00f3w<\/h2>\n\n\n\n<p>Biura i obszary wsp\u00f3lne s\u0105 wyposa\u017cone w <strong>ekrany przeciwkropelkowe<\/strong> i <strong>dozowniki<\/strong> \u017celu dezynfekuj\u0105cego na bazie alkoholu.<br>Wszystkie powierzchnie kontaktowe i pod\u0142ogi s\u0105 dezynfekowane <strong>detergentami dezynfekuj\u0105cymi<\/strong>. Po\u015bciel i g\u0105bki k\u0105pielowe s\u0105 dezynfekowane zgodnie z obowi\u0105zuj\u0105cymi przepisami dotycz\u0105cymi zapobiegania.<\/p>\n\n\n\n<p><strong>Okresowo przeprowadzane<\/strong> s\u0105 kontrole i opryski przeciwko komarom, paso\u017cytom i pluskwom. Kalendarz mo\u017cna znale\u017a\u0107 na tablicach og\u0142osze\u0144 w o\u015brodku.<\/p>\n\n\n\n<div style=\"height:50px\" aria-hidden=\"true\" class=\"wp-block-spacer\"><\/div>\n\n\n\n<h2 class=\"wp-block-heading has-text-align-center\">Ratownik<\/h2>\n\n\n\n<p>Ratownicy s\u0105 obecni na <strong>wie\u017cach pla\u017cowych<\/strong> na terenie plazy nale\u017c\u0105cej do o\u015brodka. W centralnej wie\u017cy na pla\u017cy znajduje si\u0119 <strong>defibrylator<\/strong>, kt\u00f3ry zapewnia szybk\u0105 i bezzw\u0142oczn\u0105 pierwsz\u0105 pomoc.<\/p>\n\n\n\n<p><strong>Czerwona flaga<\/strong> oznacza niebezpieczn\u0105 k\u0105piel z powodu z\u0142ej pogody lub braku ratownika.<br><strong>\u017b\u00f3\u0142ta flaga<\/strong> oznacza, \u017ce parasole musz\u0105 by\u0107 zamkni\u0119te i zach\u0119ca k\u0105pi\u0105cych si\u0119 do zwracania szczeg\u00f3lnej uwagi.<br>Z drugiej strony <strong>bia\u0142a flaga<\/strong> wskazuje na obecno\u015b\u0107 ratownik\u00f3w, a tym samym mo\u017cliwo\u015b\u0107 bezpiecznej k\u0105pieli.<\/p>\n\n\n\n<div style=\"height:50px\" aria-hidden=\"true\" class=\"wp-block-spacer\"><\/div>\n\n\n\n<h2 class=\"wp-block-heading has-text-align-center\">Lekarz<\/h2>\n\n\n\n<p><strong>Codziennie<\/strong> za op\u0142at\u0105 dost\u0119pna jest <strong>s\u0142u\u017cba medyczna<\/strong>, wyposa\u017cona w sprz\u0119t do leczenia ran i oparze\u0144, mierzenia ci\u015bnienia krwi i udzielania wst\u0119pnej pomocy w przypadku najcz\u0119stszych chor\u00f3b podr\u00f3\u017cnych. Klinika medyczna znajduje si\u0119 obok supermarketu. <strong>Defibrylator<\/strong> jest obecny, aby zapewni\u0107 szybk\u0105 pierwsz\u0105 pomoc bez op\u00f3\u017anie\u0144.<\/p>\n\n\n\n<div style=\"height:50px\" aria-hidden=\"true\" class=\"wp-block-spacer\"><\/div>\n\n\n\n<h2 class=\"wp-block-heading has-text-align-center\">Szpital, weterynarz i pediatra<\/h2>\n\n\n\n<p>Aby skontaktowa\u0107 si\u0119 z lekarzem weterynarii lub pediatr\u0105 lub uzyska\u0107 informacje o najbli\u017cszym szpitalu, nale\u017cy skontaktowa\u0107 si\u0119 z <strong>biurem informacji<\/strong> lub recepcj\u0105.<\/p>\n\n\n\n<div style=\"height:50px\" aria-hidden=\"true\" class=\"wp-block-spacer\"><\/div>\n\n\n\n<div class=\"wp-block-buttons is-layout-flex wp-block-buttons-is-layout-flex\">\n<div class=\"wp-block-button aligncenter\"><a class=\"wp-block-button__link wp-element-button\" href=\"https:\/\/www.villaggiosanfrancesco.com\/wp-content\/uploads\/2022\/10\/SF-REGOLAMENTO-IT.pdf\" target=\"_blank\" rel=\"noreferrer noopener\">POBIERZ REGULAMIN<\/a><\/div>\n<\/div>\n\n<\/div>\n<\/div><\/div>","protected":false},"excerpt":{"rendered":"","protected":false},"author":1,"featured_media":21808,"parent":0,"menu_order":0,"comment_status":"closed","ping_status":"closed","template":"","meta":{"_acf_changed":false,"advgb_blocks_editor_width":"","advgb_blocks_columns_visual_guide":"","footnotes":""},"class_list":["post-21807","page","type-page","status-publish","has-post-thumbnail","hentry","entry"],"acf":[],"yoast_head":"<!-- This site is optimized with the Yoast SEO plugin v26.0 - https:\/\/yoast.com\/wordpress\/plugins\/seo\/ -->\n<title>Witamy w naszym klubie - Villaggio San Francesco<\/title>\n<meta name=\"robots\" content=\"index, follow, max-snippet:-1, max-image-preview:large, max-video-preview:-1\" \/>\n<link rel=\"canonical\" href=\"https:\/\/www.villaggiosanfrancesco.com\/pl\/witamy-w-naszym-klubie\/\" \/>\n<meta property=\"og:locale\" content=\"pl_PL\" \/>\n<meta property=\"og:type\" content=\"article\" \/>\n<meta property=\"og:title\" content=\"Witamy w naszym klubie - Villaggio San Francesco\" \/>\n<meta property=\"og:url\" content=\"https:\/\/www.villaggiosanfrancesco.com\/pl\/witamy-w-naszym-klubie\/\" \/>\n<meta property=\"og:site_name\" content=\"Villaggio San Francesco\" \/>\n<meta property=\"article:publisher\" content=\"https:\/\/www.facebook.com\/VillaggioSanFrancesco\/\" \/>\n<meta property=\"article:modified_time\" content=\"2025-10-31T15:20:17+00:00\" \/>\n<meta property=\"og:image\" content=\"https:\/\/www.villaggiosanfrancesco.com\/wp-content\/uploads\/2022\/09\/piscine_villaggio_san_francesco_05-1.jpg\" \/>\n\t<meta property=\"og:image:width\" content=\"1200\" \/>\n\t<meta property=\"og:image:height\" content=\"800\" \/>\n\t<meta property=\"og:image:type\" content=\"image\/jpeg\" \/>\n<meta name=\"twitter:card\" content=\"summary_large_image\" \/>\n<meta name=\"twitter:label1\" content=\"Szacowany czas czytania\" \/>\n\t<meta name=\"twitter:data1\" content=\"6 minut\" \/>\n<script type=\"application\/ld+json\" class=\"yoast-schema-graph\">{\"@context\":\"https:\/\/schema.org\",\"@graph\":[{\"@type\":\"WebPage\",\"@id\":\"https:\/\/www.villaggiosanfrancesco.com\/pl\/witamy-w-naszym-klubie\/\",\"url\":\"https:\/\/www.villaggiosanfrancesco.com\/pl\/witamy-w-naszym-klubie\/\",\"name\":\"Witamy w naszym klubie - Villaggio San Francesco\",\"isPartOf\":{\"@id\":\"https:\/\/www.villaggiosanfrancesco.com\/pl\/#website\"},\"primaryImageOfPage\":{\"@id\":\"https:\/\/www.villaggiosanfrancesco.com\/pl\/witamy-w-naszym-klubie\/#primaryimage\"},\"image\":{\"@id\":\"https:\/\/www.villaggiosanfrancesco.com\/pl\/witamy-w-naszym-klubie\/#primaryimage\"},\"thumbnailUrl\":\"https:\/\/www.villaggiosanfrancesco.com\/wp-content\/uploads\/2022\/09\/piscine_villaggio_san_francesco_05-1.jpg\",\"datePublished\":\"2024-01-25T09:55:21+00:00\",\"dateModified\":\"2025-10-31T15:20:17+00:00\",\"breadcrumb\":{\"@id\":\"https:\/\/www.villaggiosanfrancesco.com\/pl\/witamy-w-naszym-klubie\/#breadcrumb\"},\"inLanguage\":\"pl-PL\",\"potentialAction\":[{\"@type\":\"ReadAction\",\"target\":[\"https:\/\/www.villaggiosanfrancesco.com\/pl\/witamy-w-naszym-klubie\/\"]}]},{\"@type\":\"ImageObject\",\"inLanguage\":\"pl-PL\",\"@id\":\"https:\/\/www.villaggiosanfrancesco.com\/pl\/witamy-w-naszym-klubie\/#primaryimage\",\"url\":\"https:\/\/www.villaggiosanfrancesco.com\/wp-content\/uploads\/2022\/09\/piscine_villaggio_san_francesco_05-1.jpg\",\"contentUrl\":\"https:\/\/www.villaggiosanfrancesco.com\/wp-content\/uploads\/2022\/09\/piscine_villaggio_san_francesco_05-1.jpg\",\"width\":1200,\"height\":800},{\"@type\":\"BreadcrumbList\",\"@id\":\"https:\/\/www.villaggiosanfrancesco.com\/pl\/witamy-w-naszym-klubie\/#breadcrumb\",\"itemListElement\":[{\"@type\":\"ListItem\",\"position\":1,\"name\":\"Home\",\"item\":\"https:\/\/www.villaggiosanfrancesco.com\/pl\/\"},{\"@type\":\"ListItem\",\"position\":2,\"name\":\"Witamy w naszym klubie\"}]},{\"@type\":\"WebSite\",\"@id\":\"https:\/\/www.villaggiosanfrancesco.com\/pl\/#website\",\"url\":\"https:\/\/www.villaggiosanfrancesco.com\/pl\/\",\"name\":\"Villaggio San Francesco\",\"description\":\"Caorle, VENEZIA\",\"publisher\":{\"@id\":\"https:\/\/www.villaggiosanfrancesco.com\/pl\/#organization\"},\"potentialAction\":[{\"@type\":\"SearchAction\",\"target\":{\"@type\":\"EntryPoint\",\"urlTemplate\":\"https:\/\/www.villaggiosanfrancesco.com\/pl\/?s={search_term_string}\"},\"query-input\":{\"@type\":\"PropertyValueSpecification\",\"valueRequired\":true,\"valueName\":\"search_term_string\"}}],\"inLanguage\":\"pl-PL\"},{\"@type\":\"Organization\",\"@id\":\"https:\/\/www.villaggiosanfrancesco.com\/pl\/#organization\",\"name\":\"Villaggio San Francesco\",\"url\":\"https:\/\/www.villaggiosanfrancesco.com\/pl\/\",\"logo\":{\"@type\":\"ImageObject\",\"inLanguage\":\"pl-PL\",\"@id\":\"https:\/\/www.villaggiosanfrancesco.com\/pl\/#\/schema\/logo\/image\/\",\"url\":\"https:\/\/www.villaggiosanfrancesco.com\/wp-content\/uploads\/2023\/03\/Logo-Villaggio-San-Francesco-Caorle-1.png\",\"contentUrl\":\"https:\/\/www.villaggiosanfrancesco.com\/wp-content\/uploads\/2023\/03\/Logo-Villaggio-San-Francesco-Caorle-1.png\",\"width\":1206,\"height\":356,\"caption\":\"Villaggio San Francesco\"},\"image\":{\"@id\":\"https:\/\/www.villaggiosanfrancesco.com\/pl\/#\/schema\/logo\/image\/\"},\"sameAs\":[\"https:\/\/www.facebook.com\/VillaggioSanFrancesco\/\",\"https:\/\/www.instagram.com\/villaggiosanfrancesco\/\",\"https:\/\/www.youtube.com\/channel\/UClXJoJulrb1UANfZodeHn-g\",\"https:\/\/www.tiktok.com\/@sanfrancescoresort\"]}]}<\/script>\n<!-- \/ Yoast SEO plugin. -->","yoast_head_json":{"title":"Witamy w naszym klubie - Villaggio San Francesco","robots":{"index":"index","follow":"follow","max-snippet":"max-snippet:-1","max-image-preview":"max-image-preview:large","max-video-preview":"max-video-preview:-1"},"canonical":"https:\/\/www.villaggiosanfrancesco.com\/pl\/witamy-w-naszym-klubie\/","og_locale":"pl_PL","og_type":"article","og_title":"Witamy w naszym klubie - Villaggio San Francesco","og_url":"https:\/\/www.villaggiosanfrancesco.com\/pl\/witamy-w-naszym-klubie\/","og_site_name":"Villaggio San Francesco","article_publisher":"https:\/\/www.facebook.com\/VillaggioSanFrancesco\/","article_modified_time":"2025-10-31T15:20:17+00:00","og_image":[{"width":1200,"height":800,"url":"https:\/\/www.villaggiosanfrancesco.com\/wp-content\/uploads\/2022\/09\/piscine_villaggio_san_francesco_05-1.jpg","type":"image\/jpeg"}],"twitter_card":"summary_large_image","twitter_misc":{"Szacowany czas czytania":"6 minut"},"schema":{"@context":"https:\/\/schema.org","@graph":[{"@type":"WebPage","@id":"https:\/\/www.villaggiosanfrancesco.com\/pl\/witamy-w-naszym-klubie\/","url":"https:\/\/www.villaggiosanfrancesco.com\/pl\/witamy-w-naszym-klubie\/","name":"Witamy w naszym klubie - Villaggio San Francesco","isPartOf":{"@id":"https:\/\/www.villaggiosanfrancesco.com\/pl\/#website"},"primaryImageOfPage":{"@id":"https:\/\/www.villaggiosanfrancesco.com\/pl\/witamy-w-naszym-klubie\/#primaryimage"},"image":{"@id":"https:\/\/www.villaggiosanfrancesco.com\/pl\/witamy-w-naszym-klubie\/#primaryimage"},"thumbnailUrl":"https:\/\/www.villaggiosanfrancesco.com\/wp-content\/uploads\/2022\/09\/piscine_villaggio_san_francesco_05-1.jpg","datePublished":"2024-01-25T09:55:21+00:00","dateModified":"2025-10-31T15:20:17+00:00","breadcrumb":{"@id":"https:\/\/www.villaggiosanfrancesco.com\/pl\/witamy-w-naszym-klubie\/#breadcrumb"},"inLanguage":"pl-PL","potentialAction":[{"@type":"ReadAction","target":["https:\/\/www.villaggiosanfrancesco.com\/pl\/witamy-w-naszym-klubie\/"]}]},{"@type":"ImageObject","inLanguage":"pl-PL","@id":"https:\/\/www.villaggiosanfrancesco.com\/pl\/witamy-w-naszym-klubie\/#primaryimage","url":"https:\/\/www.villaggiosanfrancesco.com\/wp-content\/uploads\/2022\/09\/piscine_villaggio_san_francesco_05-1.jpg","contentUrl":"https:\/\/www.villaggiosanfrancesco.com\/wp-content\/uploads\/2022\/09\/piscine_villaggio_san_francesco_05-1.jpg","width":1200,"height":800},{"@type":"BreadcrumbList","@id":"https:\/\/www.villaggiosanfrancesco.com\/pl\/witamy-w-naszym-klubie\/#breadcrumb","itemListElement":[{"@type":"ListItem","position":1,"name":"Home","item":"https:\/\/www.villaggiosanfrancesco.com\/pl\/"},{"@type":"ListItem","position":2,"name":"Witamy w naszym klubie"}]},{"@type":"WebSite","@id":"https:\/\/www.villaggiosanfrancesco.com\/pl\/#website","url":"https:\/\/www.villaggiosanfrancesco.com\/pl\/","name":"Villaggio San Francesco","description":"Caorle, VENEZIA","publisher":{"@id":"https:\/\/www.villaggiosanfrancesco.com\/pl\/#organization"},"potentialAction":[{"@type":"SearchAction","target":{"@type":"EntryPoint","urlTemplate":"https:\/\/www.villaggiosanfrancesco.com\/pl\/?s={search_term_string}"},"query-input":{"@type":"PropertyValueSpecification","valueRequired":true,"valueName":"search_term_string"}}],"inLanguage":"pl-PL"},{"@type":"Organization","@id":"https:\/\/www.villaggiosanfrancesco.com\/pl\/#organization","name":"Villaggio San Francesco","url":"https:\/\/www.villaggiosanfrancesco.com\/pl\/","logo":{"@type":"ImageObject","inLanguage":"pl-PL","@id":"https:\/\/www.villaggiosanfrancesco.com\/pl\/#\/schema\/logo\/image\/","url":"https:\/\/www.villaggiosanfrancesco.com\/wp-content\/uploads\/2023\/03\/Logo-Villaggio-San-Francesco-Caorle-1.png","contentUrl":"https:\/\/www.villaggiosanfrancesco.com\/wp-content\/uploads\/2023\/03\/Logo-Villaggio-San-Francesco-Caorle-1.png","width":1206,"height":356,"caption":"Villaggio San Francesco"},"image":{"@id":"https:\/\/www.villaggiosanfrancesco.com\/pl\/#\/schema\/logo\/image\/"},"sameAs":["https:\/\/www.facebook.com\/VillaggioSanFrancesco\/","https:\/\/www.instagram.com\/villaggiosanfrancesco\/","https:\/\/www.youtube.com\/channel\/UClXJoJulrb1UANfZodeHn-g","https:\/\/www.tiktok.com\/@sanfrancescoresort"]}]}},"coauthors":[],"author_meta":{"author_link":"https:\/\/www.villaggiosanfrancesco.com\/pl\/news\/author\/admin\/","display_name":"admin"},"relative_dates":{"created":"Posted 2 lata ago","modified":"Updated 6 miesi\u0119cy ago"},"absolute_dates":{"created":"Posted on 25 stycznia, 2024","modified":"Updated on 31 pa\u017adziernika, 2025"},"absolute_dates_time":{"created":"Posted on 25 stycznia, 2024 10:55 am","modified":"Updated on 31 pa\u017adziernika, 2025 4:20 pm"},"featured_img_caption":"","featured_img":"https:\/\/www.villaggiosanfrancesco.com\/wp-content\/uploads\/2022\/09\/piscine_villaggio_san_francesco_05-1.jpg","series_order":"","_links":{"self":[{"href":"https:\/\/www.villaggiosanfrancesco.com\/pl\/wp-json\/wp\/v2\/pages\/21807","targetHints":{"allow":["GET"]}}],"collection":[{"href":"https:\/\/www.villaggiosanfrancesco.com\/pl\/wp-json\/wp\/v2\/pages"}],"about":[{"href":"https:\/\/www.villaggiosanfrancesco.com\/pl\/wp-json\/wp\/v2\/types\/page"}],"author":[{"embeddable":true,"href":"https:\/\/www.villaggiosanfrancesco.com\/pl\/wp-json\/wp\/v2\/users\/1"}],"replies":[{"embeddable":true,"href":"https:\/\/www.villaggiosanfrancesco.com\/pl\/wp-json\/wp\/v2\/comments?post=21807"}],"version-history":[{"count":0,"href":"https:\/\/www.villaggiosanfrancesco.com\/pl\/wp-json\/wp\/v2\/pages\/21807\/revisions"}],"wp:featuredmedia":[{"embeddable":true,"href":"https:\/\/www.villaggiosanfrancesco.com\/pl\/wp-json\/wp\/v2\/media\/21808"}],"wp:attachment":[{"href":"https:\/\/www.villaggiosanfrancesco.com\/pl\/wp-json\/wp\/v2\/media?parent=21807"}],"curies":[{"name":"wp","href":"https:\/\/api.w.org\/{rel}","templated":true}]}}