{"id":40632,"date":"2026-01-29T15:07:40","date_gmt":"2026-01-29T14:07:40","guid":{"rendered":"https:\/\/www.villaggiosanfrancesco.com\/?post_type=accommodation&#038;p=40632"},"modified":"2026-04-17T18:04:26","modified_gmt":"2026-04-17T16:04:26","slug":"parcele-belvedere-large","status":"publish","type":"accommodation","link":"https:\/\/www.villaggiosanfrancesco.com\/pl\/accommodations\/parcele\/parcele-belvedere-large\/","title":{"rendered":"Parcele Belvedere Large"},"content":{"rendered":"\n<p>Je\u015bli szukasz wi\u0119cej przestrzeni, aby swobodnie si\u0119 porusza\u0107, rozstawi\u0107 wyposa\u017cenie i komfortowo korzysta\u0107 z otoczenia na zewn\u0105trz, <strong>Du\u017ca parcela Belvedere<\/strong> jest idealnym wyborem. <br>Dzi\u0119ki powierzchni <strong>od 85 do 100 m\u00b2<\/strong> jest odpowiednia dla <strong>kamper\u00f3w, przyczep kempingowych oraz namiot\u00f3w<\/strong> i pozwala zorganizowa\u0107 przestrze\u0144 w uporz\u0105dkowany i wygodny spos\u00f3b, nawet podczas d\u0142u\u017cszych pobyt\u00f3w.<br><br>Na terenie obiektu dost\u0119pne s\u0105 parcele <strong>w strefach s\u0142onecznych lub zacienionych<\/strong>; na niekt\u00f3rych z nich <strong>zwierz\u0119ta domowe s\u0105 akceptowane na \u017cyczenie<\/strong>.<\/p>\n\n\n<div  class=\"grids-section grids-is-stretch\" style=\"--_gs-gap-desktop:0px 0px;--_gs-m-desktop:0 0 0 0;--_gs-p-desktop:0 0 0 0;--_gs-bg-desktop:transparent none;--_gs-bg-xp-desktop:0px;--_gs-zi-desktop:auto;--_gs-d-desktop:block;--_gs-mw-desktop:calc(100% - 0 - 0);--_gs-gap-tablet:0px 0px;--_gs-m-tablet:0 0 0 0;--_gs-p-tablet:0 0 0 0;--_gs-bg-tablet:transparent none;--_gs-bg-xp-tablet:0px;--_gs-zi-tablet:auto;--_gs-d-tablet:block;--_gs-mw-tablet:calc(100% - 0 - 0);--_gs-gap-mobile:0px 0px;--_gs-m-mobile:0 0 0 0;--_gs-p-mobile:0 0 0 0;--_gs-bg-mobile:transparent none;--_gs-bg-xp-mobile:0px;--_gs-zi-mobile:auto;--_gs-d-mobile:block;--_gs-mw-mobile:calc(100% - 0 - 0);--_gs-columns:1;--_gs-rows:1\"><div class=\"grids-s-w_i\">\n<div class=\"grids-area\" style=\"--_ga-column:1\/2;--_ga-row:1\/2;--_ga-m-desktop:0 0 0 0;--_ga-p-desktop:15px 15px 15px 15px;--_ga-bg-desktop:#dbfbff none;--_ga-zi-desktop:auto;--_ga-d-desktop:flex;--_ga-mw-desktop:calc(100% - 0 - 0);--_ga-m-tablet:0 0 0 0;--_ga-p-tablet:15px 15px 15px 15px;--_ga-bg-tablet:#dbfbff none;--_ga-zi-tablet:auto;--_ga-d-tablet:flex;--_ga-mw-tablet:calc(100% - 0 - 0);--_ga-m-mobile:0 0 0 0;--_ga-p-mobile:15px 15px 15px 15px;--_ga-bg-mobile:#dbfbff none;--_ga-zi-mobile:auto;--_ga-d-mobile:flex;--_ga-mw-mobile:calc(100% - 0 - 0)\">\n\n<p><strong>Rezerwacja<\/strong>: ten typ parceli jest <strong>dost\u0119pny do rezerwacji wy\u0142\u0105cznie poprzez formularz zapytania znajduj\u0105cy si\u0119 na tej stronie<\/strong> i <strong>nie<\/strong> jest dost\u0119pny w internetowym systemie rezerwacji.<\/p>\n\n\n\n<div class=\"wp-block-buttons is-layout-flex wp-block-buttons-is-layout-flex\">\n<div class=\"wp-block-button\"><a class=\"wp-block-button__link wp-element-button\" href=\"https:\/\/www.villaggiosanfrancesco.com\/pl\/booking\/\">Wy\u015blij swoje zapytanie<\/a><\/div>\n<\/div>\n\n<\/div>\n<\/div><\/div>\n\n\n<p>Ka\u017cda parcela mo\u017ce pomie\u015bci\u0107 do 6 os\u00f3b i jest wyposa\u017cona w:<\/p>\n","protected":false},"excerpt":{"rendered":"<p>Relaks na \u015bwie\u017cym powietrzu<\/p>\n","protected":false},"author":29,"featured_media":22504,"template":"","meta":{"_acf_changed":false,"advgb_blocks_editor_width":"","advgb_blocks_columns_visual_guide":"","footnotes":""},"accommodation_categories":[87],"class_list":["post-40632","accommodation","type-accommodation","status-publish","has-post-thumbnail","hentry","entry"],"acf":{"accommodation_priority":0,"accommodation_label":"","accommodation_size":"85 - 100","accommodation_rooms_number":"","accommodation_bathrooms_number":"","accommodation_sofa_number":"","accommodation_occupancy":[{"occupancy":"'6'"}],"accommodation_pets":"1","accommodation_accessibility":"","accommodation_details":null,"accommodation_services":[{"icon":"<i class=\"fa-solid fa-bolt\"><\/i>","text":"Elektryczno\u015b\u0107 (10 A)","evidence":false},{"icon":"<i class=\"fa-solid fa-faucet-drip\"><\/i>","text":"Woda pitna","evidence":false},{"icon":"<i class=\"fa-solid fa-arrow-down-to-square\"><\/i>","text":"Drena\u017c (przy\u0142\u0105cze do zrzutu szarej wody)","evidence":false},{"icon":"<i class=\"fa-solid fa-shower\"><\/i>","text":"Mo\u017cliwo\u015b\u0107 wynaj\u0119cia prywatnej \u0142azienki na \u017cyczenie","evidence":true},{"icon":"<i class=\"fa-solid fa-sink\"><\/i>","text":"Odnowione \u0142azienki ","evidence":false}],"disable_services_and_equipment_cat":false,"accommodation_services_equipment":null,"accommodation_rate_included":null,"accommodation_reviews":[29658],"accommodation_gallery":[22502,22503,22505,22504,30285,30286,30287,30288,30289,22034,30290,30291,30292,30293,30294],"accommodation_videos":[{"video":"https:\/\/www.youtube.com\/watch?v=doJkb-w-YmI"}],"accommodation_map":39838,"accommodation_planimetry":"","accommodation_google_360_view_embed_link":null,"accommodation_other_accommodations":null},"yoast_head":"<!-- This site is optimized with the Yoast SEO plugin v26.0 - https:\/\/yoast.com\/wordpress\/plugins\/seo\/ -->\n<title>Parcele Belvedere Large | O\u015brodek wakacyjny Villaggio San Francesco<\/title>\n<meta name=\"description\" content=\"Du\u017ca parcela Belvedere o powierzchni od 85 do 100 m\u00b2 dla kamper\u00f3w, przyczep kempingowych oraz namiot\u00f3w. Dost\u0119pno\u015b\u0107 i cena wy\u0142\u0105cznie na zapytanie poprzez formularz.\" \/>\n<meta name=\"robots\" content=\"index, follow, max-snippet:-1, max-image-preview:large, max-video-preview:-1\" \/>\n<link rel=\"canonical\" href=\"https:\/\/www.villaggiosanfrancesco.com\/pl\/accommodations\/parcele\/parcele-belvedere-large\/\" \/>\n<meta property=\"og:locale\" content=\"pl_PL\" \/>\n<meta property=\"og:type\" content=\"article\" \/>\n<meta property=\"og:title\" content=\"Parcele Belvedere Large | O\u015brodek wakacyjny Villaggio San Francesco\" \/>\n<meta property=\"og:description\" content=\"Du\u017ca parcela Belvedere o powierzchni od 85 do 100 m\u00b2 dla kamper\u00f3w, przyczep kempingowych oraz namiot\u00f3w. Dost\u0119pno\u015b\u0107 i cena wy\u0142\u0105cznie na zapytanie poprzez formularz.\" \/>\n<meta property=\"og:url\" content=\"https:\/\/www.villaggiosanfrancesco.com\/pl\/accommodations\/parcele\/parcele-belvedere-large\/\" \/>\n<meta property=\"og:site_name\" content=\"Villaggio San Francesco\" \/>\n<meta property=\"article:publisher\" content=\"https:\/\/www.facebook.com\/VillaggioSanFrancesco\/\" \/>\n<meta property=\"article:modified_time\" content=\"2026-04-17T16:04:26+00:00\" \/>\n<meta property=\"og:image\" content=\"https:\/\/www.villaggiosanfrancesco.com\/wp-content\/uploads\/2022\/06\/Piazzola_Belvedere_camping3_Villaggio_San_Francesco.jpg\" \/>\n\t<meta property=\"og:image:width\" content=\"1800\" \/>\n\t<meta property=\"og:image:height\" content=\"1200\" \/>\n\t<meta property=\"og:image:type\" content=\"image\/jpeg\" \/>\n<meta name=\"twitter:card\" content=\"summary_large_image\" \/>\n<meta name=\"twitter:label1\" content=\"Szacowany czas czytania\" \/>\n\t<meta name=\"twitter:data1\" content=\"1 minuta\" \/>\n<script type=\"application\/ld+json\" class=\"yoast-schema-graph\">{\"@context\":\"https:\/\/schema.org\",\"@graph\":[{\"@type\":\"WebPage\",\"@id\":\"https:\/\/www.villaggiosanfrancesco.com\/pl\/accommodations\/parcele\/parcele-belvedere-large\/\",\"url\":\"https:\/\/www.villaggiosanfrancesco.com\/pl\/accommodations\/parcele\/parcele-belvedere-large\/\",\"name\":\"Parcele Belvedere Large | O\u015brodek wakacyjny Villaggio San Francesco\",\"isPartOf\":{\"@id\":\"https:\/\/www.villaggiosanfrancesco.com\/pl\/#website\"},\"primaryImageOfPage\":{\"@id\":\"https:\/\/www.villaggiosanfrancesco.com\/pl\/accommodations\/parcele\/parcele-belvedere-large\/#primaryimage\"},\"image\":{\"@id\":\"https:\/\/www.villaggiosanfrancesco.com\/pl\/accommodations\/parcele\/parcele-belvedere-large\/#primaryimage\"},\"thumbnailUrl\":\"https:\/\/www.villaggiosanfrancesco.com\/wp-content\/uploads\/2022\/06\/Piazzola_Belvedere_camping3_Villaggio_San_Francesco.jpg\",\"datePublished\":\"2026-01-29T14:07:40+00:00\",\"dateModified\":\"2026-04-17T16:04:26+00:00\",\"description\":\"Du\u017ca parcela Belvedere o powierzchni od 85 do 100 m\u00b2 dla kamper\u00f3w, przyczep kempingowych oraz namiot\u00f3w. Dost\u0119pno\u015b\u0107 i cena wy\u0142\u0105cznie na zapytanie poprzez formularz.\",\"breadcrumb\":{\"@id\":\"https:\/\/www.villaggiosanfrancesco.com\/pl\/accommodations\/parcele\/parcele-belvedere-large\/#breadcrumb\"},\"inLanguage\":\"pl-PL\",\"potentialAction\":[{\"@type\":\"ReadAction\",\"target\":[\"https:\/\/www.villaggiosanfrancesco.com\/pl\/accommodations\/parcele\/parcele-belvedere-large\/\"]}]},{\"@type\":\"ImageObject\",\"inLanguage\":\"pl-PL\",\"@id\":\"https:\/\/www.villaggiosanfrancesco.com\/pl\/accommodations\/parcele\/parcele-belvedere-large\/#primaryimage\",\"url\":\"https:\/\/www.villaggiosanfrancesco.com\/wp-content\/uploads\/2022\/06\/Piazzola_Belvedere_camping3_Villaggio_San_Francesco.jpg\",\"contentUrl\":\"https:\/\/www.villaggiosanfrancesco.com\/wp-content\/uploads\/2022\/06\/Piazzola_Belvedere_camping3_Villaggio_San_Francesco.jpg\",\"width\":1800,\"height\":1200},{\"@type\":\"BreadcrumbList\",\"@id\":\"https:\/\/www.villaggiosanfrancesco.com\/pl\/accommodations\/parcele\/parcele-belvedere-large\/#breadcrumb\",\"itemListElement\":[{\"@type\":\"ListItem\",\"position\":1,\"name\":\"Home\",\"item\":\"https:\/\/www.villaggiosanfrancesco.com\/pl\/\"},{\"@type\":\"ListItem\",\"position\":2,\"name\":\"Parcele Belvedere Large\"}]},{\"@type\":\"WebSite\",\"@id\":\"https:\/\/www.villaggiosanfrancesco.com\/pl\/#website\",\"url\":\"https:\/\/www.villaggiosanfrancesco.com\/pl\/\",\"name\":\"Villaggio San Francesco\",\"description\":\"Caorle, VENEZIA\",\"publisher\":{\"@id\":\"https:\/\/www.villaggiosanfrancesco.com\/pl\/#organization\"},\"potentialAction\":[{\"@type\":\"SearchAction\",\"target\":{\"@type\":\"EntryPoint\",\"urlTemplate\":\"https:\/\/www.villaggiosanfrancesco.com\/pl\/?s={search_term_string}\"},\"query-input\":{\"@type\":\"PropertyValueSpecification\",\"valueRequired\":true,\"valueName\":\"search_term_string\"}}],\"inLanguage\":\"pl-PL\"},{\"@type\":\"Organization\",\"@id\":\"https:\/\/www.villaggiosanfrancesco.com\/pl\/#organization\",\"name\":\"Villaggio San Francesco\",\"url\":\"https:\/\/www.villaggiosanfrancesco.com\/pl\/\",\"logo\":{\"@type\":\"ImageObject\",\"inLanguage\":\"pl-PL\",\"@id\":\"https:\/\/www.villaggiosanfrancesco.com\/pl\/#\/schema\/logo\/image\/\",\"url\":\"https:\/\/www.villaggiosanfrancesco.com\/wp-content\/uploads\/2023\/03\/Logo-Villaggio-San-Francesco-Caorle-1.png\",\"contentUrl\":\"https:\/\/www.villaggiosanfrancesco.com\/wp-content\/uploads\/2023\/03\/Logo-Villaggio-San-Francesco-Caorle-1.png\",\"width\":1206,\"height\":356,\"caption\":\"Villaggio San Francesco\"},\"image\":{\"@id\":\"https:\/\/www.villaggiosanfrancesco.com\/pl\/#\/schema\/logo\/image\/\"},\"sameAs\":[\"https:\/\/www.facebook.com\/VillaggioSanFrancesco\/\",\"https:\/\/www.instagram.com\/villaggiosanfrancesco\/\",\"https:\/\/www.youtube.com\/channel\/UClXJoJulrb1UANfZodeHn-g\",\"https:\/\/www.tiktok.com\/@sanfrancescoresort\"]}]}<\/script>\n<!-- \/ Yoast SEO plugin. -->","yoast_head_json":{"title":"Parcele Belvedere Large | O\u015brodek wakacyjny Villaggio San Francesco","description":"Du\u017ca parcela Belvedere o powierzchni od 85 do 100 m\u00b2 dla kamper\u00f3w, przyczep kempingowych oraz namiot\u00f3w. Dost\u0119pno\u015b\u0107 i cena wy\u0142\u0105cznie na zapytanie poprzez formularz.","robots":{"index":"index","follow":"follow","max-snippet":"max-snippet:-1","max-image-preview":"max-image-preview:large","max-video-preview":"max-video-preview:-1"},"canonical":"https:\/\/www.villaggiosanfrancesco.com\/pl\/accommodations\/parcele\/parcele-belvedere-large\/","og_locale":"pl_PL","og_type":"article","og_title":"Parcele Belvedere Large | O\u015brodek wakacyjny Villaggio San Francesco","og_description":"Du\u017ca parcela Belvedere o powierzchni od 85 do 100 m\u00b2 dla kamper\u00f3w, przyczep kempingowych oraz namiot\u00f3w. Dost\u0119pno\u015b\u0107 i cena wy\u0142\u0105cznie na zapytanie poprzez formularz.","og_url":"https:\/\/www.villaggiosanfrancesco.com\/pl\/accommodations\/parcele\/parcele-belvedere-large\/","og_site_name":"Villaggio San Francesco","article_publisher":"https:\/\/www.facebook.com\/VillaggioSanFrancesco\/","article_modified_time":"2026-04-17T16:04:26+00:00","og_image":[{"width":1800,"height":1200,"url":"https:\/\/www.villaggiosanfrancesco.com\/wp-content\/uploads\/2022\/06\/Piazzola_Belvedere_camping3_Villaggio_San_Francesco.jpg","type":"image\/jpeg"}],"twitter_card":"summary_large_image","twitter_misc":{"Szacowany czas czytania":"1 minuta"},"schema":{"@context":"https:\/\/schema.org","@graph":[{"@type":"WebPage","@id":"https:\/\/www.villaggiosanfrancesco.com\/pl\/accommodations\/parcele\/parcele-belvedere-large\/","url":"https:\/\/www.villaggiosanfrancesco.com\/pl\/accommodations\/parcele\/parcele-belvedere-large\/","name":"Parcele Belvedere Large | O\u015brodek wakacyjny Villaggio San Francesco","isPartOf":{"@id":"https:\/\/www.villaggiosanfrancesco.com\/pl\/#website"},"primaryImageOfPage":{"@id":"https:\/\/www.villaggiosanfrancesco.com\/pl\/accommodations\/parcele\/parcele-belvedere-large\/#primaryimage"},"image":{"@id":"https:\/\/www.villaggiosanfrancesco.com\/pl\/accommodations\/parcele\/parcele-belvedere-large\/#primaryimage"},"thumbnailUrl":"https:\/\/www.villaggiosanfrancesco.com\/wp-content\/uploads\/2022\/06\/Piazzola_Belvedere_camping3_Villaggio_San_Francesco.jpg","datePublished":"2026-01-29T14:07:40+00:00","dateModified":"2026-04-17T16:04:26+00:00","description":"Du\u017ca parcela Belvedere o powierzchni od 85 do 100 m\u00b2 dla kamper\u00f3w, przyczep kempingowych oraz namiot\u00f3w. Dost\u0119pno\u015b\u0107 i cena wy\u0142\u0105cznie na zapytanie poprzez formularz.","breadcrumb":{"@id":"https:\/\/www.villaggiosanfrancesco.com\/pl\/accommodations\/parcele\/parcele-belvedere-large\/#breadcrumb"},"inLanguage":"pl-PL","potentialAction":[{"@type":"ReadAction","target":["https:\/\/www.villaggiosanfrancesco.com\/pl\/accommodations\/parcele\/parcele-belvedere-large\/"]}]},{"@type":"ImageObject","inLanguage":"pl-PL","@id":"https:\/\/www.villaggiosanfrancesco.com\/pl\/accommodations\/parcele\/parcele-belvedere-large\/#primaryimage","url":"https:\/\/www.villaggiosanfrancesco.com\/wp-content\/uploads\/2022\/06\/Piazzola_Belvedere_camping3_Villaggio_San_Francesco.jpg","contentUrl":"https:\/\/www.villaggiosanfrancesco.com\/wp-content\/uploads\/2022\/06\/Piazzola_Belvedere_camping3_Villaggio_San_Francesco.jpg","width":1800,"height":1200},{"@type":"BreadcrumbList","@id":"https:\/\/www.villaggiosanfrancesco.com\/pl\/accommodations\/parcele\/parcele-belvedere-large\/#breadcrumb","itemListElement":[{"@type":"ListItem","position":1,"name":"Home","item":"https:\/\/www.villaggiosanfrancesco.com\/pl\/"},{"@type":"ListItem","position":2,"name":"Parcele Belvedere Large"}]},{"@type":"WebSite","@id":"https:\/\/www.villaggiosanfrancesco.com\/pl\/#website","url":"https:\/\/www.villaggiosanfrancesco.com\/pl\/","name":"Villaggio San Francesco","description":"Caorle, VENEZIA","publisher":{"@id":"https:\/\/www.villaggiosanfrancesco.com\/pl\/#organization"},"potentialAction":[{"@type":"SearchAction","target":{"@type":"EntryPoint","urlTemplate":"https:\/\/www.villaggiosanfrancesco.com\/pl\/?s={search_term_string}"},"query-input":{"@type":"PropertyValueSpecification","valueRequired":true,"valueName":"search_term_string"}}],"inLanguage":"pl-PL"},{"@type":"Organization","@id":"https:\/\/www.villaggiosanfrancesco.com\/pl\/#organization","name":"Villaggio San Francesco","url":"https:\/\/www.villaggiosanfrancesco.com\/pl\/","logo":{"@type":"ImageObject","inLanguage":"pl-PL","@id":"https:\/\/www.villaggiosanfrancesco.com\/pl\/#\/schema\/logo\/image\/","url":"https:\/\/www.villaggiosanfrancesco.com\/wp-content\/uploads\/2023\/03\/Logo-Villaggio-San-Francesco-Caorle-1.png","contentUrl":"https:\/\/www.villaggiosanfrancesco.com\/wp-content\/uploads\/2023\/03\/Logo-Villaggio-San-Francesco-Caorle-1.png","width":1206,"height":356,"caption":"Villaggio San Francesco"},"image":{"@id":"https:\/\/www.villaggiosanfrancesco.com\/pl\/#\/schema\/logo\/image\/"},"sameAs":["https:\/\/www.facebook.com\/VillaggioSanFrancesco\/","https:\/\/www.instagram.com\/villaggiosanfrancesco\/","https:\/\/www.youtube.com\/channel\/UClXJoJulrb1UANfZodeHn-g","https:\/\/www.tiktok.com\/@sanfrancescoresort"]}]}},"featured_img":"https:\/\/www.villaggiosanfrancesco.com\/wp-content\/uploads\/2022\/06\/Piazzola_Belvedere_camping3_Villaggio_San_Francesco-1568x1045.jpg","coauthors":[],"author_meta":{"author_link":"https:\/\/www.villaggiosanfrancesco.com\/pl\/news\/author\/mattia_fh8r4\/","display_name":"Mattia"},"relative_dates":{"created":"Posted 3 miesi\u0105ce ago","modified":"Updated 2 tygodnie ago"},"absolute_dates":{"created":"Posted on 29 stycznia, 2026","modified":"Updated on 17 kwietnia, 2026"},"absolute_dates_time":{"created":"Posted on 29 stycznia, 2026 3:07 pm","modified":"Updated on 17 kwietnia, 2026 6:04 pm"},"featured_img_caption":"","tax_additional":{"accommodation_categories":{"linked":["<a href=\"https:\/\/www.villaggiosanfrancesco.com\/pl\/news\/accommodation_categories\/parcele\/\" class=\"advgb-post-tax-term\">Parcele<\/a>"],"unlinked":["<span class=\"advgb-post-tax-term\">Parcele<\/span>"],"slug":"accommodation_categories","name":"Kategorie"},"translation_priority":{"linked":["<a href=\"https:\/\/www.villaggiosanfrancesco.com\/pl\/?taxonomy=translation_priority&#038;term=opcjonalne\" class=\"advgb-post-tax-term\">Opcjonalne<\/a>"],"unlinked":["<span class=\"advgb-post-tax-term\">Opcjonalne<\/span>"],"slug":"translation_priority","name":"Priorytety T\u0142umaczenia"}},"series_order":"","_links":{"self":[{"href":"https:\/\/www.villaggiosanfrancesco.com\/pl\/wp-json\/wp\/v2\/accommodation\/40632","targetHints":{"allow":["GET"]}}],"collection":[{"href":"https:\/\/www.villaggiosanfrancesco.com\/pl\/wp-json\/wp\/v2\/accommodation"}],"about":[{"href":"https:\/\/www.villaggiosanfrancesco.com\/pl\/wp-json\/wp\/v2\/types\/accommodation"}],"author":[{"embeddable":true,"href":"https:\/\/www.villaggiosanfrancesco.com\/pl\/wp-json\/wp\/v2\/users\/29"}],"version-history":[{"count":0,"href":"https:\/\/www.villaggiosanfrancesco.com\/pl\/wp-json\/wp\/v2\/accommodation\/40632\/revisions"}],"acf:attachment":[{"embeddable":true,"href":"https:\/\/www.villaggiosanfrancesco.com\/pl\/wp-json\/wp\/v2\/media\/30294"},{"embeddable":true,"href":"https:\/\/www.villaggiosanfrancesco.com\/pl\/wp-json\/wp\/v2\/media\/30293"},{"embeddable":true,"href":"https:\/\/www.villaggiosanfrancesco.com\/pl\/wp-json\/wp\/v2\/media\/30292"},{"embeddable":true,"href":"https:\/\/www.villaggiosanfrancesco.com\/pl\/wp-json\/wp\/v2\/media\/30291"},{"embeddable":true,"href":"https:\/\/www.villaggiosanfrancesco.com\/pl\/wp-json\/wp\/v2\/media\/30290"},{"embeddable":true,"href":"https:\/\/www.villaggiosanfrancesco.com\/pl\/wp-json\/wp\/v2\/media\/22034"},{"embeddable":true,"href":"https:\/\/www.villaggiosanfrancesco.com\/pl\/wp-json\/wp\/v2\/media\/30289"},{"embeddable":true,"href":"https:\/\/www.villaggiosanfrancesco.com\/pl\/wp-json\/wp\/v2\/media\/30288"},{"embeddable":true,"href":"https:\/\/www.villaggiosanfrancesco.com\/pl\/wp-json\/wp\/v2\/media\/30287"},{"embeddable":true,"href":"https:\/\/www.villaggiosanfrancesco.com\/pl\/wp-json\/wp\/v2\/media\/30286"},{"embeddable":true,"href":"https:\/\/www.villaggiosanfrancesco.com\/pl\/wp-json\/wp\/v2\/media\/30285"},{"embeddable":true,"href":"https:\/\/www.villaggiosanfrancesco.com\/pl\/wp-json\/wp\/v2\/media\/22504"},{"embeddable":true,"href":"https:\/\/www.villaggiosanfrancesco.com\/pl\/wp-json\/wp\/v2\/media\/22505"},{"embeddable":true,"href":"https:\/\/www.villaggiosanfrancesco.com\/pl\/wp-json\/wp\/v2\/media\/22503"},{"embeddable":true,"href":"https:\/\/www.villaggiosanfrancesco.com\/pl\/wp-json\/wp\/v2\/media\/22502"}],"acf:post":[{"embeddable":true,"href":"https:\/\/www.villaggiosanfrancesco.com\/pl\/wp-json\/wp\/v2\/review\/29658"}],"wp:featuredmedia":[{"embeddable":true,"href":"https:\/\/www.villaggiosanfrancesco.com\/pl\/wp-json\/wp\/v2\/media\/22504"}],"wp:attachment":[{"href":"https:\/\/www.villaggiosanfrancesco.com\/pl\/wp-json\/wp\/v2\/media?parent=40632"}],"wp:term":[{"taxonomy":"accommodation_categories","embeddable":true,"href":"https:\/\/www.villaggiosanfrancesco.com\/pl\/wp-json\/wp\/v2\/accommodation_categories?post=40632"}],"curies":[{"name":"wp","href":"https:\/\/api.w.org\/{rel}","templated":true}]}}