{"id":22646,"date":"2024-01-25T11:00:13","date_gmt":"2024-01-25T10:00:13","guid":{"rendered":"https:\/\/www.villaggiosanfrancesco.com\/accommodations\/_cat_\/apartament-mini\/"},"modified":"2026-02-16T09:04:46","modified_gmt":"2026-02-16T08:04:46","slug":"holiday-home-mini","status":"publish","type":"accommodation","link":"https:\/\/www.villaggiosanfrancesco.com\/pl\/accommodations\/apartament-villino\/holiday-home-mini\/","title":{"rendered":"Holiday Home Mini"},"content":{"rendered":"\n<p>Holiday Home Mini to domki w zabudowie szeregowej (dla <strong>3 os\u00f3b<\/strong>) znajduj\u0105ce si\u0119 w <strong>cz\u0119\u015bci Penelope<\/strong> naszego kempingu, rzut kamieniem od Caorle.<\/p>\n\n\n\n<p><strong>Zwierz\u0119ta domowe s\u0105 dozwolone w tym rodzaju zakwaterowania za dodatkow\u0105 op\u0142at\u0105.<\/strong><\/p>\n\n\n<div  class=\"grids-section grids-is-stretch\" style=\"--_gs-gap-desktop:0px 0px;--_gs-m-desktop:0 0 0 0;--_gs-p-desktop:0 0 0 0;--_gs-bg-desktop:transparent none;--_gs-bg-xp-desktop:0px;--_gs-zi-desktop:auto;--_gs-d-desktop:block;--_gs-mw-desktop:calc(100% - 0 - 0);--_gs-gap-tablet:0px 0px;--_gs-m-tablet:0 0 0 0;--_gs-p-tablet:0 0 0 0;--_gs-bg-tablet:transparent none;--_gs-bg-xp-tablet:0px;--_gs-zi-tablet:auto;--_gs-d-tablet:block;--_gs-mw-tablet:calc(100% - 0 - 0);--_gs-gap-mobile:0px 0px;--_gs-m-mobile:0 0 0 0;--_gs-p-mobile:0 0 0 0;--_gs-bg-mobile:transparent none;--_gs-bg-xp-mobile:0px;--_gs-zi-mobile:auto;--_gs-d-mobile:block;--_gs-mw-mobile:calc(100% - 0 - 0);--_gs-columns:1;--_gs-rows:1\"><div class=\"grids-s-w_i\">\n<div class=\"grids-area\" style=\"--_ga-column:1\/2;--_ga-row:1\/2;--_ga-m-desktop:0 0 0 0;--_ga-p-desktop:0 0 0 0;--_ga-bg-desktop:transparent none;--_ga-zi-desktop:auto;--_ga-d-desktop:flex;--_ga-mw-desktop:calc(100% - 0 - 0);--_ga-m-tablet:0 0 0 0;--_ga-p-tablet:0 0 0 0;--_ga-bg-tablet:transparent none;--_ga-zi-tablet:auto;--_ga-d-tablet:flex;--_ga-mw-tablet:calc(100% - 0 - 0);--_ga-m-mobile:0 0 0 0;--_ga-p-mobile:0 0 0 0;--_ga-bg-mobile:transparent none;--_ga-zi-mobile:auto;--_ga-d-mobile:flex;--_ga-mw-mobile:calc(100% - 0 - 0)\">\n\n<p class=\"has-background\" style=\"background-color:#fcd295;padding-top:15px;padding-right:15px;padding-bottom:15px;padding-left:15px\">W sezonie wysokim domki <strong>Holiday Home Mini<\/strong> przewiduj\u0105 przyjazd i wyjazd w <strong>sobot\u0119<\/strong>, oferuj\u0105c tym samym idealne rozwi\u0105zanie na tygodniowe wakacje..<br>\u2013 Przyjazd\/wyjazd w <strong>sobot\u0119<\/strong><br>\u2013 Zwierz\u0119ta <strong>dozwolone<\/strong><\/p>\n\n<\/div>\n<\/div><\/div>\n\n<div  class=\"grids-section grids-is-stretch\" style=\"--_gs-gap-desktop:0px 0px;--_gs-m-desktop:0 0 0 0;--_gs-p-desktop:0 0 0 0;--_gs-bg-desktop:transparent none;--_gs-bg-xp-desktop:0px;--_gs-zi-desktop:auto;--_gs-d-desktop:none;--_gs-mw-desktop:calc(100% - 0 - 0);--_gs-gap-tablet:0px 0px;--_gs-m-tablet:0 0 0 0;--_gs-p-tablet:0 0 0 0;--_gs-bg-tablet:transparent none;--_gs-bg-xp-tablet:0px;--_gs-zi-tablet:auto;--_gs-d-tablet:none;--_gs-mw-tablet:calc(100% - 0 - 0);--_gs-gap-mobile:0px 0px;--_gs-m-mobile:0 0 0 0;--_gs-p-mobile:0 0 0 0;--_gs-bg-mobile:transparent none;--_gs-bg-xp-mobile:0px;--_gs-zi-mobile:auto;--_gs-d-mobile:none;--_gs-mw-mobile:calc(100% - 0 - 0);--_gs-columns:1;--_gs-rows:1\"><div class=\"grids-s-w_i\">\n<div class=\"grids-area\" style=\"--_ga-column:1\/2;--_ga-row:1\/2;--_ga-m-desktop:0 0 0 0;--_ga-p-desktop:0 0 0 0;--_ga-bg-desktop:transparent none;--_ga-zi-desktop:auto;--_ga-d-desktop:flex;--_ga-mw-desktop:calc(100% - 0 - 0);--_ga-m-tablet:0 0 0 0;--_ga-p-tablet:0 0 0 0;--_ga-bg-tablet:transparent none;--_ga-zi-tablet:auto;--_ga-d-tablet:flex;--_ga-mw-tablet:calc(100% - 0 - 0);--_ga-m-mobile:0 0 0 0;--_ga-p-mobile:0 0 0 0;--_ga-bg-mobile:transparent none;--_ga-zi-mobile:auto;--_ga-d-mobile:flex;--_ga-mw-mobile:calc(100% - 0 - 0)\">\n\n<p class=\"has-background\" style=\"background-color:#fcd295;padding-top:15px;padding-right:15px;padding-bottom:15px;padding-left:15px\">W sezonie wysokim przyjazdy do <strong>Holiday Home Mini<\/strong> odbywaj\u0105 si\u0119 wy\u0142\u0105cznie w <strong>soboty<\/strong>, co stanowi idealne rozwi\u0105zanie na tygodniowy urlop.<br>\u2013 Przyjazd w <strong>sobot\u0119<\/strong><br>\u2013 Zwierz\u0119ta <strong>dozwolone<\/strong><\/p>\n\n\n\n<p class=\"has-background\" style=\"background-color:#9decf5;padding-top:15px;padding-right:15px;padding-bottom:15px;padding-left:15px\"><strong>Holiday Home Mini Kids<\/strong><br><strong>Holiday Home Mini Kids<\/strong> nale\u017c\u0105 do tej samej kategorii co tradycyjne Holiday Home Mini i oferuj\u0105 ten sam komfort oraz funkcjonalno\u015b\u0107. Istnieje jednak jedna istotna r\u00f3\u017cnica: w sezonie wysokim przyjazdy odbywaj\u0105 si\u0119 wy\u0142\u0105cznie w <strong>niedziele<\/strong>. Jest to doskona\u0142a opcja, aby lepiej zaplanowa\u0107 pobyt i w pe\u0142ni cieszy\u0107 si\u0119 do\u015bwiadczeniem kempingowym.<br>\u2013 Przyjazd w <strong>niedziel\u0119<\/strong><br>\u2013 Zwierz\u0119ta <strong>niedozwolone<\/strong><\/p>\n\n<\/div>\n<\/div><\/div>\n\n\n<p>Sk\u0142adaj\u0105 si\u0119 one z:<\/p>\n","protected":false},"excerpt":{"rendered":"<p>W cz\u0119\u015bci Penelope<\/p>\n","protected":false},"author":1,"featured_media":22672,"template":"","meta":{"_acf_changed":false,"advgb_blocks_editor_width":"","advgb_blocks_columns_visual_guide":"","footnotes":""},"accommodation_categories":[89],"class_list":["post-22646","accommodation","type-accommodation","status-publish","has-post-thumbnail","hentry","entry"],"acf":{"accommodation_priority":80,"accommodation_label":"","accommodation_size":"","accommodation_rooms_number":1,"accommodation_bathrooms_number":1,"accommodation_sofa_number":0,"accommodation_occupancy":[{"occupancy":"'3'"}],"accommodation_pets":"","accommodation_accessibility":"","accommodation_details":[{"icon":"<i class=\"fa-solid fa-couch\"><\/i>","text":"1 Schlafsofa","evidence":false}],"accommodation_services":[{"icon":"<i class=\"fa-solid fa-bed-front\"><\/i>","text":"Pok\u00f3j z 2 \u0142\u00f3\u017ckami pojedynczymi (\u0142\u00f3\u017cka mo\u017cna z\u0142\u0105czy\u0107) oraz sof\u0105 dla jednej osoby w salonie","evidence":false},{"icon":"<i class=\"fa-solid fa-microwave\"><\/i>","text":"Cz\u0119\u015b\u0107 dzienna z aneksem kuchennym wyposa\u017conym w kuchenk\u0119, kuchenk\u0119 mikrofalow\u0105, blender, zlewozmywak, naczynia do gotowania, lod\u00f3wk\u0119, st\u00f3\u0142 z krzes\u0142ami","evidence":false},{"icon":"<i class=\"fa-solid fa-scanner-gun\"><\/i>","text":"\u0142azienka z toalet\u0105, prysznicem, bidetem, umywalk\u0105 i suszark\u0105 do w\u0142os\u00f3w","evidence":false},{"icon":"<i class=\"fa-solid fa-table-picnic\"><\/i>","text":"Zadaszony taras wyposa\u017cony w st\u00f3\u0142 i krzes\u0142a","evidence":false},{"icon":"<i class=\"fa-solid fa-flower-daffodil\"><\/i>","text":"Ma\u0142y prywatny ogr\u00f3d","evidence":false},{"icon":"<i class=\"fa-solid fa-circle-parking\"><\/i>","text":"1 miejsce parkingowe na samoch\u00f3d\/motocykl w pobli\u017cu apartamentu","evidence":true},{"icon":"<i class=\"fa-solid fa-booth-curtain\"><\/i>","text":"Moskitiera","evidence":false}],"disable_services_and_equipment_cat":false,"accommodation_services_equipment":[{"title":"","description":""}],"accommodation_rate_included":[{"description":"<ul>\r\n \t<li>3 osoby wliczone w cen\u0119 podstawow\u0105.<\/li>\r\n \t<li>Klimatyzacja (jedna karta klimatyczna - 40 godzin wliczona w cen\u0119, dodatkowa p\u0142atna na miejscu)<\/li>\r\n<\/ul>"}],"accommodation_reviews":[28559],"accommodation_gallery":[22669,22667,22671,22658,22659,22660,22661,22662,22668,22666,22663,22657,22664,22665,22670],"accommodation_videos":[{"video":"https:\/\/www.youtube.com\/watch?v=Io-Or7rPOTE"}],"accommodation_map":39178,"accommodation_planimetry":22651,"accommodation_google_360_view_embed_link":null,"accommodation_other_accommodations":null},"yoast_head":"<!-- This site is optimized with the Yoast SEO plugin v26.0 - https:\/\/yoast.com\/wordpress\/plugins\/seo\/ -->\n<title>Holiday Home Mini | Holiday Centre Villaggio San Francesco<\/title>\n<meta name=\"description\" content=\"Holiday Home Mini to domy w zabudowie szeregowej znajduj\u0105ce si\u0119 w cz\u0119\u015bci Belvedere lub Penelope naszego kempingu San Francesco w Caorle. Zwierz\u0119ta dozwolone!\" \/>\n<meta name=\"robots\" content=\"index, follow, max-snippet:-1, max-image-preview:large, max-video-preview:-1\" \/>\n<link rel=\"canonical\" href=\"https:\/\/www.villaggiosanfrancesco.com\/pl\/accommodations\/apartament-villino\/holiday-home-mini\/\" \/>\n<meta property=\"og:locale\" content=\"pl_PL\" \/>\n<meta property=\"og:type\" content=\"article\" \/>\n<meta property=\"og:title\" content=\"Holiday Home Mini | Holiday Centre Villaggio San Francesco\" \/>\n<meta property=\"og:description\" content=\"Holiday Home Mini to domy w zabudowie szeregowej znajduj\u0105ce si\u0119 w cz\u0119\u015bci Belvedere lub Penelope naszego kempingu San Francesco w Caorle. Zwierz\u0119ta dozwolone!\" \/>\n<meta property=\"og:url\" content=\"https:\/\/www.villaggiosanfrancesco.com\/pl\/accommodations\/apartament-villino\/holiday-home-mini\/\" \/>\n<meta property=\"og:site_name\" content=\"Villaggio San Francesco\" \/>\n<meta property=\"article:publisher\" content=\"https:\/\/www.facebook.com\/VillaggioSanFrancesco\/\" \/>\n<meta property=\"article:modified_time\" content=\"2026-02-16T08:04:46+00:00\" \/>\n<meta property=\"og:image\" content=\"https:\/\/www.villaggiosanfrancesco.com\/wp-content\/uploads\/2022\/06\/apartment-mini-villaggio-san-francesco-caorle.jpg\" \/>\n\t<meta property=\"og:image:width\" content=\"1920\" \/>\n\t<meta property=\"og:image:height\" content=\"1000\" \/>\n\t<meta property=\"og:image:type\" content=\"image\/jpeg\" \/>\n<meta name=\"twitter:card\" content=\"summary_large_image\" \/>\n<meta name=\"twitter:label1\" content=\"Szacowany czas czytania\" \/>\n\t<meta name=\"twitter:data1\" content=\"1 minuta\" \/>\n<script type=\"application\/ld+json\" class=\"yoast-schema-graph\">{\"@context\":\"https:\/\/schema.org\",\"@graph\":[{\"@type\":\"WebPage\",\"@id\":\"https:\/\/www.villaggiosanfrancesco.com\/pl\/accommodations\/apartament-villino\/holiday-home-mini\/\",\"url\":\"https:\/\/www.villaggiosanfrancesco.com\/pl\/accommodations\/apartament-villino\/holiday-home-mini\/\",\"name\":\"Holiday Home Mini | Holiday Centre Villaggio San Francesco\",\"isPartOf\":{\"@id\":\"https:\/\/www.villaggiosanfrancesco.com\/pl\/#website\"},\"primaryImageOfPage\":{\"@id\":\"https:\/\/www.villaggiosanfrancesco.com\/pl\/accommodations\/apartament-villino\/holiday-home-mini\/#primaryimage\"},\"image\":{\"@id\":\"https:\/\/www.villaggiosanfrancesco.com\/pl\/accommodations\/apartament-villino\/holiday-home-mini\/#primaryimage\"},\"thumbnailUrl\":\"https:\/\/www.villaggiosanfrancesco.com\/wp-content\/uploads\/2022\/06\/apartment-mini-villaggio-san-francesco-caorle.jpg\",\"datePublished\":\"2024-01-25T10:00:13+00:00\",\"dateModified\":\"2026-02-16T08:04:46+00:00\",\"description\":\"Holiday Home Mini to domy w zabudowie szeregowej znajduj\u0105ce si\u0119 w cz\u0119\u015bci Belvedere lub Penelope naszego kempingu San Francesco w Caorle. Zwierz\u0119ta dozwolone!\",\"breadcrumb\":{\"@id\":\"https:\/\/www.villaggiosanfrancesco.com\/pl\/accommodations\/apartament-villino\/holiday-home-mini\/#breadcrumb\"},\"inLanguage\":\"pl-PL\",\"potentialAction\":[{\"@type\":\"ReadAction\",\"target\":[\"https:\/\/www.villaggiosanfrancesco.com\/pl\/accommodations\/apartament-villino\/holiday-home-mini\/\"]}]},{\"@type\":\"ImageObject\",\"inLanguage\":\"pl-PL\",\"@id\":\"https:\/\/www.villaggiosanfrancesco.com\/pl\/accommodations\/apartament-villino\/holiday-home-mini\/#primaryimage\",\"url\":\"https:\/\/www.villaggiosanfrancesco.com\/wp-content\/uploads\/2022\/06\/apartment-mini-villaggio-san-francesco-caorle.jpg\",\"contentUrl\":\"https:\/\/www.villaggiosanfrancesco.com\/wp-content\/uploads\/2022\/06\/apartment-mini-villaggio-san-francesco-caorle.jpg\",\"width\":1920,\"height\":1000},{\"@type\":\"BreadcrumbList\",\"@id\":\"https:\/\/www.villaggiosanfrancesco.com\/pl\/accommodations\/apartament-villino\/holiday-home-mini\/#breadcrumb\",\"itemListElement\":[{\"@type\":\"ListItem\",\"position\":1,\"name\":\"Home\",\"item\":\"https:\/\/www.villaggiosanfrancesco.com\/pl\/\"},{\"@type\":\"ListItem\",\"position\":2,\"name\":\"Holiday Home Mini\"}]},{\"@type\":\"WebSite\",\"@id\":\"https:\/\/www.villaggiosanfrancesco.com\/pl\/#website\",\"url\":\"https:\/\/www.villaggiosanfrancesco.com\/pl\/\",\"name\":\"Villaggio San Francesco\",\"description\":\"Caorle, VENEZIA\",\"publisher\":{\"@id\":\"https:\/\/www.villaggiosanfrancesco.com\/pl\/#organization\"},\"potentialAction\":[{\"@type\":\"SearchAction\",\"target\":{\"@type\":\"EntryPoint\",\"urlTemplate\":\"https:\/\/www.villaggiosanfrancesco.com\/pl\/?s={search_term_string}\"},\"query-input\":{\"@type\":\"PropertyValueSpecification\",\"valueRequired\":true,\"valueName\":\"search_term_string\"}}],\"inLanguage\":\"pl-PL\"},{\"@type\":\"Organization\",\"@id\":\"https:\/\/www.villaggiosanfrancesco.com\/pl\/#organization\",\"name\":\"Villaggio San Francesco\",\"url\":\"https:\/\/www.villaggiosanfrancesco.com\/pl\/\",\"logo\":{\"@type\":\"ImageObject\",\"inLanguage\":\"pl-PL\",\"@id\":\"https:\/\/www.villaggiosanfrancesco.com\/pl\/#\/schema\/logo\/image\/\",\"url\":\"https:\/\/www.villaggiosanfrancesco.com\/wp-content\/uploads\/2023\/03\/Logo-Villaggio-San-Francesco-Caorle-1.png\",\"contentUrl\":\"https:\/\/www.villaggiosanfrancesco.com\/wp-content\/uploads\/2023\/03\/Logo-Villaggio-San-Francesco-Caorle-1.png\",\"width\":1206,\"height\":356,\"caption\":\"Villaggio San Francesco\"},\"image\":{\"@id\":\"https:\/\/www.villaggiosanfrancesco.com\/pl\/#\/schema\/logo\/image\/\"},\"sameAs\":[\"https:\/\/www.facebook.com\/VillaggioSanFrancesco\/\",\"https:\/\/www.instagram.com\/villaggiosanfrancesco\/\",\"https:\/\/www.youtube.com\/channel\/UClXJoJulrb1UANfZodeHn-g\",\"https:\/\/www.tiktok.com\/@sanfrancescoresort\"]}]}<\/script>\n<!-- \/ Yoast SEO plugin. -->","yoast_head_json":{"title":"Holiday Home Mini | Holiday Centre Villaggio San Francesco","description":"Holiday Home Mini to domy w zabudowie szeregowej znajduj\u0105ce si\u0119 w cz\u0119\u015bci Belvedere lub Penelope naszego kempingu San Francesco w Caorle. Zwierz\u0119ta dozwolone!","robots":{"index":"index","follow":"follow","max-snippet":"max-snippet:-1","max-image-preview":"max-image-preview:large","max-video-preview":"max-video-preview:-1"},"canonical":"https:\/\/www.villaggiosanfrancesco.com\/pl\/accommodations\/apartament-villino\/holiday-home-mini\/","og_locale":"pl_PL","og_type":"article","og_title":"Holiday Home Mini | Holiday Centre Villaggio San Francesco","og_description":"Holiday Home Mini to domy w zabudowie szeregowej znajduj\u0105ce si\u0119 w cz\u0119\u015bci Belvedere lub Penelope naszego kempingu San Francesco w Caorle. Zwierz\u0119ta dozwolone!","og_url":"https:\/\/www.villaggiosanfrancesco.com\/pl\/accommodations\/apartament-villino\/holiday-home-mini\/","og_site_name":"Villaggio San Francesco","article_publisher":"https:\/\/www.facebook.com\/VillaggioSanFrancesco\/","article_modified_time":"2026-02-16T08:04:46+00:00","og_image":[{"width":1920,"height":1000,"url":"https:\/\/www.villaggiosanfrancesco.com\/wp-content\/uploads\/2022\/06\/apartment-mini-villaggio-san-francesco-caorle.jpg","type":"image\/jpeg"}],"twitter_card":"summary_large_image","twitter_misc":{"Szacowany czas czytania":"1 minuta"},"schema":{"@context":"https:\/\/schema.org","@graph":[{"@type":"WebPage","@id":"https:\/\/www.villaggiosanfrancesco.com\/pl\/accommodations\/apartament-villino\/holiday-home-mini\/","url":"https:\/\/www.villaggiosanfrancesco.com\/pl\/accommodations\/apartament-villino\/holiday-home-mini\/","name":"Holiday Home Mini | Holiday Centre Villaggio San Francesco","isPartOf":{"@id":"https:\/\/www.villaggiosanfrancesco.com\/pl\/#website"},"primaryImageOfPage":{"@id":"https:\/\/www.villaggiosanfrancesco.com\/pl\/accommodations\/apartament-villino\/holiday-home-mini\/#primaryimage"},"image":{"@id":"https:\/\/www.villaggiosanfrancesco.com\/pl\/accommodations\/apartament-villino\/holiday-home-mini\/#primaryimage"},"thumbnailUrl":"https:\/\/www.villaggiosanfrancesco.com\/wp-content\/uploads\/2022\/06\/apartment-mini-villaggio-san-francesco-caorle.jpg","datePublished":"2024-01-25T10:00:13+00:00","dateModified":"2026-02-16T08:04:46+00:00","description":"Holiday Home Mini to domy w zabudowie szeregowej znajduj\u0105ce si\u0119 w cz\u0119\u015bci Belvedere lub Penelope naszego kempingu San Francesco w Caorle. Zwierz\u0119ta dozwolone!","breadcrumb":{"@id":"https:\/\/www.villaggiosanfrancesco.com\/pl\/accommodations\/apartament-villino\/holiday-home-mini\/#breadcrumb"},"inLanguage":"pl-PL","potentialAction":[{"@type":"ReadAction","target":["https:\/\/www.villaggiosanfrancesco.com\/pl\/accommodations\/apartament-villino\/holiday-home-mini\/"]}]},{"@type":"ImageObject","inLanguage":"pl-PL","@id":"https:\/\/www.villaggiosanfrancesco.com\/pl\/accommodations\/apartament-villino\/holiday-home-mini\/#primaryimage","url":"https:\/\/www.villaggiosanfrancesco.com\/wp-content\/uploads\/2022\/06\/apartment-mini-villaggio-san-francesco-caorle.jpg","contentUrl":"https:\/\/www.villaggiosanfrancesco.com\/wp-content\/uploads\/2022\/06\/apartment-mini-villaggio-san-francesco-caorle.jpg","width":1920,"height":1000},{"@type":"BreadcrumbList","@id":"https:\/\/www.villaggiosanfrancesco.com\/pl\/accommodations\/apartament-villino\/holiday-home-mini\/#breadcrumb","itemListElement":[{"@type":"ListItem","position":1,"name":"Home","item":"https:\/\/www.villaggiosanfrancesco.com\/pl\/"},{"@type":"ListItem","position":2,"name":"Holiday Home Mini"}]},{"@type":"WebSite","@id":"https:\/\/www.villaggiosanfrancesco.com\/pl\/#website","url":"https:\/\/www.villaggiosanfrancesco.com\/pl\/","name":"Villaggio San Francesco","description":"Caorle, VENEZIA","publisher":{"@id":"https:\/\/www.villaggiosanfrancesco.com\/pl\/#organization"},"potentialAction":[{"@type":"SearchAction","target":{"@type":"EntryPoint","urlTemplate":"https:\/\/www.villaggiosanfrancesco.com\/pl\/?s={search_term_string}"},"query-input":{"@type":"PropertyValueSpecification","valueRequired":true,"valueName":"search_term_string"}}],"inLanguage":"pl-PL"},{"@type":"Organization","@id":"https:\/\/www.villaggiosanfrancesco.com\/pl\/#organization","name":"Villaggio San Francesco","url":"https:\/\/www.villaggiosanfrancesco.com\/pl\/","logo":{"@type":"ImageObject","inLanguage":"pl-PL","@id":"https:\/\/www.villaggiosanfrancesco.com\/pl\/#\/schema\/logo\/image\/","url":"https:\/\/www.villaggiosanfrancesco.com\/wp-content\/uploads\/2023\/03\/Logo-Villaggio-San-Francesco-Caorle-1.png","contentUrl":"https:\/\/www.villaggiosanfrancesco.com\/wp-content\/uploads\/2023\/03\/Logo-Villaggio-San-Francesco-Caorle-1.png","width":1206,"height":356,"caption":"Villaggio San Francesco"},"image":{"@id":"https:\/\/www.villaggiosanfrancesco.com\/pl\/#\/schema\/logo\/image\/"},"sameAs":["https:\/\/www.facebook.com\/VillaggioSanFrancesco\/","https:\/\/www.instagram.com\/villaggiosanfrancesco\/","https:\/\/www.youtube.com\/channel\/UClXJoJulrb1UANfZodeHn-g","https:\/\/www.tiktok.com\/@sanfrancescoresort"]}]}},"featured_img":"https:\/\/www.villaggiosanfrancesco.com\/wp-content\/uploads\/2022\/06\/apartment-mini-villaggio-san-francesco-caorle-1568x817.jpg","coauthors":[],"author_meta":{"author_link":"https:\/\/www.villaggiosanfrancesco.com\/pl\/news\/author\/admin\/","display_name":"admin"},"relative_dates":{"created":"Posted 2 lata ago","modified":"Updated 2 miesi\u0105ce ago"},"absolute_dates":{"created":"Posted on 25 stycznia, 2024","modified":"Updated on 16 lutego, 2026"},"absolute_dates_time":{"created":"Posted on 25 stycznia, 2024 11:00 am","modified":"Updated on 16 lutego, 2026 9:04 am"},"featured_img_caption":"","tax_additional":{"accommodation_categories":{"linked":["<a href=\"https:\/\/www.villaggiosanfrancesco.com\/pl\/news\/accommodation_categories\/apartament-villino\/\" class=\"advgb-post-tax-term\">Holiday Home &amp; Villini<\/a>"],"unlinked":["<span class=\"advgb-post-tax-term\">Holiday Home &amp; Villini<\/span>"],"slug":"accommodation_categories","name":"Kategorie"},"translation_priority":{"linked":["<a href=\"https:\/\/www.villaggiosanfrancesco.com\/pl\/?taxonomy=translation_priority&#038;term=opcjonalne\" class=\"advgb-post-tax-term\">Opcjonalne<\/a>"],"unlinked":["<span class=\"advgb-post-tax-term\">Opcjonalne<\/span>"],"slug":"translation_priority","name":"Priorytety T\u0142umaczenia"}},"series_order":"","_links":{"self":[{"href":"https:\/\/www.villaggiosanfrancesco.com\/pl\/wp-json\/wp\/v2\/accommodation\/22646","targetHints":{"allow":["GET"]}}],"collection":[{"href":"https:\/\/www.villaggiosanfrancesco.com\/pl\/wp-json\/wp\/v2\/accommodation"}],"about":[{"href":"https:\/\/www.villaggiosanfrancesco.com\/pl\/wp-json\/wp\/v2\/types\/accommodation"}],"author":[{"embeddable":true,"href":"https:\/\/www.villaggiosanfrancesco.com\/pl\/wp-json\/wp\/v2\/users\/1"}],"version-history":[{"count":0,"href":"https:\/\/www.villaggiosanfrancesco.com\/pl\/wp-json\/wp\/v2\/accommodation\/22646\/revisions"}],"acf:attachment":[{"embeddable":true,"href":"https:\/\/www.villaggiosanfrancesco.com\/pl\/wp-json\/wp\/v2\/media\/22670"},{"embeddable":true,"href":"https:\/\/www.villaggiosanfrancesco.com\/pl\/wp-json\/wp\/v2\/media\/22665"},{"embeddable":true,"href":"https:\/\/www.villaggiosanfrancesco.com\/pl\/wp-json\/wp\/v2\/media\/22664"},{"embeddable":true,"href":"https:\/\/www.villaggiosanfrancesco.com\/pl\/wp-json\/wp\/v2\/media\/22657"},{"embeddable":true,"href":"https:\/\/www.villaggiosanfrancesco.com\/pl\/wp-json\/wp\/v2\/media\/22663"},{"embeddable":true,"href":"https:\/\/www.villaggiosanfrancesco.com\/pl\/wp-json\/wp\/v2\/media\/22666"},{"embeddable":true,"href":"https:\/\/www.villaggiosanfrancesco.com\/pl\/wp-json\/wp\/v2\/media\/22668"},{"embeddable":true,"href":"https:\/\/www.villaggiosanfrancesco.com\/pl\/wp-json\/wp\/v2\/media\/22662"},{"embeddable":true,"href":"https:\/\/www.villaggiosanfrancesco.com\/pl\/wp-json\/wp\/v2\/media\/22661"},{"embeddable":true,"href":"https:\/\/www.villaggiosanfrancesco.com\/pl\/wp-json\/wp\/v2\/media\/22660"},{"embeddable":true,"href":"https:\/\/www.villaggiosanfrancesco.com\/pl\/wp-json\/wp\/v2\/media\/22659"},{"embeddable":true,"href":"https:\/\/www.villaggiosanfrancesco.com\/pl\/wp-json\/wp\/v2\/media\/22658"},{"embeddable":true,"href":"https:\/\/www.villaggiosanfrancesco.com\/pl\/wp-json\/wp\/v2\/media\/22671"},{"embeddable":true,"href":"https:\/\/www.villaggiosanfrancesco.com\/pl\/wp-json\/wp\/v2\/media\/22667"},{"embeddable":true,"href":"https:\/\/www.villaggiosanfrancesco.com\/pl\/wp-json\/wp\/v2\/media\/22669"}],"acf:post":[{"embeddable":true,"href":"https:\/\/www.villaggiosanfrancesco.com\/pl\/wp-json\/wp\/v2\/review\/28559"}],"wp:featuredmedia":[{"embeddable":true,"href":"https:\/\/www.villaggiosanfrancesco.com\/pl\/wp-json\/wp\/v2\/media\/22672"}],"wp:attachment":[{"href":"https:\/\/www.villaggiosanfrancesco.com\/pl\/wp-json\/wp\/v2\/media?parent=22646"}],"wp:term":[{"taxonomy":"accommodation_categories","embeddable":true,"href":"https:\/\/www.villaggiosanfrancesco.com\/pl\/wp-json\/wp\/v2\/accommodation_categories?post=22646"}],"curies":[{"name":"wp","href":"https:\/\/api.w.org\/{rel}","templated":true}]}}