{"id":7630,"date":"2022-10-07T11:10:29","date_gmt":"2022-10-07T09:10:29","guid":{"rendered":"https:\/\/www.villaggiosanfrancesco.com\/?page_id=7630"},"modified":"2022-10-07T11:10:38","modified_gmt":"2022-10-07T09:10:38","slug":"privacy-policy-lavora-con-noi","status":"publish","type":"page","link":"https:\/\/www.villaggiosanfrancesco.com\/it\/privacy-policy\/privacy-policy-lavora-con-noi\/","title":{"rendered":"Privacy Policy &#8211; Lavora con noi"},"content":{"rendered":"<div  class=\"grids-section grids-is-advanced alignfull\" style=\"--_gs-gap-desktop:0px 0px;--_gs-m-desktop:0 0 0 0;--_gs-p-desktop:0 0 0 0;--_gs-bg-desktop:transparent none;--_gs-bg-xp-desktop:0px;--_gs-zi-desktop:auto;--_gs-d-desktop:block;--_gs-mw-desktop:calc(100% - 0 - 0);--_gs-gap-tablet:0px 0px;--_gs-m-tablet:0 0 0 0;--_gs-p-tablet:0 0 0 0;--_gs-bg-tablet:transparent none;--_gs-bg-xp-tablet:0px;--_gs-zi-tablet:auto;--_gs-d-tablet:block;--_gs-mw-tablet:calc(100% - 0 - 0);--_gs-gap-mobile:0px 0px;--_gs-m-mobile:0 0 0 0;--_gs-p-mobile:0 0 0 0;--_gs-bg-mobile:transparent none;--_gs-bg-xp-mobile:0px;--_gs-zi-mobile:auto;--_gs-d-mobile:block;--_gs-mw-mobile:calc(100% - 0 - 0);--_gs-columns:12;--_gs-rows:6\"><div class=\"grids-s-w_i\">\n<div class=\"grids-area\" style=\"--_ga-column:2\/12;--_ga-row:1\/7;--_ga-m-desktop:0 0 0 0;--_ga-p-desktop:0 0 0 0;--_ga-bg-desktop:transparent none;--_ga-zi-desktop:auto;--_ga-d-desktop:flex;--_ga-mw-desktop:calc(100% - 0 - 0);--_ga-m-tablet:0 0 0 0;--_ga-p-tablet:0 0 0 0;--_ga-bg-tablet:transparent none;--_ga-zi-tablet:auto;--_ga-d-tablet:flex;--_ga-mw-tablet:calc(100% - 0 - 0);--_ga-m-mobile:0 0 0 0;--_ga-p-mobile:0 0 0 0;--_ga-bg-mobile:transparent none;--_ga-zi-mobile:auto;--_ga-d-mobile:flex;--_ga-mw-mobile:calc(100% - 0 - 0)\">\n\n<h2 class=\"wp-block-heading\">Informativa sul trattamento dei dati personali<\/h2>\n\n\n\n<h3 class=\"wp-block-heading\">1. Titolare del trattamento<\/h3>\n\n\n\n<p>Titolare del trattamento dei dati personali \u00e8 la societ\u00e0 <strong>Biasuzzi S.p.A. \u2013 Divisione turismo<\/strong> (di seguito anche \u201cTitolare\u201d), cha ha sede legale a Ponzano Veneto (TV) in via Morganella Ovest n. 55 e che pu\u00f2 essere contattata per questioni attinenti alla protezione dei dati personali all&#8217;indirizzo di posta elettronica <a href=\"mailto:privacy@biasuzzispa.com\">privacy@biasuzzispa.com<\/a>.<\/p>\n\n\n\n<h3 class=\"wp-block-heading\">2. Categorie di dati personali trattati<\/h3>\n\n\n\n<p>Per la selezione del personale potranno essere trattati dati forniti spontaneamente dal candidato e quelli raccolti attraverso il modulo presente nel sito internet del Titolare (come, ad esempio, nome, cognome, residenza, data e luogo di nascita, recapiti telefonici e telematici, esperienze scolastiche, professionali e lavorative).<\/p>\n\n\n\n<h3 class=\"wp-block-heading\">3. Finalit\u00e0, base giuridica e periodo di conservazione<\/h3>\n\n\n\n<p>I dati personali saranno trattati da Biasuzzi S.p.A. \u2013 divisione Turismo per le finalit\u00e0 ed alle condizioni riportate di seguito.<\/p>\n\n\n\n<h4 class=\"wp-block-heading\">Finalit\u00e0<\/h4>\n\n\n\n<p>Ricerca di personale: per il reclutamento e la selezione di candidati al fine dell\u2019eventuale instaurazione di un rapporto di lavoro.<\/p>\n\n\n\n<h4 class=\"wp-block-heading\">Base giuridica<\/h4>\n\n\n\n<p>Esecuzione di misure precontrattuali.<\/p>\n\n\n\n<h4 class=\"wp-block-heading\">Periodo di conservazione dei dati<\/h4>\n\n\n\n<p>I dati raccolti saranno conservati per la durata delle attivit\u00e0 di selezione e per un periodo massimo di due anni.<\/p>\n\n\n\n<h3 class=\"wp-block-heading\">4. Necessit\u00e0 dei dati<\/h3>\n\n\n\n<p>Nel caso il candidato rifiutasse di fornire i dati richiesti per la selezione, il Titolare non sar\u00e0 in grado di valutare la sua candidatura.<\/p>\n\n\n\n<h3 class=\"wp-block-heading\">5. Categorie di destinatari dei dati personali<\/h3>\n\n\n\n<p>I dati personali dei candidati saranno trattati dagli incaricati del Titolare alla selezione del personale, nonch\u00e9, eventualmente, da professionisti o societ\u00e0 esterne cui lo stesso abbia demandato tale attivit\u00e0.<\/p>\n\n\n\n<h3 class=\"wp-block-heading\">6. Trasferimento dei dati verso Paesi terzi<\/h3>\n\n\n\n<p>I dati personali trattati dal Titolare potranno essere trasferiti, esclusivamente per il perseguimento delle finalit\u00e0 indicate sopra, a societ\u00e0 con sede negli Stati Uniti d\u2019America (USA). Tale trasferimento avverr\u00e0 esclusivamente a seguito della sottoscrizione tra Biasuzzi S.p.A. \u2013 Divisione turismo e le societ\u00e0 destinatarie dei dati di accordi contrattuali tipo (S.C.C.) adottate dalla Commissione dell\u2019Unione Europea (art. 46, comma II, lettere C e D del GDPR).<\/p>\n\n\n\n<h3 class=\"wp-block-heading\">7. Diritti degli interessati<\/h3>\n\n\n\n<p>In relazione ai dati personali conferiti, i soggetti interessati hanno in qualunque momento il diritto di chiedere: la conferma che sia o meno in corso un trattamento di dati personali che li riguardano e, in tal caso, di ottenere l\u2019accesso ai dati ed una copia degli stessi (art. 15 GDPR); la rettifica di eventuali dati personali inesatti o l\u2019integrazione di quelli incompleti (art. 16 GDPR); nei casi specificamente previsti dalla normativa, la cancellazione dei dati (art. 17 GDPR), la limitazione del loro trattamento (art. 18 GDPR) e l&#8217;opposizione al trattamento (art. 21 GDPR).<br>Per esercitare tali diritti, gli interessati possono inviare le loro richieste via posta elettronica al Titolare all&#8217;indirizzo <a href=\"mailto:privacy@biasuzzispa.com\">privacy@biasuzzispa.com<\/a>. In alternativa gli interessati possono utilizzare i recapiti di posta ordinaria indicati al punto 1 della presente informativa.<br>Ove gli interessati dovessero ritenere che siano stati violati diritti loro riconosciuti dalla normativa sulla protezione dei dati personali possono presentare reclamo all&#8217;Autorit\u00e0 garante (<a href=\"http:\/\/www.garanteprivacy.it\" target=\"_blank\" rel=\"noreferrer noopener\">www.garanteprivacy.it<\/a>) ai sensi e per gli effetti di cui all&#8217;art. 77 GDPR.<\/p>\n\n<\/div>\n<\/div><\/div>","protected":false},"excerpt":{"rendered":"","protected":false},"author":1,"featured_media":4773,"parent":3,"menu_order":0,"comment_status":"closed","ping_status":"closed","template":"","meta":{"_acf_changed":false,"advgb_blocks_editor_width":"","advgb_blocks_columns_visual_guide":"","footnotes":""},"class_list":["post-7630","page","type-page","status-publish","has-post-thumbnail","hentry","entry"],"acf":[],"yoast_head":"<!-- This site is optimized with the Yoast SEO plugin v26.0 - https:\/\/yoast.com\/wordpress\/plugins\/seo\/ -->\n<title>Privacy Policy - Lavora con noi - Villaggio San Francesco<\/title>\n<meta name=\"robots\" content=\"index, follow, max-snippet:-1, max-image-preview:large, max-video-preview:-1\" \/>\n<link rel=\"canonical\" href=\"https:\/\/www.villaggiosanfrancesco.com\/it\/privacy-policy\/privacy-policy-lavora-con-noi\/\" \/>\n<meta property=\"og:locale\" content=\"it_IT\" \/>\n<meta property=\"og:type\" content=\"article\" \/>\n<meta property=\"og:title\" content=\"Privacy Policy - Lavora con noi - Villaggio San Francesco\" \/>\n<meta property=\"og:url\" content=\"https:\/\/www.villaggiosanfrancesco.com\/it\/privacy-policy\/privacy-policy-lavora-con-noi\/\" \/>\n<meta property=\"og:site_name\" content=\"Villaggio San Francesco\" \/>\n<meta property=\"article:publisher\" content=\"https:\/\/www.facebook.com\/VillaggioSanFrancesco\/\" \/>\n<meta property=\"article:modified_time\" content=\"2022-10-07T09:10:38+00:00\" \/>\n<meta property=\"og:image\" content=\"https:\/\/www.villaggiosanfrancesco.com\/wp-content\/uploads\/2022\/08\/reception_VillaggioSanFrancesco.jpg\" \/>\n\t<meta property=\"og:image:width\" content=\"2000\" \/>\n\t<meta property=\"og:image:height\" content=\"870\" \/>\n\t<meta property=\"og:image:type\" content=\"image\/jpeg\" \/>\n<meta name=\"twitter:card\" content=\"summary_large_image\" \/>\n<meta name=\"twitter:label1\" content=\"Tempo di lettura stimato\" \/>\n\t<meta name=\"twitter:data1\" content=\"3 minuti\" \/>\n<script type=\"application\/ld+json\" class=\"yoast-schema-graph\">{\"@context\":\"https:\/\/schema.org\",\"@graph\":[{\"@type\":\"WebPage\",\"@id\":\"https:\/\/www.villaggiosanfrancesco.com\/it\/privacy-policy\/privacy-policy-lavora-con-noi\/\",\"url\":\"https:\/\/www.villaggiosanfrancesco.com\/it\/privacy-policy\/privacy-policy-lavora-con-noi\/\",\"name\":\"Privacy Policy - Lavora con noi - Villaggio San Francesco\",\"isPartOf\":{\"@id\":\"https:\/\/www.villaggiosanfrancesco.com\/it\/#website\"},\"primaryImageOfPage\":{\"@id\":\"https:\/\/www.villaggiosanfrancesco.com\/it\/privacy-policy\/privacy-policy-lavora-con-noi\/#primaryimage\"},\"image\":{\"@id\":\"https:\/\/www.villaggiosanfrancesco.com\/it\/privacy-policy\/privacy-policy-lavora-con-noi\/#primaryimage\"},\"thumbnailUrl\":\"https:\/\/www.villaggiosanfrancesco.com\/wp-content\/uploads\/2022\/08\/reception_VillaggioSanFrancesco.jpg\",\"datePublished\":\"2022-10-07T09:10:29+00:00\",\"dateModified\":\"2022-10-07T09:10:38+00:00\",\"breadcrumb\":{\"@id\":\"https:\/\/www.villaggiosanfrancesco.com\/it\/privacy-policy\/privacy-policy-lavora-con-noi\/#breadcrumb\"},\"inLanguage\":\"it-IT\",\"potentialAction\":[{\"@type\":\"ReadAction\",\"target\":[\"https:\/\/www.villaggiosanfrancesco.com\/it\/privacy-policy\/privacy-policy-lavora-con-noi\/\"]}]},{\"@type\":\"ImageObject\",\"inLanguage\":\"it-IT\",\"@id\":\"https:\/\/www.villaggiosanfrancesco.com\/it\/privacy-policy\/privacy-policy-lavora-con-noi\/#primaryimage\",\"url\":\"https:\/\/www.villaggiosanfrancesco.com\/wp-content\/uploads\/2022\/08\/reception_VillaggioSanFrancesco.jpg\",\"contentUrl\":\"https:\/\/www.villaggiosanfrancesco.com\/wp-content\/uploads\/2022\/08\/reception_VillaggioSanFrancesco.jpg\",\"width\":2000,\"height\":870,\"caption\":\"reception del Villaggio San Francesco\"},{\"@type\":\"BreadcrumbList\",\"@id\":\"https:\/\/www.villaggiosanfrancesco.com\/it\/privacy-policy\/privacy-policy-lavora-con-noi\/#breadcrumb\",\"itemListElement\":[{\"@type\":\"ListItem\",\"position\":1,\"name\":\"Home\",\"item\":\"https:\/\/www.villaggiosanfrancesco.com\/it\/\"},{\"@type\":\"ListItem\",\"position\":2,\"name\":\"Privacy Policy\",\"item\":\"https:\/\/www.villaggiosanfrancesco.com\/it\/privacy-policy\/\"},{\"@type\":\"ListItem\",\"position\":3,\"name\":\"Privacy Policy &#8211; Lavora con noi\"}]},{\"@type\":\"WebSite\",\"@id\":\"https:\/\/www.villaggiosanfrancesco.com\/it\/#website\",\"url\":\"https:\/\/www.villaggiosanfrancesco.com\/it\/\",\"name\":\"Villaggio San Francesco\",\"description\":\"Caorle, VENEZIA\",\"publisher\":{\"@id\":\"https:\/\/www.villaggiosanfrancesco.com\/it\/#organization\"},\"potentialAction\":[{\"@type\":\"SearchAction\",\"target\":{\"@type\":\"EntryPoint\",\"urlTemplate\":\"https:\/\/www.villaggiosanfrancesco.com\/it\/?s={search_term_string}\"},\"query-input\":{\"@type\":\"PropertyValueSpecification\",\"valueRequired\":true,\"valueName\":\"search_term_string\"}}],\"inLanguage\":\"it-IT\"},{\"@type\":\"Organization\",\"@id\":\"https:\/\/www.villaggiosanfrancesco.com\/it\/#organization\",\"name\":\"Villaggio San Francesco\",\"url\":\"https:\/\/www.villaggiosanfrancesco.com\/it\/\",\"logo\":{\"@type\":\"ImageObject\",\"inLanguage\":\"it-IT\",\"@id\":\"https:\/\/www.villaggiosanfrancesco.com\/it\/#\/schema\/logo\/image\/\",\"url\":\"https:\/\/www.villaggiosanfrancesco.com\/wp-content\/uploads\/2023\/03\/Logo-Villaggio-San-Francesco-Caorle-1.png\",\"contentUrl\":\"https:\/\/www.villaggiosanfrancesco.com\/wp-content\/uploads\/2023\/03\/Logo-Villaggio-San-Francesco-Caorle-1.png\",\"width\":1206,\"height\":356,\"caption\":\"Villaggio San Francesco\"},\"image\":{\"@id\":\"https:\/\/www.villaggiosanfrancesco.com\/it\/#\/schema\/logo\/image\/\"},\"sameAs\":[\"https:\/\/www.facebook.com\/VillaggioSanFrancesco\/\",\"https:\/\/www.instagram.com\/villaggiosanfrancesco\/\",\"https:\/\/www.youtube.com\/channel\/UClXJoJulrb1UANfZodeHn-g\",\"https:\/\/www.tiktok.com\/@sanfrancescoresort\"]}]}<\/script>\n<!-- \/ Yoast SEO plugin. -->","yoast_head_json":{"title":"Privacy Policy - Lavora con noi - Villaggio San Francesco","robots":{"index":"index","follow":"follow","max-snippet":"max-snippet:-1","max-image-preview":"max-image-preview:large","max-video-preview":"max-video-preview:-1"},"canonical":"https:\/\/www.villaggiosanfrancesco.com\/it\/privacy-policy\/privacy-policy-lavora-con-noi\/","og_locale":"it_IT","og_type":"article","og_title":"Privacy Policy - Lavora con noi - Villaggio San Francesco","og_url":"https:\/\/www.villaggiosanfrancesco.com\/it\/privacy-policy\/privacy-policy-lavora-con-noi\/","og_site_name":"Villaggio San Francesco","article_publisher":"https:\/\/www.facebook.com\/VillaggioSanFrancesco\/","article_modified_time":"2022-10-07T09:10:38+00:00","og_image":[{"width":2000,"height":870,"url":"https:\/\/www.villaggiosanfrancesco.com\/wp-content\/uploads\/2022\/08\/reception_VillaggioSanFrancesco.jpg","type":"image\/jpeg"}],"twitter_card":"summary_large_image","twitter_misc":{"Tempo di lettura stimato":"3 minuti"},"schema":{"@context":"https:\/\/schema.org","@graph":[{"@type":"WebPage","@id":"https:\/\/www.villaggiosanfrancesco.com\/it\/privacy-policy\/privacy-policy-lavora-con-noi\/","url":"https:\/\/www.villaggiosanfrancesco.com\/it\/privacy-policy\/privacy-policy-lavora-con-noi\/","name":"Privacy Policy - Lavora con noi - Villaggio San Francesco","isPartOf":{"@id":"https:\/\/www.villaggiosanfrancesco.com\/it\/#website"},"primaryImageOfPage":{"@id":"https:\/\/www.villaggiosanfrancesco.com\/it\/privacy-policy\/privacy-policy-lavora-con-noi\/#primaryimage"},"image":{"@id":"https:\/\/www.villaggiosanfrancesco.com\/it\/privacy-policy\/privacy-policy-lavora-con-noi\/#primaryimage"},"thumbnailUrl":"https:\/\/www.villaggiosanfrancesco.com\/wp-content\/uploads\/2022\/08\/reception_VillaggioSanFrancesco.jpg","datePublished":"2022-10-07T09:10:29+00:00","dateModified":"2022-10-07T09:10:38+00:00","breadcrumb":{"@id":"https:\/\/www.villaggiosanfrancesco.com\/it\/privacy-policy\/privacy-policy-lavora-con-noi\/#breadcrumb"},"inLanguage":"it-IT","potentialAction":[{"@type":"ReadAction","target":["https:\/\/www.villaggiosanfrancesco.com\/it\/privacy-policy\/privacy-policy-lavora-con-noi\/"]}]},{"@type":"ImageObject","inLanguage":"it-IT","@id":"https:\/\/www.villaggiosanfrancesco.com\/it\/privacy-policy\/privacy-policy-lavora-con-noi\/#primaryimage","url":"https:\/\/www.villaggiosanfrancesco.com\/wp-content\/uploads\/2022\/08\/reception_VillaggioSanFrancesco.jpg","contentUrl":"https:\/\/www.villaggiosanfrancesco.com\/wp-content\/uploads\/2022\/08\/reception_VillaggioSanFrancesco.jpg","width":2000,"height":870,"caption":"reception del Villaggio San Francesco"},{"@type":"BreadcrumbList","@id":"https:\/\/www.villaggiosanfrancesco.com\/it\/privacy-policy\/privacy-policy-lavora-con-noi\/#breadcrumb","itemListElement":[{"@type":"ListItem","position":1,"name":"Home","item":"https:\/\/www.villaggiosanfrancesco.com\/it\/"},{"@type":"ListItem","position":2,"name":"Privacy Policy","item":"https:\/\/www.villaggiosanfrancesco.com\/it\/privacy-policy\/"},{"@type":"ListItem","position":3,"name":"Privacy Policy &#8211; Lavora con noi"}]},{"@type":"WebSite","@id":"https:\/\/www.villaggiosanfrancesco.com\/it\/#website","url":"https:\/\/www.villaggiosanfrancesco.com\/it\/","name":"Villaggio San Francesco","description":"Caorle, VENEZIA","publisher":{"@id":"https:\/\/www.villaggiosanfrancesco.com\/it\/#organization"},"potentialAction":[{"@type":"SearchAction","target":{"@type":"EntryPoint","urlTemplate":"https:\/\/www.villaggiosanfrancesco.com\/it\/?s={search_term_string}"},"query-input":{"@type":"PropertyValueSpecification","valueRequired":true,"valueName":"search_term_string"}}],"inLanguage":"it-IT"},{"@type":"Organization","@id":"https:\/\/www.villaggiosanfrancesco.com\/it\/#organization","name":"Villaggio San Francesco","url":"https:\/\/www.villaggiosanfrancesco.com\/it\/","logo":{"@type":"ImageObject","inLanguage":"it-IT","@id":"https:\/\/www.villaggiosanfrancesco.com\/it\/#\/schema\/logo\/image\/","url":"https:\/\/www.villaggiosanfrancesco.com\/wp-content\/uploads\/2023\/03\/Logo-Villaggio-San-Francesco-Caorle-1.png","contentUrl":"https:\/\/www.villaggiosanfrancesco.com\/wp-content\/uploads\/2023\/03\/Logo-Villaggio-San-Francesco-Caorle-1.png","width":1206,"height":356,"caption":"Villaggio San Francesco"},"image":{"@id":"https:\/\/www.villaggiosanfrancesco.com\/it\/#\/schema\/logo\/image\/"},"sameAs":["https:\/\/www.facebook.com\/VillaggioSanFrancesco\/","https:\/\/www.instagram.com\/villaggiosanfrancesco\/","https:\/\/www.youtube.com\/channel\/UClXJoJulrb1UANfZodeHn-g","https:\/\/www.tiktok.com\/@sanfrancescoresort"]}]}},"coauthors":[],"author_meta":{"author_link":"https:\/\/www.villaggiosanfrancesco.com\/it\/news\/author\/admin\/","display_name":"admin"},"relative_dates":{"created":"Pubblicato 4 anni fa","modified":"Aggiornato 4 anni fa"},"absolute_dates":{"created":"Pubblicato il Ottobre 7, 2022","modified":"Aggiornato il Ottobre 7, 2022"},"absolute_dates_time":{"created":"Pubblicato il Ottobre 7, 2022 11:10 am","modified":"Aggiornato il Ottobre 7, 2022 11:10 am"},"featured_img_caption":"","featured_img":"https:\/\/www.villaggiosanfrancesco.com\/wp-content\/uploads\/2022\/08\/reception_VillaggioSanFrancesco-1568x682.jpg","series_order":"","_links":{"self":[{"href":"https:\/\/www.villaggiosanfrancesco.com\/it\/wp-json\/wp\/v2\/pages\/7630","targetHints":{"allow":["GET"]}}],"collection":[{"href":"https:\/\/www.villaggiosanfrancesco.com\/it\/wp-json\/wp\/v2\/pages"}],"about":[{"href":"https:\/\/www.villaggiosanfrancesco.com\/it\/wp-json\/wp\/v2\/types\/page"}],"author":[{"embeddable":true,"href":"https:\/\/www.villaggiosanfrancesco.com\/it\/wp-json\/wp\/v2\/users\/1"}],"replies":[{"embeddable":true,"href":"https:\/\/www.villaggiosanfrancesco.com\/it\/wp-json\/wp\/v2\/comments?post=7630"}],"version-history":[{"count":0,"href":"https:\/\/www.villaggiosanfrancesco.com\/it\/wp-json\/wp\/v2\/pages\/7630\/revisions"}],"up":[{"embeddable":true,"href":"https:\/\/www.villaggiosanfrancesco.com\/it\/wp-json\/wp\/v2\/pages\/3"}],"wp:featuredmedia":[{"embeddable":true,"href":"https:\/\/www.villaggiosanfrancesco.com\/it\/wp-json\/wp\/v2\/media\/4773"}],"wp:attachment":[{"href":"https:\/\/www.villaggiosanfrancesco.com\/it\/wp-json\/wp\/v2\/media?parent=7630"}],"curies":[{"name":"wp","href":"https:\/\/api.w.org\/{rel}","templated":true}]}}