{"id":5758,"date":"2022-08-10T17:42:39","date_gmt":"2022-08-10T15:42:39","guid":{"rendered":"https:\/\/www.villaggiosanfrancesco.com\/?page_id=5758"},"modified":"2026-03-19T13:21:24","modified_gmt":"2026-03-19T12:21:24","slug":"condizioni","status":"publish","type":"page","link":"https:\/\/www.villaggiosanfrancesco.com\/it\/condizioni\/","title":{"rendered":"Condizioni"},"content":{"rendered":"<div  id=\"prenotazione\" class=\"grids-section grids-is-advanced alignfull\" style=\"--_gs-gap-desktop:0px 0px;--_gs-m-desktop:0 0 0 0;--_gs-p-desktop:0 0 0 0;--_gs-bg-desktop:transparent none;--_gs-bg-xp-desktop:0px;--_gs-zi-desktop:auto;--_gs-d-desktop:block;--_gs-mw-desktop:calc(100% - 0 - 0);--_gs-gap-tablet:0px 0px;--_gs-m-tablet:0 0 0 0;--_gs-p-tablet:0 0 0 0;--_gs-bg-tablet:transparent none;--_gs-bg-xp-tablet:0px;--_gs-zi-tablet:auto;--_gs-d-tablet:block;--_gs-mw-tablet:calc(100% - 0 - 0);--_gs-gap-mobile:0px 0px;--_gs-m-mobile:0 0 0 0;--_gs-p-mobile:0 0 0 0;--_gs-bg-mobile:transparent none;--_gs-bg-xp-mobile:0px;--_gs-zi-mobile:auto;--_gs-d-mobile:block;--_gs-mw-mobile:calc(100% - 0 - 0);--_gs-columns:12;--_gs-rows:6\"><div class=\"grids-s-w_i\">\n<div class=\"grids-area\" style=\"--_ga-column:2\/12;--_ga-row:1\/3;--_ga-m-desktop:0 0 0 0;--_ga-p-desktop:0 0 0 0;--_ga-bg-desktop:transparent none;--_ga-zi-desktop:auto;--_ga-d-desktop:flex;--_ga-mw-desktop:calc(100% - 0 - 0);--_ga-m-tablet:0 0 0 0;--_ga-p-tablet:0 0 0 0;--_ga-bg-tablet:transparent none;--_ga-zi-tablet:auto;--_ga-d-tablet:flex;--_ga-mw-tablet:calc(100% - 0 - 0);--_ga-m-mobile:0 0 0 0;--_ga-p-mobile:0 0 0 0;--_ga-bg-mobile:transparent none;--_ga-zi-mobile:auto;--_ga-d-mobile:flex;--_ga-mw-mobile:calc(100% - 0 - 0)\">\n\n<h2 class=\"wp-block-heading has-text-align-left\">Condizioni di prenotazione e cancellazione<\/h2>\n\n\n\n<p>\u00c8 necessario prenotare&nbsp;<strong>in anticipo<\/strong>&nbsp;l\u2019affitto di un\u2019unit\u00e0 abitativa o di una piazzola.<br>Le prenotazioni possono essere effettuate tramite il&nbsp;<strong>nostro sito web, e-mail o telefono<\/strong>.<br>Ai fini di&nbsp;<strong>confermare una prenotazione<\/strong>&nbsp;\u00e8 richiesta una caparra del&nbsp;<strong>50%<\/strong>&nbsp;dell\u2019importo totale, comprensivo di eventuali spese pratica.<br>Al ricevimento della caparra, gli ospiti riceveranno<strong>&nbsp;l\u2019e-mail di conferma di prenotazione<\/strong>&nbsp;con le relative condizioni di soggiorno.<\/p>\n\n\n\n<ul class=\"wp-block-list\">\n<li><a href=\"#condizione-di-prenotazione\">Condizioni di prenotazione<\/a><\/li>\n\n\n\n<li><a href=\"#soggiorno-minimo\">Soggiorno minimo<\/a><\/li>\n\n\n\n<li><a href=\"#prenotazione-acsi\">Prenotazione delle piazzole con ACSI o ADAC<\/a><\/li>\n\n\n\n<li><a href=\"#cancellazione\">Condizioni di cancellazione<\/a><\/li>\n\n\n\n<li><a href=\"#pagamento\">Modalit\u00e0 di pagamento<\/a><\/li>\n<\/ul>\n\n<\/div>\n<\/div><\/div>\n\n<div  class=\"grids-section grids-is-stretch\" style=\"--_gs-gap-desktop:0px 0px;--_gs-m-desktop:0 0 0 0;--_gs-p-desktop:25px 50px 25px 50px;--_gs-bg-desktop:#f4c567 none;--_gs-bg-xp-desktop:0px;--_gs-zi-desktop:auto;--_gs-d-desktop:block;--_gs-mw-desktop:calc(100% - 0 - 0);--_gs-gap-tablet:0px 0px;--_gs-m-tablet:0 0 0 0;--_gs-p-tablet:25px 50px 25px 50px;--_gs-bg-tablet:#f4c567 none;--_gs-bg-xp-tablet:0px;--_gs-zi-tablet:auto;--_gs-d-tablet:block;--_gs-mw-tablet:calc(100% - 0 - 0);--_gs-gap-mobile:0px 0px;--_gs-m-mobile:0 0 0 0;--_gs-p-mobile:25px 50px 25px 50px;--_gs-bg-mobile:#f4c567 none;--_gs-bg-xp-mobile:0px;--_gs-zi-mobile:auto;--_gs-d-mobile:block;--_gs-mw-mobile:calc(100% - 0 - 0);--_gs-columns:1;--_gs-rows:1\"><div class=\"grids-s-w_i\">\n<div class=\"grids-area\" style=\"--_ga-column:1\/2;--_ga-row:1\/2;--_ga-va:center;--_ga-m-desktop:0 0 0 0;--_ga-p-desktop:0 0 0 0;--_ga-bg-desktop:transparent none;--_ga-zi-desktop:auto;--_ga-d-desktop:flex;--_ga-mw-desktop:calc(100% - 0 - 0);--_ga-m-tablet:0 0 0 0;--_ga-p-tablet:0 0 0 0;--_ga-bg-tablet:transparent none;--_ga-zi-tablet:auto;--_ga-d-tablet:flex;--_ga-mw-tablet:calc(100% - 0 - 0);--_ga-m-mobile:0 0 0 0;--_ga-p-mobile:0 0 0 0;--_ga-bg-mobile:transparent none;--_ga-zi-mobile:auto;--_ga-d-mobile:flex;--_ga-mw-mobile:calc(100% - 0 - 0)\">\n\n<p class=\"has-text-align-center\"><strong>Ritardi nell\u2019arrivo devono essere tempestivamente comunicati<\/strong>&nbsp;al Villaggio San Francesco e comunque, come per le partenze anticipate, comportano il pagamento dell\u2019intero periodo prenotato.<\/p>\n\n<\/div>\n<\/div><\/div>\n\n<div  id=\"condizione-di-prenotazione\" class=\"grids-section grids-is-advanced alignfull\" style=\"--_gs-gap-desktop:0px 0px;--_gs-m-desktop:0 0 0 0;--_gs-p-desktop:0 0 0 0;--_gs-bg-desktop:transparent none;--_gs-bg-xp-desktop:0px;--_gs-zi-desktop:auto;--_gs-d-desktop:none;--_gs-mw-desktop:calc(100% - 0 - 0);--_gs-gap-tablet:0px 0px;--_gs-m-tablet:0 0 0 0;--_gs-p-tablet:0 0 0 0;--_gs-bg-tablet:transparent none;--_gs-bg-xp-tablet:0px;--_gs-zi-tablet:auto;--_gs-d-tablet:none;--_gs-mw-tablet:calc(100% - 0 - 0);--_gs-gap-mobile:0px 0px;--_gs-m-mobile:0 0 0 0;--_gs-p-mobile:0 0 0 0;--_gs-bg-mobile:transparent none;--_gs-bg-xp-mobile:0px;--_gs-zi-mobile:auto;--_gs-d-mobile:none;--_gs-mw-mobile:calc(100% - 0 - 0);--_gs-columns:12;--_gs-rows:6\"><div class=\"grids-s-w_i\">\n<div class=\"grids-area 2025\" style=\"--_ga-column:2\/12;--_ga-row:1\/3;--_ga-m-desktop:0 0 0 0;--_ga-p-desktop:0 0 0 0;--_ga-bg-desktop:transparent none;--_ga-zi-desktop:auto;--_ga-d-desktop:flex;--_ga-mw-desktop:calc(100% - 0 - 0);--_ga-m-tablet:0 0 0 0;--_ga-p-tablet:0 0 0 0;--_ga-bg-tablet:transparent none;--_ga-zi-tablet:auto;--_ga-d-tablet:flex;--_ga-mw-tablet:calc(100% - 0 - 0);--_ga-m-mobile:0 0 0 0;--_ga-p-mobile:0 0 0 0;--_ga-bg-mobile:transparent none;--_ga-zi-mobile:auto;--_ga-d-mobile:flex;--_ga-mw-mobile:calc(100% - 0 - 0)\">\n\n<h2 class=\"wp-block-heading has-text-align-left\"><br>Condizioni di prenotazione 2025<\/h2>\n\n\n\n<p>La Direzione si riserva il diritto di assegnare o modificare il numero dell\u2019alloggio o della piazzola in base alle esigenze.<\/p>\n\n\n\n<p>\u00c8 possibile, pagando, riservare un numero specifico di piazzola, ma non per gli alloggi.<\/p>\n\n\n\n<ul class=\"wp-block-list\">\n<li><strong>Costo del servizio di prenotazione numero specifico di piazzola (non rimborsabile):<\/strong>\n<ul class=\"wp-block-list\">\n<li>\u20ac100 per soggiorni con arrivo tra l\u2019apertura e il 30 giugno e tra il 1\u00b0 settembre e la chiusura.<\/li>\n\n\n\n<li>\u20ac200 per soggiorni con arrivo tra il 1\u00b0 luglio e il 31 agosto.<\/li>\n<\/ul>\n<\/li>\n<\/ul>\n\n\n\n<p>Le preferenze sono registrate nel sistema, ma non garantite; la Direzione pu\u00f2 modificarle se necessario.<\/p>\n\n<\/div>\n<\/div><\/div>\n\n<div  id=\"condizione-di-prenotazione\" class=\"grids-section grids-is-advanced alignfull\" style=\"--_gs-gap-desktop:0px 0px;--_gs-m-desktop:0 0 0 0;--_gs-p-desktop:0 0 0 0;--_gs-bg-desktop:transparent none;--_gs-bg-xp-desktop:0px;--_gs-zi-desktop:auto;--_gs-d-desktop:block;--_gs-mw-desktop:calc(100% - 0 - 0);--_gs-gap-tablet:0px 0px;--_gs-m-tablet:0 0 0 0;--_gs-p-tablet:0 0 0 0;--_gs-bg-tablet:transparent none;--_gs-bg-xp-tablet:0px;--_gs-zi-tablet:auto;--_gs-d-tablet:block;--_gs-mw-tablet:calc(100% - 0 - 0);--_gs-gap-mobile:0px 0px;--_gs-m-mobile:0 0 0 0;--_gs-p-mobile:0 0 0 0;--_gs-bg-mobile:transparent none;--_gs-bg-xp-mobile:0px;--_gs-zi-mobile:auto;--_gs-d-mobile:block;--_gs-mw-mobile:calc(100% - 0 - 0);--_gs-columns:12;--_gs-rows:6\"><div class=\"grids-s-w_i\">\n<div class=\"grids-area 2025\" style=\"--_ga-column:2\/12;--_ga-row:1\/3;--_ga-m-desktop:0 0 0 0;--_ga-p-desktop:0 0 0 0;--_ga-bg-desktop:transparent none;--_ga-zi-desktop:auto;--_ga-d-desktop:flex;--_ga-mw-desktop:calc(100% - 0 - 0);--_ga-m-tablet:0 0 0 0;--_ga-p-tablet:0 0 0 0;--_ga-bg-tablet:transparent none;--_ga-zi-tablet:auto;--_ga-d-tablet:flex;--_ga-mw-tablet:calc(100% - 0 - 0);--_ga-m-mobile:0 0 0 0;--_ga-p-mobile:0 0 0 0;--_ga-bg-mobile:transparent none;--_ga-zi-mobile:auto;--_ga-d-mobile:flex;--_ga-mw-mobile:calc(100% - 0 - 0)\">\n\n<h2 class=\"wp-block-heading has-text-align-left\"><br>Condizioni di prenotazione 2026<\/h2>\n\n\n\n<p>Non \u00e8 previsto il servizio di prenotazione di un numero specifico di alloggio o di piazzola.<br>L\u2019assegnazione viene effettuata esclusivamente dalla Direzione in base alle esigenze organizzative.<\/p>\n\n<\/div>\n<\/div><\/div>\n\n<div  id=\"soggiorno-minimo\" class=\"grids-section grids-is-advanced\" style=\"--_gs-gap-desktop:0px 0px;--_gs-m-desktop:0 0 0 0;--_gs-p-desktop:0 0 0 0;--_gs-bg-desktop:transparent none;--_gs-bg-xp-desktop:0px;--_gs-zi-desktop:auto;--_gs-d-desktop:block;--_gs-mw-desktop:calc(100% - 0 - 0);--_gs-gap-tablet:0px 0px;--_gs-m-tablet:0 0 0 0;--_gs-p-tablet:0 0 0 0;--_gs-bg-tablet:transparent none;--_gs-bg-xp-tablet:0px;--_gs-zi-tablet:auto;--_gs-d-tablet:block;--_gs-mw-tablet:calc(100% - 0 - 0);--_gs-gap-mobile:0px 0px;--_gs-m-mobile:0 0 0 0;--_gs-p-mobile:0 0 0 0;--_gs-bg-mobile:transparent none;--_gs-bg-xp-mobile:0px;--_gs-zi-mobile:auto;--_gs-d-mobile:block;--_gs-mw-mobile:calc(100% - 0 - 0);--_gs-columns:12;--_gs-rows:6\"><div class=\"grids-s-w_i\">\n<div class=\"grids-area\" style=\"--_ga-column:2\/12;--_ga-row:1\/2;--_ga-m-desktop:0 0 0 0;--_ga-p-desktop:0 0 0 0;--_ga-bg-desktop:transparent none;--_ga-zi-desktop:auto;--_ga-d-desktop:flex;--_ga-mw-desktop:calc(100% - 0 - 0);--_ga-m-tablet:0 0 0 0;--_ga-p-tablet:0 0 0 0;--_ga-bg-tablet:transparent none;--_ga-zi-tablet:auto;--_ga-d-tablet:flex;--_ga-mw-tablet:calc(100% - 0 - 0);--_ga-m-mobile:0 0 0 0;--_ga-p-mobile:0 0 0 0;--_ga-bg-mobile:transparent none;--_ga-zi-mobile:auto;--_ga-d-mobile:flex;--_ga-mw-mobile:calc(100% - 0 - 0)\">\n\n<h2 class=\"wp-block-heading has-text-align-left\">Soggiorno minimo 2026<\/h2>\n\n\n\n<p>Le condizioni relative al<strong>&nbsp;soggiorno minimo<\/strong>&nbsp;nel&nbsp;<strong>2026<\/strong>&nbsp;sono le seguenti:<\/p>\n\n\n\n<ul class=\"wp-block-list\">\n<li><strong>Dal 29\/04 al 16\/05 e dal 12\/09 al 30\/09:<\/strong> soggiorno minimo di <strong>2 notti<\/strong><\/li>\n\n\n\n<li><strong>Dal 16\/05 al 25\/07 e dal 22\/08 al 12\/09:<\/strong> soggiorno minimo di <strong>5 notti<\/strong><\/li>\n\n\n\n<li><strong>Dal 25\/07 al 22\/08:<\/strong> soggiorno minimo di <strong>7 notti<\/strong> (giorni di arrivo e partenza predefiniti in base all\u2019alloggio).<\/li>\n<\/ul>\n\n<\/div>\n<\/div><\/div>\n\n<div  id=\"condizione-di-prenotazione\" class=\"grids-section grids-is-advanced alignfull\" style=\"--_gs-gap-desktop:0px 0px;--_gs-m-desktop:0 0 0 0;--_gs-p-desktop:0 0 0 0;--_gs-bg-desktop:transparent none;--_gs-bg-xp-desktop:0px;--_gs-zi-desktop:auto;--_gs-d-desktop:block;--_gs-mw-desktop:calc(100% - 0 - 0);--_gs-gap-tablet:0px 0px;--_gs-m-tablet:0 0 0 0;--_gs-p-tablet:0 0 0 0;--_gs-bg-tablet:transparent none;--_gs-bg-xp-tablet:0px;--_gs-zi-tablet:auto;--_gs-d-tablet:block;--_gs-mw-tablet:calc(100% - 0 - 0);--_gs-gap-mobile:0px 0px;--_gs-m-mobile:0 0 0 0;--_gs-p-mobile:0 0 0 0;--_gs-bg-mobile:transparent none;--_gs-bg-xp-mobile:0px;--_gs-zi-mobile:auto;--_gs-d-mobile:block;--_gs-mw-mobile:calc(100% - 0 - 0);--_gs-columns:12;--_gs-rows:6\"><div class=\"grids-s-w_i\">\n<div class=\"grids-area 2025\" style=\"--_ga-column:2\/12;--_ga-row:1\/3;--_ga-m-desktop:0 0 0 0;--_ga-p-desktop:0 0 0 0;--_ga-bg-desktop:transparent none;--_ga-zi-desktop:auto;--_ga-d-desktop:flex;--_ga-mw-desktop:calc(100% - 0 - 0);--_ga-m-tablet:0 0 0 0;--_ga-p-tablet:0 0 0 0;--_ga-bg-tablet:transparent none;--_ga-zi-tablet:auto;--_ga-d-tablet:flex;--_ga-mw-tablet:calc(100% - 0 - 0);--_ga-m-mobile:0 0 0 0;--_ga-p-mobile:0 0 0 0;--_ga-bg-mobile:transparent none;--_ga-zi-mobile:auto;--_ga-d-mobile:flex;--_ga-mw-mobile:calc(100% - 0 - 0)\">\n\n<h2 class=\"wp-block-heading has-text-align-left\"><br>Soggiorni eccezionali<\/h2>\n\n\n\n<p>In alta stagione il soggiorno minimo \u00e8 di <strong>7 notti<\/strong>.<br>I giorni di arrivo e partenza dipendono dall\u2019alloggio scelto:<\/p>\n\n\n\n<ul class=\"wp-block-list\">\n<li><strong><strong>Arrivo e partenza solo il venerd\u00ec<\/strong><\/strong>\n<ul class=\"wp-block-list\">\n<li>Lodge Premium Sea Breeze<\/li>\n\n\n\n<li>Holiday Home Accessible<\/li>\n\n\n\n<li>Holiday Home 6<\/li>\n\n\n\n<li>Holiday Home Midi<span id=\"docs-internal-guid-2d108432-7fff-cb83-9ae9-5577707792b5\"><div><span style=\"font-size: 11pt; font-family: Arial, sans-serif; background-color: transparent; font-weight: 700; font-variant-numeric: normal; font-variant-east-asian: normal; font-variant-alternates: normal; font-variant-position: normal; vertical-align: baseline;\"><\/span><\/div><\/span><\/li>\n<\/ul>\n<\/li>\n<\/ul>\n\n\n\n<ul class=\"wp-block-list\">\n<li><strong><strong>Arrivo e partenza solo il sabato<\/strong><\/strong>\n<ul class=\"wp-block-list\">\n<li>Holiday Home Comfort Plus Accessible<\/li>\n\n\n\n<li>Holiday Home Comfort Plus Residence<\/li>\n\n\n\n<li>Holiday Home Mini<\/li>\n\n\n\n<li>Holiday Home 5<\/li>\n\n\n\n<li>Holiday Home Green Oak<\/li>\n\n\n\n<li>Holiday Home Green Oak Accessible<\/li>\n\n\n\n<li>Lodge Prestige Roses<\/li>\n\n\n\n<li>Lodge 4 Accessible<\/li>\n\n\n\n<li>Lodge 5<\/li>\n\n\n\n<li>Holiday Home Mini Deluxe<\/li>\n\n\n\n<li>Piazzola Belvedere<span id=\"docs-internal-guid-2d108432-7fff-cb83-9ae9-5577707792b5\"><div><span style=\"font-size: 11pt; font-family: Arial, sans-serif; background-color: transparent; font-weight: 700; font-variant-numeric: normal; font-variant-east-asian: normal; font-variant-alternates: normal; font-variant-position: normal; vertical-align: baseline;\"><\/span><\/div><\/span><\/li>\n<\/ul>\n<\/li>\n<\/ul>\n\n\n\n<ul class=\"wp-block-list\">\n<li><strong><strong>Arrivo e partenza solo la domenica<\/strong><\/strong>\n<ul class=\"wp-block-list\">\n<li>Holiday Home Kids<\/li>\n\n\n\n<li>Lodge Deluxe Sea View<\/li>\n\n\n\n<li>Lodge Deluxe Sea View Suite<\/li>\n\n\n\n<li>Holiday Home Comfort<\/li>\n\n\n\n<li>Piazzola Premium Sea Breeze<span id=\"docs-internal-guid-2d108432-7fff-cb83-9ae9-5577707792b5\"><div><span style=\"font-size: 11pt; font-family: Arial, sans-serif; background-color: transparent; font-weight: 700; font-variant-numeric: normal; font-variant-east-asian: normal; font-variant-alternates: normal; font-variant-position: normal; vertical-align: baseline;\"><\/span><\/div><\/span><\/li>\n<\/ul>\n<\/li>\n<\/ul>\n\n\n\n<ul class=\"wp-block-list\">\n<li><strong><strong><strong>Arrivo e partenza solo il luned\u00ec<\/strong><\/strong><\/strong>\n<ul class=\"wp-block-list\">\n<li>Lodge Prestige Lilac<span id=\"docs-internal-guid-2d108432-7fff-cb83-9ae9-5577707792b5\"><div><span style=\"font-size: 11pt; font-family: Arial, sans-serif; background-color: transparent; font-weight: 700; font-variant-numeric: normal; font-variant-east-asian: normal; font-variant-alternates: normal; font-variant-position: normal; vertical-align: baseline;\"><\/span><\/div><\/span><\/li>\n<\/ul>\n<\/li>\n<\/ul>\n\n\n\n<ul class=\"wp-block-list\">\n<li><strong>Zona Libera \u2013 arrivi possibili tutti i giorni (con esclusioni specifiche)<\/strong>\n<ul class=\"wp-block-list\">\n<li>Holiday Home Blue Ivy (esclusi arrivi\/partenze di sabato)<\/li>\n\n\n\n<li>Holiday Home Deluxe (esclusi arrivi\/partenze di sabato e domenica)<\/li>\n\n\n\n<li>Holiday Home Deluxe Accessible (esclusi arrivi\/partenze di sabato e domenica)<\/li>\n\n\n\n<li>Lodge Prestige Daisy (esclusi arrivi\/partenze di sabato e domenica)<\/li>\n\n\n\n<li>Holiday Home 4 (esclusi arrivi\/partenze di venerd\u00ec, sabato e domenica)<\/li>\n\n\n\n<li>Piazzola Belvedere Flexi (esclusi arrivi\/partenze di sabato)<\/li>\n\n\n\n<li>Villino (arrivo\/partenza in qualsiasi giorno della settimana)<span id=\"docs-internal-guid-2d108432-7fff-cb83-9ae9-5577707792b5\"><div><span style=\"font-size: 11pt; font-family: Arial, sans-serif; background-color: transparent; font-weight: 700; font-variant-numeric: normal; font-variant-east-asian: normal; font-variant-alternates: normal; font-variant-position: normal; vertical-align: baseline;\"><\/span><\/div><\/span><\/li>\n<\/ul>\n<\/li>\n<\/ul>\n\n<\/div>\n<\/div><\/div>\n\n<div  id=\"soggiorno-minimo\" class=\"grids-section grids-is-advanced\" style=\"--_gs-gap-desktop:0px 0px;--_gs-m-desktop:0 0 0 0;--_gs-p-desktop:0 0 0 0;--_gs-bg-desktop:transparent none;--_gs-bg-xp-desktop:0px;--_gs-zi-desktop:auto;--_gs-d-desktop:block;--_gs-mw-desktop:calc(100% - 0 - 0);--_gs-gap-tablet:0px 0px;--_gs-m-tablet:0 0 0 0;--_gs-p-tablet:0 0 0 0;--_gs-bg-tablet:transparent none;--_gs-bg-xp-tablet:0px;--_gs-zi-tablet:auto;--_gs-d-tablet:block;--_gs-mw-tablet:calc(100% - 0 - 0);--_gs-gap-mobile:0px 0px;--_gs-m-mobile:0 0 0 0;--_gs-p-mobile:0 0 0 0;--_gs-bg-mobile:transparent none;--_gs-bg-xp-mobile:0px;--_gs-zi-mobile:auto;--_gs-d-mobile:block;--_gs-mw-mobile:calc(100% - 0 - 0);--_gs-columns:12;--_gs-rows:6\"><div class=\"grids-s-w_i\">\n<div class=\"grids-area\" style=\"--_ga-column:2\/12;--_ga-row:1\/2;--_ga-m-desktop:0 0 0 0;--_ga-p-desktop:0 0 0 0;--_ga-bg-desktop:transparent none;--_ga-zi-desktop:auto;--_ga-d-desktop:flex;--_ga-mw-desktop:calc(100% - 0 - 0);--_ga-m-tablet:0 0 0 0;--_ga-p-tablet:0 0 0 0;--_ga-bg-tablet:transparent none;--_ga-zi-tablet:auto;--_ga-d-tablet:flex;--_ga-mw-tablet:calc(100% - 0 - 0);--_ga-m-mobile:0 0 0 0;--_ga-p-mobile:0 0 0 0;--_ga-bg-mobile:transparent none;--_ga-zi-mobile:auto;--_ga-d-mobile:flex;--_ga-mw-mobile:calc(100% - 0 - 0)\">\n\n<h2 class=\"wp-block-heading has-text-align-left\">Orari di partenza<\/h2>\n\n\n\n<ul class=\"wp-block-list\">\n<li><strong>Piazzole:<\/strong> entro le ore 12:00<\/li>\n\n\n\n<li><strong>Alloggi:<\/strong> entro le ore 10:00<\/li>\n<\/ul>\n\n<\/div>\n<\/div><\/div>\n\n<div  id=\"prenotazione-acsi\" class=\"grids-section grids-is-advanced\" style=\"--_gs-gap-desktop:0px 0px;--_gs-m-desktop:0 0 0 0;--_gs-p-desktop:0 0 0 0;--_gs-bg-desktop:transparent none;--_gs-bg-xp-desktop:0px;--_gs-zi-desktop:auto;--_gs-d-desktop:block;--_gs-mw-desktop:calc(100% - 0 - 0);--_gs-gap-tablet:0px 0px;--_gs-m-tablet:0 0 0 0;--_gs-p-tablet:0 0 0 0;--_gs-bg-tablet:transparent none;--_gs-bg-xp-tablet:0px;--_gs-zi-tablet:auto;--_gs-d-tablet:block;--_gs-mw-tablet:calc(100% - 0 - 0);--_gs-gap-mobile:0px 0px;--_gs-m-mobile:0 0 0 0;--_gs-p-mobile:0 0 0 0;--_gs-bg-mobile:transparent none;--_gs-bg-xp-mobile:0px;--_gs-zi-mobile:auto;--_gs-d-mobile:block;--_gs-mw-mobile:calc(100% - 0 - 0);--_gs-columns:12;--_gs-rows:6\"><div class=\"grids-s-w_i\">\n<div class=\"grids-area\" style=\"--_ga-column:2\/4;--_ga-row:1\/2;--_ga-m-desktop:0 0 0 0;--_ga-p-desktop:0 0 0 0;--_ga-bg-desktop:transparent none;--_ga-zi-desktop:auto;--_ga-d-desktop:flex;--_ga-mw-desktop:calc(100% - 0 - 0);--_ga-m-tablet:0 0 0 0;--_ga-p-tablet:0 0 0 0;--_ga-bg-tablet:transparent none;--_ga-zi-tablet:auto;--_ga-d-tablet:flex;--_ga-mw-tablet:calc(100% - 0 - 0);--_ga-m-mobile:0 0 0 0;--_ga-p-mobile:0 0 0 0;--_ga-bg-mobile:transparent none;--_ga-zi-mobile:auto;--_ga-d-mobile:flex;--_ga-mw-mobile:calc(100% - 0 - 0)\">\n<div class=\"wp-block-image\">\n<figure class=\"alignleft size-thumbnail\"><img decoding=\"async\" width=\"150\" height=\"150\" src=\"https:\/\/www.villaggiosanfrancesco.com\/wp-content\/uploads\/2023\/10\/wired-outline-931-camping-trailer-150x150.png\" alt=\"\" class=\"wp-image-19225\" style=\"object-fit:cover\" srcset=\"https:\/\/www.villaggiosanfrancesco.com\/wp-content\/uploads\/2023\/10\/wired-outline-931-camping-trailer-150x150.png 150w, https:\/\/www.villaggiosanfrancesco.com\/wp-content\/uploads\/2023\/10\/wired-outline-931-camping-trailer-300x300.png 300w, https:\/\/www.villaggiosanfrancesco.com\/wp-content\/uploads\/2023\/10\/wired-outline-931-camping-trailer.png 400w\" sizes=\"(max-width: 150px) 100vw, 150px\" \/><\/figure><\/div>\n<\/div>\n\n<div class=\"grids-area\" style=\"--_ga-column:4\/12;--_ga-row:1\/2;--_ga-m-desktop:0 0 0 0;--_ga-p-desktop:0 0 0 0;--_ga-bg-desktop:transparent none;--_ga-zi-desktop:auto;--_ga-d-desktop:flex;--_ga-mw-desktop:calc(100% - 0 - 0);--_ga-m-tablet:0 0 0 0;--_ga-p-tablet:0 0 0 0;--_ga-bg-tablet:transparent none;--_ga-zi-tablet:auto;--_ga-d-tablet:flex;--_ga-mw-tablet:calc(100% - 0 - 0);--_ga-m-mobile:0 0 0 0;--_ga-p-mobile:0 0 0 0;--_ga-bg-mobile:transparent none;--_ga-zi-mobile:auto;--_ga-d-mobile:flex;--_ga-mw-mobile:calc(100% - 0 - 0)\">\n\n<h2 class=\"wp-block-heading\">Prenotazione delle piazzole con ACSI o ADAC<\/h2>\n\n\n\n<p>Se prenoti con tariffa agevolata tramite carta <strong>ACSI o ADAC<\/strong>, potrai scegliere tra le nostre <strong>piazzole Belvedere<\/strong>.<br>Non \u00e8 possibile scegliere il numero della piazzola.<\/p>\n\n<\/div>\n<\/div><\/div>\n\n<div  id=\"cancellazione\" class=\"grids-section grids-is-advanced\" style=\"--_gs-gap-desktop:0px 0px;--_gs-m-desktop:0 0 0 0;--_gs-p-desktop:0 0 0 0;--_gs-bg-desktop:transparent none;--_gs-bg-xp-desktop:0px;--_gs-zi-desktop:auto;--_gs-d-desktop:block;--_gs-mw-desktop:calc(100% - 0 - 0);--_gs-gap-tablet:0px 0px;--_gs-m-tablet:0 0 0 0;--_gs-p-tablet:0 0 0 0;--_gs-bg-tablet:transparent none;--_gs-bg-xp-tablet:0px;--_gs-zi-tablet:auto;--_gs-d-tablet:block;--_gs-mw-tablet:calc(100% - 0 - 0);--_gs-gap-mobile:0px 0px;--_gs-m-mobile:0 0 0 0;--_gs-p-mobile:0 0 0 0;--_gs-bg-mobile:transparent none;--_gs-bg-xp-mobile:0px;--_gs-zi-mobile:auto;--_gs-d-mobile:block;--_gs-mw-mobile:calc(100% - 0 - 0);--_gs-columns:12;--_gs-rows:6\"><div class=\"grids-s-w_i\">\n<div class=\"grids-area\" style=\"--_ga-column:2\/12;--_ga-row:1\/2;--_ga-m-desktop:0 0 0 0;--_ga-p-desktop:0 0 0 0;--_ga-bg-desktop:transparent none;--_ga-zi-desktop:auto;--_ga-d-desktop:flex;--_ga-mw-desktop:calc(100% - 0 - 0);--_ga-m-tablet:0 0 0 0;--_ga-p-tablet:0 0 0 0;--_ga-bg-tablet:transparent none;--_ga-zi-tablet:auto;--_ga-d-tablet:flex;--_ga-mw-tablet:calc(100% - 0 - 0);--_ga-m-mobile:0 0 0 0;--_ga-p-mobile:0 0 0 0;--_ga-bg-mobile:transparent none;--_ga-zi-mobile:auto;--_ga-d-mobile:flex;--_ga-mw-mobile:calc(100% - 0 - 0)\">\n\n<h2 class=\"wp-block-heading has-text-align-left\">Condizioni di cancellazione 2026<\/h2>\n\n\n\n<p>L\u2019annullamento o la modifica della prenotazione deve avvenire <strong>per iscritto<\/strong> (raccomandata o e-mail).<\/p>\n\n\n\n<ul class=\"wp-block-list\">\n<li><strong>Tempi di cancellazione:<\/strong>\n<ul class=\"wp-block-list\">\n<li><strong>Tra l\u2019apertura e il 30 giugno<\/strong>: almeno 10 giorni prima dell\u2019arrivo<\/li>\n\n\n\n<li><strong>Tra il 1\u00b0 luglio e il 31 agosto<\/strong>: almeno 15 giorni prima dell\u2019arrivo<\/li>\n\n\n\n<li><strong>Dal 1\u00b0 settembre alla chiusura<\/strong>: almeno 10 giorni prima dell\u2019arrivo<\/li>\n<\/ul>\n<\/li>\n<\/ul>\n\n\n\n<p>Se la cancellazione avviene entro i termini previsti, l\u2019intera caparra verr\u00e0 rimborsata.<br>In caso contrario, l\u2019importo versato sar\u00e0 trattenuto come penale.<br>La data di riferimento \u00e8 quella del timbro postale (per le lettere) o di ricezione (e-mail).<br>Il rimborso pu\u00f2 richiedere da 15 a 45 giorni lavorativi.<\/p>\n\n\n\n<p><strong>Nota importante sui servizi extra:<\/strong><br>i servizi aggiuntivi prenotati in anticipo (mezza pensione, colazione, servizio spiaggia) seguono le stesse condizioni di cancellazione degli alloggi.<\/p>\n\n<\/div>\n<\/div><\/div>\n\n<div  class=\"grids-section grids-is-advanced\" style=\"--_gs-gap-desktop:0px 0px;--_gs-m-desktop:0 0 0 0;--_gs-p-desktop:0 0 0 0;--_gs-bg-desktop:transparent none;--_gs-bg-xp-desktop:0px;--_gs-zi-desktop:auto;--_gs-d-desktop:none;--_gs-mw-desktop:calc(100% - 0 - 0);--_gs-gap-tablet:0px 0px;--_gs-m-tablet:0 0 0 0;--_gs-p-tablet:0 0 0 0;--_gs-bg-tablet:transparent none;--_gs-bg-xp-tablet:0px;--_gs-zi-tablet:auto;--_gs-d-tablet:none;--_gs-mw-tablet:calc(100% - 0 - 0);--_gs-gap-mobile:0px 0px;--_gs-m-mobile:0 0 0 0;--_gs-p-mobile:0 0 0 0;--_gs-bg-mobile:transparent none;--_gs-bg-xp-mobile:0px;--_gs-zi-mobile:auto;--_gs-d-mobile:none;--_gs-mw-mobile:calc(100% - 0 - 0);--_gs-columns:12;--_gs-rows:6\"><div class=\"grids-s-w_i\">\n<div class=\"grids-area\" style=\"--_ga-column:3\/11;--_ga-row:1\/7;--_ga-m-desktop:0 0 0 0;--_ga-p-desktop:0 0 0 0;--_ga-bg-desktop:transparent none;--_ga-zi-desktop:auto;--_ga-d-desktop:flex;--_ga-mw-desktop:calc(100% - 0 - 0);--_ga-m-tablet:0 0 0 0;--_ga-p-tablet:0 0 0 0;--_ga-bg-tablet:transparent none;--_ga-zi-tablet:auto;--_ga-d-tablet:flex;--_ga-mw-tablet:calc(100% - 0 - 0);--_ga-m-mobile:0 0 0 0;--_ga-p-mobile:0 0 0 0;--_ga-bg-mobile:transparent none;--_ga-zi-mobile:auto;--_ga-d-mobile:flex;--_ga-mw-mobile:calc(100% - 0 - 0)\">\n\n<h2 class=\"wp-block-heading\">modalit\u00e0 di pagamento<\/h2>\n\n\n\n<p><strong>I pagamenti possono essere effettuati al 4 dicembre tramite bonifico bancario o carta di credito.<\/strong><\/p>\n\n<\/div>\n<\/div><\/div>\n\n<div  id=\"pagamento\" class=\"grids-section grids-is-advanced alignfull\" style=\"--_gs-gap-desktop:0px 0px;--_gs-m-desktop:0 0 0 0;--_gs-p-desktop:0 0 0 0;--_gs-bg-desktop:transparent none;--_gs-bg-xp-desktop:0px;--_gs-zi-desktop:auto;--_gs-d-desktop:block;--_gs-mw-desktop:calc(100% - 0 - 0);--_gs-gap-tablet:0px 0px;--_gs-m-tablet:0 0 0 0;--_gs-p-tablet:0 0 0 0;--_gs-bg-tablet:transparent none;--_gs-bg-xp-tablet:0px;--_gs-zi-tablet:auto;--_gs-d-tablet:block;--_gs-mw-tablet:calc(100% - 0 - 0);--_gs-gap-mobile:0px 0px;--_gs-m-mobile:0 0 0 0;--_gs-p-mobile:0 0 0 0;--_gs-bg-mobile:transparent none;--_gs-bg-xp-mobile:0px;--_gs-zi-mobile:auto;--_gs-d-mobile:block;--_gs-mw-mobile:calc(100% - 0 - 0);--_gs-columns:12;--_gs-rows:6\"><div class=\"grids-s-w_i\">\n<div class=\"grids-area\" style=\"--_ga-column:2\/12;--_ga-row:1\/3;--_ga-m-desktop:0 0 0 0;--_ga-p-desktop:0 0 0 0;--_ga-bg-desktop:transparent none;--_ga-zi-desktop:auto;--_ga-d-desktop:flex;--_ga-mw-desktop:calc(100% - 0 - 0);--_ga-m-tablet:0 0 0 0;--_ga-p-tablet:0 0 0 0;--_ga-bg-tablet:transparent none;--_ga-zi-tablet:auto;--_ga-d-tablet:flex;--_ga-mw-tablet:calc(100% - 0 - 0);--_ga-m-mobile:0 0 0 0;--_ga-p-mobile:0 0 0 0;--_ga-bg-mobile:transparent none;--_ga-zi-mobile:auto;--_ga-d-mobile:flex;--_ga-mw-mobile:calc(100% - 0 - 0)\">\n\n<div style=\"height:50px\" aria-hidden=\"true\" class=\"wp-block-spacer\"><\/div>\n\n\n\n<h2 class=\"wp-block-heading has-text-align-left\">Modalit\u00e0 di pagamento<\/h2>\n\n\n\n<p>Sono accettati:<\/p>\n\n\n\n<ul class=\"wp-block-list\">\n<li><strong>Contanti<\/strong> (entro il limite di legge di \u20ac4.999,99)<\/li>\n\n\n\n<li><strong>Bancomat<\/strong><\/li>\n\n\n\n<li>Carte di credito circuito <strong>Visa<\/strong> e <strong>Mastercard<\/strong><\/li>\n<\/ul>\n\n\n\n<p><strong>Non si accettano assegni, American Express o Paypal.<\/strong><\/p>\n\n\n\n<div style=\"height:50px\" aria-hidden=\"true\" class=\"wp-block-spacer\"><\/div>\n\n\n\n<h2 class=\"wp-block-heading has-text-align-left\">Tassa di soggiorno<\/h2>\n\n\n\n<p>Il prezzo indicato nella conferma di prenotazione&nbsp;<strong>non<\/strong>&nbsp;\u00e8 comprensivo della&nbsp;<strong>tassa di soggiorno<\/strong>.<\/p>\n\n\n\n<p>L\u2019imposta di soggiorno va pagata in loco ed \u00e8 pari a&nbsp;<\/p>\n\n\n\n<ul class=\"wp-block-list\">\n<li><strong>\u20ac2,00<\/strong> per persona al giorno (max 10 notti) \u2013 villaggio e campeggio<\/li>\n\n\n\n<li><strong>\u20ac1,70<\/strong> per persona al giorno (max 10 notti) \u2013 residence<\/li>\n<\/ul>\n\n\n\n<p>Sono&nbsp;<strong>esenti<\/strong>&nbsp;dal pagamento della tassa&nbsp;<strong>i bambini<\/strong>&nbsp;di fascia&nbsp;<strong>0-5,99<\/strong>.<\/p>\n\n\n\n<p>Le eventuali spese pratica&nbsp;<strong>non<\/strong>&nbsp;sono rimborsabili.<\/p>\n\n\n\n<p>I prezzi potrebbero subire variazioni in caso di modifiche alle aliquote IVA stabilite dallo Stato.<\/p>\n\n\n\n<div style=\"height:50px\" aria-hidden=\"true\" class=\"wp-block-spacer\"><\/div>\n\n\n\n<h2 class=\"wp-block-heading has-text-align-left\">Condizioni servizio spiaggia<\/h2>\n\n\n\n<p>Per la prenotazione del servizio spiaggia si applicano le stesse <a href=\"#cancellazione\">condizioni di rimborso relative agli alloggi<\/a>.<\/p>\n\n\n\n<p>Il servizio non \u00e8 rimborsabile per situazioni di condizioni meteorologiche avverse che rendano impossibile l&#8217;utilizzo della spiaggia durante il periodo prenotato.<\/p>\n\n\n\n<p>La prenotazione del posto spiaggia si intende confermata una volta andato a buon fine il pagamento.<\/p>\n\n\n\n<div style=\"height:50px\" aria-hidden=\"true\" class=\"wp-block-spacer\"><\/div>\n\n\n\n<h2 class=\"wp-block-heading has-text-align-left\" id=\"mezza-pensione\"><\/h2>\n\n\n\n<div style=\"height:50px\" aria-hidden=\"true\" class=\"wp-block-spacer\"><\/div>\n\n\n\n<h2 class=\"wp-block-heading has-text-align-left\">Regolamento ufficiale del Villaggio San Francesco<\/h2>\n\n\n\n<p>Il&nbsp;<strong>regolamento del villaggio<\/strong>&nbsp;e le ulteriori informazioni sulle condizioni di affitto sono disponibili al seguente link:&nbsp;<a href=\"https:\/\/www.villaggiosanfrancesco.com\/wp-content\/uploads\/2024\/07\/SF-REGOLAMENTO-IT.pdf\" target=\"_blank\" rel=\"noreferrer noopener\">Regolamento San Francesco<\/a>.<\/p>\n\n<\/div>\n<\/div><\/div>","protected":false},"excerpt":{"rendered":"","protected":false},"author":1,"featured_media":5776,"parent":0,"menu_order":0,"comment_status":"closed","ping_status":"closed","template":"","meta":{"_acf_changed":false,"advgb_blocks_editor_width":"","advgb_blocks_columns_visual_guide":"","footnotes":""},"class_list":["post-5758","page","type-page","status-publish","has-post-thumbnail","hentry","entry"],"acf":[],"yoast_head":"<!-- This site is optimized with the Yoast SEO plugin v26.0 - https:\/\/yoast.com\/wordpress\/plugins\/seo\/ -->\n<title>Condizioni | Centro Vacanze Villaggio San Francesco<\/title>\n<meta name=\"description\" content=\"Le prenotazioni possono essere effettuate tramite il nostro sito web, e-mail o telefono. \u00c8 necessario prenotare in anticipo. Contattaci!\" \/>\n<meta name=\"robots\" content=\"index, follow, max-snippet:-1, max-image-preview:large, max-video-preview:-1\" \/>\n<link rel=\"canonical\" href=\"https:\/\/www.villaggiosanfrancesco.com\/it\/condizioni\/\" \/>\n<meta property=\"og:locale\" content=\"it_IT\" \/>\n<meta property=\"og:type\" content=\"article\" \/>\n<meta property=\"og:title\" content=\"Condizioni | Centro Vacanze Villaggio San Francesco\" \/>\n<meta property=\"og:description\" content=\"Le prenotazioni possono essere effettuate tramite il nostro sito web, e-mail o telefono. \u00c8 necessario prenotare in anticipo. Contattaci!\" \/>\n<meta property=\"og:url\" content=\"https:\/\/www.villaggiosanfrancesco.com\/it\/condizioni\/\" \/>\n<meta property=\"og:site_name\" content=\"Villaggio San Francesco\" \/>\n<meta property=\"article:publisher\" content=\"https:\/\/www.facebook.com\/VillaggioSanFrancesco\/\" \/>\n<meta property=\"article:modified_time\" content=\"2026-03-19T12:21:24+00:00\" \/>\n<meta property=\"og:image\" content=\"https:\/\/www.villaggiosanfrancesco.com\/wp-content\/uploads\/2022\/08\/banner_cancellazione_villaggio_san_francesco.jpg\" \/>\n\t<meta property=\"og:image:width\" content=\"1920\" \/>\n\t<meta property=\"og:image:height\" content=\"1000\" \/>\n\t<meta property=\"og:image:type\" content=\"image\/jpeg\" \/>\n<meta name=\"twitter:card\" content=\"summary_large_image\" \/>\n<meta name=\"twitter:label1\" content=\"Tempo di lettura stimato\" \/>\n\t<meta name=\"twitter:data1\" content=\"5 minuti\" \/>\n<script type=\"application\/ld+json\" class=\"yoast-schema-graph\">{\"@context\":\"https:\/\/schema.org\",\"@graph\":[{\"@type\":\"WebPage\",\"@id\":\"https:\/\/www.villaggiosanfrancesco.com\/it\/condizioni\/\",\"url\":\"https:\/\/www.villaggiosanfrancesco.com\/it\/condizioni\/\",\"name\":\"Condizioni | Centro Vacanze Villaggio San Francesco\",\"isPartOf\":{\"@id\":\"https:\/\/www.villaggiosanfrancesco.com\/it\/#website\"},\"primaryImageOfPage\":{\"@id\":\"https:\/\/www.villaggiosanfrancesco.com\/it\/condizioni\/#primaryimage\"},\"image\":{\"@id\":\"https:\/\/www.villaggiosanfrancesco.com\/it\/condizioni\/#primaryimage\"},\"thumbnailUrl\":\"https:\/\/www.villaggiosanfrancesco.com\/wp-content\/uploads\/2022\/08\/banner_cancellazione_villaggio_san_francesco.jpg\",\"datePublished\":\"2022-08-10T15:42:39+00:00\",\"dateModified\":\"2026-03-19T12:21:24+00:00\",\"description\":\"Le prenotazioni possono essere effettuate tramite il nostro sito web, e-mail o telefono. \u00c8 necessario prenotare in anticipo. Contattaci!\",\"breadcrumb\":{\"@id\":\"https:\/\/www.villaggiosanfrancesco.com\/it\/condizioni\/#breadcrumb\"},\"inLanguage\":\"it-IT\",\"potentialAction\":[{\"@type\":\"ReadAction\",\"target\":[\"https:\/\/www.villaggiosanfrancesco.com\/it\/condizioni\/\"]}]},{\"@type\":\"ImageObject\",\"inLanguage\":\"it-IT\",\"@id\":\"https:\/\/www.villaggiosanfrancesco.com\/it\/condizioni\/#primaryimage\",\"url\":\"https:\/\/www.villaggiosanfrancesco.com\/wp-content\/uploads\/2022\/08\/banner_cancellazione_villaggio_san_francesco.jpg\",\"contentUrl\":\"https:\/\/www.villaggiosanfrancesco.com\/wp-content\/uploads\/2022\/08\/banner_cancellazione_villaggio_san_francesco.jpg\",\"width\":1920,\"height\":1000,\"caption\":\"Famiglia felice al mare al Villaggio Villaggio accessibile per disabili a Caorle Villaggio San Francesco\"},{\"@type\":\"BreadcrumbList\",\"@id\":\"https:\/\/www.villaggiosanfrancesco.com\/it\/condizioni\/#breadcrumb\",\"itemListElement\":[{\"@type\":\"ListItem\",\"position\":1,\"name\":\"Home\",\"item\":\"https:\/\/www.villaggiosanfrancesco.com\/it\/\"},{\"@type\":\"ListItem\",\"position\":2,\"name\":\"Condizioni\"}]},{\"@type\":\"WebSite\",\"@id\":\"https:\/\/www.villaggiosanfrancesco.com\/it\/#website\",\"url\":\"https:\/\/www.villaggiosanfrancesco.com\/it\/\",\"name\":\"Villaggio San Francesco\",\"description\":\"Caorle, VENEZIA\",\"publisher\":{\"@id\":\"https:\/\/www.villaggiosanfrancesco.com\/it\/#organization\"},\"potentialAction\":[{\"@type\":\"SearchAction\",\"target\":{\"@type\":\"EntryPoint\",\"urlTemplate\":\"https:\/\/www.villaggiosanfrancesco.com\/it\/?s={search_term_string}\"},\"query-input\":{\"@type\":\"PropertyValueSpecification\",\"valueRequired\":true,\"valueName\":\"search_term_string\"}}],\"inLanguage\":\"it-IT\"},{\"@type\":\"Organization\",\"@id\":\"https:\/\/www.villaggiosanfrancesco.com\/it\/#organization\",\"name\":\"Villaggio San Francesco\",\"url\":\"https:\/\/www.villaggiosanfrancesco.com\/it\/\",\"logo\":{\"@type\":\"ImageObject\",\"inLanguage\":\"it-IT\",\"@id\":\"https:\/\/www.villaggiosanfrancesco.com\/it\/#\/schema\/logo\/image\/\",\"url\":\"https:\/\/www.villaggiosanfrancesco.com\/wp-content\/uploads\/2023\/03\/Logo-Villaggio-San-Francesco-Caorle-1.png\",\"contentUrl\":\"https:\/\/www.villaggiosanfrancesco.com\/wp-content\/uploads\/2023\/03\/Logo-Villaggio-San-Francesco-Caorle-1.png\",\"width\":1206,\"height\":356,\"caption\":\"Villaggio San Francesco\"},\"image\":{\"@id\":\"https:\/\/www.villaggiosanfrancesco.com\/it\/#\/schema\/logo\/image\/\"},\"sameAs\":[\"https:\/\/www.facebook.com\/VillaggioSanFrancesco\/\",\"https:\/\/www.instagram.com\/villaggiosanfrancesco\/\",\"https:\/\/www.youtube.com\/channel\/UClXJoJulrb1UANfZodeHn-g\",\"https:\/\/www.tiktok.com\/@sanfrancescoresort\"]}]}<\/script>\n<!-- \/ Yoast SEO plugin. -->","yoast_head_json":{"title":"Condizioni | Centro Vacanze Villaggio San Francesco","description":"Le prenotazioni possono essere effettuate tramite il nostro sito web, e-mail o telefono. \u00c8 necessario prenotare in anticipo. Contattaci!","robots":{"index":"index","follow":"follow","max-snippet":"max-snippet:-1","max-image-preview":"max-image-preview:large","max-video-preview":"max-video-preview:-1"},"canonical":"https:\/\/www.villaggiosanfrancesco.com\/it\/condizioni\/","og_locale":"it_IT","og_type":"article","og_title":"Condizioni | Centro Vacanze Villaggio San Francesco","og_description":"Le prenotazioni possono essere effettuate tramite il nostro sito web, e-mail o telefono. \u00c8 necessario prenotare in anticipo. Contattaci!","og_url":"https:\/\/www.villaggiosanfrancesco.com\/it\/condizioni\/","og_site_name":"Villaggio San Francesco","article_publisher":"https:\/\/www.facebook.com\/VillaggioSanFrancesco\/","article_modified_time":"2026-03-19T12:21:24+00:00","og_image":[{"width":1920,"height":1000,"url":"https:\/\/www.villaggiosanfrancesco.com\/wp-content\/uploads\/2022\/08\/banner_cancellazione_villaggio_san_francesco.jpg","type":"image\/jpeg"}],"twitter_card":"summary_large_image","twitter_misc":{"Tempo di lettura stimato":"5 minuti"},"schema":{"@context":"https:\/\/schema.org","@graph":[{"@type":"WebPage","@id":"https:\/\/www.villaggiosanfrancesco.com\/it\/condizioni\/","url":"https:\/\/www.villaggiosanfrancesco.com\/it\/condizioni\/","name":"Condizioni | Centro Vacanze Villaggio San Francesco","isPartOf":{"@id":"https:\/\/www.villaggiosanfrancesco.com\/it\/#website"},"primaryImageOfPage":{"@id":"https:\/\/www.villaggiosanfrancesco.com\/it\/condizioni\/#primaryimage"},"image":{"@id":"https:\/\/www.villaggiosanfrancesco.com\/it\/condizioni\/#primaryimage"},"thumbnailUrl":"https:\/\/www.villaggiosanfrancesco.com\/wp-content\/uploads\/2022\/08\/banner_cancellazione_villaggio_san_francesco.jpg","datePublished":"2022-08-10T15:42:39+00:00","dateModified":"2026-03-19T12:21:24+00:00","description":"Le prenotazioni possono essere effettuate tramite il nostro sito web, e-mail o telefono. \u00c8 necessario prenotare in anticipo. Contattaci!","breadcrumb":{"@id":"https:\/\/www.villaggiosanfrancesco.com\/it\/condizioni\/#breadcrumb"},"inLanguage":"it-IT","potentialAction":[{"@type":"ReadAction","target":["https:\/\/www.villaggiosanfrancesco.com\/it\/condizioni\/"]}]},{"@type":"ImageObject","inLanguage":"it-IT","@id":"https:\/\/www.villaggiosanfrancesco.com\/it\/condizioni\/#primaryimage","url":"https:\/\/www.villaggiosanfrancesco.com\/wp-content\/uploads\/2022\/08\/banner_cancellazione_villaggio_san_francesco.jpg","contentUrl":"https:\/\/www.villaggiosanfrancesco.com\/wp-content\/uploads\/2022\/08\/banner_cancellazione_villaggio_san_francesco.jpg","width":1920,"height":1000,"caption":"Famiglia felice al mare al Villaggio Villaggio accessibile per disabili a Caorle Villaggio San Francesco"},{"@type":"BreadcrumbList","@id":"https:\/\/www.villaggiosanfrancesco.com\/it\/condizioni\/#breadcrumb","itemListElement":[{"@type":"ListItem","position":1,"name":"Home","item":"https:\/\/www.villaggiosanfrancesco.com\/it\/"},{"@type":"ListItem","position":2,"name":"Condizioni"}]},{"@type":"WebSite","@id":"https:\/\/www.villaggiosanfrancesco.com\/it\/#website","url":"https:\/\/www.villaggiosanfrancesco.com\/it\/","name":"Villaggio San Francesco","description":"Caorle, VENEZIA","publisher":{"@id":"https:\/\/www.villaggiosanfrancesco.com\/it\/#organization"},"potentialAction":[{"@type":"SearchAction","target":{"@type":"EntryPoint","urlTemplate":"https:\/\/www.villaggiosanfrancesco.com\/it\/?s={search_term_string}"},"query-input":{"@type":"PropertyValueSpecification","valueRequired":true,"valueName":"search_term_string"}}],"inLanguage":"it-IT"},{"@type":"Organization","@id":"https:\/\/www.villaggiosanfrancesco.com\/it\/#organization","name":"Villaggio San Francesco","url":"https:\/\/www.villaggiosanfrancesco.com\/it\/","logo":{"@type":"ImageObject","inLanguage":"it-IT","@id":"https:\/\/www.villaggiosanfrancesco.com\/it\/#\/schema\/logo\/image\/","url":"https:\/\/www.villaggiosanfrancesco.com\/wp-content\/uploads\/2023\/03\/Logo-Villaggio-San-Francesco-Caorle-1.png","contentUrl":"https:\/\/www.villaggiosanfrancesco.com\/wp-content\/uploads\/2023\/03\/Logo-Villaggio-San-Francesco-Caorle-1.png","width":1206,"height":356,"caption":"Villaggio San Francesco"},"image":{"@id":"https:\/\/www.villaggiosanfrancesco.com\/it\/#\/schema\/logo\/image\/"},"sameAs":["https:\/\/www.facebook.com\/VillaggioSanFrancesco\/","https:\/\/www.instagram.com\/villaggiosanfrancesco\/","https:\/\/www.youtube.com\/channel\/UClXJoJulrb1UANfZodeHn-g","https:\/\/www.tiktok.com\/@sanfrancescoresort"]}]}},"coauthors":[],"author_meta":{"author_link":"https:\/\/www.villaggiosanfrancesco.com\/it\/news\/author\/admin\/","display_name":"admin"},"relative_dates":{"created":"Pubblicato 4 anni fa","modified":"Aggiornato 1 mese fa"},"absolute_dates":{"created":"Pubblicato il Agosto 10, 2022","modified":"Aggiornato il Marzo 19, 2026"},"absolute_dates_time":{"created":"Pubblicato il Agosto 10, 2022 5:42 pm","modified":"Aggiornato il Marzo 19, 2026 1:21 pm"},"featured_img_caption":"","featured_img":"https:\/\/www.villaggiosanfrancesco.com\/wp-content\/uploads\/2022\/08\/banner_cancellazione_villaggio_san_francesco-1568x817.jpg","series_order":"","_links":{"self":[{"href":"https:\/\/www.villaggiosanfrancesco.com\/it\/wp-json\/wp\/v2\/pages\/5758","targetHints":{"allow":["GET"]}}],"collection":[{"href":"https:\/\/www.villaggiosanfrancesco.com\/it\/wp-json\/wp\/v2\/pages"}],"about":[{"href":"https:\/\/www.villaggiosanfrancesco.com\/it\/wp-json\/wp\/v2\/types\/page"}],"author":[{"embeddable":true,"href":"https:\/\/www.villaggiosanfrancesco.com\/it\/wp-json\/wp\/v2\/users\/1"}],"replies":[{"embeddable":true,"href":"https:\/\/www.villaggiosanfrancesco.com\/it\/wp-json\/wp\/v2\/comments?post=5758"}],"version-history":[{"count":0,"href":"https:\/\/www.villaggiosanfrancesco.com\/it\/wp-json\/wp\/v2\/pages\/5758\/revisions"}],"wp:featuredmedia":[{"embeddable":true,"href":"https:\/\/www.villaggiosanfrancesco.com\/it\/wp-json\/wp\/v2\/media\/5776"}],"wp:attachment":[{"href":"https:\/\/www.villaggiosanfrancesco.com\/it\/wp-json\/wp\/v2\/media?parent=5758"}],"curies":[{"name":"wp","href":"https:\/\/api.w.org\/{rel}","templated":true}]}}