{"id":8553,"date":"2022-12-06T12:26:47","date_gmt":"2022-12-06T11:26:47","guid":{"rendered":"https:\/\/www.villaggiosanfrancesco.com\/privacy-policy\/privacy-policy-mit-uns-arbeiten\/"},"modified":"2022-12-06T12:26:47","modified_gmt":"2022-12-06T11:26:47","slug":"privacy-policy-mit-uns-arbeiten","status":"publish","type":"page","link":"https:\/\/www.villaggiosanfrancesco.com\/de\/privacy-policy\/privacy-policy-mit-uns-arbeiten\/","title":{"rendered":"Privacy Policy \u2013 Mit uns arbeiten"},"content":{"rendered":"<div  class=\"grids-section grids-is-advanced alignfull\" style=\"--_gs-gap-desktop:0px 0px;--_gs-m-desktop:0 0 0 0;--_gs-p-desktop:0 0 0 0;--_gs-bg-desktop:transparent none;--_gs-bg-xp-desktop:0px;--_gs-zi-desktop:auto;--_gs-d-desktop:block;--_gs-mw-desktop:calc(100% - 0 - 0);--_gs-gap-tablet:0px 0px;--_gs-m-tablet:0 0 0 0;--_gs-p-tablet:0 0 0 0;--_gs-bg-tablet:transparent none;--_gs-bg-xp-tablet:0px;--_gs-zi-tablet:auto;--_gs-d-tablet:block;--_gs-mw-tablet:calc(100% - 0 - 0);--_gs-gap-mobile:0px 0px;--_gs-m-mobile:0 0 0 0;--_gs-p-mobile:0 0 0 0;--_gs-bg-mobile:transparent none;--_gs-bg-xp-mobile:0px;--_gs-zi-mobile:auto;--_gs-d-mobile:block;--_gs-mw-mobile:calc(100% - 0 - 0);--_gs-columns:12;--_gs-rows:6\"><div class=\"grids-s-w_i\">\n<div class=\"grids-area\" style=\"--_ga-column:2\/12;--_ga-row:1\/7;--_ga-m-desktop:0 0 0 0;--_ga-p-desktop:0 0 0 0;--_ga-bg-desktop:transparent none;--_ga-zi-desktop:auto;--_ga-d-desktop:flex;--_ga-mw-desktop:calc(100% - 0 - 0);--_ga-m-tablet:0 0 0 0;--_ga-p-tablet:0 0 0 0;--_ga-bg-tablet:transparent none;--_ga-zi-tablet:auto;--_ga-d-tablet:flex;--_ga-mw-tablet:calc(100% - 0 - 0);--_ga-m-mobile:0 0 0 0;--_ga-p-mobile:0 0 0 0;--_ga-bg-mobile:transparent none;--_ga-zi-mobile:auto;--_ga-d-mobile:flex;--_ga-mw-mobile:calc(100% - 0 - 0)\">\n\n<h2 class=\"wp-block-heading\">Datenschutzerkl\u00e4rung zur Datenverarbeitung<\/h2>\n\n\n\n<h3 class=\"wp-block-heading\">1. Datenverantwortlicher<\/h3>\n\n\n\n<p>Der Datenverantwortliche ist das Unternehmen <strong>Biasuzzi S.p.A. \u2013 Divisione turismo<\/strong> (im Folgenden auch \u201eDatenverantwortlicher\u201c genannt), das seinen Sitz in Ponzano Veneto (TV) in Via Morganella Ovest 55 hat und in Fragen des Schutzes personenbezogener Daten unter der E-Mail-Adresse <a href=\"mailto:privacy@biasuzzispa.com\">privacy@biasuzzispa.com<\/a> kontaktiert werden kann.&#13;\n&#13;\n<\/p>\n\n\n\n<h3 class=\"wp-block-heading\">2. Kategorien von verarbeiteten personenbezogenen Daten<\/h3>\n\n\n\n<p>Zum Zwecke der Personalauswahl k\u00f6nnen die vom Bewerber spontan bereitgestellten Daten und die \u00fcber das Formular auf der Website des Datenverantwortlichen erhobenen Daten verarbeitet werden (wie beispielsweise Vorname, Nachname, Wohnort, Geburtsdatum und -ort, Telefon- und E-Mail-Adressen, Ausbildungs-, Berufs- und Arbeitserfahrung).<\/p>\n\n\n\n<h3 class=\"wp-block-heading\">Zwecke der Verarbeitung, Rechtsgrundlage und Speicherdauer<\/h3>\n\n\n\n<p>Personenbezogene Daten werden von Biasuzzi S.p.A. \u2013 Divisione Turismo zu den unten angegebenen Zwecken und unter den dort genannten Zust\u00e4nden verarbeitet.<\/p>\n\n\n\n<h4 class=\"wp-block-heading\">Zwecke<\/h4>\n\n\n\n<p>Personalrekrutierung: f\u00fcr die Anwerbung und Auswahl von Kandidaten zum Zwecke der Begr\u00fcndung eines Arbeitsverh\u00e4ltnisses.<\/p>\n\n\n\n<h4 class=\"wp-block-heading\">Rechtsgrundlage<\/h4>\n\n\n\n<p>Implementierung von vorvertraglichen Ma\u00dfnahmen.<\/p>\n\n\n\n<h4 class=\"wp-block-heading\">Speicherdauer der Daten<\/h4>\n\n\n\n<p>Die gesammelten Daten werden f\u00fcr die Dauer der Rekrutierungsaktivit\u00e4ten und f\u00fcr einen Zeitraum von maximal zwei Jahren aufbewahrt.<\/p>\n\n\n\n<h3 class=\"wp-block-heading\">4. Datenerforderlichkeit<\/h3>\n\n\n\n<p>Wenn der Bewerber sich weigert, die f\u00fcr die Einstellung erforderlichen Daten bereitzustellen, kann der Datenverantwortliche seine Bewerbung nicht einsch\u00e4tzen.<\/p>\n\n\n\n<h3 class=\"wp-block-heading\">5. Kategorien von Empf\u00e4ngern von personenbezogenen Daten<\/h3>\n\n\n\n<p>Die personenbezogenen Daten werden von den mit der Personalbeschaffung beschickten Mitarbeitern des Datenverantwortlichen und, falls erforderlich, von Fachleuten oder externen Unternehmen verarbeitet, denen der Datenverantwortliche diese Aufgabe zugewiesen hat.<\/p>\n\n\n\n<h3 class=\"wp-block-heading\">6. \u00dcbermittlung von Daten an Drittl\u00e4nder<\/h3>\n\n\n\n<p>Die vom Datenverantwortlichen verarbeiteten personenbezogenen Daten k\u00f6nnen ausschlie\u00dflich zu den oben genannten Zwecken an andere Unternehmen mit Sitz in den Vereinigten Staaten von Amerika (USA) \u00fcbermittelt werden. Diese \u00dcbermittlung erfolgt ausschlie\u00dflich nach der Unterzeichnung von Standardvertragsklauseln (S.C.C.) zwischen Biasuzzi S.p.A. \u2013 Divisione turismo und den Unternehmen, die die Daten erhalten, durch die Kommission der Europ\u00e4ischen Union (Art. 46, Absatz II, Punkte C und D des GDPR).<\/p>\n\n\n\n<h3 class=\"wp-block-heading\">7. Rechte der Datensubjekte<\/h3>\n\n\n\n<p>In Bezug auf die bereitgestellten personenbezogenen Daten haben die betroffenen Subjekte das Recht, jederzeit Folgendes zu verlangen: eine Best\u00e4tigung dar\u00fcber, ob sie betreffende personenbezogene Daten verarbeitet werden oder nicht, und, falls dies der Fall ist, Zugang zu den Daten und eine Kopie davon zu erhalten (Art. 15 der DSGVO); die Berichtigung unrichtiger personenbezogener Daten oder die Vervollst\u00e4ndigung unvollst\u00e4ndiger Daten (Art. 16 DSGVO); in den gesetzlich ausdr\u00fccklich vorgesehenen F\u00e4llen die L\u00f6schung der Daten (Art. 17 DSGVO), die Einschr\u00e4nkung ihrer Verarbeitung (Art. 18 DSGVO) und den Widerspruch gegen ihre Verarbeitung (Art. 21 des GDPR).&#13;\nUm diese Rechte auszu\u00fcben, k\u00f6nnen die betroffenen Subjekte ihre Anforderungen per E-Mail an den Datenverantwortlichen unter <a href=\"mailto:privacy@biasuzzispa.com\">privacy@biasuzzispa.com<\/a> senden. Alternativ k\u00f6nnen die betroffenen Subjekte die in Punkt 1 dieser Datenschutzerkl\u00e4rung angegebenen Postanschriften verwenden.&#13;\nWenn betroffene Subjekte der Ansicht sind, dass ihre datenschutzrechtlichen Rechte verletzt wurden, k\u00f6nnen sie gem\u00e4\u00df und im Sinne von Artikel 77 der DSGVO eine Beschwerde bei der Aufsichtsbeh\u00f6rde (<a href=\"https:\/\/www.garanteprivacy.it\/\" rel=\"noopener\" target=\"_blank\">www.garanteprivacy.it<\/a>) einreichen.<\/p>\n\n<\/div>\n<\/div><\/div>","protected":false},"excerpt":{"rendered":"","protected":false},"author":1,"featured_media":4776,"parent":8531,"menu_order":0,"comment_status":"closed","ping_status":"closed","template":"","meta":{"_acf_changed":false,"advgb_blocks_editor_width":"","advgb_blocks_columns_visual_guide":"","footnotes":""},"class_list":["post-8553","page","type-page","status-publish","has-post-thumbnail","hentry","entry"],"acf":[],"yoast_head":"<!-- This site is optimized with the Yoast SEO plugin v26.0 - https:\/\/yoast.com\/wordpress\/plugins\/seo\/ -->\n<title>Privacy Policy \u2013 Mit uns arbeiten - Villaggio San Francesco<\/title>\n<meta name=\"robots\" content=\"index, follow, max-snippet:-1, max-image-preview:large, max-video-preview:-1\" \/>\n<link rel=\"canonical\" href=\"https:\/\/www.villaggiosanfrancesco.com\/de\/privacy-policy\/privacy-policy-mit-uns-arbeiten\/\" \/>\n<meta property=\"og:locale\" content=\"de_DE\" \/>\n<meta property=\"og:type\" content=\"article\" \/>\n<meta property=\"og:title\" content=\"Privacy Policy \u2013 Mit uns arbeiten - Villaggio San Francesco\" \/>\n<meta property=\"og:url\" content=\"https:\/\/www.villaggiosanfrancesco.com\/de\/privacy-policy\/privacy-policy-mit-uns-arbeiten\/\" \/>\n<meta property=\"og:site_name\" content=\"Villaggio San Francesco\" \/>\n<meta property=\"article:publisher\" content=\"https:\/\/www.facebook.com\/VillaggioSanFrancesco\/\" \/>\n<meta property=\"og:image\" content=\"https:\/\/www.villaggiosanfrancesco.com\/wp-content\/uploads\/2022\/08\/reception_VillaggioSanFrancesco.jpg\" \/>\n\t<meta property=\"og:image:width\" content=\"2000\" \/>\n\t<meta property=\"og:image:height\" content=\"870\" \/>\n\t<meta property=\"og:image:type\" content=\"image\/jpeg\" \/>\n<meta name=\"twitter:card\" content=\"summary_large_image\" \/>\n<meta name=\"twitter:label1\" content=\"Gesch\u00e4tzte Lesezeit\" \/>\n\t<meta name=\"twitter:data1\" content=\"2\u00a0Minuten\" \/>\n<script type=\"application\/ld+json\" class=\"yoast-schema-graph\">{\"@context\":\"https:\/\/schema.org\",\"@graph\":[{\"@type\":\"WebPage\",\"@id\":\"https:\/\/www.villaggiosanfrancesco.com\/de\/privacy-policy\/privacy-policy-mit-uns-arbeiten\/\",\"url\":\"https:\/\/www.villaggiosanfrancesco.com\/de\/privacy-policy\/privacy-policy-mit-uns-arbeiten\/\",\"name\":\"Privacy Policy \u2013 Mit uns arbeiten - Villaggio San Francesco\",\"isPartOf\":{\"@id\":\"https:\/\/www.villaggiosanfrancesco.com\/de\/#website\"},\"primaryImageOfPage\":{\"@id\":\"https:\/\/www.villaggiosanfrancesco.com\/de\/privacy-policy\/privacy-policy-mit-uns-arbeiten\/#primaryimage\"},\"image\":{\"@id\":\"https:\/\/www.villaggiosanfrancesco.com\/de\/privacy-policy\/privacy-policy-mit-uns-arbeiten\/#primaryimage\"},\"thumbnailUrl\":\"https:\/\/www.villaggiosanfrancesco.com\/wp-content\/uploads\/2022\/08\/reception_VillaggioSanFrancesco.jpg\",\"datePublished\":\"2022-12-06T11:26:47+00:00\",\"breadcrumb\":{\"@id\":\"https:\/\/www.villaggiosanfrancesco.com\/de\/privacy-policy\/privacy-policy-mit-uns-arbeiten\/#breadcrumb\"},\"inLanguage\":\"de\",\"potentialAction\":[{\"@type\":\"ReadAction\",\"target\":[\"https:\/\/www.villaggiosanfrancesco.com\/de\/privacy-policy\/privacy-policy-mit-uns-arbeiten\/\"]}]},{\"@type\":\"ImageObject\",\"inLanguage\":\"de\",\"@id\":\"https:\/\/www.villaggiosanfrancesco.com\/de\/privacy-policy\/privacy-policy-mit-uns-arbeiten\/#primaryimage\",\"url\":\"https:\/\/www.villaggiosanfrancesco.com\/wp-content\/uploads\/2022\/08\/reception_VillaggioSanFrancesco.jpg\",\"contentUrl\":\"https:\/\/www.villaggiosanfrancesco.com\/wp-content\/uploads\/2022\/08\/reception_VillaggioSanFrancesco.jpg\",\"width\":2000,\"height\":870,\"caption\":\"reception_VillaggioSanFrancesco\"},{\"@type\":\"BreadcrumbList\",\"@id\":\"https:\/\/www.villaggiosanfrancesco.com\/de\/privacy-policy\/privacy-policy-mit-uns-arbeiten\/#breadcrumb\",\"itemListElement\":[{\"@type\":\"ListItem\",\"position\":1,\"name\":\"Home\",\"item\":\"https:\/\/www.villaggiosanfrancesco.com\/de\/\"},{\"@type\":\"ListItem\",\"position\":2,\"name\":\"Privacy Policy\",\"item\":\"https:\/\/www.villaggiosanfrancesco.com\/de\/privacy-policy\/\"},{\"@type\":\"ListItem\",\"position\":3,\"name\":\"Privacy Policy \u2013 Mit uns arbeiten\"}]},{\"@type\":\"WebSite\",\"@id\":\"https:\/\/www.villaggiosanfrancesco.com\/de\/#website\",\"url\":\"https:\/\/www.villaggiosanfrancesco.com\/de\/\",\"name\":\"Villaggio San Francesco\",\"description\":\"Caorle, VENEZIA\",\"publisher\":{\"@id\":\"https:\/\/www.villaggiosanfrancesco.com\/de\/#organization\"},\"potentialAction\":[{\"@type\":\"SearchAction\",\"target\":{\"@type\":\"EntryPoint\",\"urlTemplate\":\"https:\/\/www.villaggiosanfrancesco.com\/de\/?s={search_term_string}\"},\"query-input\":{\"@type\":\"PropertyValueSpecification\",\"valueRequired\":true,\"valueName\":\"search_term_string\"}}],\"inLanguage\":\"de\"},{\"@type\":\"Organization\",\"@id\":\"https:\/\/www.villaggiosanfrancesco.com\/de\/#organization\",\"name\":\"Villaggio San Francesco\",\"url\":\"https:\/\/www.villaggiosanfrancesco.com\/de\/\",\"logo\":{\"@type\":\"ImageObject\",\"inLanguage\":\"de\",\"@id\":\"https:\/\/www.villaggiosanfrancesco.com\/de\/#\/schema\/logo\/image\/\",\"url\":\"https:\/\/www.villaggiosanfrancesco.com\/wp-content\/uploads\/2023\/03\/Logo-Villaggio-San-Francesco-Caorle-1.png\",\"contentUrl\":\"https:\/\/www.villaggiosanfrancesco.com\/wp-content\/uploads\/2023\/03\/Logo-Villaggio-San-Francesco-Caorle-1.png\",\"width\":1206,\"height\":356,\"caption\":\"Villaggio San Francesco\"},\"image\":{\"@id\":\"https:\/\/www.villaggiosanfrancesco.com\/de\/#\/schema\/logo\/image\/\"},\"sameAs\":[\"https:\/\/www.facebook.com\/VillaggioSanFrancesco\/\",\"https:\/\/www.instagram.com\/villaggiosanfrancesco\/\",\"https:\/\/www.youtube.com\/channel\/UClXJoJulrb1UANfZodeHn-g\",\"https:\/\/www.tiktok.com\/@sanfrancescoresort\"]}]}<\/script>\n<!-- \/ Yoast SEO plugin. -->","yoast_head_json":{"title":"Privacy Policy \u2013 Mit uns arbeiten - Villaggio San Francesco","robots":{"index":"index","follow":"follow","max-snippet":"max-snippet:-1","max-image-preview":"max-image-preview:large","max-video-preview":"max-video-preview:-1"},"canonical":"https:\/\/www.villaggiosanfrancesco.com\/de\/privacy-policy\/privacy-policy-mit-uns-arbeiten\/","og_locale":"de_DE","og_type":"article","og_title":"Privacy Policy \u2013 Mit uns arbeiten - Villaggio San Francesco","og_url":"https:\/\/www.villaggiosanfrancesco.com\/de\/privacy-policy\/privacy-policy-mit-uns-arbeiten\/","og_site_name":"Villaggio San Francesco","article_publisher":"https:\/\/www.facebook.com\/VillaggioSanFrancesco\/","og_image":[{"width":2000,"height":870,"url":"https:\/\/www.villaggiosanfrancesco.com\/wp-content\/uploads\/2022\/08\/reception_VillaggioSanFrancesco.jpg","type":"image\/jpeg"}],"twitter_card":"summary_large_image","twitter_misc":{"Gesch\u00e4tzte Lesezeit":"2\u00a0Minuten"},"schema":{"@context":"https:\/\/schema.org","@graph":[{"@type":"WebPage","@id":"https:\/\/www.villaggiosanfrancesco.com\/de\/privacy-policy\/privacy-policy-mit-uns-arbeiten\/","url":"https:\/\/www.villaggiosanfrancesco.com\/de\/privacy-policy\/privacy-policy-mit-uns-arbeiten\/","name":"Privacy Policy \u2013 Mit uns arbeiten - Villaggio San Francesco","isPartOf":{"@id":"https:\/\/www.villaggiosanfrancesco.com\/de\/#website"},"primaryImageOfPage":{"@id":"https:\/\/www.villaggiosanfrancesco.com\/de\/privacy-policy\/privacy-policy-mit-uns-arbeiten\/#primaryimage"},"image":{"@id":"https:\/\/www.villaggiosanfrancesco.com\/de\/privacy-policy\/privacy-policy-mit-uns-arbeiten\/#primaryimage"},"thumbnailUrl":"https:\/\/www.villaggiosanfrancesco.com\/wp-content\/uploads\/2022\/08\/reception_VillaggioSanFrancesco.jpg","datePublished":"2022-12-06T11:26:47+00:00","breadcrumb":{"@id":"https:\/\/www.villaggiosanfrancesco.com\/de\/privacy-policy\/privacy-policy-mit-uns-arbeiten\/#breadcrumb"},"inLanguage":"de","potentialAction":[{"@type":"ReadAction","target":["https:\/\/www.villaggiosanfrancesco.com\/de\/privacy-policy\/privacy-policy-mit-uns-arbeiten\/"]}]},{"@type":"ImageObject","inLanguage":"de","@id":"https:\/\/www.villaggiosanfrancesco.com\/de\/privacy-policy\/privacy-policy-mit-uns-arbeiten\/#primaryimage","url":"https:\/\/www.villaggiosanfrancesco.com\/wp-content\/uploads\/2022\/08\/reception_VillaggioSanFrancesco.jpg","contentUrl":"https:\/\/www.villaggiosanfrancesco.com\/wp-content\/uploads\/2022\/08\/reception_VillaggioSanFrancesco.jpg","width":2000,"height":870,"caption":"reception_VillaggioSanFrancesco"},{"@type":"BreadcrumbList","@id":"https:\/\/www.villaggiosanfrancesco.com\/de\/privacy-policy\/privacy-policy-mit-uns-arbeiten\/#breadcrumb","itemListElement":[{"@type":"ListItem","position":1,"name":"Home","item":"https:\/\/www.villaggiosanfrancesco.com\/de\/"},{"@type":"ListItem","position":2,"name":"Privacy Policy","item":"https:\/\/www.villaggiosanfrancesco.com\/de\/privacy-policy\/"},{"@type":"ListItem","position":3,"name":"Privacy Policy \u2013 Mit uns arbeiten"}]},{"@type":"WebSite","@id":"https:\/\/www.villaggiosanfrancesco.com\/de\/#website","url":"https:\/\/www.villaggiosanfrancesco.com\/de\/","name":"Villaggio San Francesco","description":"Caorle, VENEZIA","publisher":{"@id":"https:\/\/www.villaggiosanfrancesco.com\/de\/#organization"},"potentialAction":[{"@type":"SearchAction","target":{"@type":"EntryPoint","urlTemplate":"https:\/\/www.villaggiosanfrancesco.com\/de\/?s={search_term_string}"},"query-input":{"@type":"PropertyValueSpecification","valueRequired":true,"valueName":"search_term_string"}}],"inLanguage":"de"},{"@type":"Organization","@id":"https:\/\/www.villaggiosanfrancesco.com\/de\/#organization","name":"Villaggio San Francesco","url":"https:\/\/www.villaggiosanfrancesco.com\/de\/","logo":{"@type":"ImageObject","inLanguage":"de","@id":"https:\/\/www.villaggiosanfrancesco.com\/de\/#\/schema\/logo\/image\/","url":"https:\/\/www.villaggiosanfrancesco.com\/wp-content\/uploads\/2023\/03\/Logo-Villaggio-San-Francesco-Caorle-1.png","contentUrl":"https:\/\/www.villaggiosanfrancesco.com\/wp-content\/uploads\/2023\/03\/Logo-Villaggio-San-Francesco-Caorle-1.png","width":1206,"height":356,"caption":"Villaggio San Francesco"},"image":{"@id":"https:\/\/www.villaggiosanfrancesco.com\/de\/#\/schema\/logo\/image\/"},"sameAs":["https:\/\/www.facebook.com\/VillaggioSanFrancesco\/","https:\/\/www.instagram.com\/villaggiosanfrancesco\/","https:\/\/www.youtube.com\/channel\/UClXJoJulrb1UANfZodeHn-g","https:\/\/www.tiktok.com\/@sanfrancescoresort"]}]}},"coauthors":[],"author_meta":{"author_link":"https:\/\/www.villaggiosanfrancesco.com\/de\/news\/author\/admin\/","display_name":"admin"},"relative_dates":{"created":"Posted 3\u00a0Jahren ago","modified":"Updated 3\u00a0Jahren ago"},"absolute_dates":{"created":"Posted on Dezember 6, 2022","modified":"Updated on Dezember 6, 2022"},"absolute_dates_time":{"created":"Posted on Dezember 6, 2022 12:26 p.m.","modified":"Updated on Dezember 6, 2022 12:26 p.m."},"featured_img_caption":"","featured_img":"https:\/\/www.villaggiosanfrancesco.com\/wp-content\/uploads\/2022\/08\/reception_VillaggioSanFrancesco-1568x682.jpg","series_order":"","_links":{"self":[{"href":"https:\/\/www.villaggiosanfrancesco.com\/de\/wp-json\/wp\/v2\/pages\/8553","targetHints":{"allow":["GET"]}}],"collection":[{"href":"https:\/\/www.villaggiosanfrancesco.com\/de\/wp-json\/wp\/v2\/pages"}],"about":[{"href":"https:\/\/www.villaggiosanfrancesco.com\/de\/wp-json\/wp\/v2\/types\/page"}],"author":[{"embeddable":true,"href":"https:\/\/www.villaggiosanfrancesco.com\/de\/wp-json\/wp\/v2\/users\/1"}],"replies":[{"embeddable":true,"href":"https:\/\/www.villaggiosanfrancesco.com\/de\/wp-json\/wp\/v2\/comments?post=8553"}],"version-history":[{"count":0,"href":"https:\/\/www.villaggiosanfrancesco.com\/de\/wp-json\/wp\/v2\/pages\/8553\/revisions"}],"up":[{"embeddable":true,"href":"https:\/\/www.villaggiosanfrancesco.com\/de\/wp-json\/wp\/v2\/pages\/8531"}],"wp:featuredmedia":[{"embeddable":true,"href":"https:\/\/www.villaggiosanfrancesco.com\/de\/wp-json\/wp\/v2\/media\/4776"}],"wp:attachment":[{"href":"https:\/\/www.villaggiosanfrancesco.com\/de\/wp-json\/wp\/v2\/media?parent=8553"}],"curies":[{"name":"wp","href":"https:\/\/api.w.org\/{rel}","templated":true}]}}