{"id":31780,"date":"2025-01-28T10:21:22","date_gmt":"2025-01-28T09:21:22","guid":{"rendered":"https:\/\/www.villaggiosanfrancesco.com\/?post_type=accommodation&#038;p=31780"},"modified":"2026-02-16T09:08:01","modified_gmt":"2026-02-16T08:08:01","slug":"holiday-home-5","status":"publish","type":"accommodation","link":"https:\/\/www.villaggiosanfrancesco.com\/de\/accommodations\/apartment-und-villino\/holiday-home-5\/","title":{"rendered":"Holiday Home 5"},"content":{"rendered":"\n<p><strong>Reihenh\u00e4user<\/strong> (Kapazit\u00e4t <strong>5 Personen<\/strong>) eingebettet in die gr\u00fcne Umgebung unseres Campingplatzes, mit einer gro\u00dfen <strong>gemeinsamen zentralen Gr\u00fcnfl\u00e4che<\/strong>, gelegen in den Bereich Belvedere.<\/p>\n\n\n<div  class=\"grids-section grids-is-stretch\" style=\"--_gs-gap-desktop:0px 0px;--_gs-m-desktop:0 0 0 0;--_gs-p-desktop:0 0 0 0;--_gs-bg-desktop:transparent none;--_gs-bg-xp-desktop:0px;--_gs-zi-desktop:auto;--_gs-d-desktop:none;--_gs-mw-desktop:calc(100% - 0 - 0);--_gs-gap-tablet:0px 0px;--_gs-m-tablet:0 0 0 0;--_gs-p-tablet:0 0 0 0;--_gs-bg-tablet:transparent none;--_gs-bg-xp-tablet:0px;--_gs-zi-tablet:auto;--_gs-d-tablet:none;--_gs-mw-tablet:calc(100% - 0 - 0);--_gs-gap-mobile:0px 0px;--_gs-m-mobile:0 0 0 0;--_gs-p-mobile:0 0 0 0;--_gs-bg-mobile:transparent none;--_gs-bg-xp-mobile:0px;--_gs-zi-mobile:auto;--_gs-d-mobile:none;--_gs-mw-mobile:calc(100% - 0 - 0);--_gs-columns:1;--_gs-rows:1\"><div class=\"grids-s-w_i\">\n<div class=\"grids-area\" style=\"--_ga-column:1\/2;--_ga-row:1\/2;--_ga-m-desktop:0 0 0 0;--_ga-p-desktop:0 0 0 0;--_ga-bg-desktop:transparent none;--_ga-zi-desktop:auto;--_ga-d-desktop:flex;--_ga-mw-desktop:calc(100% - 0 - 0);--_ga-m-tablet:0 0 0 0;--_ga-p-tablet:0 0 0 0;--_ga-bg-tablet:transparent none;--_ga-zi-tablet:auto;--_ga-d-tablet:flex;--_ga-mw-tablet:calc(100% - 0 - 0);--_ga-m-mobile:0 0 0 0;--_ga-p-mobile:0 0 0 0;--_ga-bg-mobile:transparent none;--_ga-zi-mobile:auto;--_ga-d-mobile:flex;--_ga-mw-mobile:calc(100% - 0 - 0)\">\n\n<p class=\"has-background\" style=\"background-color:#fcd295;padding-top:15px;padding-right:15px;padding-bottom:15px;padding-left:15px\"><strong>Holiday Home 5<\/strong><br>In der Hochsaison ist die Anreise ausschlie\u00dflich am Samstag vorgesehen, was eine ideale Unterkunft f\u00fcr diejenigen bietet, die einen gut geplanten einw\u00f6chigen Urlaub w\u00fcnschen.<br>Behindertengerechte Unterkunft auf Anfrage verf\u00fcgbar.<br>\u2013 Anreise am&nbsp;<strong>Samstag<\/strong><br>\u2013 Haustiere&nbsp;<strong>erlaubt<\/strong><\/p>\n\n\n\n<p class=\"has-background\" style=\"background-color:#9decf5;padding-top:15px;padding-right:15px;padding-bottom:15px;padding-left:15px\"><strong>Holiday Home Kids 5<\/strong><br>Die Holiday Home Kids 5 geh\u00f6ren zur gleichen Kategorie wie die Holiday Home 5 und bieten die gleichen Merkmale von Komfort und Zweckm\u00e4\u00dfigkeit. Der wesentliche Unterschied besteht jedoch darin, dass die Anreise in der Hochsaison ausschlie\u00dflich am Sonntag erfolgt, was mehr Flexibilit\u00e4t bei der Reiseplanung erm\u00f6glicht.<br>\u2013 Anreise am&nbsp;<strong>Sonntag<\/strong><br>\u2013 Haustiere&nbsp;<strong>nicht erlaubt<\/strong><\/p>\n\n\n\n<p class=\"has-background\" style=\"background-color:#f6b70b;padding-top:var(--wp--preset--spacing--40);padding-right:var(--wp--preset--spacing--40);padding-bottom:var(--wp--preset--spacing--40);padding-left:var(--wp--preset--spacing--40)\"><strong>Holiday Home Accessible<\/strong><br>Einheiten, die so konzipiert sind, dass sie G\u00e4sten mit eingeschr\u00e4nkter Mobilit\u00e4t mehr Komfort und Unabh\u00e4ngigkeit bieten.<br>&#8211; Anreise am <strong>Freitag<\/strong><br>&#8211; Haustiere <strong>erlaubt<\/strong><\/p>\n\n<\/div>\n<\/div><\/div>\n\n<div  class=\"grids-section grids-is-stretch\" style=\"--_gs-gap-desktop:0px 0px;--_gs-m-desktop:0 0 0 0;--_gs-p-desktop:0 0 0 0;--_gs-bg-desktop:transparent none;--_gs-bg-xp-desktop:0px;--_gs-zi-desktop:auto;--_gs-d-desktop:block;--_gs-mw-desktop:calc(100% - 0 - 0);--_gs-gap-tablet:0px 0px;--_gs-m-tablet:0 0 0 0;--_gs-p-tablet:0 0 0 0;--_gs-bg-tablet:transparent none;--_gs-bg-xp-tablet:0px;--_gs-zi-tablet:auto;--_gs-d-tablet:block;--_gs-mw-tablet:calc(100% - 0 - 0);--_gs-gap-mobile:0px 0px;--_gs-m-mobile:0 0 0 0;--_gs-p-mobile:0 0 0 0;--_gs-bg-mobile:transparent none;--_gs-bg-xp-mobile:0px;--_gs-zi-mobile:auto;--_gs-d-mobile:block;--_gs-mw-mobile:calc(100% - 0 - 0);--_gs-columns:1;--_gs-rows:1\"><div class=\"grids-s-w_i\">\n<div class=\"grids-area\" style=\"--_ga-column:1\/2;--_ga-row:1\/2;--_ga-m-desktop:0 0 0 0;--_ga-p-desktop:0 0 0 0;--_ga-bg-desktop:transparent none;--_ga-zi-desktop:auto;--_ga-d-desktop:flex;--_ga-mw-desktop:calc(100% - 0 - 0);--_ga-m-tablet:0 0 0 0;--_ga-p-tablet:0 0 0 0;--_ga-bg-tablet:transparent none;--_ga-zi-tablet:auto;--_ga-d-tablet:flex;--_ga-mw-tablet:calc(100% - 0 - 0);--_ga-m-mobile:0 0 0 0;--_ga-p-mobile:0 0 0 0;--_ga-bg-mobile:transparent none;--_ga-zi-mobile:auto;--_ga-d-mobile:flex;--_ga-mw-mobile:calc(100% - 0 - 0)\">\n\n<p class=\"has-background\" style=\"background-color:#fcd295;padding-top:15px;padding-right:15px;padding-bottom:15px;padding-left:15px\"><strong>Holiday Home 5<\/strong><br>In der Hochsaison sind An- und Abreise ausschlie\u00dflich am Samstag vorgesehen und gew\u00e4hrleisten eine ideale Unterkunft f\u00fcr alle, die einen gut geplanten Wochenurlaub verbringen m\u00f6chten.<br>\u2013 An-\/Abreise am\u00a0<strong>Samstag<\/strong><br>\u2013 Haustiere\u00a0<strong>erlaubt<\/strong><\/p>\n\n\n\n<p class=\"has-background\" style=\"background-color:#f6b70b;padding-top:var(--wp--preset--spacing--40);padding-right:var(--wp--preset--spacing--40);padding-bottom:var(--wp--preset--spacing--40);padding-left:var(--wp--preset--spacing--40)\">Entdecken Sie auch die Unterkunft <strong>Holiday Home <\/strong>in der Version <strong>Accessible<\/strong>, Einheiten, die entwickelt wurden, um G\u00e4sten mit eingeschr\u00e4nkter Mobilit\u00e4t mehr Komfort und Selbstst\u00e4ndigkeit zu bieten.<\/p>\n\n<\/div>\n<\/div><\/div>\n\n\n<p>Die Holiday Home 5 bestehen aus:<\/p>\n","protected":false},"excerpt":{"rendered":"<p>Kapazit\u00e4t: 5 Personen<\/p>\n","protected":false},"author":29,"featured_media":2046,"template":"","meta":{"_acf_changed":false,"advgb_blocks_editor_width":"","advgb_blocks_columns_visual_guide":"","footnotes":""},"accommodation_categories":[34],"class_list":["post-31780","accommodation","type-accommodation","status-publish","has-post-thumbnail","hentry","entry"],"acf":{"accommodation_priority":50,"accommodation_label":"","accommodation_size":"","accommodation_rooms_number":2,"accommodation_bathrooms_number":1,"accommodation_sofa_number":1,"accommodation_occupancy":[{"occupancy":"'5'"}],"accommodation_pets":"1","accommodation_accessibility":"0","accommodation_details":null,"accommodation_services":[{"icon":"<i class=\"fa-solid fa-bed-front\"><\/i>","text":"Zwei Schlafzimmer, jedes mit zwei Einzelbetten (zusammenstellbar), und ein Schlafsofa f\u00fcr eine Person im Wohnzimmer","evidence":false},{"icon":"<i class=\"fa-solid fa-microwave\"><\/i>","text":"Kochnische mit Kochstellen, Mikrowelle, Sp\u00fclbecken, Stabmixer, Kocht\u00f6pfe, Geschirr, K\u00fchlschrank, Tisch und St\u00fchle, ein Einzelbett oder einige auch mit Einzelsofabett","evidence":false},{"icon":"<i class=\"fa-solid fa-tv\"><\/i>","text":"IPTV","evidence":false},{"icon":"<i class=\"fa-solid fa-scanner-gun\"><\/i>","text":"Badezimmer mit WC, Waschbecken, Bidet, Duschkabine und F\u00f6n","evidence":false},{"icon":"<i class=\"fa-solid fa-table-picnic\"><\/i>","text":"\u00fcberdachte Terrasse ausgestattet mit Gartenst\u00fchlen und Tisch","evidence":false},{"icon":"<i class=\"fa-solid fa-flower-daffodil\"><\/i>","text":"kleinen privaten Garten","evidence":false},{"icon":"<i class=\"fa-solid fa-circle-parking\"><\/i>","text":"1 Parkplatz in unmittelbarer N\u00e4he der Unterkunft","evidence":true},{"icon":"<i class=\"fa-solid fa-booth-curtain\"><\/i>","text":"Insektenschutz f\u00fcr Fenster","evidence":false}],"disable_services_and_equipment_cat":false,"accommodation_services_equipment":null,"accommodation_rate_included":[{"description":"<ul>\r\n \t<li>5 Personen im Basispreis enthalten.<\/li>\r\n \t<li>Klimaanlage (eine Klimacard \u2013 40 Stunden ist im Preis inbegriffen, extra ist vor Ort bezahlt)<\/li>\r\n<\/ul>"}],"accommodation_reviews":[3203],"accommodation_gallery":[15838,16424,37158,16400,37143,37133,37168,37173,37163,37148,37153,37138],"accommodation_videos":null,"accommodation_map":39548,"accommodation_planimetry":1607,"accommodation_google_360_view_embed_link":null,"accommodation_other_accommodations":null},"yoast_head":"<!-- This site is optimized with the Yoast SEO plugin v26.0 - https:\/\/yoast.com\/wordpress\/plugins\/seo\/ -->\n<title>Holiday Home 5 - Villaggio San Francesco<\/title>\n<meta name=\"robots\" content=\"index, follow, max-snippet:-1, max-image-preview:large, max-video-preview:-1\" \/>\n<link rel=\"canonical\" href=\"https:\/\/www.villaggiosanfrancesco.com\/de\/accommodations\/apartment-und-villino\/holiday-home-5\/\" \/>\n<meta property=\"og:locale\" content=\"de_DE\" \/>\n<meta property=\"og:type\" content=\"article\" \/>\n<meta property=\"og:title\" content=\"Holiday Home 5 - Villaggio San Francesco\" \/>\n<meta property=\"og:description\" content=\"Kapazit\u00e4t: 5 Personen\" \/>\n<meta property=\"og:url\" content=\"https:\/\/www.villaggiosanfrancesco.com\/de\/accommodations\/apartment-und-villino\/holiday-home-5\/\" \/>\n<meta property=\"og:site_name\" content=\"Villaggio San Francesco\" \/>\n<meta property=\"article:publisher\" content=\"https:\/\/www.facebook.com\/VillaggioSanFrancesco\/\" \/>\n<meta property=\"article:modified_time\" content=\"2026-02-16T08:08:01+00:00\" \/>\n<meta property=\"og:image\" content=\"https:\/\/www.villaggiosanfrancesco.com\/wp-content\/uploads\/2022\/06\/Apartment_Standard_esterno_Villaggio_San_Francesco.jpg\" \/>\n\t<meta property=\"og:image:width\" content=\"1800\" \/>\n\t<meta property=\"og:image:height\" content=\"1200\" \/>\n\t<meta property=\"og:image:type\" content=\"image\/jpeg\" \/>\n<meta name=\"twitter:card\" content=\"summary_large_image\" \/>\n<meta name=\"twitter:label1\" content=\"Gesch\u00e4tzte Lesezeit\" \/>\n\t<meta name=\"twitter:data1\" content=\"2\u00a0Minuten\" \/>\n<script type=\"application\/ld+json\" class=\"yoast-schema-graph\">{\"@context\":\"https:\/\/schema.org\",\"@graph\":[{\"@type\":\"WebPage\",\"@id\":\"https:\/\/www.villaggiosanfrancesco.com\/de\/accommodations\/apartment-und-villino\/holiday-home-5\/\",\"url\":\"https:\/\/www.villaggiosanfrancesco.com\/de\/accommodations\/apartment-und-villino\/holiday-home-5\/\",\"name\":\"Holiday Home 5 - Villaggio San Francesco\",\"isPartOf\":{\"@id\":\"https:\/\/www.villaggiosanfrancesco.com\/de\/#website\"},\"primaryImageOfPage\":{\"@id\":\"https:\/\/www.villaggiosanfrancesco.com\/de\/accommodations\/apartment-und-villino\/holiday-home-5\/#primaryimage\"},\"image\":{\"@id\":\"https:\/\/www.villaggiosanfrancesco.com\/de\/accommodations\/apartment-und-villino\/holiday-home-5\/#primaryimage\"},\"thumbnailUrl\":\"https:\/\/www.villaggiosanfrancesco.com\/wp-content\/uploads\/2022\/06\/Apartment_Standard_esterno_Villaggio_San_Francesco.jpg\",\"datePublished\":\"2025-01-28T09:21:22+00:00\",\"dateModified\":\"2026-02-16T08:08:01+00:00\",\"breadcrumb\":{\"@id\":\"https:\/\/www.villaggiosanfrancesco.com\/de\/accommodations\/apartment-und-villino\/holiday-home-5\/#breadcrumb\"},\"inLanguage\":\"de\",\"potentialAction\":[{\"@type\":\"ReadAction\",\"target\":[\"https:\/\/www.villaggiosanfrancesco.com\/de\/accommodations\/apartment-und-villino\/holiday-home-5\/\"]}]},{\"@type\":\"ImageObject\",\"inLanguage\":\"de\",\"@id\":\"https:\/\/www.villaggiosanfrancesco.com\/de\/accommodations\/apartment-und-villino\/holiday-home-5\/#primaryimage\",\"url\":\"https:\/\/www.villaggiosanfrancesco.com\/wp-content\/uploads\/2022\/06\/Apartment_Standard_esterno_Villaggio_San_Francesco.jpg\",\"contentUrl\":\"https:\/\/www.villaggiosanfrancesco.com\/wp-content\/uploads\/2022\/06\/Apartment_Standard_esterno_Villaggio_San_Francesco.jpg\",\"width\":1800,\"height\":1200,\"caption\":\"Apartment_Standard_esterno_Villaggio_San_Francesco\"},{\"@type\":\"BreadcrumbList\",\"@id\":\"https:\/\/www.villaggiosanfrancesco.com\/de\/accommodations\/apartment-und-villino\/holiday-home-5\/#breadcrumb\",\"itemListElement\":[{\"@type\":\"ListItem\",\"position\":1,\"name\":\"Home\",\"item\":\"https:\/\/www.villaggiosanfrancesco.com\/de\/\"},{\"@type\":\"ListItem\",\"position\":2,\"name\":\"Holiday Home 5\"}]},{\"@type\":\"WebSite\",\"@id\":\"https:\/\/www.villaggiosanfrancesco.com\/de\/#website\",\"url\":\"https:\/\/www.villaggiosanfrancesco.com\/de\/\",\"name\":\"Villaggio San Francesco\",\"description\":\"Caorle, VENEZIA\",\"publisher\":{\"@id\":\"https:\/\/www.villaggiosanfrancesco.com\/de\/#organization\"},\"potentialAction\":[{\"@type\":\"SearchAction\",\"target\":{\"@type\":\"EntryPoint\",\"urlTemplate\":\"https:\/\/www.villaggiosanfrancesco.com\/de\/?s={search_term_string}\"},\"query-input\":{\"@type\":\"PropertyValueSpecification\",\"valueRequired\":true,\"valueName\":\"search_term_string\"}}],\"inLanguage\":\"de\"},{\"@type\":\"Organization\",\"@id\":\"https:\/\/www.villaggiosanfrancesco.com\/de\/#organization\",\"name\":\"Villaggio San Francesco\",\"url\":\"https:\/\/www.villaggiosanfrancesco.com\/de\/\",\"logo\":{\"@type\":\"ImageObject\",\"inLanguage\":\"de\",\"@id\":\"https:\/\/www.villaggiosanfrancesco.com\/de\/#\/schema\/logo\/image\/\",\"url\":\"https:\/\/www.villaggiosanfrancesco.com\/wp-content\/uploads\/2023\/03\/Logo-Villaggio-San-Francesco-Caorle-1.png\",\"contentUrl\":\"https:\/\/www.villaggiosanfrancesco.com\/wp-content\/uploads\/2023\/03\/Logo-Villaggio-San-Francesco-Caorle-1.png\",\"width\":1206,\"height\":356,\"caption\":\"Villaggio San Francesco\"},\"image\":{\"@id\":\"https:\/\/www.villaggiosanfrancesco.com\/de\/#\/schema\/logo\/image\/\"},\"sameAs\":[\"https:\/\/www.facebook.com\/VillaggioSanFrancesco\/\",\"https:\/\/www.instagram.com\/villaggiosanfrancesco\/\",\"https:\/\/www.youtube.com\/channel\/UClXJoJulrb1UANfZodeHn-g\",\"https:\/\/www.tiktok.com\/@sanfrancescoresort\"]}]}<\/script>\n<!-- \/ Yoast SEO plugin. -->","yoast_head_json":{"title":"Holiday Home 5 - Villaggio San Francesco","robots":{"index":"index","follow":"follow","max-snippet":"max-snippet:-1","max-image-preview":"max-image-preview:large","max-video-preview":"max-video-preview:-1"},"canonical":"https:\/\/www.villaggiosanfrancesco.com\/de\/accommodations\/apartment-und-villino\/holiday-home-5\/","og_locale":"de_DE","og_type":"article","og_title":"Holiday Home 5 - Villaggio San Francesco","og_description":"Kapazit\u00e4t: 5 Personen","og_url":"https:\/\/www.villaggiosanfrancesco.com\/de\/accommodations\/apartment-und-villino\/holiday-home-5\/","og_site_name":"Villaggio San Francesco","article_publisher":"https:\/\/www.facebook.com\/VillaggioSanFrancesco\/","article_modified_time":"2026-02-16T08:08:01+00:00","og_image":[{"width":1800,"height":1200,"url":"https:\/\/www.villaggiosanfrancesco.com\/wp-content\/uploads\/2022\/06\/Apartment_Standard_esterno_Villaggio_San_Francesco.jpg","type":"image\/jpeg"}],"twitter_card":"summary_large_image","twitter_misc":{"Gesch\u00e4tzte Lesezeit":"2\u00a0Minuten"},"schema":{"@context":"https:\/\/schema.org","@graph":[{"@type":"WebPage","@id":"https:\/\/www.villaggiosanfrancesco.com\/de\/accommodations\/apartment-und-villino\/holiday-home-5\/","url":"https:\/\/www.villaggiosanfrancesco.com\/de\/accommodations\/apartment-und-villino\/holiday-home-5\/","name":"Holiday Home 5 - Villaggio San Francesco","isPartOf":{"@id":"https:\/\/www.villaggiosanfrancesco.com\/de\/#website"},"primaryImageOfPage":{"@id":"https:\/\/www.villaggiosanfrancesco.com\/de\/accommodations\/apartment-und-villino\/holiday-home-5\/#primaryimage"},"image":{"@id":"https:\/\/www.villaggiosanfrancesco.com\/de\/accommodations\/apartment-und-villino\/holiday-home-5\/#primaryimage"},"thumbnailUrl":"https:\/\/www.villaggiosanfrancesco.com\/wp-content\/uploads\/2022\/06\/Apartment_Standard_esterno_Villaggio_San_Francesco.jpg","datePublished":"2025-01-28T09:21:22+00:00","dateModified":"2026-02-16T08:08:01+00:00","breadcrumb":{"@id":"https:\/\/www.villaggiosanfrancesco.com\/de\/accommodations\/apartment-und-villino\/holiday-home-5\/#breadcrumb"},"inLanguage":"de","potentialAction":[{"@type":"ReadAction","target":["https:\/\/www.villaggiosanfrancesco.com\/de\/accommodations\/apartment-und-villino\/holiday-home-5\/"]}]},{"@type":"ImageObject","inLanguage":"de","@id":"https:\/\/www.villaggiosanfrancesco.com\/de\/accommodations\/apartment-und-villino\/holiday-home-5\/#primaryimage","url":"https:\/\/www.villaggiosanfrancesco.com\/wp-content\/uploads\/2022\/06\/Apartment_Standard_esterno_Villaggio_San_Francesco.jpg","contentUrl":"https:\/\/www.villaggiosanfrancesco.com\/wp-content\/uploads\/2022\/06\/Apartment_Standard_esterno_Villaggio_San_Francesco.jpg","width":1800,"height":1200,"caption":"Apartment_Standard_esterno_Villaggio_San_Francesco"},{"@type":"BreadcrumbList","@id":"https:\/\/www.villaggiosanfrancesco.com\/de\/accommodations\/apartment-und-villino\/holiday-home-5\/#breadcrumb","itemListElement":[{"@type":"ListItem","position":1,"name":"Home","item":"https:\/\/www.villaggiosanfrancesco.com\/de\/"},{"@type":"ListItem","position":2,"name":"Holiday Home 5"}]},{"@type":"WebSite","@id":"https:\/\/www.villaggiosanfrancesco.com\/de\/#website","url":"https:\/\/www.villaggiosanfrancesco.com\/de\/","name":"Villaggio San Francesco","description":"Caorle, VENEZIA","publisher":{"@id":"https:\/\/www.villaggiosanfrancesco.com\/de\/#organization"},"potentialAction":[{"@type":"SearchAction","target":{"@type":"EntryPoint","urlTemplate":"https:\/\/www.villaggiosanfrancesco.com\/de\/?s={search_term_string}"},"query-input":{"@type":"PropertyValueSpecification","valueRequired":true,"valueName":"search_term_string"}}],"inLanguage":"de"},{"@type":"Organization","@id":"https:\/\/www.villaggiosanfrancesco.com\/de\/#organization","name":"Villaggio San Francesco","url":"https:\/\/www.villaggiosanfrancesco.com\/de\/","logo":{"@type":"ImageObject","inLanguage":"de","@id":"https:\/\/www.villaggiosanfrancesco.com\/de\/#\/schema\/logo\/image\/","url":"https:\/\/www.villaggiosanfrancesco.com\/wp-content\/uploads\/2023\/03\/Logo-Villaggio-San-Francesco-Caorle-1.png","contentUrl":"https:\/\/www.villaggiosanfrancesco.com\/wp-content\/uploads\/2023\/03\/Logo-Villaggio-San-Francesco-Caorle-1.png","width":1206,"height":356,"caption":"Villaggio San Francesco"},"image":{"@id":"https:\/\/www.villaggiosanfrancesco.com\/de\/#\/schema\/logo\/image\/"},"sameAs":["https:\/\/www.facebook.com\/VillaggioSanFrancesco\/","https:\/\/www.instagram.com\/villaggiosanfrancesco\/","https:\/\/www.youtube.com\/channel\/UClXJoJulrb1UANfZodeHn-g","https:\/\/www.tiktok.com\/@sanfrancescoresort"]}]}},"featured_img":"https:\/\/www.villaggiosanfrancesco.com\/wp-content\/uploads\/2022\/06\/Apartment_Standard_esterno_Villaggio_San_Francesco-1568x1045.jpg","coauthors":[],"author_meta":{"author_link":"https:\/\/www.villaggiosanfrancesco.com\/de\/news\/author\/mattia_fh8r4\/","display_name":"Mattia"},"relative_dates":{"created":"Posted 1\u00a0Jahr ago","modified":"Updated 3\u00a0Monaten ago"},"absolute_dates":{"created":"Posted on Januar 28, 2025","modified":"Updated on Februar 16, 2026"},"absolute_dates_time":{"created":"Posted on Januar 28, 2025 10:21 a.m.","modified":"Updated on Februar 16, 2026 9:08 a.m."},"featured_img_caption":"","tax_additional":{"accommodation_categories":{"linked":["<a href=\"https:\/\/www.villaggiosanfrancesco.com\/de\/news\/accommodation_categories\/apartment-und-villino\/\" class=\"advgb-post-tax-term\">Holiday Home &amp; Villini<\/a>"],"unlinked":["<span class=\"advgb-post-tax-term\">Holiday Home &amp; Villini<\/span>"],"slug":"accommodation_categories","name":"Kategorien"},"translation_priority":{"linked":["<a href=\"https:\/\/www.villaggiosanfrancesco.com\/de\/?taxonomy=translation_priority&#038;term=optional-de\" class=\"advgb-post-tax-term\">Optional<\/a>"],"unlinked":["<span class=\"advgb-post-tax-term\">Optional<\/span>"],"slug":"translation_priority","name":"\u00dcbersetzungspriorit\u00e4ten"}},"series_order":"","_links":{"self":[{"href":"https:\/\/www.villaggiosanfrancesco.com\/de\/wp-json\/wp\/v2\/accommodation\/31780","targetHints":{"allow":["GET"]}}],"collection":[{"href":"https:\/\/www.villaggiosanfrancesco.com\/de\/wp-json\/wp\/v2\/accommodation"}],"about":[{"href":"https:\/\/www.villaggiosanfrancesco.com\/de\/wp-json\/wp\/v2\/types\/accommodation"}],"author":[{"embeddable":true,"href":"https:\/\/www.villaggiosanfrancesco.com\/de\/wp-json\/wp\/v2\/users\/29"}],"version-history":[{"count":0,"href":"https:\/\/www.villaggiosanfrancesco.com\/de\/wp-json\/wp\/v2\/accommodation\/31780\/revisions"}],"acf:attachment":[{"embeddable":true,"href":"https:\/\/www.villaggiosanfrancesco.com\/de\/wp-json\/wp\/v2\/media\/37138"},{"embeddable":true,"href":"https:\/\/www.villaggiosanfrancesco.com\/de\/wp-json\/wp\/v2\/media\/37153"},{"embeddable":true,"href":"https:\/\/www.villaggiosanfrancesco.com\/de\/wp-json\/wp\/v2\/media\/37148"},{"embeddable":true,"href":"https:\/\/www.villaggiosanfrancesco.com\/de\/wp-json\/wp\/v2\/media\/37163"},{"embeddable":true,"href":"https:\/\/www.villaggiosanfrancesco.com\/de\/wp-json\/wp\/v2\/media\/37173"},{"embeddable":true,"href":"https:\/\/www.villaggiosanfrancesco.com\/de\/wp-json\/wp\/v2\/media\/37168"},{"embeddable":true,"href":"https:\/\/www.villaggiosanfrancesco.com\/de\/wp-json\/wp\/v2\/media\/37133"},{"embeddable":true,"href":"https:\/\/www.villaggiosanfrancesco.com\/de\/wp-json\/wp\/v2\/media\/37143"},{"embeddable":true,"href":"https:\/\/www.villaggiosanfrancesco.com\/de\/wp-json\/wp\/v2\/media\/16400"},{"embeddable":true,"href":"https:\/\/www.villaggiosanfrancesco.com\/de\/wp-json\/wp\/v2\/media\/37158"},{"embeddable":true,"href":"https:\/\/www.villaggiosanfrancesco.com\/de\/wp-json\/wp\/v2\/media\/16424"},{"embeddable":true,"href":"https:\/\/www.villaggiosanfrancesco.com\/de\/wp-json\/wp\/v2\/media\/15838"}],"acf:post":[{"embeddable":true,"href":"https:\/\/www.villaggiosanfrancesco.com\/de\/wp-json\/wp\/v2\/review\/3203"}],"wp:featuredmedia":[{"embeddable":true,"href":"https:\/\/www.villaggiosanfrancesco.com\/de\/wp-json\/wp\/v2\/media\/2046"}],"wp:attachment":[{"href":"https:\/\/www.villaggiosanfrancesco.com\/de\/wp-json\/wp\/v2\/media?parent=31780"}],"wp:term":[{"taxonomy":"accommodation_categories","embeddable":true,"href":"https:\/\/www.villaggiosanfrancesco.com\/de\/wp-json\/wp\/v2\/accommodation_categories?post=31780"}],"curies":[{"name":"wp","href":"https:\/\/api.w.org\/{rel}","templated":true}]}}